{"id":510699,"date":"2020-05-05T13:28:56","date_gmt":"2020-05-05T16:28:56","guid":{"rendered":"https:\/\/www.estrategiaconcursos.com.br\/blog\/?post_type=depoimento&#038;p=510699"},"modified":"2023-02-17T13:54:35","modified_gmt":"2023-02-17T16:54:35","slug":"concurso-cl-df-aprovado-victor-saboia","status":"publish","type":"depoimento","link":"https:\/\/www.estrategiaconcursos.com.br\/blog\/depoimento\/concurso-cl-df-aprovado-victor-saboia\/","title":{"rendered":"ENTREVISTA: Victor Saboia &#8211; Aprovado no concurso CLDF"},"content":{"rendered":"\n<p class=\"has-text-align-center\"><strong><em>&#8220;A minha principal motiva\u00e7\u00e3o sempre foi minha fam\u00edlia: ter tempo para dormir, passar os finais de semana e feriados com eles. Um sonho para qualquer m\u00e9dico do mundo&#8221;<\/em><\/strong><\/p>\n\n\n\n<p>Confira nossa entrevista com Victor Saboia &#8211; Aprovado em 2\u00ba lugar no concurso da C\u00e2mara Legislativa do Distrito Federal no cargo de Consultor T\u00e9cnico Legislativo &#8211; M\u00e9dico (ambulatorial\/perito): <\/p>\n\n\n\n<p><strong>Estrat\u00e9gia Concursos: Conte-nos um pouco sobre voc\u00ea, para que nossos leitores possam te conhecer melhor. Voc\u00ea \u00e9 formado em que \u00e1rea? Qual sua idade? De onde voc\u00ea \u00e9? <\/strong><strong><\/strong><\/p>\n\n\n\n<p><strong>Victor Saboia:<\/strong> Sou natural de Natal-RN, tenho 36 anos, formado em medicina e p\u00f3s-graduado em cl\u00ednica m\u00e9dica pela Universidade Federal do Rio Grande do Norte (UFRN). Moro em Bras\u00edlia-DF desde 2014.<\/p>\n\n\n\n<p><strong>Estrat\u00e9gia:<\/strong> <strong>O que te levou a tomar a decis\u00e3o de come\u00e7ar a estudar para concursos?<\/strong><strong><\/strong><\/p>\n\n\n\n<p><strong>Victor<\/strong><strong>:<\/strong> A minha inten\u00e7\u00e3o em buscar um concurso come\u00e7ou durante a faculdade e foi baseada na ideia de ter pelo menos um v\u00ednculo p\u00fablico, com suas garantias securit\u00e1rias, previdenci\u00e1rias e de estabilidade, como forma de diversifica\u00e7\u00e3o do risco profissional.<\/p>\n\n\n\n<p>Fiz o primeiro concurso p\u00fablico em 2008, para Secretaria de Sa\u00fade do Estado do RN, e fui nomeado em 2010. Nesse mesmo ano, um amigo pr\u00f3ximo foi nomeado para trabalhar no Minist\u00e9rio P\u00fablico do Trabalho e despertou em mim a curiosidade e o desejo de trabalhar em um \u00f3rg\u00e3o p\u00fablico de segunda a sexta, hor\u00e1rio fixo, feriados, uma vez que a minha realidade como m\u00e9dico at\u00e9 ent\u00e3o era trabalhar em regime de plant\u00e3o &#8211; inclusive noturnos, finais de semana e feriados. Amo a minha profiss\u00e3o, por\u00e9m trabalhar nesse regime \u00e9 muito desgastante no m\u00e9dio e longo prazo e n\u00e3o tem pre\u00e7o poder dormir em casa todo dia, passar o final de semana com a fam\u00edlia e ainda assim garantir a renda familiar.<\/p>\n\n\n\n<p>Em 2013 surgiu a oportunidade que eu esperava: um concurso para a Assembleia Legislativa do RN (Consultor t\u00e9cnico legislativo) e para o Minist\u00e9rio P\u00fablico da Uni\u00e3o (Analista do MPU). Estudei bastante, inclusive assuntos que n\u00e3o tinha familiaridade como direito administrativo, constitucional, regimento interno da AL e legisla\u00e7\u00e3o aplicada ao MPU. No primeiro concurso fiquei em 3\u00ba (2 vagas) e no segundo fui aprovado em 2\u00ba lugar, sendo nomeado para o MPT em fevereiro de 2014, o que me fez mudar para Bras\u00edlia.<\/p>\n\n\n\n<p>Em Bras\u00edlia, conciliei o trabalho com os estudos, na inten\u00e7\u00e3o de passar em outro concurso. Foi quando conheci o Estrat\u00e9gia Concursos pela internet (Google), baixei algumas aulas gratuitas para testar e gostei bastante do m\u00e9todo (videoaulas e PDF) e dos professores. Fui ent\u00e3o aprovado para a SES-DF (M\u00e9dico) e para o ent\u00e3o Minist\u00e9rio do Planejamento, Or\u00e7amento e Gest\u00e3o (M\u00e9dico Perito), em 2015.<\/p>\n\n\n\n<p>Gostei! Mas queria outro concurso t\u00e3o bom quanto o MPU. Foi quando apareceu o concurso para o TJDFT. Preparei-me novamente conciliando trabalho e estudo, com o material do Estrat\u00e9gia para a n\u00e3o espec\u00edfica e pelos livros e provas anteriores a espec\u00edfica. Na \u00e9poca ainda n\u00e3o tinha o material do Professor Ricardo F\u00e9lix, de medicina. Fui aprovado em 2\u00ba lugar, por\u00e9m fui nomeado e lotado no TSE (os tribunais aproveitam a lista de classifica\u00e7\u00e3o dos concursos de outros tribunais), onde trabalho at\u00e9 hoje como Analista Judici\u00e1rio. Perfeito!<\/p>\n\n\n\n<p>Surgiu ent\u00e3o o concurso para a consultor t\u00e9cnico legislativo da CLDF, com um sal\u00e1rio maior que o de Analista Judici\u00e1rio e de Analista do MPU. Busquei novamente o aux\u00edlio do Estrat\u00e9gia Concursos, dessa vez com o material do Professor Ricardo F\u00e9lix para a espec\u00edfica, no qual ele compila todas as quest\u00f5es anteriores da banca FCC e com coment\u00e1rios! Caiu como uma luva! \u201cEstudei a banca\u201d como ele costuma falar e n\u00e3o deu outra: 2\u00ba lugar para a CLDF.<\/p>\n\n\n\n<p><strong>Estrat\u00e9gia: Durante sua caminhada como concurseiro, voc\u00ea trabalhava e estudava (como conciliava trabalho e estudos?), ou se dedicava inteiramente aos estudos para concurso? <\/strong><strong><\/strong><\/p>\n\n\n\n<p><strong>Victor<\/strong><strong>:<\/strong> Durante toda a jornada conciliei o trabalho e estudo. O que fiz foi procurar me organizar para tirar f\u00e9rias pr\u00f3ximo \u00e0 prova, para que \u201cdar o g\u00e1s\u201d na reta final.<\/p>\n\n\n\n<p><strong>Estrat\u00e9gia: Qual foi sua sensa\u00e7\u00e3o ao ver seu nome na lista dos aprovados\/classificados?<\/strong><strong><\/strong><\/p>\n\n\n\n<p><strong>Victor<\/strong><strong>:<\/strong> A sensa\u00e7\u00e3o \u00e9 fant\u00e1stica!<\/p>\n\n\n\n<p>Passa um filme na cabe\u00e7a de todo o esfor\u00e7o de estudo, toda ren\u00fancia feita, nervosismo antes da prova, ansiedade para o resultado, o dedo j\u00e1 doendo de tanto dar F5 na tela do computador!<\/p>\n\n\n\n<p>A vontade imediata, ap\u00f3s receber a not\u00edcia, \u00e9 contar para todo mundo mandando \u201cprint\u201d da tela em todos os grupos de WhatsApp e de repente: uma enxurrada de liga\u00e7\u00f5es e mensagens.<\/p>\n\n\n\n<p><strong>Estrat\u00e9gia: Como era sua vida social durante a prepara\u00e7\u00e3o para concursos? Voc\u00ea sa\u00eda com amigos, fam\u00edlia, etc? Ou adotou uma postura radical, abdicando do conv\u00edvio social?<\/strong><strong><\/strong><\/p>\n\n\n\n<p><strong>Victor<\/strong><strong>:<\/strong> Desde a \u00e9poca da prepara\u00e7\u00e3o para o vestibular de medicina, sempre achei importante reservar um tempo para relaxar, mas acho que cada pessoa tem que encontrar esse ponto ideal. Penso que com um bom planejamento \u00e9 poss\u00edvel conciliar sim, particularmente uma atividade f\u00edsica de no m\u00ednimo meia hora por dia, pois como m\u00e9dico sei que faz parte do mecanismo de consolida\u00e7\u00e3o das mem\u00f3rias. Sou adepto ao equil\u00edbrio e procuro fugir de radicalismos.<\/p>\n\n\n\n<p><strong>Estrat\u00e9gia: Voc\u00ea \u00e9 casado? Tem filhos? Namora? Mora com seus pais? Sua fam\u00edlia entendeu e apoiou sua caminhada como concurseiro? Se sim, de que forma? <\/strong><strong><\/strong><\/p>\n\n\n\n<p><strong>Victor<\/strong><strong>:<\/strong> Sou casado com a Karol h\u00e1 mais de 4 anos, que \u00e9 m\u00e9dica anestesista, e temos a fof\u00edssima Marina, de 8 meses.<\/p>\n\n\n\n<p>A Karol fez resid\u00eancia em anestesia na cidade de Campinas, de 2016 a 2019, ent\u00e3o nesse per\u00edodo ainda tive que viajar de Bras\u00edlia a Campinas a cada 15 dias. No avi\u00e3o, claro que dava uma estudada nos PDF\u2019s do Estrat\u00e9gia.<\/p>\n\n\n\n<p>Ela sempre entendeu e me apoiou em toda a jornada, inclusive vindo morar comigo em Bras\u00edlia quando \u00e9ramos apenas namorados.<\/p>\n\n\n\n<p>Meus pais moram em Natal-RN e sempre me passaram energias positivas.<\/p>\n\n\n\n<p><strong>Estrat\u00e9gia: Voc\u00ea acha que vale a pena fazer outros concursos, com foco diferente daquele concurso que \u00e9 realmente seu objetivo maior? <\/strong><strong><\/strong><\/p>\n\n\n\n<p><strong>Victor<\/strong><strong>:<\/strong> Eu estou bem satisfeito nesse momento com os concursos que consegui. N\u00e3o tenho outro concurso em vista. Pretendo, talvez, investir na carreira acad\u00eamica (mestrado, doutorado, quem sabe).<\/p>\n\n\n\n<p><strong>Estrat\u00e9gia:<\/strong> <strong>Voc\u00ea estudou por quanto tempo direcionado ao concurso que foi aprovado?<\/strong><strong><\/strong><\/p>\n\n\n\n<p><strong>Victor<\/strong><strong>:<\/strong> O concurso da CLDF teve uma particularidade, porque ele ficou suspenso por um ano. Ent\u00e3o, no total, foi aproximadamente um ano e meio, porque mantinha o estudo das mat\u00e9rias n\u00e3o espec\u00edficas como forma de obter uma base de conhecimento.<\/p>\n\n\n\n<p><strong>Estrat\u00e9gia:<\/strong> <strong>Chegou a estudar sem ter edital na pra\u00e7a? Durante esse tempo, como voc\u00ea fazia para manter a disciplina nos estudos?<\/strong><strong><\/strong><\/p>\n\n\n\n<p><strong>Victor<\/strong><strong>:<\/strong> A atividade m\u00e9dica exige que o profissional se mantenha sempre atualizado. Portanto, mantenho um estudo constante da medicina. Com rela\u00e7\u00e3o \u00e0s mat\u00e9rias n\u00e3o espec\u00edficas, eu esperei pelo menos a escolha da banca para iniciar os estudos focados em quest\u00f5es anteriores, mesmo sem ter sa\u00eddo o edital (no caso a FCC). &nbsp;<\/p>\n\n\n\n<p><strong>Estrat\u00e9gia:<\/strong> <strong>Que materiais voc\u00ea usou em sua prepara\u00e7\u00e3o para o concurso? Aulas presenciais, telepresenciais, livros, cursos em PDF, videoaulas? Quais foram as principais vantagens e desvantagens de cada um?<\/strong><strong><\/strong><\/p>\n\n\n\n<p><strong>Victor<\/strong><strong>:<\/strong> A prepara\u00e7\u00e3o para a espec\u00edfica eu utilizei tr\u00eas materiais: o material em PDF do professor Ricardo F\u00e9lix, apostilas de um cursinho preparat\u00f3rio para provas de resid\u00eancia, o site UptoDate, artigos cient\u00edficos recentes e diretrizes das principais sociedades m\u00e9dicas.<\/p>\n\n\n\n<p>A n\u00e3o espec\u00edfica estudei pelo Estrat\u00e9gia Concursos (videoaulas e PDF\u2019s).<\/p>\n\n\n\n<p><strong>Estrat\u00e9gia: Como conheceu o Estrat\u00e9gia Concursos? <\/strong><strong><\/strong><\/p>\n\n\n\n<p><strong>Victor<\/strong><strong>:<\/strong> Conheci quando senti a necessidade de ter aulas sem precisar me deslocar fisicamente para um local e ter flexibilidade de hor\u00e1rios, uma vez que mantinha meu trabalho.<\/p>\n\n\n\n<p>Pesquisei na internet, fiz as aulas testes e me identifiquei.<\/p>\n\n\n\n<p><strong>Estrat\u00e9gia:<\/strong> <strong>Uma das principais dificuldades de todo o concursando \u00e9 a quantidade de assuntos que devem ser memorizados. Como voc\u00ea fez para estudar todo o conte\u00fado do concurso? Falando de modo mais espec\u00edfico: voc\u00ea estudava v\u00e1rias mat\u00e9rias ao mesmo tempo? Quantas? Costumava fazer resumos? Focava mais em exerc\u00edcios, ou na leitura e releitura da teoria? Como montou seu plano de estudos? Quantas horas por dia costumava estudar?<\/strong><\/p>\n\n\n\n<p><strong>Victor<\/strong><strong>:<\/strong> Para mim os exerc\u00edcios com quest\u00f5es anteriores da banca foram essenciais. Obviamente foi preciso ter alguma teoria para, ent\u00e3o, me dedicar \u00e0s quest\u00f5es.<\/p>\n\n\n\n<p>Procurei estudar antes do edital as mat\u00e9rias cujos conhecimentos s\u00e3o mais gerais e podiam ser usados no dia a dia, como portugu\u00eas e medicina, reservando um tempo maior para as mat\u00e9rias que eu tinha menos conhecimento e n\u00e3o tinha aplica\u00e7\u00e3o pr\u00e1tica para perto da prova, como Regimento Interno da CLDF.<\/p>\n\n\n\n<p>Eu fiz um plano de estudos em que cada semana eu estudava uma mat\u00e9ria diferente, sendo mais semanas para a espec\u00edfica e para a mat\u00e9ria n\u00e3o espec\u00edfica que eu tinha menos conhecimento. &nbsp;<\/p>\n\n\n\n<p>Organizei as ideias em mapas mentais, que seriam utilizados na semana da v\u00e9spera da prova para revisar.<\/p>\n\n\n\n<p>A quantidade de horas di\u00e1rias foi bem vari\u00e1vel, sendo mais horas perto da prova. Como tinha que conciliar com o trabalho, em m\u00e9dia estudei de 3 a 4 horas por dia.<\/p>\n\n\n\n<p><strong>Estrat\u00e9gia: Voc\u00ea tinha mais dificuldades em alguma(s) disciplina(s)? Quais? Como voc\u00ea fez para superar estas dificuldades?<\/strong><strong><\/strong><\/p>\n\n\n\n<p><strong>Victor<\/strong><strong>:<\/strong> O Regimento Interno da CLDF realmente foi a que eu tive mais dificuldade, pela especificidade do assunto e da dist\u00e2ncia para a minha rotina de trabalho.<\/p>\n\n\n\n<p>A forma que encontrei de superar essa dificuldade foi reservar mais tempo para ela e um estudo mais aprofundado bem pr\u00f3ximo \u00e0 prova.<\/p>\n\n\n\n<p>Sempre tive em mente que, em qualquer concurso, a mat\u00e9ria que eu menos gosto \u00e9 a que eu vou estudar mais, porque \u00e9 onde tenho maior potencial de ganhar quest\u00f5es.<\/p>\n\n\n\n<p><strong>Estrat\u00e9gia: A reta final \u00e9 sempre um per\u00edodo estressante. Como foi sua rotina de estudos na semana que antecedeu a prova? E v\u00e9spera de prova: foi dia de descanso ou dia de estudo?<\/strong><strong><\/strong><\/p>\n\n\n\n<p><strong>Victor<\/strong><strong>:<\/strong> A semana que antecedeu a prova eu tirei f\u00e9rias e revisei todos os mapas mentais feitos at\u00e9 ent\u00e3o, al\u00e9m de assistir aos v\u00eddeos de revis\u00e3o do Estrat\u00e9gia.<\/p>\n\n\n\n<p>O dia anterior, para mim, sempre foi de descanso: atividade f\u00edsica, filme e, quando morava em Natal, praia (rs). Como toda pessoa que se dedica a um concurso e quer muito aquele cargo, fico bastante ansioso com a prova, e o dia anterior \u00e9 sagrado para ganhar quest\u00f5es obtendo relaxamento.<\/p>\n\n\n\n<p>Confesso que ainda fa\u00e7o uma tabelinha para a decoreba de \u00faltima hora no dia da prova, pois alguns poucos assuntos n\u00e3o t\u00eam outra sa\u00edda sen\u00e3o a memoriza\u00e7\u00e3o. Uso o r\u00e1pido estudo imediatamente antes da prova como forma de aquecimento.<\/p>\n\n\n\n<p><strong>Estrat\u00e9gia: No seu concurso, tivemos, al\u00e9m das provas objetivas, as provas discursivas. Como foi seu estudo para esta importante parte do certame? O que voc\u00ea aconselha?<\/strong><strong><\/strong><\/p>\n\n\n\n<p><strong>Victor<\/strong><strong>:<\/strong> A diferen\u00e7a do estudo da prova dissertativa em rela\u00e7\u00e3o \u00e0 objetiva foi que, devido \u00e0 escassez de quest\u00f5es anteriores, procurei obter mais conhecimento te\u00f3rico.<\/p>\n\n\n\n<p>Aconselho tentar pegar quest\u00f5es anteriores da banca e observar como o assunto \u00e9 abordado, treinando o texto a ser escrito e o tempo gasto. Muitas pessoas se enrolam com o tempo.<\/p>\n\n\n\n<p><strong>Estrat\u00e9gia: Se voc\u00ea tivesse que apontar ERROS em sua prepara\u00e7\u00e3o (se \u00e9 que houve), quais seriam? Diga-nos tamb\u00e9m quais foram os maiores ACERTOS.<\/strong><strong><\/strong><\/p>\n\n\n\n<p><strong>Victor<\/strong><strong>:<\/strong> Acredito que meu principal erro foi n\u00e3o ter feitos resumos mais organizados, observando a teoria da curva do esquecimento e reten\u00e7\u00e3o de Ebbinghaus.&nbsp;As redes sociais tamb\u00e9m me tomaram um tempo precioso. Se pudesse corrigir isso, talvez tivesse sa\u00eddo de alguns grupos de WhatsApp e ficado apenas nos essenciais.<\/p>\n\n\n\n<p>Acertei no planejamento dos estudos, reservando os dias anteriores \u00e0 prova para focar em mat\u00e9rias que tenho mais dificuldade.<\/p>\n\n\n\n<p>Quase errei quando subestimei o edital e quase deixei de estudar um assunto, pouco prov\u00e1vel da cair dado o hist\u00f3rico da FCC, por\u00e9m foi uma quest\u00e3o dissertativa.<\/p>\n\n\n\n<p><strong>Estrat\u00e9gia: O que foi mais dif\u00edcil nessa caminhada rumo \u00e0 aprova\u00e7\u00e3o? Chegou a pensar, por algum momento, em desistir? Se sim, como fez para seguir em frente?<\/strong><strong><\/strong><\/p>\n\n\n\n<p><strong>Victor<\/strong><strong>:<\/strong> N\u00e3o teve momentos que pensei em desistir. Sempre fiquei muito focado no objetivo.<\/p>\n\n\n\n<p><strong>Estrat\u00e9gia:<\/strong> <strong>Qual foi sua principal motiva\u00e7\u00e3o? <\/strong><strong><\/strong><\/p>\n\n\n\n<p><strong>Victor<\/strong><strong>:<\/strong> A minha principal motiva\u00e7\u00e3o sempre foi minha fam\u00edlia: ter tempo para dormir, passar os finais de semana e feriados com eles. Um sonho para qualquer m\u00e9dico do mundo.<\/p>\n\n\n\n<p><strong>Estrat\u00e9gia: Por fim, o que voc\u00ea aconselharia a algu\u00e9m que est\u00e1 iniciando seus estudos para concurso na \u00e1rea m\u00e9dica? Deixe sua mensagem para todos aqueles que um dia almejam chegar aonde voc\u00ea chegou!<\/strong><strong><\/strong><\/p>\n\n\n\n<p><strong>Victor<\/strong><strong>:<\/strong> Fugindo um pouco das recomenda\u00e7\u00f5es mais \u00f3bvias, sugiro manter o estudo constante da sua espec\u00edfica (se houver) e de portugu\u00eas, pois \u00e9 uma disciplina que cai em todos os concursos e vai acabar sendo uma mat\u00e9ria a menos para estudar quando sair o edital, resolvendo quest\u00f5es das principais bancas.<\/p>\n\n\n\n<p>Ao sair o edital, procure estud\u00e1-lo a fundo, revendo v\u00e1rias vezes durante sua prepara\u00e7\u00e3o e fa\u00e7a um planejamento\/calend\u00e1rio de estudos focado nele, sem negligenciar nenhum assunto.<\/p>\n\n\n\n<p>Estude mais a mat\u00e9ria que menos gosta. Procure fazer resumos e\/ou mapas mentais, pensando sempre em estud\u00e1-los na semana ou quinzena que antecede a prova.<\/p>\n\n\n\n<p>Fa\u00e7a atividade f\u00edsica no m\u00ednimo 30 minutos por dia: \u00e9 dif\u00edcil acreditar, mas n\u00e3o \u00e9 tempo de estudo perdido! Essa \u00e9 a forma de manter sua fisiologia em equil\u00edbrio, incluindo seu c\u00e9rebro.<\/p>\n\n\n\n<p>Por \u00faltimo, n\u00e3o deixe assuntos para estudar no dia anterior \u00e0 prova, reserve-o totalmente para fazer o que mais te d\u00e1 prazer e relaxar.<\/p>\n\n\n\n<p><strong>Confira outras entrevistas em:<\/strong><\/p>\n\n\n\n<p><a rel=\"noreferrer noopener\" href=\"https:\/\/www.estrategiaconcursos.com.br\/depoimentos\/\" target=\"_blank\">Depoimentos de Aprovados<\/a><\/p>\n\n\n\n<p><a rel=\"noreferrer noopener\" href=\"https:\/\/www.estrategiaconcursos.com.br\/cursos\/concurso\" target=\"_blank\">Cursos Online para Concursos<\/a><\/p>\n\n\n\n<p class=\"has-text-align-center\"><strong><em>Foi aprovado e deseja dividir com a gente e com outros concurseiros como foi sua trajet\u00f3ria at\u00e9 a aprova\u00e7\u00e3o?! Mande um e-mail para:&nbsp;comunicacao@estrategiaconcursos.com.br<\/em><\/strong><\/p>\n\n\n\n<p>Um abra\u00e7o,<br \/>Tha\u00eds Mendes<\/p>\n","protected":false},"excerpt":{"rendered":"<p>&#8220;A minha principal motiva\u00e7\u00e3o sempre foi minha fam\u00edlia: ter tempo para dormir, passar os finais de semana e feriados com eles. Um sonho para qualquer m\u00e9dico do mundo&#8221;<\/p>\n","protected":false},"featured_media":510700,"template":"","class_list":["post-510699","depoimento","type-depoimento","status-publish","has-post-thumbnail","hentry"],"acf":[],"yoast_head":"<!-- This site is optimized with the Yoast SEO Premium plugin v27.2 (Yoast SEO v27.2) - https:\/\/yoast.com\/product\/yoast-seo-premium-wordpress\/ -->\n<title>ENTREVISTA: Victor Saboia - Aprovado no concurso CLDF<\/title>\n<meta name=\"description\" content=\"Leia a entrevista com Victor Saboia - Aprovado em 2\u00ba lugar no concurso CLDF no cargo de Consultor T\u00e9cnico Legislativo.\" \/>\n<meta name=\"robots\" content=\"index, follow, max-snippet:-1, max-image-preview:large, max-video-preview:-1\" \/>\n<link rel=\"canonical\" href=\"https:\/\/www.estrategiaconcursos.com.br\/blog\/depoimento\/concurso-cl-df-aprovado-victor-saboia\/\" \/>\n<meta property=\"og:locale\" content=\"pt_BR\" \/>\n<meta property=\"og:type\" content=\"article\" \/>\n<meta property=\"og:title\" content=\"ENTREVISTA: Victor Saboia - Aprovado no concurso CLDF\" \/>\n<meta property=\"og:description\" content=\"Leia a entrevista com Victor Saboia - Aprovado em 2\u00ba lugar no concurso CLDF no cargo de Consultor T\u00e9cnico Legislativo.\" \/>\n<meta property=\"og:url\" content=\"https:\/\/www.estrategiaconcursos.com.br\/blog\/depoimento\/concurso-cl-df-aprovado-victor-saboia\/\" \/>\n<meta property=\"og:site_name\" content=\"Estrat\u00e9gia Concursos\" \/>\n<meta property=\"article:modified_time\" content=\"2023-02-17T16:54:35+00:00\" \/>\n<meta property=\"og:image\" content=\"https:\/\/dhg1h5j42swfq.cloudfront.net\/2020\/05\/05130107\/9e38ac93-85df-4e44-b761-83e91bc50b30.jpg\" \/>\n\t<meta property=\"og:image:width\" content=\"960\" \/>\n\t<meta property=\"og:image:height\" content=\"1280\" \/>\n\t<meta property=\"og:image:type\" content=\"image\/jpeg\" \/>\n<meta name=\"twitter:card\" content=\"summary_large_image\" \/>\n<meta name=\"twitter:site\" content=\"@EstratConcursos\" \/>\n<meta name=\"twitter:label1\" content=\"Est. tempo de leitura\" \/>\n\t<meta name=\"twitter:data1\" content=\"12 minutos\" \/>\n<script type=\"application\/ld+json\" class=\"yoast-schema-graph\">{\"@context\":\"https:\/\/schema.org\",\"@graph\":[{\"@type\":\"WebPage\",\"@id\":\"https:\/\/www.estrategiaconcursos.com.br\/blog\/depoimento\/concurso-cl-df-aprovado-victor-saboia\/\",\"url\":\"https:\/\/www.estrategiaconcursos.com.br\/blog\/depoimento\/concurso-cl-df-aprovado-victor-saboia\/\",\"name\":\"ENTREVISTA: Victor Saboia - Aprovado no concurso CLDF\",\"isPartOf\":{\"@id\":\"https:\/\/www.estrategiaconcursos.com.br\/blog\/#website\"},\"primaryImageOfPage\":{\"@id\":\"https:\/\/www.estrategiaconcursos.com.br\/blog\/depoimento\/concurso-cl-df-aprovado-victor-saboia\/#primaryimage\"},\"image\":{\"@id\":\"https:\/\/www.estrategiaconcursos.com.br\/blog\/depoimento\/concurso-cl-df-aprovado-victor-saboia\/#primaryimage\"},\"thumbnailUrl\":\"https:\/\/dhg1h5j42swfq.cloudfront.net\/2020\/05\/05130107\/9e38ac93-85df-4e44-b761-83e91bc50b30.jpg\",\"datePublished\":\"2020-05-05T16:28:56+00:00\",\"dateModified\":\"2023-02-17T16:54:35+00:00\",\"description\":\"Leia a entrevista com Victor Saboia - Aprovado em 2\u00ba lugar no concurso CLDF no cargo de Consultor T\u00e9cnico Legislativo.\",\"breadcrumb\":{\"@id\":\"https:\/\/www.estrategiaconcursos.com.br\/blog\/depoimento\/concurso-cl-df-aprovado-victor-saboia\/#breadcrumb\"},\"inLanguage\":\"pt-BR\",\"potentialAction\":[{\"@type\":\"ReadAction\",\"target\":[\"https:\/\/www.estrategiaconcursos.com.br\/blog\/depoimento\/concurso-cl-df-aprovado-victor-saboia\/\"]}]},{\"@type\":\"ImageObject\",\"inLanguage\":\"pt-BR\",\"@id\":\"https:\/\/www.estrategiaconcursos.com.br\/blog\/depoimento\/concurso-cl-df-aprovado-victor-saboia\/#primaryimage\",\"url\":\"https:\/\/dhg1h5j42swfq.cloudfront.net\/2020\/05\/05130107\/9e38ac93-85df-4e44-b761-83e91bc50b30.jpg\",\"contentUrl\":\"https:\/\/dhg1h5j42swfq.cloudfront.net\/2020\/05\/05130107\/9e38ac93-85df-4e44-b761-83e91bc50b30.jpg\",\"width\":960,\"height\":1280},{\"@type\":\"BreadcrumbList\",\"@id\":\"https:\/\/www.estrategiaconcursos.com.br\/blog\/depoimento\/concurso-cl-df-aprovado-victor-saboia\/#breadcrumb\",\"itemListElement\":[{\"@type\":\"ListItem\",\"position\":1,\"name\":\"In\u00edcio\",\"item\":\"https:\/\/www.estrategiaconcursos.com.br\/blog\/\"},{\"@type\":\"ListItem\",\"position\":2,\"name\":\"ENTREVISTA: Victor Saboia &#8211; Aprovado no concurso CLDF\"}]},{\"@type\":\"WebSite\",\"@id\":\"https:\/\/www.estrategiaconcursos.com.br\/blog\/#website\",\"url\":\"https:\/\/www.estrategiaconcursos.com.br\/blog\/\",\"name\":\"Estrat\u00e9gia Concursos\",\"description\":\"O blog da Estrat\u00e9gia Concursos traz not\u00edcias sobre concursos e artigos de professores oferecendo cursos para concursos (pdf + videaulas) no site.\",\"publisher\":{\"@id\":\"https:\/\/www.estrategiaconcursos.com.br\/blog\/#organization\"},\"potentialAction\":[{\"@type\":\"SearchAction\",\"target\":{\"@type\":\"EntryPoint\",\"urlTemplate\":\"https:\/\/www.estrategiaconcursos.com.br\/blog\/?s={search_term_string}\"},\"query-input\":{\"@type\":\"PropertyValueSpecification\",\"valueRequired\":true,\"valueName\":\"search_term_string\"}}],\"inLanguage\":\"pt-BR\"},{\"@type\":\"Organization\",\"@id\":\"https:\/\/www.estrategiaconcursos.com.br\/blog\/#organization\",\"name\":\"Estrat\u00e9gia Concursos\",\"url\":\"https:\/\/www.estrategiaconcursos.com.br\/blog\/\",\"logo\":{\"@type\":\"ImageObject\",\"inLanguage\":\"pt-BR\",\"@id\":\"https:\/\/www.estrategiaconcursos.com.br\/blog\/#\/schema\/logo\/image\/\",\"url\":\"https:\/\/dhg1h5j42swfq.cloudfront.net\/2025\/06\/03203428\/logo_concursos-1.jpg\",\"contentUrl\":\"https:\/\/dhg1h5j42swfq.cloudfront.net\/2025\/06\/03203428\/logo_concursos-1.jpg\",\"width\":230,\"height\":60,\"caption\":\"Estrat\u00e9gia Concursos\"},\"image\":{\"@id\":\"https:\/\/www.estrategiaconcursos.com.br\/blog\/#\/schema\/logo\/image\/\"},\"sameAs\":[\"https:\/\/x.com\/EstratConcursos\"]}]}<\/script>\n<!-- \/ Yoast SEO Premium plugin. -->","yoast_head_json":{"title":"ENTREVISTA: Victor Saboia - Aprovado no concurso CLDF","description":"Leia a entrevista com Victor Saboia - Aprovado em 2\u00ba lugar no concurso CLDF no cargo de Consultor T\u00e9cnico Legislativo.","robots":{"index":"index","follow":"follow","max-snippet":"max-snippet:-1","max-image-preview":"max-image-preview:large","max-video-preview":"max-video-preview:-1"},"canonical":"https:\/\/www.estrategiaconcursos.com.br\/blog\/depoimento\/concurso-cl-df-aprovado-victor-saboia\/","og_locale":"pt_BR","og_type":"article","og_title":"ENTREVISTA: Victor Saboia - Aprovado no concurso CLDF","og_description":"Leia a entrevista com Victor Saboia - Aprovado em 2\u00ba lugar no concurso CLDF no cargo de Consultor T\u00e9cnico Legislativo.","og_url":"https:\/\/www.estrategiaconcursos.com.br\/blog\/depoimento\/concurso-cl-df-aprovado-victor-saboia\/","og_site_name":"Estrat\u00e9gia Concursos","article_modified_time":"2023-02-17T16:54:35+00:00","og_image":[{"width":960,"height":1280,"url":"https:\/\/dhg1h5j42swfq.cloudfront.net\/2020\/05\/05130107\/9e38ac93-85df-4e44-b761-83e91bc50b30.jpg","type":"image\/jpeg"}],"twitter_card":"summary_large_image","twitter_site":"@EstratConcursos","twitter_misc":{"Est. tempo de leitura":"12 minutos"},"schema":{"@context":"https:\/\/schema.org","@graph":[{"@type":"WebPage","@id":"https:\/\/www.estrategiaconcursos.com.br\/blog\/depoimento\/concurso-cl-df-aprovado-victor-saboia\/","url":"https:\/\/www.estrategiaconcursos.com.br\/blog\/depoimento\/concurso-cl-df-aprovado-victor-saboia\/","name":"ENTREVISTA: Victor Saboia - Aprovado no concurso CLDF","isPartOf":{"@id":"https:\/\/www.estrategiaconcursos.com.br\/blog\/#website"},"primaryImageOfPage":{"@id":"https:\/\/www.estrategiaconcursos.com.br\/blog\/depoimento\/concurso-cl-df-aprovado-victor-saboia\/#primaryimage"},"image":{"@id":"https:\/\/www.estrategiaconcursos.com.br\/blog\/depoimento\/concurso-cl-df-aprovado-victor-saboia\/#primaryimage"},"thumbnailUrl":"https:\/\/dhg1h5j42swfq.cloudfront.net\/2020\/05\/05130107\/9e38ac93-85df-4e44-b761-83e91bc50b30.jpg","datePublished":"2020-05-05T16:28:56+00:00","dateModified":"2023-02-17T16:54:35+00:00","description":"Leia a entrevista com Victor Saboia - Aprovado em 2\u00ba lugar no concurso CLDF no cargo de Consultor T\u00e9cnico Legislativo.","breadcrumb":{"@id":"https:\/\/www.estrategiaconcursos.com.br\/blog\/depoimento\/concurso-cl-df-aprovado-victor-saboia\/#breadcrumb"},"inLanguage":"pt-BR","potentialAction":[{"@type":"ReadAction","target":["https:\/\/www.estrategiaconcursos.com.br\/blog\/depoimento\/concurso-cl-df-aprovado-victor-saboia\/"]}]},{"@type":"ImageObject","inLanguage":"pt-BR","@id":"https:\/\/www.estrategiaconcursos.com.br\/blog\/depoimento\/concurso-cl-df-aprovado-victor-saboia\/#primaryimage","url":"https:\/\/dhg1h5j42swfq.cloudfront.net\/2020\/05\/05130107\/9e38ac93-85df-4e44-b761-83e91bc50b30.jpg","contentUrl":"https:\/\/dhg1h5j42swfq.cloudfront.net\/2020\/05\/05130107\/9e38ac93-85df-4e44-b761-83e91bc50b30.jpg","width":960,"height":1280},{"@type":"BreadcrumbList","@id":"https:\/\/www.estrategiaconcursos.com.br\/blog\/depoimento\/concurso-cl-df-aprovado-victor-saboia\/#breadcrumb","itemListElement":[{"@type":"ListItem","position":1,"name":"In\u00edcio","item":"https:\/\/www.estrategiaconcursos.com.br\/blog\/"},{"@type":"ListItem","position":2,"name":"ENTREVISTA: Victor Saboia &#8211; Aprovado no concurso CLDF"}]},{"@type":"WebSite","@id":"https:\/\/www.estrategiaconcursos.com.br\/blog\/#website","url":"https:\/\/www.estrategiaconcursos.com.br\/blog\/","name":"Estrat\u00e9gia Concursos","description":"O blog da Estrat\u00e9gia Concursos traz not\u00edcias sobre concursos e artigos de professores oferecendo cursos para concursos (pdf + videaulas) no site.","publisher":{"@id":"https:\/\/www.estrategiaconcursos.com.br\/blog\/#organization"},"potentialAction":[{"@type":"SearchAction","target":{"@type":"EntryPoint","urlTemplate":"https:\/\/www.estrategiaconcursos.com.br\/blog\/?s={search_term_string}"},"query-input":{"@type":"PropertyValueSpecification","valueRequired":true,"valueName":"search_term_string"}}],"inLanguage":"pt-BR"},{"@type":"Organization","@id":"https:\/\/www.estrategiaconcursos.com.br\/blog\/#organization","name":"Estrat\u00e9gia Concursos","url":"https:\/\/www.estrategiaconcursos.com.br\/blog\/","logo":{"@type":"ImageObject","inLanguage":"pt-BR","@id":"https:\/\/www.estrategiaconcursos.com.br\/blog\/#\/schema\/logo\/image\/","url":"https:\/\/dhg1h5j42swfq.cloudfront.net\/2025\/06\/03203428\/logo_concursos-1.jpg","contentUrl":"https:\/\/dhg1h5j42swfq.cloudfront.net\/2025\/06\/03203428\/logo_concursos-1.jpg","width":230,"height":60,"caption":"Estrat\u00e9gia Concursos"},"image":{"@id":"https:\/\/www.estrategiaconcursos.com.br\/blog\/#\/schema\/logo\/image\/"},"sameAs":["https:\/\/x.com\/EstratConcursos"]}]}},"_links":{"self":[{"href":"https:\/\/www.estrategiaconcursos.com.br\/blog\/wp-json\/wp\/v2\/depoimento\/510699","targetHints":{"allow":["GET"]}}],"collection":[{"href":"https:\/\/www.estrategiaconcursos.com.br\/blog\/wp-json\/wp\/v2\/depoimento"}],"about":[{"href":"https:\/\/www.estrategiaconcursos.com.br\/blog\/wp-json\/wp\/v2\/types\/depoimento"}],"version-history":[{"count":3,"href":"https:\/\/www.estrategiaconcursos.com.br\/blog\/wp-json\/wp\/v2\/depoimento\/510699\/revisions"}],"predecessor-version":[{"id":1173823,"href":"https:\/\/www.estrategiaconcursos.com.br\/blog\/wp-json\/wp\/v2\/depoimento\/510699\/revisions\/1173823"}],"wp:featuredmedia":[{"embeddable":true,"href":"https:\/\/www.estrategiaconcursos.com.br\/blog\/wp-json\/wp\/v2\/media\/510700"}],"wp:attachment":[{"href":"https:\/\/www.estrategiaconcursos.com.br\/blog\/wp-json\/wp\/v2\/media?parent=510699"}],"curies":[{"name":"wp","href":"https:\/\/api.w.org\/{rel}","templated":true}]}}