{"id":1804865,"date":"2026-08-31T19:26:49","date_gmt":"2026-08-31T22:26:49","guid":{"rendered":"https:\/\/www.estrategiaconcursos.com.br\/blog\/?post_type=depoimento&#038;p=1804865"},"modified":"2026-08-31T19:26:51","modified_gmt":"2026-08-31T22:26:51","slug":"concurso-adab-aprovado-adryano-carvalho","status":"publish","type":"depoimento","link":"https:\/\/www.estrategiaconcursos.com.br\/blog\/depoimento\/concurso-adab-aprovado-adryano-carvalho\/","title":{"rendered":"Aprovado Concurso ADAB: Adryano Campos Carvalho"},"content":{"rendered":"\n<h2 class=\"wp-block-heading has-text-align-center\" id=\"h-trabalhei-minha-vida-social-como-forma-de-recompensa-estipulando-metas-que-eu-precisava-alcancar-e-compensando-essas-metas-com-alguns-momentos-de-lazer\"><strong>\u201c[\u2026] Trabalhei minha vida social como forma de recompensa, estipulando metas que eu precisava alcan\u00e7ar e compensando essas metas com alguns momentos de lazer.\u201d<\/strong><\/h2>\n\n\n\n<p class=\"wp-block-paragraph\">Leia a entrevista do Estrat\u00e9gia Concursos com Adryano Campos Carvalho, aprovado em 3\u00ba lugar no Concurso ADAB para o cargo de Fiscal Estadual Agropecu\u00e1rio &#8211; Defesa Sanit\u00e1ria Animal:<\/p>\n\n\n\n<p class=\"wp-block-paragraph\"><strong>Estrat\u00e9gia Concursos: Conte-nos um pouco sobre voc\u00ea, para que nossos leitores possam conhec\u00ea-lo(a). Qual a sua forma\u00e7\u00e3o, idade e cidade natal?<\/strong><\/p>\n\n\n\n<p class=\"wp-block-paragraph\"><strong>Adryano Campos Carvalho:<\/strong> Ol\u00e1 Estrat\u00e9gia! Meu nome \u00e9 Adryano Campos Carvalho, tenho 30 anos e sou natural de Aracaju\/SE e sou formado em Medicina Veterin\u00e1ria com mestrado em Ci\u00eancia Animal pela UFAL.<\/p>\n\n\n\n<p class=\"wp-block-paragraph\"><strong>Estrat\u00e9gia: O que te levou a tomar a decis\u00e3o de come\u00e7ar a estudar para concursos?<\/strong><\/p>\n\n\n\n<p class=\"wp-block-paragraph\"><strong>Adryano:<\/strong> Minha decis\u00e3o se baseou na estabilidade fornecida pelo servi\u00e7o p\u00fablico. At\u00e9 o momento, vivo de forma aut\u00f4noma e vislumbrei que n\u00e3o queria isso para o meu futuro. Al\u00e9m disso, meu pai \u00e9 servidor p\u00fablico e sempre me incentivou a investir nesse caminho.<\/p>\n\n\n\n<p class=\"wp-block-paragraph\"><strong>Estrat\u00e9gia: Voc\u00ea trabalhava e estudava?<\/strong><\/p>\n\n\n\n<p class=\"wp-block-paragraph\"><strong>Adryano:<\/strong> Isso, trabalhava e estudava. Ap\u00f3s algum tempo prestando provas de concurso, fui corrigindo meus erros. Assim, organizava meus estudos por ciclo de estudos, determinando uma CH de acordo com o que se aproximava da prova, dividida entre 1 a 2 horas pela manh\u00e3 e outras 2 a 3 horas \u00e0 noite. Como n\u00e3o tinha uma rotina fixa, ajustava esses hor\u00e1rios de acordo com minha disponibilidade.<\/p>\n\n\n\n<p class=\"wp-block-paragraph\"><strong>Estrat\u00e9gia: Em quais concursos j\u00e1 foi aprovado?<\/strong><\/p>\n\n\n\n<p class=\"wp-block-paragraph\"><strong>Adryano:<\/strong> Fiz diversos concursos, dentre os quais fui aprovado para:<\/p>\n\n\n\n<ul class=\"wp-block-list\">\n<li>COGERP &#8211; Perito Criminal (9\u00ba lugar)<\/li>\n\n\n\n<li>PMSE &#8211; Oficial Veterin\u00e1rio (aprovado nas etapas objetivas, discursivas e TAF, atualmente em processo judicial)<\/li>\n\n\n\n<li>ADAB &#8211; Fiscal Estadual Agropecu\u00e1rio &#8211; Defesa Sanit\u00e1ria Animal (3\u00ba lugar)<\/li>\n<\/ul>\n\n\n\n<p class=\"wp-block-paragraph\"><strong>Estrat\u00e9gia: Como era sua vida social durante a prepara\u00e7\u00e3o para concursos?<\/strong><\/p>\n\n\n\n<p class=\"wp-block-paragraph\"><strong>Adryano:<\/strong> Sabemos que o processo de estudo para concurso p\u00fablico n\u00e3o \u00e9 f\u00e1cil. Ent\u00e3o, precisei me acostumar a abdicar maior parte do meu tempo aos estudos, principalmente no p\u00f3s-edital. Entretanto, n\u00e3o fui radical nesse quesito. Trabalhei minha vida social como forma de recompensa, estipulando metas que eu precisava alcan\u00e7ar e compensando essas metas com alguns momentos de lazer. Isso faz toda a diferen\u00e7a no processo de estudo.<\/p>\n\n\n\n<p class=\"wp-block-paragraph\"><strong>Estrat\u00e9gia: Sua fam\u00edlia e amigos entenderam e apoiaram sua caminhada como concurseiro?<\/strong><\/p>\n\n\n\n<p class=\"wp-block-paragraph\"><strong>Adryano:<\/strong> Sim! Principalmente minha fam\u00edlia. Ela sabia dos meus objetivos e o quanto eu queria passar em um concurso p\u00fablico.<\/p>\n\n\n\n<p class=\"wp-block-paragraph\"><strong>Estrat\u00e9gia: Voc\u00ea estudou por quanto tempo direcionado ao \u00faltimo concurso? <\/strong><\/p>\n\n\n\n<p class=\"wp-block-paragraph\"><strong>Adryano:<\/strong> Estudei uma m\u00e9dia de 75 dias para o concurso da ADAB. Como eu formei uma bagagem de conhecimento de outros concursos, n\u00e3o foi dif\u00edcil manter a const\u00e2ncia. A vontade de sair do meio aut\u00f4nomo me fez ter disciplina na rotina de estudos.<\/p>\n\n\n\n<p class=\"wp-block-paragraph\"><strong>Estrat\u00e9gia: Quais materiais e ferramentas voc\u00ea usou em sua prepara\u00e7\u00e3o?<\/strong><\/p>\n\n\n\n<p class=\"wp-block-paragraph\"><strong>Adryano:<\/strong> Os principais foram os PDFs, Banco de quest\u00f5es e plataforma de organiza\u00e7\u00e3o de estudos. Aprendi tamb\u00e9m a criar minha fonte \u00fanica de estudo e a metrificar meus acertos e erros utilizando-os como par\u00e2metros para minhas revis\u00f5es.<\/p>\n\n\n\n<p class=\"wp-block-paragraph\"><strong>Estrat\u00e9gia: Como conheceu o Estrat\u00e9gia Concursos?<\/strong><\/p>\n\n\n\n<p class=\"wp-block-paragraph\"><strong>Adryano:<\/strong> O Estrat\u00e9gia \u00e9 bastante conhecido, mas o que me aproximou foi o fato de abranger minha \u00e1rea de forma\u00e7\u00e3o. Acredito que seja um dos poucos. Al\u00e9m disso, colegas que foram aprovados faziam uso da plataforma do Estrat\u00e9gia.<\/p>\n\n\n\n<p class=\"wp-block-paragraph\"><strong>Estrat\u00e9gia: Antes de conhecer o Estrat\u00e9gia, voc\u00ea chegou a usar materiais de outros cursos?<\/strong><\/p>\n\n\n\n<p class=\"wp-block-paragraph\"><strong>Adryano:<\/strong> Simmm! As redes sociais fazem com que tenhamos contato com diversos cursos, mas nem todos atendem nossas expectativas. O que mais me incomodou foi a falta de direcionamento e a forma de abrang\u00eancia com alguns assuntos. Por exemplo, em uma determinada mat\u00e9ria o material era superficial e em outras profundo demais. Sentia que n\u00e3o conseguia avan\u00e7ar. (Isso relacionado \u00e0s mat\u00e9rias espec\u00edficas, principalmente). As mat\u00e9rias gerais tive contato com outros cursos, mas que n\u00e3o tenho o que reclamar.<\/p>\n\n\n\n<p class=\"wp-block-paragraph\"><strong>Estrat\u00e9gia: Voc\u00ea chegou a fazer algum concurso enquanto ainda se preparava com esse outro material? <\/strong><\/p>\n\n\n\n<p class=\"wp-block-paragraph\"><strong>Adryano:<\/strong> Sim! O de perito da COGERP. N\u00e3o tinha contato ainda com o Estrat\u00e9gia.<\/p>\n\n\n\n<p class=\"wp-block-paragraph\"><strong>Estrat\u00e9gia: Depois que voc\u00ea se tornou aluno do Estrat\u00e9gia, voc\u00ea sentiu uma diferen\u00e7a relevante na sua prepara\u00e7\u00e3o? <\/strong><\/p>\n\n\n\n<p class=\"wp-block-paragraph\"><strong>Adryano:<\/strong> Com certeza! O acesso a mat\u00e9rias da minha \u00e1rea espec\u00edfica contribuiu muito. Al\u00e9m disso, fui tendo contato com as outras mat\u00e9rias, professores, o que contribuiu tamb\u00e9m. Alguns diferenciais que posso citar s\u00e3o: professores, simulados, retas finais, etc.<\/p>\n\n\n\n<p class=\"wp-block-paragraph\"><strong>Estrat\u00e9gia: Como montou seu plano de estudos?<\/strong><\/p>\n\n\n\n<p class=\"wp-block-paragraph\"><strong>Adryano:<\/strong> Montei meu plano por ciclo de estudos. \u00c9 importante n\u00e3o ficar preso a uma s\u00f3 mat\u00e9ria, at\u00e9 porque n\u00e3o sabemos o quanto dela cair\u00e1. Por isso, distribu\u00eda minha CH de acordo com a complexidade e abrang\u00eancia do edital. Por exemplo, para o concurso da ADAB dediquei mais horas a espec\u00edficas, discursiva, Portugu\u00eas do que a Inform\u00e1tica. Assim, tinha dias que estudava de 2 a 3 mat\u00e9rias. Em dias mais livres eu acrescentava mais mat\u00e9rias (de acordo com minha necessidade). Fiz um total de 3h por dia por 75 dias (m\u00e9dia geral). Essa CH pode parecer baixa, mas o edital da ADAB n\u00e3o estava extenso e, tamb\u00e9m, fazia pouco tempo que havia feito o concurso para Perito Criminal da PCPI, ent\u00e3o muito conte\u00fado ainda estava fresco em minha mem\u00f3ria.<\/p>\n\n\n\n<p class=\"wp-block-paragraph\"><strong>Estrat\u00e9gia: Como fazia suas revis\u00f5es?<\/strong><\/p>\n\n\n\n<p class=\"wp-block-paragraph\"><strong>Adryano:<\/strong> Minhas revis\u00f5es se baseavam em modelos de aprendizagem ativa. Preferi trabalhar com flashcards, revis\u00e3o dos simulados, caderno de erros revisando sempre o que mais estava errando de cada disciplina, entre outras coisas.<\/p>\n\n\n\n<p class=\"wp-block-paragraph\"><strong>Estrat\u00e9gia: Qual a import\u00e2ncia da resolu\u00e7\u00e3o de exerc\u00edcios? <\/strong><\/p>\n\n\n\n<p class=\"wp-block-paragraph\"><strong>Adryano:<\/strong> Para mim, \u00e9 a cereja do bolo do concurseiro. Sem exerc\u00edcios n\u00e3o tem estudo. Al\u00e9m de ser uma ferramenta para fixa\u00e7\u00e3o de conte\u00fado, serve como par\u00e2metro de aprendizagem e reten\u00e7\u00e3o de conhecimento. Em minha reta final, foi minha principal forma de revis\u00e3o, indo para o material somente para coisas pontuais. Para o concurso da ADAB respondi 2.220 quest\u00f5es (percentual de 82% de acertos) e um total de 10.844 quest\u00f5es desde 2021.<\/p>\n\n\n\n<p class=\"wp-block-paragraph\"><strong>Estrat\u00e9gia: Quais as disciplinas voc\u00ea tinha mais dificuldade? <\/strong><\/p>\n\n\n\n<p class=\"wp-block-paragraph\"><strong>Adryano:<\/strong> No in\u00edcio as disciplinas de Direito e L\u00edngua Portuguesa, depois algumas disciplinas espec\u00edficas. A supera\u00e7\u00e3o veio com paci\u00eancia, disciplina e persist\u00eancia. Saber que est\u00e1 errando, mas continuar em busca de melhora.<\/p>\n\n\n\n<p class=\"wp-block-paragraph\"><strong>Estrat\u00e9gia: Como foi sua rotina de estudos na semana que antecedeu a prova e no dia pr\u00e9-prova?<\/strong><\/p>\n\n\n\n<p class=\"wp-block-paragraph\"><strong>Adryano:<\/strong> Mantive uma dedica\u00e7\u00e3o nas quest\u00f5es e revis\u00e3o das discursivas. Na v\u00e9spera, fiz uma breve revis\u00e3o de alguns pontos espec\u00edficos junto com a revis\u00e3o do Estrat\u00e9gia, mas no contexto geral gosto de deixar a v\u00e9spera como um dia para trabalhar a tranquilidade. Tinha consci\u00eancia da minha trajet\u00f3ria e dedica\u00e7\u00e3o.<\/p>\n\n\n\n<p class=\"wp-block-paragraph\"><strong>Estrat\u00e9gia: No seu concurso, al\u00e9m da prova objetiva, teve a discursiva. Como foi sua prepara\u00e7\u00e3o para esta importante parte do certame? <\/strong><\/p>\n\n\n\n<p class=\"wp-block-paragraph\"><strong>Adryano:<\/strong> Discursiva \u00e9 que nem andar de bicicleta, no in\u00edcio pode parecer dif\u00edcil, mas depois que voc\u00ea aprende n\u00e3o esquece mais. Ent\u00e3o, primeira coisa que fiz foi buscar discursivas anteriores da banca para entender como que era o perfil dela. Depois, busquei formar uma lista de temas que chegasse pr\u00f3ximo do que a banca poderia cobrar. Depois apliquei o t\u00f3pico das minhas discursivas em dois at\u00e9 tr\u00eas dias do meu ciclo de estudo. Os primeiros, formando uma base de conhecimento sobre o tema, depois, um dia dedicado a escrever a discursiva sobre o tema selecionado.<\/p>\n\n\n\n<p class=\"wp-block-paragraph\">O conselho que dou \u00e9 para sempre se dedicar a escrever, pois \u00e9 escrevendo que se melhora. Aconselho tamb\u00e9m a buscar profissionais para orienta\u00e7\u00e3o quando n\u00e3o se tem uma bagagem, \u00e0s vezes mostrar o caminho das pedras \u00e9 necess\u00e1rio para que se possa evoluir.<\/p>\n\n\n\n<p class=\"wp-block-paragraph\"><strong>Estrat\u00e9gia: Quais foram seus principais ERROS e ACERTOS nesta trajet\u00f3ria?<\/strong><\/p>\n\n\n\n<p class=\"wp-block-paragraph\"><strong>Adryano:<\/strong><\/p>\n\n\n\n<ul class=\"wp-block-list\">\n<li><strong>Erros:<\/strong> Erros a gente sempre comete muitos no in\u00edcio. Os principais foram estudar sem t\u00e9cnica, focar muitas vezes na teoria e esquecer os exerc\u00edcios, fazer poucos simulados, se for citar foram tantos kkkkk inclusive escolher plataforma de estudos errada.<\/li>\n\n\n\n<li><strong>Acertos:<\/strong> Depois que aprendi com os erros, foram s\u00f3 acertos.<\/li>\n<\/ul>\n\n\n\n<p class=\"wp-block-paragraph\"><strong>Estrat\u00e9gia: Chegou a pensar, por algum momento, em desistir? Se sim, qual foi sua principal motiva\u00e7\u00e3o para seguir?<\/strong><\/p>\n\n\n\n<p class=\"wp-block-paragraph\"><strong>Adryano:<\/strong> V\u00e1rias vezes! A cada concurso que ficava de fora sempre vinha o pensamento de desistir. Fiz muitos concursos para pouqu\u00edssimas vagas e quando ficava de fora, muitas vezes por 1 ponto, o des\u00e2nimo batia. Mas nunca esqueci do \u201cporqu\u00ea\u201d estava estudando para concurso. Ent\u00e3o, levantava a cabe\u00e7a e me preparava para o pr\u00f3ximo, corrigindo meus erros e aumentando meus acertos.<\/p>\n\n\n\n<p class=\"wp-block-paragraph\"><strong>Estrat\u00e9gia: Por fim, o que voc\u00ea aconselharia a algu\u00e9m que est\u00e1 iniciando seus estudos para concurso? Deixe sua mensagem para todos aqueles que um dia almejam chegar aonde voc\u00ea chegou!<\/strong><\/p>\n\n\n\n<p class=\"wp-block-paragraph\"><strong>Adryano:<\/strong> Concurso \u00e9 um \u00f3timo caminho para quem busca estabilidade. Mas, nem todo concurso \u00e9 para todo mundo, ent\u00e3o buscar um concurso dentro da realidade de cada um \u00e9 importante para evitar frustra\u00e7\u00f5es.<\/p>\n\n\n\n<p class=\"wp-block-paragraph\">De in\u00edcio o mais importante \u00e9 ter uma plataforma para guiar seus estudos. Lembro-me de sentir meus estudos n\u00e3o evolu\u00edrem por falta de material ou perder muito tempo atr\u00e1s de materiais que nem sempre abrangiam o que o edital pedia. Nunca esquecer de fazer quest\u00f5es. E, por fim, lembrar sempre da tr\u00edade: Dedica\u00e7\u00e3o, persist\u00eancia e paci\u00eancia que uma hora o objetivo \u00e9 atingido.<\/p>\n","protected":false},"excerpt":{"rendered":"<p>\u201c[\u2026] Trabalhei minha vida social como forma de recompensa, estipulando metas que eu precisava alcan\u00e7ar e compensando essas metas com alguns momentos de lazer.\u201d Leia a entrevista do Estrat\u00e9gia Concursos com Adryano Campos Carvalho, aprovado em 3\u00ba lugar no Concurso ADAB para o cargo de Fiscal Estadual Agropecu\u00e1rio &#8211; Defesa Sanit\u00e1ria Animal: Estrat\u00e9gia Concursos: Conte-nos [&hellip;]<\/p>\n","protected":false},"featured_media":0,"template":"","class_list":["post-1804865","depoimento","type-depoimento","status-publish","hentry"],"acf":[],"yoast_head":"<!-- This site is optimized with the Yoast SEO Premium plugin v28.1 (Yoast SEO v28.1) - https:\/\/yoast.com\/product\/yoast-seo-premium-wordpress\/ -->\n<title>Aprovado Concurso ADAB: Adryano Campos Carvalho<\/title>\n<meta name=\"description\" content=\"Leia nossa entrevista com Adryano Campos Carvalho, aprovado em 3\u00ba lugar para Fiscal Estadual Agropecu\u00e1rio no Concurso ADAB\" \/>\n<meta name=\"robots\" content=\"index, follow, max-snippet:-1, max-image-preview:large, max-video-preview:-1\" \/>\n<link rel=\"canonical\" href=\"https:\/\/www.estrategiaconcursos.com.br\/blog\/depoimento\/concurso-adab-aprovado-adryano-carvalho\/\" \/>\n<meta property=\"og:locale\" content=\"pt_BR\" \/>\n<meta property=\"og:type\" content=\"article\" \/>\n<meta property=\"og:title\" content=\"Aprovado Concurso ADAB: Adryano Campos Carvalho\" \/>\n<meta property=\"og:description\" content=\"Leia nossa entrevista com Adryano Campos Carvalho, aprovado em 3\u00ba lugar para Fiscal Estadual Agropecu\u00e1rio no Concurso ADAB\" \/>\n<meta property=\"og:url\" content=\"https:\/\/www.estrategiaconcursos.com.br\/blog\/depoimento\/concurso-adab-aprovado-adryano-carvalho\/\" \/>\n<meta property=\"og:site_name\" content=\"Estrat\u00e9gia Concursos\" \/>\n<meta property=\"article:modified_time\" content=\"2026-08-31T22:26:51+00:00\" \/>\n<meta name=\"twitter:card\" content=\"summary_large_image\" \/>\n<meta name=\"twitter:site\" content=\"@EstratConcursos\" \/>\n<meta name=\"twitter:label1\" content=\"Est. tempo de leitura\" \/>\n\t<meta name=\"twitter:data1\" content=\"8 minutos\" \/>\n<script type=\"application\/ld+json\" class=\"yoast-schema-graph\">{\"@context\":\"https:\\\/\\\/schema.org\",\"@graph\":[{\"@type\":\"WebPage\",\"@id\":\"https:\\\/\\\/www.estrategiaconcursos.com.br\\\/blog\\\/depoimento\\\/concurso-adab-aprovado-adryano-carvalho\\\/\",\"url\":\"https:\\\/\\\/www.estrategiaconcursos.com.br\\\/blog\\\/depoimento\\\/concurso-adab-aprovado-adryano-carvalho\\\/\",\"name\":\"Aprovado Concurso ADAB: Adryano Campos Carvalho\",\"isPartOf\":{\"@id\":\"https:\\\/\\\/blog-estrategia.mystagingwebsite.com\\\/#website\"},\"datePublished\":\"2026-08-31T22:26:49+00:00\",\"dateModified\":\"2026-08-31T22:26:51+00:00\",\"description\":\"Leia nossa entrevista com Adryano Campos Carvalho, aprovado em 3\u00ba lugar para Fiscal Estadual Agropecu\u00e1rio no Concurso ADAB\",\"breadcrumb\":{\"@id\":\"https:\\\/\\\/www.estrategiaconcursos.com.br\\\/blog\\\/depoimento\\\/concurso-adab-aprovado-adryano-carvalho\\\/#breadcrumb\"},\"inLanguage\":\"pt-BR\",\"potentialAction\":[{\"@type\":\"ReadAction\",\"target\":[\"https:\\\/\\\/www.estrategiaconcursos.com.br\\\/blog\\\/depoimento\\\/concurso-adab-aprovado-adryano-carvalho\\\/\"]}]},{\"@type\":\"BreadcrumbList\",\"@id\":\"https:\\\/\\\/www.estrategiaconcursos.com.br\\\/blog\\\/depoimento\\\/concurso-adab-aprovado-adryano-carvalho\\\/#breadcrumb\",\"itemListElement\":[{\"@type\":\"ListItem\",\"position\":1,\"name\":\"In\u00edcio\",\"item\":\"https:\\\/\\\/blog-estrategia.mystagingwebsite.com\\\/\"},{\"@type\":\"ListItem\",\"position\":2,\"name\":\"Aprovado Concurso ADAB: Adryano Campos Carvalho\"}]},{\"@type\":\"WebSite\",\"@id\":\"https:\\\/\\\/blog-estrategia.mystagingwebsite.com\\\/#website\",\"url\":\"https:\\\/\\\/blog-estrategia.mystagingwebsite.com\\\/\",\"name\":\"Estrat\u00e9gia Concursos\",\"description\":\"O blog da Estrat\u00e9gia Concursos traz not\u00edcias sobre concursos e artigos de professores oferecendo cursos para concursos (pdf + videaulas) no site.\",\"publisher\":{\"@id\":\"https:\\\/\\\/blog-estrategia.mystagingwebsite.com\\\/#organization\"},\"potentialAction\":[{\"@type\":\"SearchAction\",\"target\":{\"@type\":\"EntryPoint\",\"urlTemplate\":\"https:\\\/\\\/blog-estrategia.mystagingwebsite.com\\\/?s={search_term_string}\"},\"query-input\":{\"@type\":\"PropertyValueSpecification\",\"valueRequired\":true,\"valueName\":\"search_term_string\"}}],\"inLanguage\":\"pt-BR\"},{\"@type\":\"Organization\",\"@id\":\"https:\\\/\\\/blog-estrategia.mystagingwebsite.com\\\/#organization\",\"name\":\"Estrat\u00e9gia Concursos\",\"url\":\"https:\\\/\\\/blog-estrategia.mystagingwebsite.com\\\/\",\"logo\":{\"@type\":\"ImageObject\",\"inLanguage\":\"pt-BR\",\"@id\":\"https:\\\/\\\/blog-estrategia.mystagingwebsite.com\\\/#\\\/schema\\\/logo\\\/image\\\/\",\"url\":\"https:\\\/\\\/dhg1h5j42swfq.cloudfront.net\\\/2025\\\/06\\\/03203428\\\/logo_concursos-1.jpg\",\"contentUrl\":\"https:\\\/\\\/dhg1h5j42swfq.cloudfront.net\\\/2025\\\/06\\\/03203428\\\/logo_concursos-1.jpg\",\"width\":230,\"height\":60,\"caption\":\"Estrat\u00e9gia Concursos\"},\"image\":{\"@id\":\"https:\\\/\\\/blog-estrategia.mystagingwebsite.com\\\/#\\\/schema\\\/logo\\\/image\\\/\"},\"sameAs\":[\"https:\\\/\\\/x.com\\\/EstratConcursos\"]}]}<\/script>\n<!-- \/ Yoast SEO Premium plugin. -->","yoast_head_json":{"title":"Aprovado Concurso ADAB: Adryano Campos Carvalho","description":"Leia nossa entrevista com Adryano Campos Carvalho, aprovado em 3\u00ba lugar para Fiscal Estadual Agropecu\u00e1rio no Concurso ADAB","robots":{"index":"index","follow":"follow","max-snippet":"max-snippet:-1","max-image-preview":"max-image-preview:large","max-video-preview":"max-video-preview:-1"},"canonical":"https:\/\/www.estrategiaconcursos.com.br\/blog\/depoimento\/concurso-adab-aprovado-adryano-carvalho\/","og_locale":"pt_BR","og_type":"article","og_title":"Aprovado Concurso ADAB: Adryano Campos Carvalho","og_description":"Leia nossa entrevista com Adryano Campos Carvalho, aprovado em 3\u00ba lugar para Fiscal Estadual Agropecu\u00e1rio no Concurso ADAB","og_url":"https:\/\/www.estrategiaconcursos.com.br\/blog\/depoimento\/concurso-adab-aprovado-adryano-carvalho\/","og_site_name":"Estrat\u00e9gia Concursos","article_modified_time":"2026-08-31T22:26:51+00:00","twitter_card":"summary_large_image","twitter_site":"@EstratConcursos","twitter_misc":{"Est. tempo de leitura":"8 minutos"},"schema":{"@context":"https:\/\/schema.org","@graph":[{"@type":"WebPage","@id":"https:\/\/www.estrategiaconcursos.com.br\/blog\/depoimento\/concurso-adab-aprovado-adryano-carvalho\/","url":"https:\/\/www.estrategiaconcursos.com.br\/blog\/depoimento\/concurso-adab-aprovado-adryano-carvalho\/","name":"Aprovado Concurso ADAB: Adryano Campos Carvalho","isPartOf":{"@id":"https:\/\/blog-estrategia.mystagingwebsite.com\/#website"},"datePublished":"2026-08-31T22:26:49+00:00","dateModified":"2026-08-31T22:26:51+00:00","description":"Leia nossa entrevista com Adryano Campos Carvalho, aprovado em 3\u00ba lugar para Fiscal Estadual Agropecu\u00e1rio no Concurso ADAB","breadcrumb":{"@id":"https:\/\/www.estrategiaconcursos.com.br\/blog\/depoimento\/concurso-adab-aprovado-adryano-carvalho\/#breadcrumb"},"inLanguage":"pt-BR","potentialAction":[{"@type":"ReadAction","target":["https:\/\/www.estrategiaconcursos.com.br\/blog\/depoimento\/concurso-adab-aprovado-adryano-carvalho\/"]}]},{"@type":"BreadcrumbList","@id":"https:\/\/www.estrategiaconcursos.com.br\/blog\/depoimento\/concurso-adab-aprovado-adryano-carvalho\/#breadcrumb","itemListElement":[{"@type":"ListItem","position":1,"name":"In\u00edcio","item":"https:\/\/blog-estrategia.mystagingwebsite.com\/"},{"@type":"ListItem","position":2,"name":"Aprovado Concurso ADAB: Adryano Campos Carvalho"}]},{"@type":"WebSite","@id":"https:\/\/blog-estrategia.mystagingwebsite.com\/#website","url":"https:\/\/blog-estrategia.mystagingwebsite.com\/","name":"Estrat\u00e9gia Concursos","description":"O blog da Estrat\u00e9gia Concursos traz not\u00edcias sobre concursos e artigos de professores oferecendo cursos para concursos (pdf + videaulas) no site.","publisher":{"@id":"https:\/\/blog-estrategia.mystagingwebsite.com\/#organization"},"potentialAction":[{"@type":"SearchAction","target":{"@type":"EntryPoint","urlTemplate":"https:\/\/blog-estrategia.mystagingwebsite.com\/?s={search_term_string}"},"query-input":{"@type":"PropertyValueSpecification","valueRequired":true,"valueName":"search_term_string"}}],"inLanguage":"pt-BR"},{"@type":"Organization","@id":"https:\/\/blog-estrategia.mystagingwebsite.com\/#organization","name":"Estrat\u00e9gia Concursos","url":"https:\/\/blog-estrategia.mystagingwebsite.com\/","logo":{"@type":"ImageObject","inLanguage":"pt-BR","@id":"https:\/\/blog-estrategia.mystagingwebsite.com\/#\/schema\/logo\/image\/","url":"https:\/\/dhg1h5j42swfq.cloudfront.net\/2025\/06\/03203428\/logo_concursos-1.jpg","contentUrl":"https:\/\/dhg1h5j42swfq.cloudfront.net\/2025\/06\/03203428\/logo_concursos-1.jpg","width":230,"height":60,"caption":"Estrat\u00e9gia Concursos"},"image":{"@id":"https:\/\/blog-estrategia.mystagingwebsite.com\/#\/schema\/logo\/image\/"},"sameAs":["https:\/\/x.com\/EstratConcursos"]}]}},"_links":{"self":[{"href":"https:\/\/www.estrategiaconcursos.com.br\/blog\/wp-json\/wp\/v2\/depoimento\/1804865","targetHints":{"allow":["GET"]}}],"collection":[{"href":"https:\/\/www.estrategiaconcursos.com.br\/blog\/wp-json\/wp\/v2\/depoimento"}],"about":[{"href":"https:\/\/www.estrategiaconcursos.com.br\/blog\/wp-json\/wp\/v2\/types\/depoimento"}],"version-history":[{"count":1,"href":"https:\/\/www.estrategiaconcursos.com.br\/blog\/wp-json\/wp\/v2\/depoimento\/1804865\/revisions"}],"predecessor-version":[{"id":1804870,"href":"https:\/\/www.estrategiaconcursos.com.br\/blog\/wp-json\/wp\/v2\/depoimento\/1804865\/revisions\/1804870"}],"wp:attachment":[{"href":"https:\/\/www.estrategiaconcursos.com.br\/blog\/wp-json\/wp\/v2\/media?parent=1804865"}],"curies":[{"name":"wp","href":"https:\/\/api.w.org\/{rel}","templated":true}]}}