{"id":1804719,"date":"2026-08-31T13:25:44","date_gmt":"2026-08-31T16:25:44","guid":{"rendered":"https:\/\/www.estrategiaconcursos.com.br\/blog\/?post_type=depoimento&#038;p=1804719"},"modified":"2026-08-31T13:25:46","modified_gmt":"2026-08-31T16:25:46","slug":"concurso-infra-valec-aprovado-thiago-campos","status":"publish","type":"depoimento","link":"https:\/\/www.estrategiaconcursos.com.br\/blog\/depoimento\/concurso-infra-valec-aprovado-thiago-campos\/","title":{"rendered":"Aprovado Concurso INFRA\/VALEC: Thiago Campos"},"content":{"rendered":"\n<p class=\"wp-block-paragraph\"><strong>\u201c[\u2026] Com o passar do tempo melhores resultados vir\u00e3o e a vaga tamb\u00e9m vir\u00e1.[\u2026]\u201d<\/strong><\/p>\n\n\n\n<p class=\"wp-block-paragraph\">Leia a entrevista do Estrat\u00e9gia Concursos com THIAGO CAMPOS, aprovado em 3\u00ba lugar no Concurso INFRA\/VALEC para o cargo de ANALISTA \u2013 ESPECIALIDADE ECONOMISTA:<\/p>\n\n\n\n<p class=\"wp-block-paragraph\"><strong>Estrat\u00e9gia Concursos: Conte-nos um pouco sobre voc\u00ea, para que nossos leitores possam conhec\u00ea-lo(a). Qual a sua forma\u00e7\u00e3o, idade e cidade natal?<\/strong><\/p>\n\n\n\n<p class=\"wp-block-paragraph\"><strong>Pedro Henrique Rezende Machado:<\/strong> Meu nome \u00e9 Thiago Campos, tenho 26 anos, sou formado em Ci\u00eancias Econ\u00f4micas pela Universidade Cat\u00f3lica de Bras\u00edlia (UCB). Nasci em S\u00e3o Paulo, morei no Rio de Janeiro durante a minha inf\u00e2ncia e adolesc\u00eancia, e moro em Bras\u00edlia j\u00e1 h\u00e1 7 anos.<\/p>\n\n\n\n<p class=\"wp-block-paragraph\"><strong>Estrat\u00e9gia: O que te levou a tomar a decis\u00e3o de come\u00e7ar a estudar para concursos?<\/strong><\/p>\n\n\n\n<p class=\"wp-block-paragraph\"><strong>Pedro:<\/strong> Uma s\u00e9rie de fatores me fizeram tomar essa decis\u00e3o. Ao morar em Bras\u00edlia, voc\u00ea est\u00e1 sempre em contato com diversas pessoas que s\u00e3o concursadas, e praticamente 100% dessas pessoas elogiam e recomendam esse caminho. Segundo, sempre tive uma experi\u00eancia dentro da minha casa que n\u00e3o foi muito boa quanto o trabalho em institui\u00e7\u00f5es privadas, no caso, minha m\u00e3e que trabalhou por 30 anos no setor de energia el\u00e9trica passou por momentos de muita dificuldade quanto a rotina e press\u00e3o no trabalho. Por \u00faltimo, as diversas oportunidades que apareceram de bons concursos na minha \u00e1rea tamb\u00e9m contribu\u00edram para essa decis\u00e3o.<\/p>\n\n\n\n<p class=\"wp-block-paragraph\"><strong>Estrat\u00e9gia: Voc\u00ea trabalhava e estudava? Se sim, como conciliava?<\/strong><\/p>\n\n\n\n<p class=\"wp-block-paragraph\"><strong>Pedro:<\/strong> Durante todo esse per\u00edodo eu apenas estudava. Tive o privil\u00e9gio de contar com a ajuda da minha m\u00e3e e a compreens\u00e3o da minha namorada para conquistar a minha sonhada vaga.<\/p>\n\n\n\n<p class=\"wp-block-paragraph\"><strong>Estrat\u00e9gia: Em quais concursos j\u00e1 foi aprovado(a)? Em qual cargo e em que coloca\u00e7\u00e3o? Pretende continuar estudando?<\/strong><\/p>\n\n\n\n<p class=\"wp-block-paragraph\"><strong>Pedro:<\/strong> Fui aprovado no concurso da INFRA S.A, fiquei na terceira coloca\u00e7\u00e3o. Essa prova contava com 4 vagas para o cargo de Economista em ampla concorr\u00eancia. Nos \u00faltimos tr\u00eas anos eu fiz diversos concursos, sendo todos eles na \u00e1rea da economia\/finan\u00e7as. Ano passado tive uma evolu\u00e7\u00e3o nos meus resultados com um 11\u00b0 lugar no concurso da CAESB e 26\u00b0 lugar no concurso da CONAB, contudo n\u00e3o foi suficiente para garantir uma vaga.<\/p>\n\n\n\n<p class=\"wp-block-paragraph\">Quanto a continua\u00e7\u00e3o nos estudos, ainda n\u00e3o decidi se continuarei ou n\u00e3o estudando. Acredito que o cargo na INFRA S.A \u00e9 muito bom e pretendo aprender muito l\u00e1. Por\u00e9m, algumas boas oportunidades t\u00eam aparecido, como, por exemplo, o concurso para vaga de Auditor do Banco Central. Por enquanto, estou na fase de indecis\u00e3o.<\/p>\n\n\n\n<p class=\"wp-block-paragraph\"><strong>Estrat\u00e9gia: Como era sua vida social durante a prepara\u00e7\u00e3o para concursos? Voc\u00ea sa\u00eda com amigos e fam\u00edlia?<\/strong><\/p>\n\n\n\n<p class=\"wp-block-paragraph\"><strong>Pedro:<\/strong> Minha vida social n\u00e3o passou por muitas limita\u00e7\u00f5es, sou uma pessoa mais caseira e que mant\u00e9m amizade com poucas pessoas, al\u00e9m claro de priorizar o bom conv\u00edvio com a minha namorada e minha m\u00e3e.<\/p>\n\n\n\n<p class=\"wp-block-paragraph\"><strong>Estrat\u00e9gia: Sua fam\u00edlia e amigos entenderam e apoiaram sua caminhada como concurseiro(a)? De que forma?<\/strong><\/p>\n\n\n\n<p class=\"wp-block-paragraph\"><strong>Pedro:<\/strong> Minha m\u00e3e e minha namorada sempre apoiaram, principalmente quando eu tive resultados negativos. Os meus amigos tamb\u00e9m apoiavam e sempre queriam saber como estava indo os meus resultados, por\u00e9m eu tentava evitar conversas maiores sobre os estudos para n\u00e3o gerar muito burburinho.<\/p>\n\n\n\n<p class=\"wp-block-paragraph\"><strong>Estrat\u00e9gia: Voc\u00ea estudou por quanto tempo direcionado ao \u00faltimo concurso? O que fez para manter a disciplina?<\/strong><\/p>\n\n\n\n<p class=\"wp-block-paragraph\"><strong>Pedro:<\/strong> Para o concurso da INFRA S.A eu aproveitei os tr\u00eas anos de ac\u00famulo de conhecimento para ir bem na prova. Como eu mantinha os meus estudos sempre voltados para as mesmas mat\u00e9rias (Portugu\u00eas, Racioc\u00ednio L\u00f3gico, Macroeconomia, Microeconomia, Estat\u00edstica\/Econometria e Matem\u00e1tica Financeira), eu pude aproveitar muito o edital dessa prova. O \u00fanico conte\u00fado novo para mim foi a legisla\u00e7\u00e3o interna da empresa. Com isso pude focar bastante nas quest\u00f5es e nas discursivas no p\u00f3s-edital.<\/p>\n\n\n\n<p class=\"wp-block-paragraph\"><strong>Estrat\u00e9gia: Quais materiais e ferramentas voc\u00ea usou em sua prepara\u00e7\u00e3o?<\/strong><\/p>\n\n\n\n<p class=\"wp-block-paragraph\"><strong>Pedro:<\/strong> No meu primeiro ano de estudo, eu usei a Trilha Estrat\u00e9gica do Banco Central. Eu nunca tinha estudado para concurso p\u00fablico antes, e essa ferramenta foi fundamental para me guiar. O material que eu mais utilizava para aprender inicialmente uma mat\u00e9ria era os PDFs. Assim que eu adquiria um certo conhecimento do conte\u00fado, eu fazia o m\u00e1ximo de quest\u00f5es poss\u00edveis com o aux\u00edlio tanto das quest\u00f5es dos PDFs como o caderno de quest\u00f5es do Estrat\u00e9gia.<\/p>\n\n\n\n<p class=\"wp-block-paragraph\"><strong>Estrat\u00e9gia: Como conheceu o Estrat\u00e9gia Concursos?<\/strong><\/p>\n\n\n\n<p class=\"wp-block-paragraph\"><strong>Pedro:<\/strong> Eu conheci o Estrat\u00e9gia Concursos pelas redes sociais e propagandas do YouTube. Contudo, o que me fez assinar o curso foi uma conversa que eu tive com o professor Carlos Roberto (professor de mat\u00e9rias discursivas do Estrat\u00e9gia), que j\u00e1 era meu amigo antes de eu come\u00e7ar a estudar para concurso, e falou todos os pontos positivos da plataforma.<\/p>\n\n\n\n<p class=\"wp-block-paragraph\"><strong>Estrat\u00e9gia: Antes de conhecer o Estrat\u00e9gia, voc\u00ea chegou a usar materiais de outros cursos? Se sim, o que mais incomodava quando voc\u00ea estudava por esse concorrente?<\/strong><\/p>\n\n\n\n<p class=\"wp-block-paragraph\"><strong>Pedro:<\/strong> N\u00e3o utilizei material de nenhuma empresa concorrente.<\/p>\n\n\n\n<p class=\"wp-block-paragraph\"><strong>Estrat\u00e9gia: Depois que voc\u00ea se tornou aluno do Estrat\u00e9gia, voc\u00ea sentiu uma diferen\u00e7a relevante na sua prepara\u00e7\u00e3o? Que diferencial encontrou nos materiais do Estrat\u00e9gia?<\/strong><\/p>\n\n\n\n<p class=\"wp-block-paragraph\"><strong>Pedro:<\/strong> O material do Estrat\u00e9gia \u00e9 muito completo, tanto para concursos grandes, como o Banco Central, como tamb\u00e9m para concursos mais nichados. Isso ajudou muito na minha prepara\u00e7\u00e3o. O concurso da INFRA S.A e outros que eu fiz n\u00e3o eram concursos de muito apelo dos concurseiros, mas mesmo assim, pude utilizar todo material da plataforma.<\/p>\n\n\n\n<p class=\"wp-block-paragraph\"><strong>Estrat\u00e9gia: Como montou seu plano de estudos?<\/strong><\/p>\n\n\n\n<p class=\"wp-block-paragraph\"><strong>Pedro:<\/strong> Meu plano de estudo passou por diversas altera\u00e7\u00f5es ao longo do tempo. Para o concurso da INFRA, estudei, no p\u00f3s-edital, por volta de 6-7 horas por dia, 6 vezes na semana. Como j\u00e1 tinha muito conhecimento sobre as mat\u00e9rias, priorizei as quest\u00f5es, as reda\u00e7\u00f5es, e o material que eu tive que focar mais um pouco foi a legisla\u00e7\u00e3o interna da INFRA, uma vez que, eu nunca tinha visto a maior parte desse conte\u00fado.<\/p>\n\n\n\n<p class=\"wp-block-paragraph\"><strong>Estrat\u00e9gia: Como fazia suas revis\u00f5es?<\/strong><\/p>\n\n\n\n<p class=\"wp-block-paragraph\"><strong>Pedro:<\/strong> Minhas revis\u00f5es eram feitas de acordo com os meus resultados nas quest\u00f5es que eu fazia, e tamb\u00e9m, quando eu fazia reda\u00e7\u00f5es. Quando ia mal em algum conte\u00fado que eu sabia que ca\u00eda com mais frequ\u00eancia, eu voltava para ler o material escrito do PDF. Para fazer as reda\u00e7\u00f5es, quando tinha algum tema de Economia que eu n\u00e3o estava dominando, tamb\u00e9m voltava para o material escrito.<\/p>\n\n\n\n<p class=\"wp-block-paragraph\"><strong>Estrat\u00e9gia: Qual a import\u00e2ncia da resolu\u00e7\u00e3o de exerc\u00edcios? Lembra quantas quest\u00f5es fez na sua trajet\u00f3ria?<\/strong><\/p>\n\n\n\n<p class=\"wp-block-paragraph\"><strong>Pedro:<\/strong> A principal ferramenta da minha prepara\u00e7\u00e3o foi o caderno de quest\u00f5es do Estrat\u00e9gia. Com ele, pude organizar todas as quest\u00f5es que ca\u00edam nos editais e segmentava as quest\u00f5es da banca da prova. Ao longo dos meus 3 anos de estudos, contando as quest\u00f5es dos PDFs e do caderno de quest\u00f5es, cheguei pr\u00f3ximo de 100 mil quest\u00f5es realizadas.<\/p>\n\n\n\n<p class=\"wp-block-paragraph\"><strong>Estrat\u00e9gia: Quais as disciplinas voc\u00ea tinha mais dificuldade? Como fez para superar?<\/strong><\/p>\n\n\n\n<p class=\"wp-block-paragraph\"><strong>Pedro:<\/strong> A disciplina que eu mais odiava e tinha mais dificuldade era Inform\u00e1tica. Foram poucas provas que eu fiz que tinha essa mat\u00e9ria, por\u00e9m sempre tive muita dificuldade. Das mat\u00e9rias que eu sempre mantinha na minha rotina de estudos, Estat\u00edstica\/Econometria sem d\u00favida foram as mat\u00e9rias que mais tive dificuldade. Vale lembrar que, para a maioria das pessoas, essas duas mat\u00e9rias de Economia s\u00e3o as mais dif\u00edceis, e nos concursos, s\u00e3o as que os candidatos t\u00eam o menor \u00edndice de acerto.<\/p>\n\n\n\n<p class=\"wp-block-paragraph\"><strong>Estrat\u00e9gia: Como foi sua rotina de estudos na semana que antecedeu a prova e no dia pr\u00e9-prova?<\/strong><\/p>\n\n\n\n<p class=\"wp-block-paragraph\"><strong>Pedro:<\/strong> Na semana antes de provas eu costumava diminuir um pouco o ritmo, fazia o equivalente a 60-70% do n\u00famero de quest\u00f5es que faria em uma semana boa. Al\u00e9m disso, revisava muito as reda\u00e7\u00f5es. Tentava repetir os temas mais quentes e ampliar um pouco o repert\u00f3rio. Sentia que isso fazia diferen\u00e7a na hora da prova. Conseguia criar mais liga\u00e7\u00f5es entre as ideias, tinha um maior vocabul\u00e1rio, sobretudo para os conectivos, e sentia que demorava menos tempo para fazer a reda\u00e7\u00e3o no dia da prova. Inclusive, para a prova da INFRA S.A, acertei em cheio o tema da primeira reda\u00e7\u00e3o. Treinei umas 4 ou 5 vezes o mesmo tema que caiu na prova, e no dia pude fazer com extrema confian\u00e7a e repert\u00f3rio. O resultado foi uma boa nota.<\/p>\n\n\n\n<p class=\"wp-block-paragraph\"><strong>Estrat\u00e9gia: No seu concurso, al\u00e9m da prova objetiva, teve a discursiva. Como foi sua prepara\u00e7\u00e3o para esta importante parte do certame? O que voc\u00ea aconselha?<\/strong><\/p>\n\n\n\n<p class=\"wp-block-paragraph\"><strong>Pedro:<\/strong> No concurso da INFRA S.A teve duas quest\u00f5es discursivas, cada uma valendo 10 pontos, com o m\u00e1ximo de 20 linhas para cada resposta. Os temas abordados seriam ligados aos conte\u00fados das mat\u00e9rias espec\u00edficas para cada cargo, ou seja, seriam temas de Economia para mim. Minha prepara\u00e7\u00e3o para as provas discursivas passava primeiramente por entender qual era a fun\u00e7\u00e3o fim do \u00f3rg\u00e3o p\u00fablico. Por exemplo, o Banco Central \u00e9 a autarquia respons\u00e1vel por aplicar e regular a pol\u00edtica monet\u00e1ria do Brasil, com isso, voltava todos os temas que estavam no edital da discursiva para temas voltados para essa \u00e1rea. Na INFRA n\u00e3o foi diferente. A INFRA \u00e9 a empresa p\u00fablica respons\u00e1vel pelo planejamento das obras de infraestrutura no Brasil, assim, buscava encaixar, dentro do material de Economia, abordagens que estivessem ligadas ao setor. Deu muito certo. As provas discursivas dos concursos de n\u00edvel superior est\u00e3o cada vez mais elaboradas, cobrando mais e mais repert\u00f3rio dos candidatos, e com uma corre\u00e7\u00e3o rigorosa dos corretores. No caso do concurso da INFRA S.A para Economista, foram 303 inscritos totais na prova, e apenas 15 pessoas tiraram a nota m\u00ednima exigida na prova discursiva.<\/p>\n\n\n\n<p class=\"wp-block-paragraph\"><strong>Estrat\u00e9gia: Quais foram seus principais ERROS e ACERTOS nesta trajet\u00f3ria?<\/strong><\/p>\n\n\n\n<p class=\"wp-block-paragraph\"><strong>Pedro:<\/strong> Meus principais acertos eu diria que foram o foco nas quest\u00f5es e nos treinos das provas discursivas. Meus principais erros estavam ligados mais pela parte emocional. Ter dificuldade de encarar as provas com confian\u00e7a e n\u00e3o pensar nos outros candidatos. Na maioria das provas que eu fiz, fiquei abalado durante a prova, ou ent\u00e3o me perdia em algumas quest\u00f5es, at\u00e9 nas mais bobas\/f\u00e1ceis. Nesse \u00faltimo concurso, senti que era a minha vez, que estava 100% preparado e que uma das vagas seria minha. Durante a prova tamb\u00e9m passou o sentimento de desistir e perder a concentra\u00e7\u00e3o por alguns momentos. Contudo, voltava rapidamente para o meu foco e sabia que eu ia conseguir. As provas recentes da minha \u00e1rea t\u00eam sido muito dif\u00edceis, tanto as provas objetivas, como as discursivas. Somado a isso, a banca Cebraspe, no esquema de quest\u00f5es Certo\/Errado, mexe com a sua mente a todo momento.<\/p>\n\n\n\n<p class=\"wp-block-paragraph\"><strong>Estrat\u00e9gia: Chegou a pensar, por algum momento, em desistir? Se sim, qual foi sua principal motiva\u00e7\u00e3o para seguir?<\/strong><\/p>\n\n\n\n<p class=\"wp-block-paragraph\"><strong>Pedro:<\/strong> Pensei em desistir, sobretudo ao entrar no terceiro ano s\u00f3 estudando. Sabia que cada ano que passava a responsabilidade aumentava e precisava passar de qualquer jeito. Contudo, eu sabia que estava alcan\u00e7ando um bom n\u00edvel de conhecimento e experi\u00eancia e n\u00e3o podia parar estando t\u00e3o perto. Acabou que deu certo, ufa!<\/p>\n\n\n\n<p class=\"wp-block-paragraph\"><strong>Estrat\u00e9gia: Por fim, o que voc\u00ea aconselharia a algu\u00e9m que est\u00e1 iniciando seus estudos para concurso? Deixe sua mensagem para todos aqueles que um dia almejam chegar aonde voc\u00ea chegou!<\/strong><\/p>\n\n\n\n<p class=\"wp-block-paragraph\"><strong>Pedro:<\/strong> Aos que come\u00e7aram recentemente, aconselho primeiramente a assinatura do Estrat\u00e9gia Concursos. A plataforma \u00e9 excelente e voc\u00ea ter\u00e1 todo o caminho nas suas m\u00e3os. Outro conselho \u00e9 n\u00e3o exagerar e n\u00e3o parar. Tente sempre manter uma const\u00e2ncia. O exagero te satura de uma forma que voc\u00ea n\u00e3o quer mais ver nada de estudos por semanas. Assim como, n\u00e3o pare de estudar. Por mais que voc\u00ea n\u00e3o esteja numa semana boa, tente manter o b\u00e1sico do b\u00e1sico para n\u00e3o passar em branco. Procure estudar para uma \u00e1rea espec\u00edfica, ou seja, n\u00e3o mude muito as mat\u00e9rias de estudo, pois assim, voc\u00ea nunca vai conseguir dominar por completo uma prova de concurso. Nunca fui a pessoa mais inteligente e nem a mais dedicada, por\u00e9m sempre mantive uma boa organiza\u00e7\u00e3o e tentei manter minha mente s\u00e3 por todos esses anos. Com o passar do tempo melhores resultados vir\u00e3o e a vaga tamb\u00e9m vir\u00e1.<\/p>\n","protected":false},"excerpt":{"rendered":"<p>\u201c[\u2026] Com o passar do tempo melhores resultados vir\u00e3o e a vaga tamb\u00e9m vir\u00e1.[\u2026]\u201d Leia a entrevista do Estrat\u00e9gia Concursos com THIAGO CAMPOS, aprovado em 3\u00ba lugar no Concurso INFRA\/VALEC para o cargo de ANALISTA \u2013 ESPECIALIDADE ECONOMISTA: Estrat\u00e9gia Concursos: Conte-nos um pouco sobre voc\u00ea, para que nossos leitores possam conhec\u00ea-lo(a). Qual a sua forma\u00e7\u00e3o, [&hellip;]<\/p>\n","protected":false},"featured_media":0,"template":"","class_list":["post-1804719","depoimento","type-depoimento","status-publish","hentry"],"acf":[],"yoast_head":"<!-- This site is optimized with the Yoast SEO Premium plugin v28.1 (Yoast SEO v28.1) - https:\/\/yoast.com\/product\/yoast-seo-premium-wordpress\/ -->\n<title>Aprovado Concurso INFRA\/VALEC: Thiago Campos<\/title>\n<meta name=\"description\" content=\"Leia a entrevista do Estrat\u00e9gia Concursos com Thiago Campos, aprovado em 3\u00ba lugar no Concurso INFRA\/VALEC para Analista\" \/>\n<meta name=\"robots\" content=\"index, follow, max-snippet:-1, max-image-preview:large, max-video-preview:-1\" \/>\n<link rel=\"canonical\" href=\"https:\/\/www.estrategiaconcursos.com.br\/blog\/depoimento\/concurso-infra-valec-aprovado-thiago-campos\/\" \/>\n<meta property=\"og:locale\" content=\"pt_BR\" \/>\n<meta property=\"og:type\" content=\"article\" \/>\n<meta property=\"og:title\" content=\"Aprovado Concurso INFRA\/VALEC: Thiago Campos\" \/>\n<meta property=\"og:description\" content=\"Leia a entrevista do Estrat\u00e9gia Concursos com Thiago Campos, aprovado em 3\u00ba lugar no Concurso INFRA\/VALEC para Analista\" \/>\n<meta property=\"og:url\" content=\"https:\/\/www.estrategiaconcursos.com.br\/blog\/depoimento\/concurso-infra-valec-aprovado-thiago-campos\/\" \/>\n<meta property=\"og:site_name\" content=\"Estrat\u00e9gia Concursos\" \/>\n<meta property=\"article:modified_time\" content=\"2026-08-31T16:25:46+00:00\" \/>\n<meta name=\"twitter:card\" content=\"summary_large_image\" \/>\n<meta name=\"twitter:site\" content=\"@EstratConcursos\" \/>\n<meta name=\"twitter:label1\" content=\"Est. tempo de leitura\" \/>\n\t<meta name=\"twitter:data1\" content=\"11 minutos\" \/>\n<script type=\"application\/ld+json\" class=\"yoast-schema-graph\">{\"@context\":\"https:\\\/\\\/schema.org\",\"@graph\":[{\"@type\":\"WebPage\",\"@id\":\"https:\\\/\\\/www.estrategiaconcursos.com.br\\\/blog\\\/depoimento\\\/concurso-infra-valec-aprovado-thiago-campos\\\/\",\"url\":\"https:\\\/\\\/www.estrategiaconcursos.com.br\\\/blog\\\/depoimento\\\/concurso-infra-valec-aprovado-thiago-campos\\\/\",\"name\":\"Aprovado Concurso INFRA\\\/VALEC: Thiago Campos\",\"isPartOf\":{\"@id\":\"https:\\\/\\\/blog-estrategia.mystagingwebsite.com\\\/#website\"},\"datePublished\":\"2026-08-31T16:25:44+00:00\",\"dateModified\":\"2026-08-31T16:25:46+00:00\",\"description\":\"Leia a entrevista do Estrat\u00e9gia Concursos com Thiago Campos, aprovado em 3\u00ba lugar no Concurso INFRA\\\/VALEC para Analista\",\"breadcrumb\":{\"@id\":\"https:\\\/\\\/www.estrategiaconcursos.com.br\\\/blog\\\/depoimento\\\/concurso-infra-valec-aprovado-thiago-campos\\\/#breadcrumb\"},\"inLanguage\":\"pt-BR\",\"potentialAction\":[{\"@type\":\"ReadAction\",\"target\":[\"https:\\\/\\\/www.estrategiaconcursos.com.br\\\/blog\\\/depoimento\\\/concurso-infra-valec-aprovado-thiago-campos\\\/\"]}]},{\"@type\":\"BreadcrumbList\",\"@id\":\"https:\\\/\\\/www.estrategiaconcursos.com.br\\\/blog\\\/depoimento\\\/concurso-infra-valec-aprovado-thiago-campos\\\/#breadcrumb\",\"itemListElement\":[{\"@type\":\"ListItem\",\"position\":1,\"name\":\"In\u00edcio\",\"item\":\"https:\\\/\\\/blog-estrategia.mystagingwebsite.com\\\/\"},{\"@type\":\"ListItem\",\"position\":2,\"name\":\"Aprovado Concurso INFRA\\\/VALEC: Thiago Campos\"}]},{\"@type\":\"WebSite\",\"@id\":\"https:\\\/\\\/blog-estrategia.mystagingwebsite.com\\\/#website\",\"url\":\"https:\\\/\\\/blog-estrategia.mystagingwebsite.com\\\/\",\"name\":\"Estrat\u00e9gia Concursos\",\"description\":\"O blog da Estrat\u00e9gia Concursos traz not\u00edcias sobre concursos e artigos de professores oferecendo cursos para concursos (pdf + videaulas) no site.\",\"publisher\":{\"@id\":\"https:\\\/\\\/blog-estrategia.mystagingwebsite.com\\\/#organization\"},\"potentialAction\":[{\"@type\":\"SearchAction\",\"target\":{\"@type\":\"EntryPoint\",\"urlTemplate\":\"https:\\\/\\\/blog-estrategia.mystagingwebsite.com\\\/?s={search_term_string}\"},\"query-input\":{\"@type\":\"PropertyValueSpecification\",\"valueRequired\":true,\"valueName\":\"search_term_string\"}}],\"inLanguage\":\"pt-BR\"},{\"@type\":\"Organization\",\"@id\":\"https:\\\/\\\/blog-estrategia.mystagingwebsite.com\\\/#organization\",\"name\":\"Estrat\u00e9gia Concursos\",\"url\":\"https:\\\/\\\/blog-estrategia.mystagingwebsite.com\\\/\",\"logo\":{\"@type\":\"ImageObject\",\"inLanguage\":\"pt-BR\",\"@id\":\"https:\\\/\\\/blog-estrategia.mystagingwebsite.com\\\/#\\\/schema\\\/logo\\\/image\\\/\",\"url\":\"https:\\\/\\\/dhg1h5j42swfq.cloudfront.net\\\/2025\\\/06\\\/03203428\\\/logo_concursos-1.jpg\",\"contentUrl\":\"https:\\\/\\\/dhg1h5j42swfq.cloudfront.net\\\/2025\\\/06\\\/03203428\\\/logo_concursos-1.jpg\",\"width\":230,\"height\":60,\"caption\":\"Estrat\u00e9gia Concursos\"},\"image\":{\"@id\":\"https:\\\/\\\/blog-estrategia.mystagingwebsite.com\\\/#\\\/schema\\\/logo\\\/image\\\/\"},\"sameAs\":[\"https:\\\/\\\/x.com\\\/EstratConcursos\"]}]}<\/script>\n<!-- \/ Yoast SEO Premium plugin. -->","yoast_head_json":{"title":"Aprovado Concurso INFRA\/VALEC: Thiago Campos","description":"Leia a entrevista do Estrat\u00e9gia Concursos com Thiago Campos, aprovado em 3\u00ba lugar no Concurso INFRA\/VALEC para Analista","robots":{"index":"index","follow":"follow","max-snippet":"max-snippet:-1","max-image-preview":"max-image-preview:large","max-video-preview":"max-video-preview:-1"},"canonical":"https:\/\/www.estrategiaconcursos.com.br\/blog\/depoimento\/concurso-infra-valec-aprovado-thiago-campos\/","og_locale":"pt_BR","og_type":"article","og_title":"Aprovado Concurso INFRA\/VALEC: Thiago Campos","og_description":"Leia a entrevista do Estrat\u00e9gia Concursos com Thiago Campos, aprovado em 3\u00ba lugar no Concurso INFRA\/VALEC para Analista","og_url":"https:\/\/www.estrategiaconcursos.com.br\/blog\/depoimento\/concurso-infra-valec-aprovado-thiago-campos\/","og_site_name":"Estrat\u00e9gia Concursos","article_modified_time":"2026-08-31T16:25:46+00:00","twitter_card":"summary_large_image","twitter_site":"@EstratConcursos","twitter_misc":{"Est. tempo de leitura":"11 minutos"},"schema":{"@context":"https:\/\/schema.org","@graph":[{"@type":"WebPage","@id":"https:\/\/www.estrategiaconcursos.com.br\/blog\/depoimento\/concurso-infra-valec-aprovado-thiago-campos\/","url":"https:\/\/www.estrategiaconcursos.com.br\/blog\/depoimento\/concurso-infra-valec-aprovado-thiago-campos\/","name":"Aprovado Concurso INFRA\/VALEC: Thiago Campos","isPartOf":{"@id":"https:\/\/blog-estrategia.mystagingwebsite.com\/#website"},"datePublished":"2026-08-31T16:25:44+00:00","dateModified":"2026-08-31T16:25:46+00:00","description":"Leia a entrevista do Estrat\u00e9gia Concursos com Thiago Campos, aprovado em 3\u00ba lugar no Concurso INFRA\/VALEC para Analista","breadcrumb":{"@id":"https:\/\/www.estrategiaconcursos.com.br\/blog\/depoimento\/concurso-infra-valec-aprovado-thiago-campos\/#breadcrumb"},"inLanguage":"pt-BR","potentialAction":[{"@type":"ReadAction","target":["https:\/\/www.estrategiaconcursos.com.br\/blog\/depoimento\/concurso-infra-valec-aprovado-thiago-campos\/"]}]},{"@type":"BreadcrumbList","@id":"https:\/\/www.estrategiaconcursos.com.br\/blog\/depoimento\/concurso-infra-valec-aprovado-thiago-campos\/#breadcrumb","itemListElement":[{"@type":"ListItem","position":1,"name":"In\u00edcio","item":"https:\/\/blog-estrategia.mystagingwebsite.com\/"},{"@type":"ListItem","position":2,"name":"Aprovado Concurso INFRA\/VALEC: Thiago Campos"}]},{"@type":"WebSite","@id":"https:\/\/blog-estrategia.mystagingwebsite.com\/#website","url":"https:\/\/blog-estrategia.mystagingwebsite.com\/","name":"Estrat\u00e9gia Concursos","description":"O blog da Estrat\u00e9gia Concursos traz not\u00edcias sobre concursos e artigos de professores oferecendo cursos para concursos (pdf + videaulas) no site.","publisher":{"@id":"https:\/\/blog-estrategia.mystagingwebsite.com\/#organization"},"potentialAction":[{"@type":"SearchAction","target":{"@type":"EntryPoint","urlTemplate":"https:\/\/blog-estrategia.mystagingwebsite.com\/?s={search_term_string}"},"query-input":{"@type":"PropertyValueSpecification","valueRequired":true,"valueName":"search_term_string"}}],"inLanguage":"pt-BR"},{"@type":"Organization","@id":"https:\/\/blog-estrategia.mystagingwebsite.com\/#organization","name":"Estrat\u00e9gia Concursos","url":"https:\/\/blog-estrategia.mystagingwebsite.com\/","logo":{"@type":"ImageObject","inLanguage":"pt-BR","@id":"https:\/\/blog-estrategia.mystagingwebsite.com\/#\/schema\/logo\/image\/","url":"https:\/\/dhg1h5j42swfq.cloudfront.net\/2025\/06\/03203428\/logo_concursos-1.jpg","contentUrl":"https:\/\/dhg1h5j42swfq.cloudfront.net\/2025\/06\/03203428\/logo_concursos-1.jpg","width":230,"height":60,"caption":"Estrat\u00e9gia Concursos"},"image":{"@id":"https:\/\/blog-estrategia.mystagingwebsite.com\/#\/schema\/logo\/image\/"},"sameAs":["https:\/\/x.com\/EstratConcursos"]}]}},"_links":{"self":[{"href":"https:\/\/www.estrategiaconcursos.com.br\/blog\/wp-json\/wp\/v2\/depoimento\/1804719","targetHints":{"allow":["GET"]}}],"collection":[{"href":"https:\/\/www.estrategiaconcursos.com.br\/blog\/wp-json\/wp\/v2\/depoimento"}],"about":[{"href":"https:\/\/www.estrategiaconcursos.com.br\/blog\/wp-json\/wp\/v2\/types\/depoimento"}],"version-history":[{"count":1,"href":"https:\/\/www.estrategiaconcursos.com.br\/blog\/wp-json\/wp\/v2\/depoimento\/1804719\/revisions"}],"predecessor-version":[{"id":1804720,"href":"https:\/\/www.estrategiaconcursos.com.br\/blog\/wp-json\/wp\/v2\/depoimento\/1804719\/revisions\/1804720"}],"wp:attachment":[{"href":"https:\/\/www.estrategiaconcursos.com.br\/blog\/wp-json\/wp\/v2\/media?parent=1804719"}],"curies":[{"name":"wp","href":"https:\/\/api.w.org\/{rel}","templated":true}]}}