{"id":1758605,"date":"2026-04-29T08:43:17","date_gmt":"2026-04-29T11:43:17","guid":{"rendered":"https:\/\/www.estrategiaconcursos.com.br\/blog\/?post_type=depoimento&#038;p=1758605"},"modified":"2026-04-29T08:45:00","modified_gmt":"2026-04-29T11:45:00","slug":"aprovado-em-1o-lugar-no-concurso-mp-sp-felipe-morais-del-lama","status":"publish","type":"depoimento","link":"https:\/\/www.estrategiaconcursos.com.br\/blog\/depoimento\/aprovado-em-1o-lugar-no-concurso-mp-sp-felipe-morais-del-lama\/","title":{"rendered":"Aprovado em 1\u00ba lugar no Concurso MP SP: Felipe Morais Del Lama"},"content":{"rendered":"\n<p class=\"has-text-align-center\">.<img loading=\"lazy\" decoding=\"async\" width=\"150\" height=\"200\" class=\"wp-image-1758617\" style=\"width: 150px;\" src=\"https:\/\/dhg1h5j42swfq.cloudfront.net\/2026\/04\/29084138\/foto_estrategia-1.jpeg\" alt=\"\" srcset=\"https:\/\/dhg1h5j42swfq.cloudfront.net\/2026\/04\/29084138\/foto_estrategia-1.jpeg 960w, https:\/\/dhg1h5j42swfq.cloudfront.net\/2026\/04\/29084138\/foto_estrategia-1-225x300.jpeg 225w, https:\/\/dhg1h5j42swfq.cloudfront.net\/2026\/04\/29084138\/foto_estrategia-1-768x1024.jpeg 768w, https:\/\/dhg1h5j42swfq.cloudfront.net\/2026\/04\/29084138\/foto_estrategia-1-640x853.jpeg 640w, https:\/\/dhg1h5j42swfq.cloudfront.net\/2026\/04\/29084138\/foto_estrategia-1-150x200.jpeg 150w\" sizes=\"auto, (max-width: 150px) 100vw, 150px\" \/><\/p>\n\n\n\n<p class=\"has-text-align-center\"><strong><em>&#8220;Sempre tenha o objetivo a longo prazo. Sei que vivemos em uma era do imediatismo, mas tenha consci\u00eancia de que algumas metas, \u00e0s vezes, levam tempo a serem alcan\u00e7adas [&#8230;]&#8221;<\/em><\/strong><\/p>\n\n\n\n<p>Leia a entrevista do Estrat\u00e9gia Concursos com Felipe Morais Del Lama, aprovado em 1\u00ba lugar no concurso MP SP para o cargo de Analista T\u00e9cnico Cient\u00edfico- Engenheiro Agr\u00f4nomo:<\/p>\n\n\n\n<h3 class=\"wp-block-heading\" id=\"h-estrategia-concursos-conte-nos-um-pouco-sobre-voce-para-que-nossos-leitores-possam-conhece-lo-qual-a-sua-formacao-idade-e-cidade-natal\"><strong>Estrat\u00e9gia Concursos: Conte-nos um pouco sobre voc\u00ea, para que nossos leitores possam conhec\u00ea-lo. Qual a sua forma\u00e7\u00e3o, idade e cidade natal?<\/strong><\/h3>\n\n\n\n<p><strong>Felipe Morais Del Lama:<\/strong> Meu nome \u00e9 Felipe Morais Del Lama. Sou natural de Ribeir\u00e3o Preto\/SP. Atualmente, tenho 35 anos. Sou formado em Engenharia Agron\u00f4mica pela Universidade de S\u00e3o Paulo, no campus de Piracicaba (ESALQ\/USP).<\/p>\n\n\n\n<p><strong>Estrat\u00e9gia: O que te levou a tomar a decis\u00e3o de come\u00e7ar a estudar para concursos?<\/strong><\/p>\n\n\n\n<p><strong>Felipe:<\/strong> Nasci em uma fam\u00edlia repleta de servidores p\u00fablicos. Tenho parentes muito pr\u00f3ximos (pais, primos e tios) que sempre nos incentivaram (minha irm\u00e3 e eu) a ingressar na carreira p\u00fablica. Al\u00e9m da famigerada estabilidade que o servi\u00e7o p\u00fablico proporciona, a previsibilidade da vida financeira sempre foi um argumento utilizado.<\/p>\n\n\n\n<p><strong>Estrat\u00e9gia: Voc\u00ea trabalhava e estudava? Se sim, como conciliava?<\/strong><\/p>\n\n\n\n<p><strong>Felipe:<\/strong> Sim, trabalhava e estudava. A concilia\u00e7\u00e3o ocorria nos hor\u00e1rios livres (antes e ap\u00f3s o expediente de trabalho e nos hor\u00e1rios de almo\u00e7o).<\/p>\n\n\n\n<p><strong>Estrat\u00e9gia: Em quais concursos j\u00e1 foi aprovado? Em qual cargo e em que coloca\u00e7\u00e3o? Pretende continuar estudando?<\/strong><\/p>\n\n\n\n<p><strong>Felipe:<\/strong> 1<sup>o<\/sup> lugar: Prefeitura de Bragan\u00e7a Paulista\/SP (cargo de Engenheiro Agr\u00f4nomo); Prefeitura de Franca\/SP (cargo de Engenheiro Agr\u00f4nomo); Universidade de S\u00e3o Paulo (cargo de Engenheiro Agr\u00f4nomo- especialidade em Arboriza\u00e7\u00e3o Urbana); Minist\u00e9rio P\u00fablico do Estado de S\u00e3o Paulo (Analista T\u00e9cnico Cient\u00edfico- Engenheiro Agr\u00f4nomo);<\/p>\n\n\n\n<p>2<sup>o<\/sup> lugar: Prefeitura de Piracicaba\/SP (cargo de Engenheiro Agr\u00f4nomo) e Prefeitura de Campinas\/SP (cargo de Engenheiro Agr\u00f4nomo);<\/p>\n\n\n\n<p>3<sup>o<\/sup> lugar: Prefeitura de Santos\/SP (cargo de Engenheiro Agr\u00f4nomo);<\/p>\n\n\n\n<p>4<sup>o<\/sup> lugar: Companhia Ambiental do Estado de S\u00e3o Paulo (CETESB)- cargo de Analista Ambiental\/especialidade Engenharia Agron\u00f4mica<\/p>\n\n\n\n<p>5<sup>o<\/sup> lugar: Prefeitura de S\u00e3o Jos\u00e9 do Rio Preto\/SP (cargo de Engenheiro Agr\u00f4nomo).<\/p>\n\n\n\n<p>Pretendo continuar estudar com o intuito de me aperfei\u00e7oar profissionalmente. No tocante a concursos p\u00fablicos, o ciclo chegou ao fim.<\/p>\n\n\n\n<p><strong>Estrat\u00e9gia: Como era sua vida social durante a prepara\u00e7\u00e3o para concursos? Voc\u00ea sa\u00eda com amigos e fam\u00edlia?<\/strong><\/p>\n\n\n\n<p><strong>Felipe:<\/strong> Sempre mantive minha social (amigos, fam\u00edlia e atividade f\u00edsica) durante a prepara\u00e7\u00e3o para concursos. O \u00fanico ponto que mudava era a frequ\u00eancia e a carga hor\u00e1ria. Neste caso, reduzia o tempo na academia e com as pessoas pr\u00f3ximas para me dedicar mais aos estudos, mas jamais aboli completamente momentos externos \u00e0 prepara\u00e7\u00e3o para os certames.<\/p>\n\n\n\n<p><strong>Estrat\u00e9gia:Sua fam\u00edlia e amigos entenderam e apoiaram sua caminhada como concurseiro? De que forma?<\/strong><\/p>\n\n\n\n<p><strong>Felipe:<\/strong> Sim, sempre tive esse apoio. Meus amigos e familiares compreendiam minha aus\u00eancia em alguns encontros, em prol de uma melhor prepara\u00e7\u00e3o para os concursos. Sabiam que essa era uma fase passageira.<\/p>\n\n\n\n<p><strong>Estrat\u00e9gia: Voc\u00ea estudou por quanto tempo direcionado ao \u00faltimo concurso? O que fez para manter a disciplina?<\/strong><\/p>\n\n\n\n<p><strong>Felipe:<\/strong> Estudei 3 meses para o concurso do Minist\u00e9rio P\u00fablico do Estado de S\u00e3o Paulo (MP\/SP), que \u00e9, at\u00e9 hoje, o maior certame enfrentado por mim.<\/p>\n\n\n\n<p>As maiores motiva\u00e7\u00f5es para manter a disciplina foram: \u00f3timos ganhos financeiros e benef\u00edcios, carreira prestigiada, sede em uma cidade com \u00f3tima qualidade de vida (Piracicaba\/SP).<\/p>\n\n\n\n<p><strong>Estrat\u00e9gia: Quais materiais e ferramentas voc\u00ea usou em sua prepara\u00e7\u00e3o? (Aulas presenciais, livros, cursos em PDF, videoaulas? Quais foram as principais vantagens e desvantagens?)<\/strong><\/p>\n\n\n\n<p><strong>Felipe:<\/strong> Videoaulas e cursos em PDF.<\/p>\n\n\n\n<p>A principal vantagem das videoaulas \u00e9 a did\u00e1tica do professor para explicar o conte\u00fado cobrado no edital, principalmente no tocante \u00e0 interpreta\u00e7\u00e3o das leis. Al\u00e9m disso, o professor resolve e comenta quest\u00f5es de provas anteriores, justamente com o intuito de mostrar ao aluno como o assunto \u00e9 cobrado.<\/p>\n\n\n\n<p>Vale ressaltar que, para os alunos com boa mem\u00f3ria auditiva, as videoaulas s\u00e3o uma excelente ferramenta de aprendizado.<\/p>\n\n\n\n<p>Os cursos em PDF, por sua vez, s\u00e3o bem completos e repletos de quest\u00f5es e coment\u00e1rios dos professores. No entanto, requerem mais tempo para finaliz\u00e1-los.<\/p>\n\n\n\n<p><strong>Estrat\u00e9gia: Como conheceu o Estrat\u00e9gia Concursos?<\/strong><\/p>\n\n\n\n<p><strong>Felipe:<\/strong> Por meio da minha irm\u00e3, que utilizava os materiais na prepara\u00e7\u00e3o para os concursos que prestava.<\/p>\n\n\n\n<p><strong>Estrat\u00e9gia: Depois que voc\u00ea se tornou aluno do Estrat\u00e9gia, voc\u00ea sentiu uma diferen\u00e7a relevante na sua prepara\u00e7\u00e3o? Que diferencial encontrou nos materiais do Estrat\u00e9gia? (Pode citar uma ou mais ferramentas que mais te ajudaram na prepara\u00e7\u00e3o).<\/strong><\/p>\n\n\n\n<p><strong>Felipe:<\/strong> Sim, senti grande diferen\u00e7a! Aprendi a fazer mapas mentais e a focar meu aprendizado por meio da resolu\u00e7\u00e3o de quest\u00f5es e revis\u00f5es.<\/p>\n\n\n\n<p><strong>Estrat\u00e9gia: Como montou seu plano de estudos? (Estudava v\u00e1rias mat\u00e9rias ao mesmo tempo? Quantas? Quantas horas l\u00edquidas estudava por dia?)<\/strong><\/p>\n\n\n\n<p><strong>Felipe:<\/strong> Sim, sempre estudei 3 ou 4 mat\u00e9rias simultaneamente. Isso ajuda a ter a sensa\u00e7\u00e3o de \u201cavan\u00e7o\u201d em rela\u00e7\u00e3o \u00e0s mat\u00e9rias que comp\u00f5em o edital. Al\u00e9m disso, diversificar o conte\u00fado estudado provoca menos cansa\u00e7o mental e, consequentemente, facilita a assimila\u00e7\u00e3o de assuntos variados.<\/p>\n\n\n\n<p><strong>Estrat\u00e9gia: Como fazia suas revis\u00f5es? (Costumava fazer resumos, simulados ou algo mais?)<\/strong><\/p>\n\n\n\n<p><strong>Felipe:<\/strong> As revis\u00f5es eram feitas por meio de mapas mentais e resumos.<\/p>\n\n\n\n<p><strong>Estrat\u00e9gia: Qual a import\u00e2ncia da resolu\u00e7\u00e3o de exerc\u00edcios? Lembra quantas quest\u00f5es fez na sua trajet\u00f3ria?<\/strong><\/p>\n\n\n\n<p><strong>Felipe:<\/strong> A resolu\u00e7\u00e3o de exerc\u00edcios \u00e9 uma etapa-chave, pois permite a sedimenta\u00e7\u00e3o de todo o conte\u00fado estudado e a constata\u00e7\u00e3o de como os assuntos s\u00e3o cobrados.<\/p>\n\n\n\n<p>Outro ponto importante \u00e9 a mal\u00edcia adquirida, pois come\u00e7amos a identificar \u201cpegadinhas\u201d e, principalmente, o estilo de cobran\u00e7a de cada uma das bancas.<\/p>\n\n\n\n<p>Se considerarmos apenas a prepara\u00e7\u00e3o para o concurso do MP\/SP, resolvi quase 3.000 quest\u00f5es, incluindo as disciplinas de Conhecimentos Espec\u00edficos, Direito Administrativo, Direito Constitucional, Direito Processual Penal, Matem\u00e1tica e Racioc\u00ednio L\u00f3gico e Portugu\u00eas.<\/p>\n\n\n\n<p><strong>Estrat\u00e9gia: Quais as disciplinas voc\u00ea tinha mais dificuldade? Como fez para superar?<\/strong><\/p>\n\n\n\n<p><strong>Felipe:<\/strong> Matem\u00e1tica e Racioc\u00ednio L\u00f3gico, com destaque para An\u00e1lise Combinat\u00f3ria e Probabilidade.<\/p>\n\n\n\n<p>Neste caso, apenas a resolu\u00e7\u00e3o de muitas quest\u00f5es permite amenizar as dificuldades encontradas em um assunto t\u00e3o complexo e espinhoso como An\u00e1lise Combinat\u00f3ria.<\/p>\n\n\n\n<p><strong>Estrat\u00e9gia: Como foi sua rotina de estudos na semana que antecedeu a prova e no dia pr\u00e9-prova?<\/strong><\/p>\n\n\n\n<p><strong>Felipe:<\/strong> Na semana que antecedeu a prova, bem como no dia pr\u00e9-prova, fiz revis\u00f5es em que foquei apenas os assuntos cuja cobran\u00e7a era certa.<\/p>\n\n\n\n<p><strong>Estrat\u00e9gia: No seu concurso, al\u00e9m da prova objetiva, teve a discursiva. Como foi sua prepara\u00e7\u00e3o para esta importante parte do certame? O que voc\u00ea aconselha?<\/strong><\/p>\n\n\n\n<p><strong>Felipe:<\/strong> No concurso do MP\/SP, a prova discursiva apresentava o maior peso (60 pontos). Isso mostra a import\u00e2ncia de um bom preparo para essa parte do exame.<\/p>\n\n\n\n<p>A minha prepara\u00e7\u00e3o consistiu em redigir, de pr\u00f3prio punho, textos de assuntos da parte espec\u00edfica, pois, no edital, estava expl\u00edcito que o tema da discursiva estaria associado aos conhecimentos da \u00e1rea de atua\u00e7\u00e3o.<\/p>\n\n\n\n<p>\u00c9 muito importante trabalhar a reda\u00e7\u00e3o manual, uma vez que perdemos esse h\u00e1bito, em decorr\u00eancia da utiliza\u00e7\u00e3o dos aparelhos tecnol\u00f3gicos.<\/p>\n\n\n\n<p>Ap\u00f3s o desenvolvimento do texto, \u00e9 essencial que outra pessoa leia sua reda\u00e7\u00e3o. Pode ser um especialista da \u00e1rea ou, at\u00e9 mesmo, um professor de portugu\u00eas.<\/p>\n\n\n\n<p>O fato mais relevante \u00e9 seu leitor compreender sua caligrafia e sua mensagem.<\/p>\n\n\n\n<p><strong>Estrat\u00e9gia: Quais foram seus principais ERROS e ACERTOS nesta trajet\u00f3ria?<\/strong><\/p>\n\n\n\n<p><strong>Felipe:<\/strong> Ao longo de minha trajet\u00f3ria de quase 10 anos como concurseiro,<\/p>\n\n\n\n<p>Cometi muitos erros no in\u00edcio, como: estudar por materiais aleat\u00f3rios encontrados em sites, n\u00e3o resolver quest\u00f5es para saber como as bancas cobravam determinado assunto e n\u00e3o revisar.<\/p>\n\n\n\n<p>Decorridas algumas reprova\u00e7\u00f5es, conheci o Estrat\u00e9gia e aprendi a elaborar mapas mentais, a focar no estilo de cobran\u00e7a \u00e0 medida que adquiri experi\u00eancia com as provas e a resolu\u00e7\u00e3o de quest\u00f5es e, principalmente, a fazer resumos objetivos para revisar. Conclu\u00ed que a revis\u00e3o \u00e9 fator primordial de assimila\u00e7\u00e3o do conte\u00fado estudado.<\/p>\n\n\n\n<p><strong>Estrat\u00e9gia: Chegou a pensar, por algum momento, em desistir? Se sim, qual foi sua principal motiva\u00e7\u00e3o para seguir?<\/strong><\/p>\n\n\n\n<p><strong>Felipe:<\/strong> N\u00e3o pensei em desistir, mas em prestar concursos diferentes da minha \u00e1rea de forma\u00e7\u00e3o, com o intuito de ter acesso a certames com maior n\u00famero de vagas. At\u00e9 mesmo aqueles para n\u00edvel m\u00e9dio.<\/p>\n\n\n\n<p>No entanto, quando obtive o primeiro lugar para o cargo de engenheiro agr\u00f4nomo, em um concurso municipal que oferecia uma \u00fanica vaga e tinha 150 inscritos, percebi que minha meta pessoal era fact\u00edvel.<\/p>\n\n\n\n<p>A partir desse dia, criei confian\u00e7a em mim mesmo, at\u00e9 atingir todas as aprova\u00e7\u00f5es mencionadas anteriormente.<\/p>\n\n\n\n<p><strong>Estrat\u00e9gia: Por fim, o que voc\u00ea aconselharia a algu\u00e9m que est\u00e1 iniciando seus estudos para concurso? Deixe sua mensagem para todos aqueles que um dia almejam chegar aonde voc\u00ea chegou!<\/strong><\/p>\n\n\n\n<p><strong>Felipe:<\/strong> Sempre tenha o objetivo a longo prazo. Sei que vivemos em uma era do imediatismo, mas tenha consci\u00eancia de que algumas metas, \u00e0s vezes, levam tempo a serem alcan\u00e7adas. Por isso, esteja preparado para lidar com eventuais frustra\u00e7\u00f5es, sobretudo no in\u00edcio da caminhada de concurseiro.<\/p>\n\n\n\n<p>E jamais considere uma experi\u00eancia malsucedida como algo \u201cin\u00fatil\u201d ou \u201cperda de tempo\u201d.&nbsp; Essa \u00e9 uma etapa do processo de amadurecimento que, certamente, trar\u00e1 um bom preparo para desafios futuros.<\/p>\n","protected":false},"excerpt":{"rendered":"<p>. &#8220;Sempre tenha o objetivo a longo prazo. Sei que vivemos em uma era do imediatismo, mas tenha consci\u00eancia de que algumas metas, \u00e0s vezes, levam tempo a serem alcan\u00e7adas [&#8230;]&#8221; Leia a entrevista do Estrat\u00e9gia Concursos com Felipe Morais Del Lama, aprovado em 1\u00ba lugar no concurso MP SP para o cargo de Analista [&hellip;]<\/p>\n","protected":false},"featured_media":0,"template":"","class_list":["post-1758605","depoimento","type-depoimento","status-publish","hentry"],"acf":[],"yoast_head":"<!-- This site is optimized with the Yoast SEO Premium plugin v27.2 (Yoast SEO v27.2) - https:\/\/yoast.com\/product\/yoast-seo-premium-wordpress\/ -->\n<title>Aprovado em 1\u00ba lugar no Concurso MP SP: Felipe Morais Del Lama<\/title>\n<meta name=\"description\" content=\"Leia a entrevista do Estrat\u00e9gia Concursos com Felipe Morais Del Lama, aprovado em 1\u00ba lugar no concurso MP SP\" \/>\n<meta name=\"robots\" content=\"index, follow, max-snippet:-1, max-image-preview:large, max-video-preview:-1\" \/>\n<link rel=\"canonical\" href=\"https:\/\/www.estrategiaconcursos.com.br\/blog\/depoimento\/aprovado-em-1o-lugar-no-concurso-mp-sp-felipe-morais-del-lama\/\" \/>\n<meta property=\"og:locale\" content=\"pt_BR\" \/>\n<meta property=\"og:type\" content=\"article\" \/>\n<meta property=\"og:title\" content=\"Aprovado em 1\u00ba lugar no Concurso MP SP: Felipe Morais Del Lama\" \/>\n<meta property=\"og:description\" content=\"Leia a entrevista do Estrat\u00e9gia Concursos com Felipe Morais Del Lama, aprovado em 1\u00ba lugar no concurso MP SP\" \/>\n<meta property=\"og:url\" content=\"https:\/\/www.estrategiaconcursos.com.br\/blog\/depoimento\/aprovado-em-1o-lugar-no-concurso-mp-sp-felipe-morais-del-lama\/\" \/>\n<meta property=\"og:site_name\" content=\"Estrat\u00e9gia Concursos\" \/>\n<meta property=\"article:modified_time\" content=\"2026-04-29T11:45:00+00:00\" \/>\n<meta property=\"og:image\" content=\"https:\/\/www.estrategiaconcursos.com.br\/blog\/wp-content\/uploads\/2026\/04\/foto_estrategia-1.jpeg\" \/>\n<meta name=\"twitter:card\" content=\"summary_large_image\" \/>\n<meta name=\"twitter:site\" content=\"@EstratConcursos\" \/>\n<meta name=\"twitter:label1\" content=\"Est. tempo de leitura\" \/>\n\t<meta name=\"twitter:data1\" content=\"8 minutos\" \/>\n<script type=\"application\/ld+json\" class=\"yoast-schema-graph\">{\"@context\":\"https:\/\/schema.org\",\"@graph\":[{\"@type\":\"WebPage\",\"@id\":\"https:\/\/www.estrategiaconcursos.com.br\/blog\/depoimento\/aprovado-em-1o-lugar-no-concurso-mp-sp-felipe-morais-del-lama\/\",\"url\":\"https:\/\/www.estrategiaconcursos.com.br\/blog\/depoimento\/aprovado-em-1o-lugar-no-concurso-mp-sp-felipe-morais-del-lama\/\",\"name\":\"Aprovado em 1\u00ba lugar no Concurso MP SP: Felipe Morais Del Lama\",\"isPartOf\":{\"@id\":\"https:\/\/www.estrategiaconcursos.com.br\/blog\/#website\"},\"primaryImageOfPage\":{\"@id\":\"https:\/\/www.estrategiaconcursos.com.br\/blog\/depoimento\/aprovado-em-1o-lugar-no-concurso-mp-sp-felipe-morais-del-lama\/#primaryimage\"},\"image\":{\"@id\":\"https:\/\/www.estrategiaconcursos.com.br\/blog\/depoimento\/aprovado-em-1o-lugar-no-concurso-mp-sp-felipe-morais-del-lama\/#primaryimage\"},\"thumbnailUrl\":\"https:\/\/www.estrategiaconcursos.com.br\/blog\/wp-content\/uploads\/2026\/04\/foto_estrategia-1.jpeg\",\"datePublished\":\"2026-04-29T11:43:17+00:00\",\"dateModified\":\"2026-04-29T11:45:00+00:00\",\"description\":\"Leia a entrevista do Estrat\u00e9gia Concursos com Felipe Morais Del Lama, aprovado em 1\u00ba lugar no concurso MP SP\",\"breadcrumb\":{\"@id\":\"https:\/\/www.estrategiaconcursos.com.br\/blog\/depoimento\/aprovado-em-1o-lugar-no-concurso-mp-sp-felipe-morais-del-lama\/#breadcrumb\"},\"inLanguage\":\"pt-BR\",\"potentialAction\":[{\"@type\":\"ReadAction\",\"target\":[\"https:\/\/www.estrategiaconcursos.com.br\/blog\/depoimento\/aprovado-em-1o-lugar-no-concurso-mp-sp-felipe-morais-del-lama\/\"]}]},{\"@type\":\"ImageObject\",\"inLanguage\":\"pt-BR\",\"@id\":\"https:\/\/www.estrategiaconcursos.com.br\/blog\/depoimento\/aprovado-em-1o-lugar-no-concurso-mp-sp-felipe-morais-del-lama\/#primaryimage\",\"url\":\"https:\/\/dhg1h5j42swfq.cloudfront.net\/2026\/04\/29084138\/foto_estrategia-1.jpeg\",\"contentUrl\":\"https:\/\/dhg1h5j42swfq.cloudfront.net\/2026\/04\/29084138\/foto_estrategia-1.jpeg\",\"width\":960,\"height\":1280},{\"@type\":\"BreadcrumbList\",\"@id\":\"https:\/\/www.estrategiaconcursos.com.br\/blog\/depoimento\/aprovado-em-1o-lugar-no-concurso-mp-sp-felipe-morais-del-lama\/#breadcrumb\",\"itemListElement\":[{\"@type\":\"ListItem\",\"position\":1,\"name\":\"In\u00edcio\",\"item\":\"https:\/\/www.estrategiaconcursos.com.br\/blog\/\"},{\"@type\":\"ListItem\",\"position\":2,\"name\":\"Aprovado em 1\u00ba lugar no Concurso MP SP: Felipe Morais Del Lama\"}]},{\"@type\":\"WebSite\",\"@id\":\"https:\/\/www.estrategiaconcursos.com.br\/blog\/#website\",\"url\":\"https:\/\/www.estrategiaconcursos.com.br\/blog\/\",\"name\":\"Estrat\u00e9gia Concursos\",\"description\":\"O blog da Estrat\u00e9gia Concursos traz not\u00edcias sobre concursos e artigos de professores oferecendo cursos para concursos (pdf + videaulas) no site.\",\"publisher\":{\"@id\":\"https:\/\/www.estrategiaconcursos.com.br\/blog\/#organization\"},\"potentialAction\":[{\"@type\":\"SearchAction\",\"target\":{\"@type\":\"EntryPoint\",\"urlTemplate\":\"https:\/\/www.estrategiaconcursos.com.br\/blog\/?s={search_term_string}\"},\"query-input\":{\"@type\":\"PropertyValueSpecification\",\"valueRequired\":true,\"valueName\":\"search_term_string\"}}],\"inLanguage\":\"pt-BR\"},{\"@type\":\"Organization\",\"@id\":\"https:\/\/www.estrategiaconcursos.com.br\/blog\/#organization\",\"name\":\"Estrat\u00e9gia Concursos\",\"url\":\"https:\/\/www.estrategiaconcursos.com.br\/blog\/\",\"logo\":{\"@type\":\"ImageObject\",\"inLanguage\":\"pt-BR\",\"@id\":\"https:\/\/www.estrategiaconcursos.com.br\/blog\/#\/schema\/logo\/image\/\",\"url\":\"https:\/\/dhg1h5j42swfq.cloudfront.net\/2025\/06\/03203428\/logo_concursos-1.jpg\",\"contentUrl\":\"https:\/\/dhg1h5j42swfq.cloudfront.net\/2025\/06\/03203428\/logo_concursos-1.jpg\",\"width\":230,\"height\":60,\"caption\":\"Estrat\u00e9gia Concursos\"},\"image\":{\"@id\":\"https:\/\/www.estrategiaconcursos.com.br\/blog\/#\/schema\/logo\/image\/\"},\"sameAs\":[\"https:\/\/x.com\/EstratConcursos\"]}]}<\/script>\n<!-- \/ Yoast SEO Premium plugin. -->","yoast_head_json":{"title":"Aprovado em 1\u00ba lugar no Concurso MP SP: Felipe Morais Del Lama","description":"Leia a entrevista do Estrat\u00e9gia Concursos com Felipe Morais Del Lama, aprovado em 1\u00ba lugar no concurso MP SP","robots":{"index":"index","follow":"follow","max-snippet":"max-snippet:-1","max-image-preview":"max-image-preview:large","max-video-preview":"max-video-preview:-1"},"canonical":"https:\/\/www.estrategiaconcursos.com.br\/blog\/depoimento\/aprovado-em-1o-lugar-no-concurso-mp-sp-felipe-morais-del-lama\/","og_locale":"pt_BR","og_type":"article","og_title":"Aprovado em 1\u00ba lugar no Concurso MP SP: Felipe Morais Del Lama","og_description":"Leia a entrevista do Estrat\u00e9gia Concursos com Felipe Morais Del Lama, aprovado em 1\u00ba lugar no concurso MP SP","og_url":"https:\/\/www.estrategiaconcursos.com.br\/blog\/depoimento\/aprovado-em-1o-lugar-no-concurso-mp-sp-felipe-morais-del-lama\/","og_site_name":"Estrat\u00e9gia Concursos","article_modified_time":"2026-04-29T11:45:00+00:00","og_image":[{"url":"https:\/\/www.estrategiaconcursos.com.br\/blog\/wp-content\/uploads\/2026\/04\/foto_estrategia-1.jpeg","type":"","width":"","height":""}],"twitter_card":"summary_large_image","twitter_site":"@EstratConcursos","twitter_misc":{"Est. tempo de leitura":"8 minutos"},"schema":{"@context":"https:\/\/schema.org","@graph":[{"@type":"WebPage","@id":"https:\/\/www.estrategiaconcursos.com.br\/blog\/depoimento\/aprovado-em-1o-lugar-no-concurso-mp-sp-felipe-morais-del-lama\/","url":"https:\/\/www.estrategiaconcursos.com.br\/blog\/depoimento\/aprovado-em-1o-lugar-no-concurso-mp-sp-felipe-morais-del-lama\/","name":"Aprovado em 1\u00ba lugar no Concurso MP SP: Felipe Morais Del Lama","isPartOf":{"@id":"https:\/\/www.estrategiaconcursos.com.br\/blog\/#website"},"primaryImageOfPage":{"@id":"https:\/\/www.estrategiaconcursos.com.br\/blog\/depoimento\/aprovado-em-1o-lugar-no-concurso-mp-sp-felipe-morais-del-lama\/#primaryimage"},"image":{"@id":"https:\/\/www.estrategiaconcursos.com.br\/blog\/depoimento\/aprovado-em-1o-lugar-no-concurso-mp-sp-felipe-morais-del-lama\/#primaryimage"},"thumbnailUrl":"https:\/\/www.estrategiaconcursos.com.br\/blog\/wp-content\/uploads\/2026\/04\/foto_estrategia-1.jpeg","datePublished":"2026-04-29T11:43:17+00:00","dateModified":"2026-04-29T11:45:00+00:00","description":"Leia a entrevista do Estrat\u00e9gia Concursos com Felipe Morais Del Lama, aprovado em 1\u00ba lugar no concurso MP SP","breadcrumb":{"@id":"https:\/\/www.estrategiaconcursos.com.br\/blog\/depoimento\/aprovado-em-1o-lugar-no-concurso-mp-sp-felipe-morais-del-lama\/#breadcrumb"},"inLanguage":"pt-BR","potentialAction":[{"@type":"ReadAction","target":["https:\/\/www.estrategiaconcursos.com.br\/blog\/depoimento\/aprovado-em-1o-lugar-no-concurso-mp-sp-felipe-morais-del-lama\/"]}]},{"@type":"ImageObject","inLanguage":"pt-BR","@id":"https:\/\/www.estrategiaconcursos.com.br\/blog\/depoimento\/aprovado-em-1o-lugar-no-concurso-mp-sp-felipe-morais-del-lama\/#primaryimage","url":"https:\/\/dhg1h5j42swfq.cloudfront.net\/2026\/04\/29084138\/foto_estrategia-1.jpeg","contentUrl":"https:\/\/dhg1h5j42swfq.cloudfront.net\/2026\/04\/29084138\/foto_estrategia-1.jpeg","width":960,"height":1280},{"@type":"BreadcrumbList","@id":"https:\/\/www.estrategiaconcursos.com.br\/blog\/depoimento\/aprovado-em-1o-lugar-no-concurso-mp-sp-felipe-morais-del-lama\/#breadcrumb","itemListElement":[{"@type":"ListItem","position":1,"name":"In\u00edcio","item":"https:\/\/www.estrategiaconcursos.com.br\/blog\/"},{"@type":"ListItem","position":2,"name":"Aprovado em 1\u00ba lugar no Concurso MP SP: Felipe Morais Del Lama"}]},{"@type":"WebSite","@id":"https:\/\/www.estrategiaconcursos.com.br\/blog\/#website","url":"https:\/\/www.estrategiaconcursos.com.br\/blog\/","name":"Estrat\u00e9gia Concursos","description":"O blog da Estrat\u00e9gia Concursos traz not\u00edcias sobre concursos e artigos de professores oferecendo cursos para concursos (pdf + videaulas) no site.","publisher":{"@id":"https:\/\/www.estrategiaconcursos.com.br\/blog\/#organization"},"potentialAction":[{"@type":"SearchAction","target":{"@type":"EntryPoint","urlTemplate":"https:\/\/www.estrategiaconcursos.com.br\/blog\/?s={search_term_string}"},"query-input":{"@type":"PropertyValueSpecification","valueRequired":true,"valueName":"search_term_string"}}],"inLanguage":"pt-BR"},{"@type":"Organization","@id":"https:\/\/www.estrategiaconcursos.com.br\/blog\/#organization","name":"Estrat\u00e9gia Concursos","url":"https:\/\/www.estrategiaconcursos.com.br\/blog\/","logo":{"@type":"ImageObject","inLanguage":"pt-BR","@id":"https:\/\/www.estrategiaconcursos.com.br\/blog\/#\/schema\/logo\/image\/","url":"https:\/\/dhg1h5j42swfq.cloudfront.net\/2025\/06\/03203428\/logo_concursos-1.jpg","contentUrl":"https:\/\/dhg1h5j42swfq.cloudfront.net\/2025\/06\/03203428\/logo_concursos-1.jpg","width":230,"height":60,"caption":"Estrat\u00e9gia Concursos"},"image":{"@id":"https:\/\/www.estrategiaconcursos.com.br\/blog\/#\/schema\/logo\/image\/"},"sameAs":["https:\/\/x.com\/EstratConcursos"]}]}},"_links":{"self":[{"href":"https:\/\/www.estrategiaconcursos.com.br\/blog\/wp-json\/wp\/v2\/depoimento\/1758605","targetHints":{"allow":["GET"]}}],"collection":[{"href":"https:\/\/www.estrategiaconcursos.com.br\/blog\/wp-json\/wp\/v2\/depoimento"}],"about":[{"href":"https:\/\/www.estrategiaconcursos.com.br\/blog\/wp-json\/wp\/v2\/types\/depoimento"}],"version-history":[{"count":3,"href":"https:\/\/www.estrategiaconcursos.com.br\/blog\/wp-json\/wp\/v2\/depoimento\/1758605\/revisions"}],"predecessor-version":[{"id":1758622,"href":"https:\/\/www.estrategiaconcursos.com.br\/blog\/wp-json\/wp\/v2\/depoimento\/1758605\/revisions\/1758622"}],"wp:attachment":[{"href":"https:\/\/www.estrategiaconcursos.com.br\/blog\/wp-json\/wp\/v2\/media?parent=1758605"}],"curies":[{"name":"wp","href":"https:\/\/api.w.org\/{rel}","templated":true}]}}