{"id":1726369,"date":"2026-03-10T14:18:17","date_gmt":"2026-03-10T17:18:17","guid":{"rendered":"https:\/\/www.estrategiaconcursos.com.br\/blog\/?post_type=depoimento&#038;p=1726369"},"modified":"2026-03-10T14:18:20","modified_gmt":"2026-03-10T17:18:20","slug":"aprovada-em-1o-lugar-no-tj-sp-ana-valeria-cardoso","status":"publish","type":"depoimento","link":"https:\/\/www.estrategiaconcursos.com.br\/blog\/depoimento\/aprovada-em-1o-lugar-no-tj-sp-ana-valeria-cardoso\/","title":{"rendered":"Aprovada em 1\u00ba lugar no TJ-SP: Ana Val\u00e9ria Cardoso"},"content":{"rendered":"\n<figure class=\"wp-block-image aligncenter size-medium\"><img loading=\"lazy\" decoding=\"async\" width=\"271\" height=\"300\" src=\"https:\/\/dhg1h5j42swfq.cloudfront.net\/2026\/03\/05182935\/foto-ana-valeria-cardoso-271x300.jpeg\" alt=\"\" class=\"wp-image-1726373\" srcset=\"https:\/\/dhg1h5j42swfq.cloudfront.net\/2026\/03\/05182935\/foto-ana-valeria-cardoso-271x300.jpeg 271w, https:\/\/dhg1h5j42swfq.cloudfront.net\/2026\/03\/05182935\/foto-ana-valeria-cardoso-923x1024.jpeg 923w, https:\/\/dhg1h5j42swfq.cloudfront.net\/2026\/03\/05182935\/foto-ana-valeria-cardoso-768x852.jpeg 768w, https:\/\/dhg1h5j42swfq.cloudfront.net\/2026\/03\/05182935\/foto-ana-valeria-cardoso-150x166.jpeg 150w, https:\/\/dhg1h5j42swfq.cloudfront.net\/2026\/03\/05182935\/foto-ana-valeria-cardoso.jpeg 928w\" sizes=\"auto, (max-width: 271px) 100vw, 271px\" \/><figcaption class=\"wp-element-caption\">Ana Val\u00e9ria Cardoso<\/figcaption><\/figure>\n\n\n\n<p class=\"has-text-align-center\"><strong>&#8220;[&#8230;] A trajet\u00f3ria n\u00e3o \u00e9 f\u00e1cil, mas \u00e9 poss\u00edvel. Eu consegui, ent\u00e3o qualquer pessoa que estude com estrat\u00e9gia, determina\u00e7\u00e3o e prop\u00f3sito tamb\u00e9m pode alcan\u00e7ar sua aprova\u00e7\u00e3o.&#8221;<\/strong><\/p>\n\n\n\n<p>Confira nossa entrevista com Ana Val\u00e9ria Cardoso, aprovada em 1\u00ba lugar no TJ-SP para o cargo de Assistente Social &#8211; Campinas\/SP:<\/p>\n\n\n\n<p><strong>Estrat\u00e9gia Concursos:<\/strong> <strong>Conte-nos um pouco sobre voc\u00ea, para que nossos leitores possam conhec\u00ea-la. Quando se formou, idade e cidade natal?<\/strong><\/p>\n\n\n\n<p><strong>Ana Val\u00e9ria Cardoso: <\/strong>Formei-me em 2014. Tenho 35 anos e atualmente resido em Teresina-PI.<\/p>\n\n\n\n<p><strong>Estrat\u00e9gia:<\/strong> <strong>O que te levou a tomar a decis\u00e3o de come\u00e7ar a estudar para concursos? Desde in\u00edcio seu foco foi em concursos na sua \u00e1rea de forma\u00e7\u00e3o?<\/strong><\/p>\n\n\n\n<p><strong>Ana Val\u00e9ria: <\/strong>Decidi iniciar minha prepara\u00e7\u00e3o para concursos p\u00fablicos h\u00e1 alguns anos, motivada principalmente pela busca de estabilidade financeira e melhor qualidade de vida. Como assistente social, sempre tive o desejo de atuar nas pol\u00edticas p\u00fablicas com mais seguran\u00e7a e estrutura, o que o concurso p\u00fablico pode proporcionar.<\/p>\n\n\n\n<p>Desde o in\u00edcio, meu foco foi na \u00e1rea do Servi\u00e7o Social, por acreditar na import\u00e2ncia de aprofundar meus conhecimentos e fortalecer minha atua\u00e7\u00e3o profissional. Tenho mantido const\u00e2ncia nos estudos, com disciplina e persist\u00eancia, entendendo que a aprova\u00e7\u00e3o \u00e9 fruto de dedica\u00e7\u00e3o e estrat\u00e9gia.<\/p>\n\n\n\n<p><strong>Estrat\u00e9gia:<\/strong> <strong>Voc\u00ea trabalhava e estudava? Se sim, como conciliava?<\/strong>&nbsp;<\/p>\n\n\n\n<p><strong>Ana Val\u00e9ria: <\/strong>Sim, conciliei trabalho e estudos. Organizei minha rotina com planejamento, aproveitando hor\u00e1rios livres, feriados, finais de semana e todo tempo, mesmo que m\u00ednimo dispon\u00edvel, para manter const\u00e2ncia. Mesmo com pouco tempo, priorizei a qualidade e a regularidade dos estudos, o que fez toda a diferen\u00e7a na minha prepara\u00e7\u00e3o.<\/p>\n\n\n\n<p><strong>Estrat\u00e9gia:<\/strong> <strong>Em quais concursos j\u00e1 foi aprovado? Em qual cargo e em que coloca\u00e7\u00e3o? Pretende continuar estudando?<\/strong><\/p>\n\n\n\n<p><strong>Ana Val\u00e9ria: <\/strong>Fui aprovada em alguns concursos importantes ao longo da minha trajet\u00f3ria. Conquistei o 1\u00ba lugar geral ampla concorr\u00eancia para a Comarca de Campinas do Tribunal de Justi\u00e7a de S\u00e3o Paulo; 11\u00ba lugar (cotas) para Assistente Social na Secretaria Municipal de Educa\u00e7\u00e3o de Teresina-PI; 1\u00ba lugar (ampla concorr\u00eancia) para Analista de Pol\u00edtica Educacional em Marab\u00e1-PA; e 1\u00ba lugar (cotas) para Assistente Social nos Correios, em Teresina-PI.<\/p>\n\n\n\n<p>Sim, pretendo continuar estudando, porque acredito que o aperfei\u00e7oamento deve ser cont\u00ednuo, tanto para crescimento profissional quanto para novas oportunidades na carreira p\u00fablica, que ainda almejo.<\/p>\n\n\n\n<p><strong>Estrat\u00e9gia:<\/strong> <strong>Como era sua vida social durante a prepara\u00e7\u00e3o para concursos? Voc\u00ea sa\u00eda com amigos e fam\u00edlia?<\/strong><\/p>\n\n\n\n<p><strong>Ana Val\u00e9ria: <\/strong>Minha vida social ficou mais reduzida, pois precisei priorizar os estudos. Mas, mantive momentos pontuais com fam\u00edlia e amigos, buscando equil\u00edbrio sem perder o foco nos meus objetivos.<\/p>\n\n\n\n<p><strong>Estrat\u00e9gia:<\/strong> <strong>Sua fam\u00edlia e amigos entenderam e apoiaram sua caminhada como concurseiro? De que forma?&nbsp;<\/strong><\/p>\n\n\n\n<p><strong>Ana Val\u00e9ria: <\/strong>Sim, minha fam\u00edlia e amigos compreenderam, e ainda compreendem, minha rotina de estudos, respeitaram minhas aus\u00eancias e sempre me incentivaram a continuar, especialmente nos momentos mais desafiadores.&nbsp;<\/p>\n\n\n\n<p><strong>Estrat\u00e9gia:<\/strong> <strong>Voc\u00ea estudou por quanto tempo direcionado ao \u00faltimo concurso? O que fez para manter a disciplina?<\/strong><\/p>\n\n\n\n<p><strong>Ana Val\u00e9ria: <\/strong>Estudei de forma direcionada por alguns meses para o \u00faltimo concurso, com foco total no edital e na banca. Organizei um cronograma com base na minha realidade e rotina, priorizei as disciplinas com maior peso e mantive revis\u00f5es constantes.<\/p>\n\n\n\n<p>Para manter a disciplina, estabeleci metas semanais, acompanhei meu desempenho por quest\u00f5es e procurei manter const\u00e2ncia, mesmo nos dias mais dif\u00edceis.<\/p>\n\n\n\n<p><strong>Estrat\u00e9gia:<\/strong> <strong>Quais materiais e ferramentas voc\u00ea usou em sua prepara\u00e7\u00e3o?<\/strong><\/p>\n\n\n\n<p><strong>Ana Val\u00e9ria: <\/strong>Utilizei principalmente os materiais do Estrat\u00e9gia Concursos, com foco em PDFs, videoaulas e quest\u00f5es comentadas. Os PDFs foram essenciais pela profundidade te\u00f3rica e organiza\u00e7\u00e3o do conte\u00fado, permitindo revis\u00f5es estrat\u00e9gicas e marca\u00e7\u00f5es. J\u00e1 as videoaulas me ajudaram especialmente nos pontos mais complexos e na reta final.<\/p>\n\n\n\n<p>Como vantagem, destaco a objetividade, atualiza\u00e7\u00e3o conforme o edital e grande quantidade de quest\u00f5es comentadas. Como ponto desafiador, o volume de conte\u00fado exige planejamento para n\u00e3o acumular mat\u00e9rias, sendo fundamental ter organiza\u00e7\u00e3o e estrat\u00e9gia de revis\u00e3o.<\/p>\n\n\n\n<p><strong>Estrat\u00e9gia: Como conheceu o Estrat\u00e9gia Concursos?&nbsp;<\/strong><\/p>\n\n\n\n<p><strong>Ana Val\u00e9ria: <\/strong>Conheci o Estrat\u00e9gia Concursos por meio de pesquisas na internet e indica\u00e7\u00f5es de outros concurseiros.<\/p>\n\n\n\n<p><strong>Estrat\u00e9gia: Adquiriu o curso regular da sua \u00e1rea ou o curso espec\u00edfico para seu concurso? Como foi seu contato com nossos professores?<\/strong><\/p>\n\n\n\n<p><strong>Ana Val\u00e9ria: <\/strong>Optei pela Assinatura Vital\u00edcia por meio de uma promo\u00e7\u00e3o e adquiri o curso espec\u00edfico para o meu concurso, e precisava de um direcionamento mais objetivo.<\/p>\n\n\n\n<p>Meu contato com os professores foi por meio das aulas e dos materiais disponibilizados na plataforma. Sempre percebi clareza nas explica\u00e7\u00f5es, organiza\u00e7\u00e3o no conte\u00fado e foco no que realmente era mais cobrado pela banca, o que fez diferen\u00e7a na minha prepara\u00e7\u00e3o.<\/p>\n\n\n\n<p><strong>Estrat\u00e9gia:<\/strong> <strong>Antes de conhecer o Estrat\u00e9gia, voc\u00ea chegou a usar materiais de outros cursos? Se sim, o que mais incomodava quando voc\u00ea estudava por esse concorrente?<\/strong><\/p>\n\n\n\n<p><strong>Ana Val\u00e9ria: <\/strong>Sim, cheguei a utilizar materiais de outros cursos antes de conhecer o Estrat\u00e9gia. O que mais me incomodava era a superficialidade do conte\u00fado e a falta de aprofundamento espec\u00edfico para a \u00e1rea de Servi\u00e7o Social.<\/p>\n\n\n\n<p>Al\u00e9m disso, sentia falta de uma maior quantidade de quest\u00f5es comentadas e de um material mais organizado e estrat\u00e9gico, que realmente direcionasse para o perfil da banca.<\/p>\n\n\n\n<p><strong>Estrat\u00e9gia:<\/strong> <strong>Voc\u00ea chegou a fazer algum concurso enquanto ainda se preparava com esse outro material? Foi aprovado?<\/strong>&nbsp;<\/p>\n\n\n\n<p><strong>Ana Val\u00e9ria: <\/strong>Sim, cheguei a realizar concursos enquanto ainda estudava com outro material. No entanto, n\u00e3o obtive aprova\u00e7\u00e3o nesse per\u00edodo.<\/p>\n\n\n\n<p>Acredito que isso fez parte do meu processo de amadurecimento como concurseira, porque me ajudou a identificar falhas na minha prepara\u00e7\u00e3o e a buscar um material mais completo e estrat\u00e9gico.<\/p>\n\n\n\n<p><strong>Estrat\u00e9gia:<\/strong> <strong>Depois que voc\u00ea se tornou aluno do Estrat\u00e9gia, voc\u00ea sentiu uma diferen\u00e7a relevante na sua prepara\u00e7\u00e3o? Que diferencial encontrou nos materiais do Estrat\u00e9gia?&nbsp;<\/strong><\/p>\n\n\n\n<p><strong>Ana Val\u00e9ria: <\/strong>Sim, senti uma diferen\u00e7a relevante na minha prepara\u00e7\u00e3o ap\u00f3s me tornar aluna do Estrat\u00e9gia. Porque passei a estudar com mais direcionamento, seguran\u00e7a e profundidade.<\/p>\n\n\n\n<p>O grande diferencial que encontrei foi a qualidade e organiza\u00e7\u00e3o dos PDFs, a quantidade de quest\u00f5es comentadas e o foco estrat\u00e9gico no perfil da banca. Isso tornou meu estudo mais objetivo e eficiente, refletindo diretamente nos meus resultados.<\/p>\n\n\n\n<p><strong>Estrat\u00e9gia:<\/strong> <strong>Como montou seu plano de estudos?<\/strong><\/p>\n\n\n\n<p><strong>Ana Val\u00e9ria: <\/strong>Montei meu plano de estudos com base no edital, distribuindo as disciplinas ao longo da semana. Estudava v\u00e1rias mat\u00e9rias ao mesmo tempo, geralmente 2 por dia, para manter o conte\u00fado sempre em contato e evitar sobrecarga em uma \u00fanica disciplina.<\/p>\n\n\n\n<p>Minha m\u00e9dia era de 3 a 3.5 horas l\u00edquidas por dia, aumentando esse tempo nos finais de semana. Sempre inclu\u00eda revis\u00f5es e resolu\u00e7\u00e3o de quest\u00f5es no planejamento.<\/p>\n\n\n\n<p><strong>Estrat\u00e9gia: Como fazia suas revis\u00f5es?<\/strong><\/p>\n\n\n\n<p><strong>Ana Val\u00e9ria: <\/strong>Minhas revis\u00f5es eram baseadas principalmente na resolu\u00e7\u00e3o de quest\u00f5es, na releitura dos resumos e de marca\u00e7\u00f5es nos PDFs disponibilizados na plataforma. Isso evitava eu fazer muitos resumos para n\u00e3o perder tempo excessivo na produ\u00e7\u00e3o de material.<\/p>\n\n\n\n<p><strong>Estrat\u00e9gia:<\/strong> <strong>Qual a import\u00e2ncia da resolu\u00e7\u00e3o de exerc\u00edcios? Lembra quantas quest\u00f5es fez na sua trajet\u00f3ria?<\/strong><\/p>\n\n\n\n<p><strong>Ana Val\u00e9ria: <\/strong>A resolu\u00e7\u00e3o de exerc\u00edcios foi fundamental na minha prepara\u00e7\u00e3o. Foi por meio das quest\u00f5es que consegui entender o perfil da banca, identificar meus pontos fracos e consolidar o conte\u00fado estudado. Eu resolvi muitas quest\u00f5es; n\u00e3o sei precisar um n\u00famero exato, mas foram muitas.<\/p>\n\n\n\n<p><strong>Estrat\u00e9gia:<\/strong> <strong>Quais as disciplinas voc\u00ea tinha mais dificuldade? Como fez para superar?<\/strong><\/p>\n\n\n\n<p><strong>Ana Val\u00e9ria: <\/strong>Tive mais dificuldade nas disciplinas com foco em legisla\u00e7\u00e3o.<\/p>\n\n\n\n<p>Para superar, intensifiquei a leitura da lei seca, resolvi quest\u00f5es e mantive revis\u00f5es constantes.<\/p>\n\n\n\n<p><strong>Estrat\u00e9gia:<\/strong> <strong>Como foi sua rotina de estudos na semana que antecedeu a prova e no dia pr\u00e9-prova?<\/strong><\/p>\n\n\n\n<p><strong>Ana Val\u00e9ria: <\/strong>Na semana da prova, foquei em revis\u00f5es e na resolu\u00e7\u00e3o de quest\u00f5es, sem iniciar conte\u00fados novos. No dia anterior, participei da Revis\u00e3o de V\u00e9spera promovida pelo Estrat\u00e9gia e priorizei o descanso.<\/p>\n\n\n\n<p><strong>Estrat\u00e9gia:<\/strong> <strong>No seu concurso, al\u00e9m da prova objetiva, teve a discursiva. Como foi sua prepara\u00e7\u00e3o para esta importante parte do certame? O que voc\u00ea aconselha?<\/strong><\/p>\n\n\n\n<p><strong>Ana Val\u00e9ria: <\/strong>Sim, houve prova discursiva no formato de estudo de caso. Minha prepara\u00e7\u00e3o foi focada na resolu\u00e7\u00e3o de casos anteriores da banca e de bancas similares, com treino de estrutura, fundamenta\u00e7\u00e3o legal e articula\u00e7\u00e3o entre teoria e pr\u00e1tica, al\u00e9m do controle do tempo. Aconselho treinar estudos de caso, responder de forma objetiva e bem organizada, sempre fundamentando na legisla\u00e7\u00e3o e evitando respostas gen\u00e9ricas.<\/p>\n\n\n\n<p><strong>Estrat\u00e9gia:<\/strong> <strong>Quais foram seus principais ERROS e ACERTOS nesta trajet\u00f3ria?<\/strong><\/p>\n\n\n\n<p><strong>Ana Val\u00e9ria: <\/strong>Entre meus principais erros, destaco n\u00e3o ter utilizado, desde o in\u00edcio da prepara\u00e7\u00e3o para concursos, um material realmente estrat\u00e9gico e bem direcionado e, em alguns momentos, querer estudar em excesso sem um planejamento bem definido.<\/p>\n\n\n\n<p>Como acertos, ressalto a const\u00e2ncia, a disciplina, a resolu\u00e7\u00e3o de quest\u00f5es, as revis\u00f5es, a decis\u00e3o de investir em um material completo e direcionado e a persist\u00eancia em n\u00e3o desistir do meu objetivo.<\/p>\n\n\n\n<p><strong>Estrat\u00e9gia:<\/strong> <strong>Chegou a pensar, por algum momento, em desistir? Se sim, qual foi sua principal motiva\u00e7\u00e3o para seguir?<\/strong><\/p>\n\n\n\n<p><strong>Ana Val\u00e9ria: <\/strong>Sim, em alguns momentos pensei em desistir, principalmente pelo cansa\u00e7o. Mas o desejo de conquistar estabilidade e melhorar minha qualidade de vida me motivou a continuar e n\u00e3o abrir m\u00e3o do meu objetivo.<\/p>\n\n\n\n<p><strong>Estrat\u00e9gia:<\/strong> <strong>Por fim, o que voc\u00ea aconselharia a algu\u00e9m que est\u00e1 iniciando seus estudos para concurso? Deixe sua mensagem para todos aqueles que um dia almejam chegar aonde voc\u00ea chegou!<\/strong><\/p>\n\n\n\n<p><strong>Ana Val\u00e9ria: <\/strong>Meu conselho \u00e9 que tenham clareza do seu objetivo e entendam que a aprova\u00e7\u00e3o \u00e9 um processo. N\u00e3o se comparem e n\u00e3o desistam diante das dificuldades. Tenham f\u00e9, coragem e persist\u00eancia diante das in\u00fameras dificuldades que surgir\u00e3o ao longo da caminhada.&nbsp;<\/p>\n\n\n\n<p>A const\u00e2ncia, mesmo com poucas horas por dia, faz mais diferen\u00e7a do que estudar muito por pouco tempo. Invistam em um bom material, resolvam muitas quest\u00f5es, fa\u00e7am revis\u00f5es e mantenham disciplina.&nbsp;<\/p>\n\n\n\n<p>A trajet\u00f3ria n\u00e3o \u00e9 f\u00e1cil, mas \u00e9 poss\u00edvel. Eu consegui, ent\u00e3o qualquer pessoa que estude com estrat\u00e9gia, determina\u00e7\u00e3o e prop\u00f3sito tamb\u00e9m pode alcan\u00e7ar sua aprova\u00e7\u00e3o.<\/p>\n","protected":false},"excerpt":{"rendered":"<p>&#8220;[&#8230;] A trajet\u00f3ria n\u00e3o \u00e9 f\u00e1cil, mas \u00e9 poss\u00edvel. Eu consegui, ent\u00e3o qualquer pessoa que estude com estrat\u00e9gia, determina\u00e7\u00e3o e prop\u00f3sito tamb\u00e9m pode alcan\u00e7ar sua aprova\u00e7\u00e3o.&#8221; Confira nossa entrevista com Ana Val\u00e9ria Cardoso, aprovada em 1\u00ba lugar no TJ-SP para o cargo de Assistente Social &#8211; Campinas\/SP: Estrat\u00e9gia Concursos: Conte-nos um pouco sobre voc\u00ea, para [&hellip;]<\/p>\n","protected":false},"featured_media":0,"template":"","class_list":["post-1726369","depoimento","type-depoimento","status-publish","hentry"],"acf":[],"yoast_head":"<!-- This site is optimized with the Yoast SEO Premium plugin v27.2 (Yoast SEO v27.2) - https:\/\/yoast.com\/product\/yoast-seo-premium-wordpress\/ -->\n<title>Aprovada em 1\u00ba lugar no TJ-SP: Ana Val\u00e9ria Cardoso<\/title>\n<meta name=\"description\" content=\"Confira nossa entrevista com Ana Val\u00e9ria Cardoso, aprovada em 1\u00ba lugar no TJ-SP para o cargo de Assistente Social - Campinas\/SP:\" \/>\n<meta name=\"robots\" content=\"index, follow, max-snippet:-1, max-image-preview:large, max-video-preview:-1\" \/>\n<link rel=\"canonical\" href=\"https:\/\/www.estrategiaconcursos.com.br\/blog\/depoimento\/aprovada-em-1o-lugar-no-tj-sp-ana-valeria-cardoso\/\" \/>\n<meta property=\"og:locale\" content=\"pt_BR\" \/>\n<meta property=\"og:type\" content=\"article\" \/>\n<meta property=\"og:title\" content=\"Aprovada em 1\u00ba lugar no TJ-SP: Ana Val\u00e9ria Cardoso\" \/>\n<meta property=\"og:description\" content=\"Confira nossa entrevista com Ana Val\u00e9ria Cardoso, aprovada em 1\u00ba lugar no TJ-SP para o cargo de Assistente Social - Campinas\/SP:\" \/>\n<meta property=\"og:url\" content=\"https:\/\/www.estrategiaconcursos.com.br\/blog\/depoimento\/aprovada-em-1o-lugar-no-tj-sp-ana-valeria-cardoso\/\" \/>\n<meta property=\"og:site_name\" content=\"Estrat\u00e9gia Concursos\" \/>\n<meta property=\"article:modified_time\" content=\"2026-03-10T17:18:20+00:00\" \/>\n<meta property=\"og:image\" content=\"https:\/\/www.estrategiaconcursos.com.br\/blog\/wp-content\/uploads\/2026\/03\/foto-ana-valeria-cardoso-271x300.jpeg\" \/>\n<meta name=\"twitter:card\" content=\"summary_large_image\" \/>\n<meta name=\"twitter:site\" content=\"@EstratConcursos\" \/>\n<meta name=\"twitter:label1\" content=\"Est. tempo de leitura\" \/>\n\t<meta name=\"twitter:data1\" content=\"9 minutos\" \/>\n<script type=\"application\/ld+json\" class=\"yoast-schema-graph\">{\"@context\":\"https:\/\/schema.org\",\"@graph\":[{\"@type\":\"WebPage\",\"@id\":\"https:\/\/www.estrategiaconcursos.com.br\/blog\/depoimento\/aprovada-em-1o-lugar-no-tj-sp-ana-valeria-cardoso\/\",\"url\":\"https:\/\/www.estrategiaconcursos.com.br\/blog\/depoimento\/aprovada-em-1o-lugar-no-tj-sp-ana-valeria-cardoso\/\",\"name\":\"Aprovada em 1\u00ba lugar no TJ-SP: Ana Val\u00e9ria Cardoso\",\"isPartOf\":{\"@id\":\"https:\/\/www.estrategiaconcursos.com.br\/blog\/#website\"},\"primaryImageOfPage\":{\"@id\":\"https:\/\/www.estrategiaconcursos.com.br\/blog\/depoimento\/aprovada-em-1o-lugar-no-tj-sp-ana-valeria-cardoso\/#primaryimage\"},\"image\":{\"@id\":\"https:\/\/www.estrategiaconcursos.com.br\/blog\/depoimento\/aprovada-em-1o-lugar-no-tj-sp-ana-valeria-cardoso\/#primaryimage\"},\"thumbnailUrl\":\"https:\/\/www.estrategiaconcursos.com.br\/blog\/wp-content\/uploads\/2026\/03\/foto-ana-valeria-cardoso-271x300.jpeg\",\"datePublished\":\"2026-03-10T17:18:17+00:00\",\"dateModified\":\"2026-03-10T17:18:20+00:00\",\"description\":\"Confira nossa entrevista com Ana Val\u00e9ria Cardoso, aprovada em 1\u00ba lugar no TJ-SP para o cargo de Assistente Social - Campinas\/SP:\",\"breadcrumb\":{\"@id\":\"https:\/\/www.estrategiaconcursos.com.br\/blog\/depoimento\/aprovada-em-1o-lugar-no-tj-sp-ana-valeria-cardoso\/#breadcrumb\"},\"inLanguage\":\"pt-BR\",\"potentialAction\":[{\"@type\":\"ReadAction\",\"target\":[\"https:\/\/www.estrategiaconcursos.com.br\/blog\/depoimento\/aprovada-em-1o-lugar-no-tj-sp-ana-valeria-cardoso\/\"]}]},{\"@type\":\"ImageObject\",\"inLanguage\":\"pt-BR\",\"@id\":\"https:\/\/www.estrategiaconcursos.com.br\/blog\/depoimento\/aprovada-em-1o-lugar-no-tj-sp-ana-valeria-cardoso\/#primaryimage\",\"url\":\"https:\/\/www.estrategiaconcursos.com.br\/blog\/wp-content\/uploads\/2026\/03\/foto-ana-valeria-cardoso-271x300.jpeg\",\"contentUrl\":\"https:\/\/www.estrategiaconcursos.com.br\/blog\/wp-content\/uploads\/2026\/03\/foto-ana-valeria-cardoso-271x300.jpeg\"},{\"@type\":\"BreadcrumbList\",\"@id\":\"https:\/\/www.estrategiaconcursos.com.br\/blog\/depoimento\/aprovada-em-1o-lugar-no-tj-sp-ana-valeria-cardoso\/#breadcrumb\",\"itemListElement\":[{\"@type\":\"ListItem\",\"position\":1,\"name\":\"In\u00edcio\",\"item\":\"https:\/\/www.estrategiaconcursos.com.br\/blog\/\"},{\"@type\":\"ListItem\",\"position\":2,\"name\":\"Aprovada em 1\u00ba lugar no TJ-SP: Ana Val\u00e9ria Cardoso\"}]},{\"@type\":\"WebSite\",\"@id\":\"https:\/\/www.estrategiaconcursos.com.br\/blog\/#website\",\"url\":\"https:\/\/www.estrategiaconcursos.com.br\/blog\/\",\"name\":\"Estrat\u00e9gia Concursos\",\"description\":\"O blog da Estrat\u00e9gia Concursos traz not\u00edcias sobre concursos e artigos de professores oferecendo cursos para concursos (pdf + videaulas) no site.\",\"publisher\":{\"@id\":\"https:\/\/www.estrategiaconcursos.com.br\/blog\/#organization\"},\"potentialAction\":[{\"@type\":\"SearchAction\",\"target\":{\"@type\":\"EntryPoint\",\"urlTemplate\":\"https:\/\/www.estrategiaconcursos.com.br\/blog\/?s={search_term_string}\"},\"query-input\":{\"@type\":\"PropertyValueSpecification\",\"valueRequired\":true,\"valueName\":\"search_term_string\"}}],\"inLanguage\":\"pt-BR\"},{\"@type\":\"Organization\",\"@id\":\"https:\/\/www.estrategiaconcursos.com.br\/blog\/#organization\",\"name\":\"Estrat\u00e9gia Concursos\",\"url\":\"https:\/\/www.estrategiaconcursos.com.br\/blog\/\",\"logo\":{\"@type\":\"ImageObject\",\"inLanguage\":\"pt-BR\",\"@id\":\"https:\/\/www.estrategiaconcursos.com.br\/blog\/#\/schema\/logo\/image\/\",\"url\":\"https:\/\/dhg1h5j42swfq.cloudfront.net\/2025\/06\/03203428\/logo_concursos-1.jpg\",\"contentUrl\":\"https:\/\/dhg1h5j42swfq.cloudfront.net\/2025\/06\/03203428\/logo_concursos-1.jpg\",\"width\":230,\"height\":60,\"caption\":\"Estrat\u00e9gia Concursos\"},\"image\":{\"@id\":\"https:\/\/www.estrategiaconcursos.com.br\/blog\/#\/schema\/logo\/image\/\"},\"sameAs\":[\"https:\/\/x.com\/EstratConcursos\"]}]}<\/script>\n<!-- \/ Yoast SEO Premium plugin. -->","yoast_head_json":{"title":"Aprovada em 1\u00ba lugar no TJ-SP: Ana Val\u00e9ria Cardoso","description":"Confira nossa entrevista com Ana Val\u00e9ria Cardoso, aprovada em 1\u00ba lugar no TJ-SP para o cargo de Assistente Social - Campinas\/SP:","robots":{"index":"index","follow":"follow","max-snippet":"max-snippet:-1","max-image-preview":"max-image-preview:large","max-video-preview":"max-video-preview:-1"},"canonical":"https:\/\/www.estrategiaconcursos.com.br\/blog\/depoimento\/aprovada-em-1o-lugar-no-tj-sp-ana-valeria-cardoso\/","og_locale":"pt_BR","og_type":"article","og_title":"Aprovada em 1\u00ba lugar no TJ-SP: Ana Val\u00e9ria Cardoso","og_description":"Confira nossa entrevista com Ana Val\u00e9ria Cardoso, aprovada em 1\u00ba lugar no TJ-SP para o cargo de Assistente Social - Campinas\/SP:","og_url":"https:\/\/www.estrategiaconcursos.com.br\/blog\/depoimento\/aprovada-em-1o-lugar-no-tj-sp-ana-valeria-cardoso\/","og_site_name":"Estrat\u00e9gia Concursos","article_modified_time":"2026-03-10T17:18:20+00:00","og_image":[{"url":"https:\/\/www.estrategiaconcursos.com.br\/blog\/wp-content\/uploads\/2026\/03\/foto-ana-valeria-cardoso-271x300.jpeg","type":"","width":"","height":""}],"twitter_card":"summary_large_image","twitter_site":"@EstratConcursos","twitter_misc":{"Est. tempo de leitura":"9 minutos"},"schema":{"@context":"https:\/\/schema.org","@graph":[{"@type":"WebPage","@id":"https:\/\/www.estrategiaconcursos.com.br\/blog\/depoimento\/aprovada-em-1o-lugar-no-tj-sp-ana-valeria-cardoso\/","url":"https:\/\/www.estrategiaconcursos.com.br\/blog\/depoimento\/aprovada-em-1o-lugar-no-tj-sp-ana-valeria-cardoso\/","name":"Aprovada em 1\u00ba lugar no TJ-SP: Ana Val\u00e9ria Cardoso","isPartOf":{"@id":"https:\/\/www.estrategiaconcursos.com.br\/blog\/#website"},"primaryImageOfPage":{"@id":"https:\/\/www.estrategiaconcursos.com.br\/blog\/depoimento\/aprovada-em-1o-lugar-no-tj-sp-ana-valeria-cardoso\/#primaryimage"},"image":{"@id":"https:\/\/www.estrategiaconcursos.com.br\/blog\/depoimento\/aprovada-em-1o-lugar-no-tj-sp-ana-valeria-cardoso\/#primaryimage"},"thumbnailUrl":"https:\/\/www.estrategiaconcursos.com.br\/blog\/wp-content\/uploads\/2026\/03\/foto-ana-valeria-cardoso-271x300.jpeg","datePublished":"2026-03-10T17:18:17+00:00","dateModified":"2026-03-10T17:18:20+00:00","description":"Confira nossa entrevista com Ana Val\u00e9ria Cardoso, aprovada em 1\u00ba lugar no TJ-SP para o cargo de Assistente Social - Campinas\/SP:","breadcrumb":{"@id":"https:\/\/www.estrategiaconcursos.com.br\/blog\/depoimento\/aprovada-em-1o-lugar-no-tj-sp-ana-valeria-cardoso\/#breadcrumb"},"inLanguage":"pt-BR","potentialAction":[{"@type":"ReadAction","target":["https:\/\/www.estrategiaconcursos.com.br\/blog\/depoimento\/aprovada-em-1o-lugar-no-tj-sp-ana-valeria-cardoso\/"]}]},{"@type":"ImageObject","inLanguage":"pt-BR","@id":"https:\/\/www.estrategiaconcursos.com.br\/blog\/depoimento\/aprovada-em-1o-lugar-no-tj-sp-ana-valeria-cardoso\/#primaryimage","url":"https:\/\/www.estrategiaconcursos.com.br\/blog\/wp-content\/uploads\/2026\/03\/foto-ana-valeria-cardoso-271x300.jpeg","contentUrl":"https:\/\/www.estrategiaconcursos.com.br\/blog\/wp-content\/uploads\/2026\/03\/foto-ana-valeria-cardoso-271x300.jpeg"},{"@type":"BreadcrumbList","@id":"https:\/\/www.estrategiaconcursos.com.br\/blog\/depoimento\/aprovada-em-1o-lugar-no-tj-sp-ana-valeria-cardoso\/#breadcrumb","itemListElement":[{"@type":"ListItem","position":1,"name":"In\u00edcio","item":"https:\/\/www.estrategiaconcursos.com.br\/blog\/"},{"@type":"ListItem","position":2,"name":"Aprovada em 1\u00ba lugar no TJ-SP: Ana Val\u00e9ria Cardoso"}]},{"@type":"WebSite","@id":"https:\/\/www.estrategiaconcursos.com.br\/blog\/#website","url":"https:\/\/www.estrategiaconcursos.com.br\/blog\/","name":"Estrat\u00e9gia Concursos","description":"O blog da Estrat\u00e9gia Concursos traz not\u00edcias sobre concursos e artigos de professores oferecendo cursos para concursos (pdf + videaulas) no site.","publisher":{"@id":"https:\/\/www.estrategiaconcursos.com.br\/blog\/#organization"},"potentialAction":[{"@type":"SearchAction","target":{"@type":"EntryPoint","urlTemplate":"https:\/\/www.estrategiaconcursos.com.br\/blog\/?s={search_term_string}"},"query-input":{"@type":"PropertyValueSpecification","valueRequired":true,"valueName":"search_term_string"}}],"inLanguage":"pt-BR"},{"@type":"Organization","@id":"https:\/\/www.estrategiaconcursos.com.br\/blog\/#organization","name":"Estrat\u00e9gia Concursos","url":"https:\/\/www.estrategiaconcursos.com.br\/blog\/","logo":{"@type":"ImageObject","inLanguage":"pt-BR","@id":"https:\/\/www.estrategiaconcursos.com.br\/blog\/#\/schema\/logo\/image\/","url":"https:\/\/dhg1h5j42swfq.cloudfront.net\/2025\/06\/03203428\/logo_concursos-1.jpg","contentUrl":"https:\/\/dhg1h5j42swfq.cloudfront.net\/2025\/06\/03203428\/logo_concursos-1.jpg","width":230,"height":60,"caption":"Estrat\u00e9gia Concursos"},"image":{"@id":"https:\/\/www.estrategiaconcursos.com.br\/blog\/#\/schema\/logo\/image\/"},"sameAs":["https:\/\/x.com\/EstratConcursos"]}]}},"_links":{"self":[{"href":"https:\/\/www.estrategiaconcursos.com.br\/blog\/wp-json\/wp\/v2\/depoimento\/1726369","targetHints":{"allow":["GET"]}}],"collection":[{"href":"https:\/\/www.estrategiaconcursos.com.br\/blog\/wp-json\/wp\/v2\/depoimento"}],"about":[{"href":"https:\/\/www.estrategiaconcursos.com.br\/blog\/wp-json\/wp\/v2\/types\/depoimento"}],"version-history":[{"count":4,"href":"https:\/\/www.estrategiaconcursos.com.br\/blog\/wp-json\/wp\/v2\/depoimento\/1726369\/revisions"}],"predecessor-version":[{"id":1729150,"href":"https:\/\/www.estrategiaconcursos.com.br\/blog\/wp-json\/wp\/v2\/depoimento\/1726369\/revisions\/1729150"}],"wp:attachment":[{"href":"https:\/\/www.estrategiaconcursos.com.br\/blog\/wp-json\/wp\/v2\/media?parent=1726369"}],"curies":[{"name":"wp","href":"https:\/\/api.w.org\/{rel}","templated":true}]}}