{"id":1714388,"date":"2026-03-16T15:26:50","date_gmt":"2026-03-16T18:26:50","guid":{"rendered":"https:\/\/www.estrategiaconcursos.com.br\/blog\/?post_type=depoimento&#038;p=1714388"},"modified":"2026-03-16T15:26:51","modified_gmt":"2026-03-16T18:26:51","slug":"aprovada-em-1-lugar-no-concurso-seduc-rs-michelle-machado","status":"publish","type":"depoimento","link":"https:\/\/www.estrategiaconcursos.com.br\/blog\/depoimento\/aprovada-em-1-lugar-no-concurso-seduc-rs-michelle-machado\/","title":{"rendered":"Aprovada em 1\u00b0 lugar no concurso SEDUC RS: Michelle Machado"},"content":{"rendered":"\n<p class=\"has-text-align-center\"><strong>&#8220;O conselho que posso dar \u00e9 que n\u00e3o hesitem em escolher o Estrat\u00e9gia como o curso para auxili\u00e1-los na prepara\u00e7\u00e3o para o concurso, organizem um cronograma de estudos di\u00e1rio [&#8230;]&#8221;<\/strong><\/p>\n\n\n\n<p>Confira nossa entrevista com Michelle Castanho Machado, aprovada em 1\u00b0 lugar no concurso SEDUC RS para o cargo de Professor de Educa\u00e7\u00e3o F\u00edsica:<\/p>\n\n\n\n<p><strong>Estrat\u00e9gia Concursos: Conte-nos um pouco sobre voc\u00ea, para que nossos leitores possam conhec\u00ea-la. Qual a sua forma\u00e7\u00e3o, idade e cidade natal?<\/strong><\/p>\n\n\n\n<p><strong>Michelle Castanho Machado: <\/strong>Tenho 36 anos, sou natural de Santana do Livramento &#8211; RS.<\/p>\n\n\n\n<p>Sou formada em licenciatura em Educa\u00e7\u00e3o F\u00edsica (2014) e tamb\u00e9m sou bacharela em Administra\u00e7\u00e3o (2013). Em 2021 obtive o t\u00edtulo de Mestra em Administra\u00e7\u00e3o, e para al\u00e9m desse possuo algumas especializa\u00e7\u00f5es: Gest\u00e3o Educacional (2015); Supervis\u00e3o Escolar (2022); Orienta\u00e7\u00e3o Educacional (2023); Nutri\u00e7\u00e3o Cl\u00ednica e Esportiva (2024); e Educa\u00e7\u00e3o F\u00edsica Escolar (2024).&nbsp;<\/p>\n\n\n\n<p><strong>Estrat\u00e9gia: O que te levou a tomar a decis\u00e3o de come\u00e7ar a estudar para concursos?<\/strong><\/p>\n\n\n\n<p><strong>Michelle: <\/strong>Sem d\u00favida, a busca por estabilidade que o servi\u00e7o p\u00fablico oferece. J\u00e1 sou nomeada 20h semanais como professora de educa\u00e7\u00e3o f\u00edsica pela Prefeitura Municipal de Santana do Livramento-RS, por\u00e9m, no outro turno sempre dependia de convoca\u00e7\u00f5es ou contratos tempor\u00e1rios, que n\u00e3o representam nenhuma garantia.<\/p>\n\n\n\n<p><strong>Estrat\u00e9gia: Voc\u00ea trabalhava e estudava? Se sim, como conciliava?&nbsp;<\/strong><\/p>\n\n\n\n<p><strong>Michelle: <\/strong>Sim, trabalhava durante o dia e estudava \u00e0 noite e aos finais de semana.<\/p>\n\n\n\n<p><strong>Estrat\u00e9gia: Em quais concursos j\u00e1 foi aprovada? Em qual cargo e em que coloca\u00e7\u00e3o? Pretende continuar estudando?<\/strong><\/p>\n\n\n\n<p><strong>Michelle: <\/strong>No concurso da SEDUC-RS 2025, fiquei em 1\u00ba lugar para o cargo de professora de educa\u00e7\u00e3o f\u00edsica com \u00f3timo resultado na prova objetiva (59\/60), ocupando o 1\u00ba lugar na classifica\u00e7\u00e3o geral da prova objetiva dentre todas as \u00e1reas (41.000 inscritos) empatada com mais 6 candidatos de outras \u00e1reas, para esse concurso ainda aguardamos os resultados da prova de t\u00edtulos.\u00a0<\/p>\n\n\n\n<p>No concurso em que atuo como professora de educa\u00e7\u00e3o f\u00edsica fui nomeada em 2022 com o 6\u00ba lugar na classifica\u00e7\u00e3o para o cargo.&nbsp;<\/p>\n\n\n\n<p>Em 2017 fui nomeada para o cargo de Arte Educadora \u2013 Dan\u00e7a pela Prefeitura Municipal de Gaspar-SC aprovada em 1\u00ba lugar para o cargo.\u00a0<\/p>\n\n\n\n<p>Fui aprovada e chamada no concurso da SEDUC-RS 2014, para o cargo de Agente Educacional II \u2013 Administra\u00e7\u00e3o Escolar, na classifica\u00e7\u00e3o 75\u00aa, por\u00e9m, abri m\u00e3o da nomea\u00e7\u00e3o; e fui aprovada e chamada no concurso SEDUC-RS 2013 para o cargo de professora de Anos Iniciais com classifica\u00e7\u00e3o 3.855 no geral tamb\u00e9m abrindo m\u00e3o da nomea\u00e7\u00e3o.<\/p>\n\n\n\n<p>Pretendo continuar estudando com certeza, pois nos primeiros concursos fiz sem nenhum preparo, e percebo a evolu\u00e7\u00e3o nos resultados ap\u00f3s a prepara\u00e7\u00e3o com o Estrat\u00e9gia.<\/p>\n\n\n\n<p><strong>Estrat\u00e9gia: Como era sua vida social durante a prepara\u00e7\u00e3o para concursos? Voc\u00ea sa\u00eda com amigos e fam\u00edlia?<\/strong><\/p>\n\n\n\n<p><strong>Michelle: <\/strong>Como citei, nos primeiros concursos que realizei, n\u00e3o estudava especificamente para a prova, n\u00e3o me preparava, e, portanto, n\u00e3o ficava bem classificada. Para este \u00faltimo concurso da SEDUC-RS me preparei, abri m\u00e3o de algumas atividades de lazer para dedicar o pouco tempo que tinha dispon\u00edvel integralmente para o estudo.<\/p>\n\n\n\n<p><strong>Estrat\u00e9gia: Sua fam\u00edlia e amigos entenderam e apoiaram sua caminhada como concurseira? De que forma?&nbsp;<\/strong><\/p>\n\n\n\n<p><strong>Michelle: <\/strong>N\u00e3o muito, as pessoas cobram presen\u00e7a, n\u00e3o compreendem que h\u00e1 necessidade de concentra\u00e7\u00e3o e que para isso \u00e9 preciso ausentar-se em muitas atividades sociais, portanto, tive de ser firme no prop\u00f3sito.<\/p>\n\n\n\n<p><strong>Estrat\u00e9gia: Voc\u00ea estudou por quanto tempo direcionado ao \u00faltimo concurso? O que fez para manter a disciplina?<\/strong><\/p>\n\n\n\n<p><strong>Michelle: <\/strong>Estudei por cerca de seis meses as disciplinas b\u00e1sicas, por\u00e9m, nos \u00faltimos 3 meses anteriores \u00e0 prova, ap\u00f3s a publica\u00e7\u00e3o do edital intensifiquei a rotina de estudos com os conte\u00fados espec\u00edficos do edital. Para manter a disciplina foi necess\u00e1rio muito foco e determina\u00e7\u00e3o, abri m\u00e3o de todas as demais atividades que n\u00e3o o trabalho.<\/p>\n\n\n\n<p><strong>Estrat\u00e9gia: Quais materiais e ferramentas voc\u00ea usou em sua prepara\u00e7\u00e3o?&nbsp;<\/strong><\/p>\n\n\n\n<p><strong>Michelle: <\/strong>Utilizei exclusivamente as videoaulas do Estrat\u00e9gia, seguindo as dicas da Trilha Estrat\u00e9gia sobre os conte\u00fados mais relevantes.<\/p>\n\n\n\n<p><strong>Estrat\u00e9gia: Como conheceu o Estrat\u00e9gia Concursos?&nbsp;<\/strong><\/p>\n\n\n\n<p><strong>Michelle: <\/strong>Via com frequ\u00eancia os an\u00fancios do Estrat\u00e9gia no YouTube e Instagram, ent\u00e3o, meu esposo resolveu investir em meus estudos me dando de presente uma assinatura do Estrat\u00e9gia.<\/p>\n\n\n\n<p><strong>Estrat\u00e9gia: Depois que voc\u00ea se tornou aluno do Estrat\u00e9gia, voc\u00ea sentiu uma diferen\u00e7a relevante na sua prepara\u00e7\u00e3o? Que diferencial encontrou nos materiais do Estrat\u00e9gia?&nbsp;<\/strong><\/p>\n\n\n\n<p><strong>Michelle: <\/strong>O Estrat\u00e9gia Concursos fez toda a diferen\u00e7a na minha vida, pois pela primeira vez tive um estudo direcionado, com material de excelente qualidade e muito completo. Al\u00e9m da qualidade do material, os professores tamb\u00e9m s\u00e3o qualificados e com experi\u00eancia que garantem aulas bem objetivas com foco no que realmente \u00e9 necess\u00e1rio para a prova. O rendimento foi not\u00f3rio com o resultado do concurso.<\/p>\n\n\n\n<p><strong>Estrat\u00e9gia: Como montou seu plano de estudos?&nbsp;<\/strong><\/p>\n\n\n\n<p><strong>Michelle: <\/strong>Estudava 4 mat\u00e9rias ao mesmo tempo: Portugu\u00eas; Conhecimentos Pedag\u00f3gicos; Conhecimentos Espec\u00edficos e Legisla\u00e7\u00e3o.&nbsp;<\/p>\n\n\n\n<p>Estudava pelo menos 3h l\u00edquidas por dia de segunda a sexta-feira e em torno de 6h s\u00e1bados e domingos.<\/p>\n\n\n\n<p>Organizei o plano de estudos conforme o n\u00famero de quest\u00f5es de cada mat\u00e9ria.<\/p>\n\n\n\n<p><strong>Estrat\u00e9gia: Como fazia suas revis\u00f5es?&nbsp;<\/strong><\/p>\n\n\n\n<p><strong>Michelle: <\/strong>N\u00e3o tive tempo h\u00e1bil para revis\u00f5es com resumos ou simulados antes da prova porque estava determinada a vencer todo o conte\u00fado, mas fiz algumas quest\u00f5es disponibilizadas pelos professores nos materiais que foi a forma de revisar a mat\u00e9ria.<\/p>\n\n\n\n<p><strong>Estrat\u00e9gia: Qual a import\u00e2ncia da resolu\u00e7\u00e3o de exerc\u00edcios? Lembra quantas quest\u00f5es fez na sua trajet\u00f3ria?<\/strong><\/p>\n\n\n\n<p><strong>Michelle: <\/strong>Considero importante a resolu\u00e7\u00e3o de quest\u00f5es para fixa\u00e7\u00e3o do conte\u00fado e para termos uma ideia daquilo que n\u00e3o ficou bem apreendido e necessita de revis\u00e3o. Estimo que devo ter feito ao menos 100 quest\u00f5es de cada mat\u00e9ria.<\/p>\n\n\n\n<p><strong>Estrat\u00e9gia: Quais as disciplinas voc\u00ea tinha mais dificuldade? Como fez para superar?<\/strong><\/p>\n\n\n\n<p><strong>Michelle: <\/strong>Tive mais dificuldade nos conhecimentos pedag\u00f3gicos, pois s\u00e3o muitas teorias e autores na \u00e1rea da educa\u00e7\u00e3o. A melhor maneira foi focar em palavras-chaves que os professores indicaram durante as aulas.<\/p>\n\n\n\n<p><strong>Estrat\u00e9gia: Como foi sua rotina de estudos na semana que antecedeu a prova e no dia pr\u00e9-prova?<\/strong><\/p>\n\n\n\n<p><strong>Michelle: <\/strong>Na semana da prova segui focada em concluir o conte\u00fado que faltava e acompanhei toda a Revis\u00e3o de V\u00e9spera do Estrat\u00e9gia no dia anterior \u00e0 prova, e isso me deu muita seguran\u00e7a na hora da prova, pois retomei os principais temas.<\/p>\n\n\n\n<p><strong>Estrat\u00e9gia: No seu concurso, al\u00e9m da prova objetiva, teve a discursiva. Como foi sua prepara\u00e7\u00e3o para esta importante parte do certame? O que voc\u00ea aconselha?<\/strong><\/p>\n\n\n\n<p><strong>Michelle: <\/strong>Segui as dicas dos professores do Estrat\u00e9gia para as provas discursivas, especialmente quanto \u00e0 estrutura da disserta\u00e7\u00e3o argumentativa. O que aconselho, al\u00e9m dessas dicas de escrita \u00e9 acessar not\u00edcias atuais sobre a \u00e1rea, aquilo que \u00e9 mais comentado no momento, para munir-se de argumentos para a reda\u00e7\u00e3o.<\/p>\n\n\n\n<p><strong>Estrat\u00e9gia: Quais foram seus principais ERROS e ACERTOS nesta trajet\u00f3ria?<\/strong><\/p>\n\n\n\n<p><strong>Michelle: <\/strong>Penso que os principais acertos foram em primeiro lugar ter escolhido o Estrat\u00e9gia como o curso de minha prepara\u00e7\u00e3o, e tamb\u00e9m ter abdicado de atividades extras ao trabalho para ter tempo dedicado aos estudos. Quanto aos erros, deveria ter iniciado antes minha prepara\u00e7\u00e3o para ter tempo suficiente para fazer simulados, revis\u00f5es e praticar a escrita de reda\u00e7\u00e3o.<\/p>\n\n\n\n<p><strong>Estrat\u00e9gia: Chegou a pensar, por algum momento, em desistir? Se sim, qual foi sua principal motiva\u00e7\u00e3o para seguir?<\/strong><\/p>\n\n\n\n<p><strong>Michelle: <\/strong>N\u00e3o pensei em desistir, mas por vezes me senti bastante cansada e com dificuldade em manter a concentra\u00e7\u00e3o nas aulas. A motiva\u00e7\u00e3o para persistir era focar no objetivo final que era a aprova\u00e7\u00e3o, mirar na data da prova.<\/p>\n\n\n\n<p><strong>Estrat\u00e9gia: Por fim, o que voc\u00ea aconselharia a algu\u00e9m que est\u00e1 iniciando seus estudos para concurso? Deixe sua mensagem para todos aqueles que um dia almejam chegar aonde voc\u00ea chegou!<\/strong><\/p>\n\n\n\n<p><strong>Michelle: <\/strong>O conselho que posso dar \u00e9 que n\u00e3o hesitem em escolher o Estrat\u00e9gia como o curso para auxili\u00e1-los na prepara\u00e7\u00e3o para o concurso, organizem um cronograma de estudos di\u00e1rio em um \u201c<em>planner<\/em>\u201d ou em aplicativo, com o tempo espec\u00edfico di\u00e1rio para cada mat\u00e9ria, al\u00e9m disso, mantenha o foco na aprova\u00e7\u00e3o. Uma das frases ditas por um professor que me marcou muito foi: \u201cAprova\u00e7\u00e3o em concurso \u00e9 como uma fila, a sua vez vai chegar, basta n\u00e3o sair da fila\u201d.<\/p>\n","protected":false},"excerpt":{"rendered":"<p>&#8220;O conselho que posso dar \u00e9 que n\u00e3o hesitem em escolher o Estrat\u00e9gia como o curso para auxili\u00e1-los na prepara\u00e7\u00e3o para o concurso, organizem um cronograma de estudos di\u00e1rio [&#8230;]&#8221; Confira nossa entrevista com Michelle Castanho Machado, aprovada em 1\u00b0 lugar no concurso SEDUC RS para o cargo de Professor de Educa\u00e7\u00e3o F\u00edsica: Estrat\u00e9gia Concursos: [&hellip;]<\/p>\n","protected":false},"featured_media":0,"template":"","class_list":["post-1714388","depoimento","type-depoimento","status-publish","hentry"],"acf":[],"yoast_head":"<!-- This site is optimized with the Yoast SEO Premium plugin v27.2 (Yoast SEO v27.2) - https:\/\/yoast.com\/product\/yoast-seo-premium-wordpress\/ -->\n<title>Aprovada em 1\u00b0 lugar no concurso SEDUC RS: Michelle Machado<\/title>\n<meta name=\"description\" content=\"Confira nossa entrevista com Michelle Machado, aprovada em 1\u00b0 lugar no concurso SEDUC RS para o cargo de Professor de Educa\u00e7\u00e3o F\u00edsica\" \/>\n<meta name=\"robots\" content=\"index, follow, max-snippet:-1, max-image-preview:large, max-video-preview:-1\" \/>\n<link rel=\"canonical\" href=\"https:\/\/www.estrategiaconcursos.com.br\/blog\/depoimento\/aprovada-em-1-lugar-no-concurso-seduc-rs-michelle-machado\/\" \/>\n<meta property=\"og:locale\" content=\"pt_BR\" \/>\n<meta property=\"og:type\" content=\"article\" \/>\n<meta property=\"og:title\" content=\"Aprovada em 1\u00b0 lugar no concurso SEDUC RS: Michelle Machado\" \/>\n<meta property=\"og:description\" content=\"Confira nossa entrevista com Michelle Machado, aprovada em 1\u00b0 lugar no concurso SEDUC RS para o cargo de Professor de Educa\u00e7\u00e3o F\u00edsica\" \/>\n<meta property=\"og:url\" content=\"https:\/\/www.estrategiaconcursos.com.br\/blog\/depoimento\/aprovada-em-1-lugar-no-concurso-seduc-rs-michelle-machado\/\" \/>\n<meta property=\"og:site_name\" content=\"Estrat\u00e9gia Concursos\" \/>\n<meta property=\"article:modified_time\" content=\"2026-03-16T18:26:51+00:00\" \/>\n<meta name=\"twitter:card\" content=\"summary_large_image\" \/>\n<meta name=\"twitter:site\" content=\"@EstratConcursos\" \/>\n<meta name=\"twitter:label1\" content=\"Est. tempo de leitura\" \/>\n\t<meta name=\"twitter:data1\" content=\"7 minutos\" \/>\n<script type=\"application\/ld+json\" class=\"yoast-schema-graph\">{\"@context\":\"https:\/\/schema.org\",\"@graph\":[{\"@type\":\"WebPage\",\"@id\":\"https:\/\/www.estrategiaconcursos.com.br\/blog\/depoimento\/aprovada-em-1-lugar-no-concurso-seduc-rs-michelle-machado\/\",\"url\":\"https:\/\/www.estrategiaconcursos.com.br\/blog\/depoimento\/aprovada-em-1-lugar-no-concurso-seduc-rs-michelle-machado\/\",\"name\":\"Aprovada em 1\u00b0 lugar no concurso SEDUC RS: Michelle Machado\",\"isPartOf\":{\"@id\":\"https:\/\/www.estrategiaconcursos.com.br\/blog\/#website\"},\"datePublished\":\"2026-03-16T18:26:50+00:00\",\"dateModified\":\"2026-03-16T18:26:51+00:00\",\"description\":\"Confira nossa entrevista com Michelle Machado, aprovada em 1\u00b0 lugar no concurso SEDUC RS para o cargo de Professor de Educa\u00e7\u00e3o F\u00edsica\",\"breadcrumb\":{\"@id\":\"https:\/\/www.estrategiaconcursos.com.br\/blog\/depoimento\/aprovada-em-1-lugar-no-concurso-seduc-rs-michelle-machado\/#breadcrumb\"},\"inLanguage\":\"pt-BR\",\"potentialAction\":[{\"@type\":\"ReadAction\",\"target\":[\"https:\/\/www.estrategiaconcursos.com.br\/blog\/depoimento\/aprovada-em-1-lugar-no-concurso-seduc-rs-michelle-machado\/\"]}]},{\"@type\":\"BreadcrumbList\",\"@id\":\"https:\/\/www.estrategiaconcursos.com.br\/blog\/depoimento\/aprovada-em-1-lugar-no-concurso-seduc-rs-michelle-machado\/#breadcrumb\",\"itemListElement\":[{\"@type\":\"ListItem\",\"position\":1,\"name\":\"In\u00edcio\",\"item\":\"https:\/\/www.estrategiaconcursos.com.br\/blog\/\"},{\"@type\":\"ListItem\",\"position\":2,\"name\":\"Aprovada em 1\u00b0 lugar no concurso SEDUC RS: Michelle Machado\"}]},{\"@type\":\"WebSite\",\"@id\":\"https:\/\/www.estrategiaconcursos.com.br\/blog\/#website\",\"url\":\"https:\/\/www.estrategiaconcursos.com.br\/blog\/\",\"name\":\"Estrat\u00e9gia Concursos\",\"description\":\"O blog da Estrat\u00e9gia Concursos traz not\u00edcias sobre concursos e artigos de professores oferecendo cursos para concursos (pdf + videaulas) no site.\",\"publisher\":{\"@id\":\"https:\/\/www.estrategiaconcursos.com.br\/blog\/#organization\"},\"potentialAction\":[{\"@type\":\"SearchAction\",\"target\":{\"@type\":\"EntryPoint\",\"urlTemplate\":\"https:\/\/www.estrategiaconcursos.com.br\/blog\/?s={search_term_string}\"},\"query-input\":{\"@type\":\"PropertyValueSpecification\",\"valueRequired\":true,\"valueName\":\"search_term_string\"}}],\"inLanguage\":\"pt-BR\"},{\"@type\":\"Organization\",\"@id\":\"https:\/\/www.estrategiaconcursos.com.br\/blog\/#organization\",\"name\":\"Estrat\u00e9gia Concursos\",\"url\":\"https:\/\/www.estrategiaconcursos.com.br\/blog\/\",\"logo\":{\"@type\":\"ImageObject\",\"inLanguage\":\"pt-BR\",\"@id\":\"https:\/\/www.estrategiaconcursos.com.br\/blog\/#\/schema\/logo\/image\/\",\"url\":\"https:\/\/dhg1h5j42swfq.cloudfront.net\/2025\/06\/03203428\/logo_concursos-1.jpg\",\"contentUrl\":\"https:\/\/dhg1h5j42swfq.cloudfront.net\/2025\/06\/03203428\/logo_concursos-1.jpg\",\"width\":230,\"height\":60,\"caption\":\"Estrat\u00e9gia Concursos\"},\"image\":{\"@id\":\"https:\/\/www.estrategiaconcursos.com.br\/blog\/#\/schema\/logo\/image\/\"},\"sameAs\":[\"https:\/\/x.com\/EstratConcursos\"]}]}<\/script>\n<!-- \/ Yoast SEO Premium plugin. -->","yoast_head_json":{"title":"Aprovada em 1\u00b0 lugar no concurso SEDUC RS: Michelle Machado","description":"Confira nossa entrevista com Michelle Machado, aprovada em 1\u00b0 lugar no concurso SEDUC RS para o cargo de Professor de Educa\u00e7\u00e3o F\u00edsica","robots":{"index":"index","follow":"follow","max-snippet":"max-snippet:-1","max-image-preview":"max-image-preview:large","max-video-preview":"max-video-preview:-1"},"canonical":"https:\/\/www.estrategiaconcursos.com.br\/blog\/depoimento\/aprovada-em-1-lugar-no-concurso-seduc-rs-michelle-machado\/","og_locale":"pt_BR","og_type":"article","og_title":"Aprovada em 1\u00b0 lugar no concurso SEDUC RS: Michelle Machado","og_description":"Confira nossa entrevista com Michelle Machado, aprovada em 1\u00b0 lugar no concurso SEDUC RS para o cargo de Professor de Educa\u00e7\u00e3o F\u00edsica","og_url":"https:\/\/www.estrategiaconcursos.com.br\/blog\/depoimento\/aprovada-em-1-lugar-no-concurso-seduc-rs-michelle-machado\/","og_site_name":"Estrat\u00e9gia Concursos","article_modified_time":"2026-03-16T18:26:51+00:00","twitter_card":"summary_large_image","twitter_site":"@EstratConcursos","twitter_misc":{"Est. tempo de leitura":"7 minutos"},"schema":{"@context":"https:\/\/schema.org","@graph":[{"@type":"WebPage","@id":"https:\/\/www.estrategiaconcursos.com.br\/blog\/depoimento\/aprovada-em-1-lugar-no-concurso-seduc-rs-michelle-machado\/","url":"https:\/\/www.estrategiaconcursos.com.br\/blog\/depoimento\/aprovada-em-1-lugar-no-concurso-seduc-rs-michelle-machado\/","name":"Aprovada em 1\u00b0 lugar no concurso SEDUC RS: Michelle Machado","isPartOf":{"@id":"https:\/\/www.estrategiaconcursos.com.br\/blog\/#website"},"datePublished":"2026-03-16T18:26:50+00:00","dateModified":"2026-03-16T18:26:51+00:00","description":"Confira nossa entrevista com Michelle Machado, aprovada em 1\u00b0 lugar no concurso SEDUC RS para o cargo de Professor de Educa\u00e7\u00e3o F\u00edsica","breadcrumb":{"@id":"https:\/\/www.estrategiaconcursos.com.br\/blog\/depoimento\/aprovada-em-1-lugar-no-concurso-seduc-rs-michelle-machado\/#breadcrumb"},"inLanguage":"pt-BR","potentialAction":[{"@type":"ReadAction","target":["https:\/\/www.estrategiaconcursos.com.br\/blog\/depoimento\/aprovada-em-1-lugar-no-concurso-seduc-rs-michelle-machado\/"]}]},{"@type":"BreadcrumbList","@id":"https:\/\/www.estrategiaconcursos.com.br\/blog\/depoimento\/aprovada-em-1-lugar-no-concurso-seduc-rs-michelle-machado\/#breadcrumb","itemListElement":[{"@type":"ListItem","position":1,"name":"In\u00edcio","item":"https:\/\/www.estrategiaconcursos.com.br\/blog\/"},{"@type":"ListItem","position":2,"name":"Aprovada em 1\u00b0 lugar no concurso SEDUC RS: Michelle Machado"}]},{"@type":"WebSite","@id":"https:\/\/www.estrategiaconcursos.com.br\/blog\/#website","url":"https:\/\/www.estrategiaconcursos.com.br\/blog\/","name":"Estrat\u00e9gia Concursos","description":"O blog da Estrat\u00e9gia Concursos traz not\u00edcias sobre concursos e artigos de professores oferecendo cursos para concursos (pdf + videaulas) no site.","publisher":{"@id":"https:\/\/www.estrategiaconcursos.com.br\/blog\/#organization"},"potentialAction":[{"@type":"SearchAction","target":{"@type":"EntryPoint","urlTemplate":"https:\/\/www.estrategiaconcursos.com.br\/blog\/?s={search_term_string}"},"query-input":{"@type":"PropertyValueSpecification","valueRequired":true,"valueName":"search_term_string"}}],"inLanguage":"pt-BR"},{"@type":"Organization","@id":"https:\/\/www.estrategiaconcursos.com.br\/blog\/#organization","name":"Estrat\u00e9gia Concursos","url":"https:\/\/www.estrategiaconcursos.com.br\/blog\/","logo":{"@type":"ImageObject","inLanguage":"pt-BR","@id":"https:\/\/www.estrategiaconcursos.com.br\/blog\/#\/schema\/logo\/image\/","url":"https:\/\/dhg1h5j42swfq.cloudfront.net\/2025\/06\/03203428\/logo_concursos-1.jpg","contentUrl":"https:\/\/dhg1h5j42swfq.cloudfront.net\/2025\/06\/03203428\/logo_concursos-1.jpg","width":230,"height":60,"caption":"Estrat\u00e9gia Concursos"},"image":{"@id":"https:\/\/www.estrategiaconcursos.com.br\/blog\/#\/schema\/logo\/image\/"},"sameAs":["https:\/\/x.com\/EstratConcursos"]}]}},"_links":{"self":[{"href":"https:\/\/www.estrategiaconcursos.com.br\/blog\/wp-json\/wp\/v2\/depoimento\/1714388","targetHints":{"allow":["GET"]}}],"collection":[{"href":"https:\/\/www.estrategiaconcursos.com.br\/blog\/wp-json\/wp\/v2\/depoimento"}],"about":[{"href":"https:\/\/www.estrategiaconcursos.com.br\/blog\/wp-json\/wp\/v2\/types\/depoimento"}],"version-history":[{"count":4,"href":"https:\/\/www.estrategiaconcursos.com.br\/blog\/wp-json\/wp\/v2\/depoimento\/1714388\/revisions"}],"predecessor-version":[{"id":1735187,"href":"https:\/\/www.estrategiaconcursos.com.br\/blog\/wp-json\/wp\/v2\/depoimento\/1714388\/revisions\/1735187"}],"wp:attachment":[{"href":"https:\/\/www.estrategiaconcursos.com.br\/blog\/wp-json\/wp\/v2\/media?parent=1714388"}],"curies":[{"name":"wp","href":"https:\/\/api.w.org\/{rel}","templated":true}]}}