{"id":1690400,"date":"2026-04-29T08:07:38","date_gmt":"2026-04-29T11:07:38","guid":{"rendered":"https:\/\/www.estrategiaconcursos.com.br\/blog\/?post_type=depoimento&#038;p=1690400"},"modified":"2026-04-29T08:07:39","modified_gmt":"2026-04-29T11:07:39","slug":"aprovada-em-1o-lugar-no-trt-2-renata-de-lima","status":"publish","type":"depoimento","link":"https:\/\/www.estrategiaconcursos.com.br\/blog\/depoimento\/aprovada-em-1o-lugar-no-trt-2-renata-de-lima\/","title":{"rendered":"Aprovada em 1\u00ba lugar no TRT-2: Renata de Lima"},"content":{"rendered":"\n<p class=\"has-text-align-center\"><strong>&#8221;&nbsp;Depois de Deus, ponha a sua prepara\u00e7\u00e3o como o principal foco da sua vida. Respire. Viva os estudos. Fortale\u00e7a a sua base. Voc\u00ea ser\u00e1 visto como louco e, a partir da\u00ed, saber\u00e1 que est\u00e1 no caminho certo.&#8221;<\/strong><\/p>\n\n\n\n<p>Confira nossa entrevista com Renata de Lima, aprovada em 1\u00ba lugar no TRT-2 para o cargo de T\u00e9cnico Judici\u00e1rio &#8211; \u00c1rea Administrativa:<\/p>\n\n\n\n<p><strong>Estrat\u00e9gia Concursos: Conte-nos um pouco sobre voc\u00ea, para que nossos leitores possam conhec\u00ea-la. Qual a sua idade, forma\u00e7\u00e3o e cidade natal?&nbsp;<\/strong><\/p>\n\n\n\n<p><strong>Renata de Lima: <\/strong>Tenho 21 anos, graduada em Gest\u00e3o em servi\u00e7os jur\u00eddicos e notariais, natural do Rio de Janeiro.<\/p>\n\n\n\n<p><strong>Estrat\u00e9gia: Conte o in\u00edcio da sua trajet\u00f3ria, o que te levou a iniciar os estudos para concursos?<\/strong><\/p>\n\n\n\n<p><strong>Renata: <\/strong>Incentivo familiar e inspira\u00e7\u00e3o em hist\u00f3rias de pessoas pr\u00f3ximas de mim.<\/p>\n\n\n\n<p><strong>Estrat\u00e9gia: Como voc\u00ea conheceu o Estrat\u00e9gia Concursos e porque tomou a decis\u00e3o de se tornar nosso aluno?<\/strong><\/p>\n\n\n\n<p><strong>Renata: <\/strong>Conheci primeiramente o Estrat\u00e9gia Militares, na \u00e9poca em que estudava para as For\u00e7as Armadas. Ap\u00f3s mudar minha trajet\u00f3ria para os tribunais, j\u00e1 estava mais do que certo para mim que iria continuar com o mesmo cursinho, s\u00f3 que, dessa vez, Estrat\u00e9gia Concursos.<\/p>\n\n\n\n<p><strong>Estrat\u00e9gia: Como era sua rotina e plano de estudos?<\/strong><\/p>\n\n\n\n<p><strong>Renata: <\/strong>Eu adotei o sistema de estudo por ciclo de mat\u00e9rias. N\u00e3o havia uma quantidade definida, apenas estabeleci que cumpriria uma jornada de 8 horas l\u00edquidas di\u00e1rias.<\/p>\n\n\n\n<p><strong>Estrat\u00e9gia: Voc\u00ea trabalhava e estudava?<\/strong><\/p>\n\n\n\n<p><strong>Renata: <\/strong>N\u00e3o trabalhava.&nbsp;<\/p>\n\n\n\n<p><strong>Estrat\u00e9gia: Quais ferramentas do Estrat\u00e9gia voc\u00ea mais utilizou em sua prepara\u00e7\u00e3o e quais eram os diferenciais de cada?<\/strong><\/p>\n\n\n\n<p><strong>Renata: <\/strong>Usei, sobretudo, os PDFs. Gosto da riqueza de detalhes, que te prepara para qualquer n\u00edvel de prova, proporcionando uma educa\u00e7\u00e3o desde a base. Al\u00e9m disso, assistia a videoaulas em \u2013 literalmente \u2013 qualquer hor\u00e1rio livre que tivesse, fora da jornada normal de estudos. Amo a did\u00e1tica dos professores, \u00e9 uma riqueza para pessoas com mem\u00f3ria auditiva.&nbsp;<\/p>\n\n\n\n<p><strong>Estrat\u00e9gia: Voc\u00ea estudou por quanto tempo direcionado ao \u00faltimo concurso?<\/strong><\/p>\n\n\n\n<p><strong>Renata: <\/strong>Um total de oito meses, quando decidi focar em TRTs, sendo que prestei, primeiramente, o TRT1. N\u00e3o usei nenhum m\u00e9todo espec\u00edfico para manter a disciplina, creio que chega um momento na vida do concurseiro no qual ele consegue, por si mesmo, manter a const\u00e2ncia sem grandes est\u00edmulos. \u00c9 fazer o que precisa ser feito a cada dia.&nbsp;<\/p>\n\n\n\n<p><strong>Estrat\u00e9gia: Quais as disciplinas voc\u00ea tinha mais dificuldade? Como fez para superar?<\/strong><\/p>\n\n\n\n<p><strong>Renata: <\/strong>Para o meu edital base de TRTs, foi, sem d\u00favidas, inform\u00e1tica.&nbsp;<\/p>\n\n\n\n<p>Cheguei a ver o curso completo, no entanto, por ser um conte\u00fado extenso e por n\u00e3o ter afinidade, para mim custava lograr um bom percentual de acertos.&nbsp;<\/p>\n\n\n\n<p>Da forma mais ben\u00e9fica que pude driblar, optei por resolver in\u00fameras quest\u00f5es da banca, at\u00e9 que entendesse seu padr\u00e3o de cobran\u00e7a. Isso, somando o fato de n\u00e3o ser uma disciplina de peso em minha prova, de certa forma, contribuiu para que n\u00e3o afetasse meu desempenho como um todo.\u00a0<\/p>\n\n\n\n<p><strong>Estrat\u00e9gia: Qual sua estrat\u00e9gia de reta final?<\/strong><\/p>\n\n\n\n<p><strong>Renata: <\/strong>A reta final sempre me deixou cansada. Optava por fazer mais quest\u00f5es, deixando o estudo mais din\u00e2mico, e assistir a aul\u00f5es de reta final.<\/p>\n\n\n\n<p><strong>Estrat\u00e9gia: No seu concurso, al\u00e9m da prova objetiva, teve a discursiva. Como foi a sua rotina de estudos para esta importante fase do certame?&nbsp;<\/strong><\/p>\n\n\n\n<p><strong>Renata: <\/strong>Eu resolvia, no m\u00ednimo, duas reda\u00e7\u00f5es por semana durante a reta final.&nbsp;<\/p>\n\n\n\n<p>Gostava de ter um bloco de notas com todo o repert\u00f3rio que havia acumulado e que possu\u00eda facilidade em aplicar nas discursivas.&nbsp;<\/p>\n\n\n\n<p>Dividia por autor, ou ent\u00e3o por assunto, nicho, o que mais fosse conveniente para organizar no caso concreto.&nbsp;<\/p>\n\n\n\n<p>Ver modelos de reda\u00e7\u00e3o prontos da banca, para ter uma no\u00e7\u00e3o de como escrever, \u00e9 uma boa atitude, em especial se for iniciante no universo de concursos com discursiva.&nbsp;<\/p>\n\n\n\n<p><strong>Estrat\u00e9gia: Voc\u00ea \u00e9 casada? Tem filhos? De que forma sua fam\u00edlia e amigos entenderam e apoiaram sua caminhada?<\/strong><\/p>\n\n\n\n<p><strong>Renata: <\/strong>Sou solteira e n\u00e3o tenho filhos. Sempre tive apoio da minha fam\u00edlia (no sentido amplo), ainda mais por j\u00e1 haver concurseiros e concursados dentro dela. Eles sempre me davam incentivo, sem cobran\u00e7as &#8211; eu que me cobrava, e muito rs \u2013 e confiavam em meu potencial. Perdi amigos em minha trajet\u00f3ria, mas os que ficaram \u00e9 porque, sem d\u00favidas, compreendiam e torciam para que eu alcan\u00e7asse meu sonho.<\/p>\n\n\n\n<p><strong>Estrat\u00e9gia: Qual a sensa\u00e7\u00e3o de ter sido convidado para o Baile dos Primeiros do Estrat\u00e9gia Concursos?&nbsp;<\/strong><\/p>\n\n\n\n<p><strong>Renata: <\/strong>Foi como receber a grande confirma\u00e7\u00e3o de que todo meu empenho, noites mal dormidas e incont\u00e1veis sacrif\u00edcios valeram cada segundo da minha vida. \u00c9, literalmente, poder vislumbrar um recorte de meu potencial para alcan\u00e7ar o que nunca sequer imaginei que um dia conseguiria.<\/p>\n\n\n\n<p><strong>Estrat\u00e9gia: Durante sua prepara\u00e7\u00e3o, ouviu falar sobre o Baile dos Primeiros? Imaginou que um dia estaria nesta confraterniza\u00e7\u00e3o?<\/strong><\/p>\n\n\n\n<p><strong>Renata: <\/strong>Ou\u00e7o falar do Baile desde a \u00e9poca em que era do pr\u00e9-militar. Confesso que nunca me imaginei participando de alguma edi\u00e7\u00e3o dessa grande parabeniza\u00e7\u00e3o aos primeiros colocados dos mais disputados concursos.<\/p>\n\n\n\n<p><strong>Estrat\u00e9gia: Quais foram seus principais ERROS e ACERTOS nesta trajet\u00f3ria?<\/strong><\/p>\n\n\n\n<p><strong>Renata: <\/strong>Meu principal erro foi procrastinar a dor de iniciar a fase de resolu\u00e7\u00e3o de quest\u00f5es. <\/p>\n\n\n\n<p>Meu principal acerto foi ser proativa em tudo o que envolvesse a prepara\u00e7\u00e3o para os concursos. Participei de grupos, desenvolvi meu pr\u00f3prio plano e testei o que melhor se adaptava a mim e \u00e0s minhas necessidades.\u00a0<\/p>\n\n\n\n<p><strong>Estrat\u00e9gia: Chegou a pensar, por algum momento, em desistir? O que voc\u00ea diria para a sua vers\u00e3o de 5 anos atr\u00e1s?<\/strong><\/p>\n\n\n\n<p><strong>Renata: <\/strong>Nunca pensei de fato em desistir, talvez por ser teimosa, talvez porque sabia que era a melhor sa\u00edda para mudar de vida na situa\u00e7\u00e3o em que estava. <\/p>\n\n\n\n<p>O que eu diria para a minha eu de 5 anos atr\u00e1s, que ainda estava presa aos problemas da adolesc\u00eancia, \u00e9: Voc\u00ea conseguiu superar tudo o que julgava imposs\u00edvel de vencer e que por pouco n\u00e3o te levou. Ainda n\u00e3o sei de muita coisa que acontecer\u00e1 a n\u00f3s nessa nova fase, por\u00e9m, do pouco que tenho presenciado nesse inesquec\u00edvel pref\u00e1cio, um verdadeiro recome\u00e7o te espera.\u00a0<\/p>\n\n\n\n<p><strong>Estrat\u00e9gia: Por fim, deixe sua mensagem para todos aqueles que est\u00e3o come\u00e7ando e almejam chegar aonde voc\u00ea chegou!<\/strong><\/p>\n\n\n\n<p><strong>Renata: <\/strong>Depois de Deus, ponha a sua prepara\u00e7\u00e3o como o principal foco da sua vida. Respire. Viva os estudos. Fortale\u00e7a a sua base. Voc\u00ea ser\u00e1 visto como louco e, a partir da\u00ed, saber\u00e1 que est\u00e1 no caminho certo.<\/p>\n","protected":false},"excerpt":{"rendered":"<p>&#8221;&nbsp;Depois de Deus, ponha a sua prepara\u00e7\u00e3o como o principal foco da sua vida. Respire. Viva os estudos. Fortale\u00e7a a sua base. Voc\u00ea ser\u00e1 visto como louco e, a partir da\u00ed, saber\u00e1 que est\u00e1 no caminho certo.&#8221; Confira nossa entrevista com Renata de Lima, aprovada em 1\u00ba lugar no TRT-2 para o cargo de T\u00e9cnico [&hellip;]<\/p>\n","protected":false},"featured_media":0,"template":"","class_list":["post-1690400","depoimento","type-depoimento","status-publish","hentry"],"acf":[],"yoast_head":"<!-- This site is optimized with the Yoast SEO Premium plugin v27.2 (Yoast SEO v27.2) - https:\/\/yoast.com\/product\/yoast-seo-premium-wordpress\/ -->\n<title>Aprovada em 1\u00ba lugar no TRT-2: Renata de Lima<\/title>\n<meta name=\"description\" content=\"Confira nossa entrevista com Renata de Lima, aprovada em 1\u00ba lugar no TRT-2 para o cargo de T\u00e9cnico Judici\u00e1rio - \u00c1rea Administrativa:\" \/>\n<meta name=\"robots\" content=\"index, follow, max-snippet:-1, max-image-preview:large, max-video-preview:-1\" \/>\n<link rel=\"canonical\" href=\"https:\/\/www.estrategiaconcursos.com.br\/blog\/depoimento\/aprovada-em-1o-lugar-no-trt-2-renata-de-lima\/\" \/>\n<meta property=\"og:locale\" content=\"pt_BR\" \/>\n<meta property=\"og:type\" content=\"article\" \/>\n<meta property=\"og:title\" content=\"Aprovada em 1\u00ba lugar no TRT-2: Renata de Lima\" \/>\n<meta property=\"og:description\" content=\"Confira nossa entrevista com Renata de Lima, aprovada em 1\u00ba lugar no TRT-2 para o cargo de T\u00e9cnico Judici\u00e1rio - \u00c1rea Administrativa:\" \/>\n<meta property=\"og:url\" content=\"https:\/\/www.estrategiaconcursos.com.br\/blog\/depoimento\/aprovada-em-1o-lugar-no-trt-2-renata-de-lima\/\" \/>\n<meta property=\"og:site_name\" content=\"Estrat\u00e9gia Concursos\" \/>\n<meta property=\"article:modified_time\" content=\"2026-04-29T11:07:39+00:00\" \/>\n<meta name=\"twitter:card\" content=\"summary_large_image\" \/>\n<meta name=\"twitter:site\" content=\"@EstratConcursos\" \/>\n<meta name=\"twitter:label1\" content=\"Est. tempo de leitura\" \/>\n\t<meta name=\"twitter:data1\" content=\"6 minutos\" \/>\n<script type=\"application\/ld+json\" class=\"yoast-schema-graph\">{\"@context\":\"https:\/\/schema.org\",\"@graph\":[{\"@type\":\"WebPage\",\"@id\":\"https:\/\/www.estrategiaconcursos.com.br\/blog\/depoimento\/aprovada-em-1o-lugar-no-trt-2-renata-de-lima\/\",\"url\":\"https:\/\/www.estrategiaconcursos.com.br\/blog\/depoimento\/aprovada-em-1o-lugar-no-trt-2-renata-de-lima\/\",\"name\":\"Aprovada em 1\u00ba lugar no TRT-2: Renata de Lima\",\"isPartOf\":{\"@id\":\"https:\/\/www.estrategiaconcursos.com.br\/blog\/#website\"},\"datePublished\":\"2026-04-29T11:07:38+00:00\",\"dateModified\":\"2026-04-29T11:07:39+00:00\",\"description\":\"Confira nossa entrevista com Renata de Lima, aprovada em 1\u00ba lugar no TRT-2 para o cargo de T\u00e9cnico Judici\u00e1rio - \u00c1rea Administrativa:\",\"breadcrumb\":{\"@id\":\"https:\/\/www.estrategiaconcursos.com.br\/blog\/depoimento\/aprovada-em-1o-lugar-no-trt-2-renata-de-lima\/#breadcrumb\"},\"inLanguage\":\"pt-BR\",\"potentialAction\":[{\"@type\":\"ReadAction\",\"target\":[\"https:\/\/www.estrategiaconcursos.com.br\/blog\/depoimento\/aprovada-em-1o-lugar-no-trt-2-renata-de-lima\/\"]}]},{\"@type\":\"BreadcrumbList\",\"@id\":\"https:\/\/www.estrategiaconcursos.com.br\/blog\/depoimento\/aprovada-em-1o-lugar-no-trt-2-renata-de-lima\/#breadcrumb\",\"itemListElement\":[{\"@type\":\"ListItem\",\"position\":1,\"name\":\"In\u00edcio\",\"item\":\"https:\/\/www.estrategiaconcursos.com.br\/blog\/\"},{\"@type\":\"ListItem\",\"position\":2,\"name\":\"Aprovada em 1\u00ba lugar no TRT-2: Renata de Lima\"}]},{\"@type\":\"WebSite\",\"@id\":\"https:\/\/www.estrategiaconcursos.com.br\/blog\/#website\",\"url\":\"https:\/\/www.estrategiaconcursos.com.br\/blog\/\",\"name\":\"Estrat\u00e9gia Concursos\",\"description\":\"O blog da Estrat\u00e9gia Concursos traz not\u00edcias sobre concursos e artigos de professores oferecendo cursos para concursos (pdf + videaulas) no site.\",\"publisher\":{\"@id\":\"https:\/\/www.estrategiaconcursos.com.br\/blog\/#organization\"},\"potentialAction\":[{\"@type\":\"SearchAction\",\"target\":{\"@type\":\"EntryPoint\",\"urlTemplate\":\"https:\/\/www.estrategiaconcursos.com.br\/blog\/?s={search_term_string}\"},\"query-input\":{\"@type\":\"PropertyValueSpecification\",\"valueRequired\":true,\"valueName\":\"search_term_string\"}}],\"inLanguage\":\"pt-BR\"},{\"@type\":\"Organization\",\"@id\":\"https:\/\/www.estrategiaconcursos.com.br\/blog\/#organization\",\"name\":\"Estrat\u00e9gia Concursos\",\"url\":\"https:\/\/www.estrategiaconcursos.com.br\/blog\/\",\"logo\":{\"@type\":\"ImageObject\",\"inLanguage\":\"pt-BR\",\"@id\":\"https:\/\/www.estrategiaconcursos.com.br\/blog\/#\/schema\/logo\/image\/\",\"url\":\"https:\/\/dhg1h5j42swfq.cloudfront.net\/2025\/06\/03203428\/logo_concursos-1.jpg\",\"contentUrl\":\"https:\/\/dhg1h5j42swfq.cloudfront.net\/2025\/06\/03203428\/logo_concursos-1.jpg\",\"width\":230,\"height\":60,\"caption\":\"Estrat\u00e9gia Concursos\"},\"image\":{\"@id\":\"https:\/\/www.estrategiaconcursos.com.br\/blog\/#\/schema\/logo\/image\/\"},\"sameAs\":[\"https:\/\/x.com\/EstratConcursos\"]}]}<\/script>\n<!-- \/ Yoast SEO Premium plugin. -->","yoast_head_json":{"title":"Aprovada em 1\u00ba lugar no TRT-2: Renata de Lima","description":"Confira nossa entrevista com Renata de Lima, aprovada em 1\u00ba lugar no TRT-2 para o cargo de T\u00e9cnico Judici\u00e1rio - \u00c1rea Administrativa:","robots":{"index":"index","follow":"follow","max-snippet":"max-snippet:-1","max-image-preview":"max-image-preview:large","max-video-preview":"max-video-preview:-1"},"canonical":"https:\/\/www.estrategiaconcursos.com.br\/blog\/depoimento\/aprovada-em-1o-lugar-no-trt-2-renata-de-lima\/","og_locale":"pt_BR","og_type":"article","og_title":"Aprovada em 1\u00ba lugar no TRT-2: Renata de Lima","og_description":"Confira nossa entrevista com Renata de Lima, aprovada em 1\u00ba lugar no TRT-2 para o cargo de T\u00e9cnico Judici\u00e1rio - \u00c1rea Administrativa:","og_url":"https:\/\/www.estrategiaconcursos.com.br\/blog\/depoimento\/aprovada-em-1o-lugar-no-trt-2-renata-de-lima\/","og_site_name":"Estrat\u00e9gia Concursos","article_modified_time":"2026-04-29T11:07:39+00:00","twitter_card":"summary_large_image","twitter_site":"@EstratConcursos","twitter_misc":{"Est. tempo de leitura":"6 minutos"},"schema":{"@context":"https:\/\/schema.org","@graph":[{"@type":"WebPage","@id":"https:\/\/www.estrategiaconcursos.com.br\/blog\/depoimento\/aprovada-em-1o-lugar-no-trt-2-renata-de-lima\/","url":"https:\/\/www.estrategiaconcursos.com.br\/blog\/depoimento\/aprovada-em-1o-lugar-no-trt-2-renata-de-lima\/","name":"Aprovada em 1\u00ba lugar no TRT-2: Renata de Lima","isPartOf":{"@id":"https:\/\/www.estrategiaconcursos.com.br\/blog\/#website"},"datePublished":"2026-04-29T11:07:38+00:00","dateModified":"2026-04-29T11:07:39+00:00","description":"Confira nossa entrevista com Renata de Lima, aprovada em 1\u00ba lugar no TRT-2 para o cargo de T\u00e9cnico Judici\u00e1rio - \u00c1rea Administrativa:","breadcrumb":{"@id":"https:\/\/www.estrategiaconcursos.com.br\/blog\/depoimento\/aprovada-em-1o-lugar-no-trt-2-renata-de-lima\/#breadcrumb"},"inLanguage":"pt-BR","potentialAction":[{"@type":"ReadAction","target":["https:\/\/www.estrategiaconcursos.com.br\/blog\/depoimento\/aprovada-em-1o-lugar-no-trt-2-renata-de-lima\/"]}]},{"@type":"BreadcrumbList","@id":"https:\/\/www.estrategiaconcursos.com.br\/blog\/depoimento\/aprovada-em-1o-lugar-no-trt-2-renata-de-lima\/#breadcrumb","itemListElement":[{"@type":"ListItem","position":1,"name":"In\u00edcio","item":"https:\/\/www.estrategiaconcursos.com.br\/blog\/"},{"@type":"ListItem","position":2,"name":"Aprovada em 1\u00ba lugar no TRT-2: Renata de Lima"}]},{"@type":"WebSite","@id":"https:\/\/www.estrategiaconcursos.com.br\/blog\/#website","url":"https:\/\/www.estrategiaconcursos.com.br\/blog\/","name":"Estrat\u00e9gia Concursos","description":"O blog da Estrat\u00e9gia Concursos traz not\u00edcias sobre concursos e artigos de professores oferecendo cursos para concursos (pdf + videaulas) no site.","publisher":{"@id":"https:\/\/www.estrategiaconcursos.com.br\/blog\/#organization"},"potentialAction":[{"@type":"SearchAction","target":{"@type":"EntryPoint","urlTemplate":"https:\/\/www.estrategiaconcursos.com.br\/blog\/?s={search_term_string}"},"query-input":{"@type":"PropertyValueSpecification","valueRequired":true,"valueName":"search_term_string"}}],"inLanguage":"pt-BR"},{"@type":"Organization","@id":"https:\/\/www.estrategiaconcursos.com.br\/blog\/#organization","name":"Estrat\u00e9gia Concursos","url":"https:\/\/www.estrategiaconcursos.com.br\/blog\/","logo":{"@type":"ImageObject","inLanguage":"pt-BR","@id":"https:\/\/www.estrategiaconcursos.com.br\/blog\/#\/schema\/logo\/image\/","url":"https:\/\/dhg1h5j42swfq.cloudfront.net\/2025\/06\/03203428\/logo_concursos-1.jpg","contentUrl":"https:\/\/dhg1h5j42swfq.cloudfront.net\/2025\/06\/03203428\/logo_concursos-1.jpg","width":230,"height":60,"caption":"Estrat\u00e9gia Concursos"},"image":{"@id":"https:\/\/www.estrategiaconcursos.com.br\/blog\/#\/schema\/logo\/image\/"},"sameAs":["https:\/\/x.com\/EstratConcursos"]}]}},"_links":{"self":[{"href":"https:\/\/www.estrategiaconcursos.com.br\/blog\/wp-json\/wp\/v2\/depoimento\/1690400","targetHints":{"allow":["GET"]}}],"collection":[{"href":"https:\/\/www.estrategiaconcursos.com.br\/blog\/wp-json\/wp\/v2\/depoimento"}],"about":[{"href":"https:\/\/www.estrategiaconcursos.com.br\/blog\/wp-json\/wp\/v2\/types\/depoimento"}],"version-history":[{"count":6,"href":"https:\/\/www.estrategiaconcursos.com.br\/blog\/wp-json\/wp\/v2\/depoimento\/1690400\/revisions"}],"predecessor-version":[{"id":1758590,"href":"https:\/\/www.estrategiaconcursos.com.br\/blog\/wp-json\/wp\/v2\/depoimento\/1690400\/revisions\/1758590"}],"wp:attachment":[{"href":"https:\/\/www.estrategiaconcursos.com.br\/blog\/wp-json\/wp\/v2\/media?parent=1690400"}],"curies":[{"name":"wp","href":"https:\/\/api.w.org\/{rel}","templated":true}]}}