{"id":1668301,"date":"2026-04-27T08:14:08","date_gmt":"2026-04-27T11:14:08","guid":{"rendered":"https:\/\/www.estrategiaconcursos.com.br\/blog\/?post_type=depoimento&#038;p=1668301"},"modified":"2026-04-27T08:14:09","modified_gmt":"2026-04-27T11:14:09","slug":"aprovado-em-1o-lugar-no-trt-2-luiz-fernando-prado","status":"publish","type":"depoimento","link":"https:\/\/www.estrategiaconcursos.com.br\/blog\/depoimento\/aprovado-em-1o-lugar-no-trt-2-luiz-fernando-prado\/","title":{"rendered":"Aprovado em 1\u00ba lugar no TRT 2: Luiz Fernando Prado"},"content":{"rendered":"\n<p class=\"has-text-align-center\"><strong>&#8220;[&#8230;] paci\u00eancia e persist\u00eancia. \u00c0s vezes ficar estagnado e encontrar dificuldades no caminho \u00e9 normal. Faz parte do processo de melhorar.&#8221;<\/strong><\/p>\n\n\n\n<p>Confira nossa entrevista com Luiz Fernando Prado, aprovado em 1\u00b0 lugar&nbsp;no concurso TRT 2&nbsp;para o cargo de&nbsp;Analista Judici\u00e1rio &#8211; \u00c1rea Apoio Especializado &#8211; Especialidade Tecnologia da Informa\u00e7\u00e3o:<\/p>\n\n\n\n<p><strong>Estrat\u00e9gia Concursos: Conte-nos um pouco sobre voc\u00ea, para que nossos leitores possam conhec\u00ea-lo. Qual a sua forma\u00e7\u00e3o, idade e cidade natal?<\/strong><\/p>\n\n\n\n<p><strong>Luiz Fernando Prado: <\/strong>Perfeito. Tenho 36 anos, nascido no interior de S\u00e3o Paulo, em General Salgado. Sou graduado em engenharia de computa\u00e7\u00e3o pela USP de S\u00e3o Carlos.<\/p>\n\n\n\n<p><strong>Estrat\u00e9gia: O que te levou a tomar a decis\u00e3o de come\u00e7ar a estudar para concursos?<\/strong><\/p>\n\n\n\n<p><strong>Luiz Fernando: <\/strong>Dentro da faculdade, sempre quis seguir a vida acad\u00eamica, mas \u00e9 um caminho um bocado longo para que se chegue a um concurso de boa remunera\u00e7\u00e3o. Tenho alguns servidores p\u00fablicos na fam\u00edlia e pensei: j\u00e1 que eu ia fazer concursos, que come\u00e7asse logo. Passei em alguns logo cedo e acabei abandonando a ideia de seguir na universidade.<\/p>\n\n\n\n<p><strong>Estrat\u00e9gia: Voc\u00ea trabalhava e estudava? Se sim, como conciliava?&nbsp;<\/strong><\/p>\n\n\n\n<p><strong>Luiz Fernando: <\/strong>Sim, sempre trabalhei e estudei. \u00c9 um caminho mais demorado, mas que fazia sentido para mim. Conciliar trabalho e estudo exige entender como voc\u00ea pode render melhor e domar a ansiedade pra conseguir sempre avan\u00e7ar sem atropelos. E ambos s\u00e3o esfor\u00e7os recorrentes, o que deu certo na semana passada pode n\u00e3o funcionar mais na seguinte.\u00a0<\/p>\n\n\n\n<p><strong>Estrat\u00e9gia: Em quais concursos j\u00e1 foi aprovado? Em qual cargo e em que coloca\u00e7\u00e3o? Pretende continuar estudando?<\/strong><\/p>\n\n\n\n<p><strong>Luiz Fernando: <\/strong>Quando iniciei meus estudos, fui aprovado no Banco do Brasil, mas acabei optando por trabalhar na minha \u00e1rea em outro concurso, da Faculdade de Medicina de S\u00e3o Jos\u00e9 do Rio Preto. Depois de alguns anos, fui aprovado para Oficial de Promotoria do MPSP e Escrevente do TJSP, meu local de trabalho atual. Passei uns anos fora dos concursos e agora retornei, conseguindo a aprova\u00e7\u00e3o para o TRT. <\/p>\n\n\n\n<p>Continuo estudando para concursos sim, pretendo ainda buscar algumas oportunidades na \u00e1rea fiscal.\u00a0<\/p>\n\n\n\n<p><strong>Estrat\u00e9gia: Como era sua vida social durante a prepara\u00e7\u00e3o para concursos? Voc\u00ea sa\u00eda com amigos e fam\u00edlia?<\/strong><\/p>\n\n\n\n<p><strong>Luiz Fernando: <\/strong>Eu n\u00e3o sou daqueles que se isolam durante a prepara\u00e7\u00e3o. Talvez funcione para um m\u00eas final, imagino, mas, pra mim, estudo bom tem que ter consist\u00eancia. Voc\u00ea tem que ser capaz de manter o ritmo por muito tempo. <\/p>\n\n\n\n<p>Sigo minha vida social normalmente, mas sou de poucos amigos tamb\u00e9m. Creio que isso tenha ajudado.<\/p>\n\n\n\n<p><strong>Estrat\u00e9gia: Sua fam\u00edlia e amigos entenderam e apoiaram sua caminhada como concurseiro? De que forma?&nbsp;<\/strong><\/p>\n\n\n\n<p><strong>Luiz Fernando: <\/strong>Muito. Tive o apoio de todos e foram muito importantes inclusive pra ouvir as in\u00fameras reclama\u00e7\u00f5es da vida de concurseiro.<\/p>\n\n\n\n<p><strong>Estrat\u00e9gia: Voc\u00ea estudou por quanto tempo direcionado ao \u00faltimo concurso? O que fez para manter a disciplina?<\/strong><\/p>\n\n\n\n<p><strong>Luiz Fernando: <\/strong>Especificamente para este concurso foi pouco tempo, cerca de vinte dias. Claro que eu j\u00e1 venho estudando uma base das mat\u00e9rias de TI, mas este edital foi particularmente favor\u00e1vel ao n\u00e3o trazer muitas mat\u00e9rias que n\u00e3o tenho familiaridade. At\u00e9 por isso, decidi fazer.<\/p>\n\n\n\n<p><strong>Estrat\u00e9gia: Quais materiais e ferramentas voc\u00ea usou em sua prepara\u00e7\u00e3o?<\/strong><\/p>\n\n\n\n<p><strong>Luiz Fernando: <\/strong>Hoje meu estudo \u00e9 muito focado em quest\u00f5es, mas fa\u00e7o uso dos materiais nas mat\u00e9rias que detecto que preciso melhorar. Gosto muito de usar os PDFs e complementar com alguns v\u00eddeos, se precisar.<\/p>\n\n\n\n<p><strong>Estrat\u00e9gia: Como conheceu o Estrat\u00e9gia Concursos?&nbsp;<\/strong><\/p>\n\n\n\n<p><strong>Luiz Fernando: <\/strong>Sinceramente, uso h\u00e1 tanto tempo que n\u00e3o lembro. Conheci por sempre querer prestar a \u00e1rea fiscal e o material ser muito bem recomendado desde aquela \u00e9poca para a \u00e1rea.<\/p>\n\n\n\n<p><strong>Estrat\u00e9gia: Depois que voc\u00ea se tornou aluno do Estrat\u00e9gia, voc\u00ea sentiu uma diferen\u00e7a relevante na sua prepara\u00e7\u00e3o? Que diferencial encontrou nos materiais do Estrat\u00e9gia?<\/strong><\/p>\n\n\n\n<p><strong>Luiz Fernando: <\/strong>O principal foi economizar bastante tempo na busca de um bom material. Com o Estrat\u00e9gia, buscar o conte\u00fado necess\u00e1rio para entender o que o edital trazia nunca foi uma preocupa\u00e7\u00e3o. Para o concurseiro, tempo \u00e9 essencial. Ter tanto conte\u00fado em um s\u00f3 lugar \u00e9 muito pr\u00e1tico.<\/p>\n\n\n\n<p><strong>Estrat\u00e9gia: Como montou seu plano de estudos?<\/strong><\/p>\n\n\n\n<p><strong>Luiz Fernando: <\/strong>J\u00e1 fiz um pouco de tudo, mas hoje julgo ter chegado no que mais me traz resultado. Hoje meu estudo \u00e9 guiado por quest\u00f5es e estudo algumas mat\u00e9rias por dia, at\u00e9 para n\u00e3o cansar. Tento ver um pouco de todas em um espa\u00e7o de 15 dias.<\/p>\n\n\n\n<p>Horas l\u00edquidas n\u00e3o costumo contar, mas estimo em um intervalo de 25 a 35 semanais.<\/p>\n\n\n\n<p><strong>Estrat\u00e9gia: Como fazia suas revis\u00f5es?<\/strong><\/p>\n\n\n\n<p><strong>Luiz Fernando: <\/strong>J\u00e1 usei muitos resumos e talvez minha melhor decis\u00e3o foi n\u00e3o fazer mais. Minhas revis\u00f5es, hoje, s\u00e3o por flashcards apenas e tem dado certo. Tem v\u00e1rios meios de fazer e acho que o problema \u00e9 a gente querer usar todos.<\/p>\n\n\n\n<p>Fazer um m\u00e9todo bem feito \u00e9 melhor que v\u00e1rios de forma apressada e sem qualidade.<\/p>\n\n\n\n<p><strong>Estrat\u00e9gia: Qual a import\u00e2ncia da resolu\u00e7\u00e3o de exerc\u00edcios? Lembra quantas quest\u00f5es fez na sua trajet\u00f3ria?<\/strong><\/p>\n\n\n\n<p><strong>Luiz Fernando: <\/strong>N\u00e3o fa\u00e7o ideia, at\u00e9 porque ainda tenho muitas pra fazer. Para mim, \u00e9 essencial. Ajuda na revis\u00e3o do conte\u00fado, apresenta coisas novas, mostra entendimentos das bancas, ajusta a import\u00e2ncia dos conte\u00fados, etc. Fundamental!<\/p>\n\n\n\n<p><strong>Estrat\u00e9gia: Quais as disciplinas voc\u00ea tinha mais dificuldade? Como fez para superar?<\/strong><\/p>\n\n\n\n<p><strong>Luiz Fernando: <\/strong>Sempre existem as mat\u00e9rias que parecem que nunca v\u00e3o ter sentido pra gente. Neste concurso especificamente n\u00e3o era o caso, lembro de ter focado mais no conte\u00fado de redes, mais em raz\u00e3o de ser algo que n\u00e3o estava estudando.<\/p>\n\n\n\n<p>N\u00e3o tem segredo, \u00e9 ver v\u00e1rias explica\u00e7\u00f5es diferentes at\u00e9 conseguir meios de acertar as quest\u00f5es, entendendo ou n\u00e3o.<\/p>\n\n\n\n<p><strong>Estrat\u00e9gia: Como foi sua rotina de estudos na semana que antecedeu a prova e no dia pr\u00e9-prova?<\/strong><\/p>\n\n\n\n<p><strong>Luiz Fernando: <\/strong>Foquei em resolver as provas anteriores para tentar entender o estilo de cobran\u00e7a, porque o conte\u00fado \u00e9 imenso. Da\u00ed consegui ir vendo os assuntos que precisava entender melhor ou aprofundar e fui fazendo isso at\u00e9 a prova, ciente que n\u00e3o daria tempo de cobrir tudo, mas cada dia dava para agregar um pouco. Feliz que deu certo.<\/p>\n\n\n\n<p><strong>Estrat\u00e9gia: No seu concurso, al\u00e9m da prova objetiva, teve a discursiva. Como foi sua prepara\u00e7\u00e3o para esta importante parte do certame? O que voc\u00ea aconselha?<\/strong><\/p>\n\n\n\n<p><strong>Luiz Fernando: <\/strong>A discursiva, neste caso, n\u00e3o foi espec\u00edfica da \u00e1rea de TI, ent\u00e3o minha prepara\u00e7\u00e3o foi mais no sentido de mapear os temas que comumente eram trazidos, treinar a estrutura\u00e7\u00e3o das ideias e, principalmente, o tempo. A prova foi muito focada em tempo, na minha opini\u00e3o.<\/p>\n\n\n\n<p><strong>Estrat\u00e9gia: Quais foram seus principais ERROS e ACERTOS nesta trajet\u00f3ria?<\/strong><\/p>\n\n\n\n<p><strong>Luiz Fernando: <\/strong>Acertos foram basicamente persist\u00eancia e disciplina. Fazer do estudo uma constante. Mais recentemente, o uso das quest\u00f5es como guia do meu estudo.<\/p>\n\n\n\n<p>Erros foram v\u00e1rios, viu. Acho que o principal erro foi estudar mat\u00e9rias em quantidade, mas sem qualidade. Estudo apressado, superficial, feito com cansa\u00e7o e desaten\u00e7\u00e3o \u00e9 perda de tempo.<\/p>\n\n\n\n<p><strong>Estrat\u00e9gia: Chegou a pensar, por algum momento, em desistir? Se sim, qual foi sua principal motiva\u00e7\u00e3o para seguir?<\/strong><\/p>\n\n\n\n<p><strong>Luiz Fernando: <\/strong>Eu, na verdade, j\u00e1 cheguei a desistir. Estava cansado dos concursos e a pandemia trouxe outras possibilidades para mim. Mas voltei, talvez com a maturidade que gostaria de ter tido \u00e0 \u00e9poca para perceber o que tinha feito de errado.\u00a0<\/p>\n\n\n\n<p>A motiva\u00e7\u00e3o \u00e9 100% minha fam\u00edlia. Voltei porque era o melhor jeito de proporcionar para eles sempre o melhor.\u00a0\u00a0<\/p>\n\n\n\n<p><strong>Estrat\u00e9gia: Por fim, o que voc\u00ea aconselharia a algu\u00e9m que est\u00e1 iniciando seus estudos para concurso? Deixe sua mensagem para todos aqueles que um dia almejam chegar aonde voc\u00ea chegou!<\/strong><\/p>\n\n\n\n<p><strong>Luiz Fernando: <\/strong>Que dif\u00edcil! Talvez paci\u00eancia e persist\u00eancia. \u00c0s vezes ficar estagnado e encontrar dificuldades no caminho \u00e9 normal. Faz parte do processo de melhorar.&nbsp;<\/p>\n\n\n\n<p>E nunca esquecer de se manter mentalmente bem. Porque exige abdicar todo dia de fazer algo que seria mais divertido e tamb\u00e9m pela enxurrada de ansiedade que a atividade de concurseiro proporciona. Se precisar de descanso, descanse.<\/p>\n","protected":false},"excerpt":{"rendered":"<p>&#8220;[&#8230;] paci\u00eancia e persist\u00eancia. \u00c0s vezes ficar estagnado e encontrar dificuldades no caminho \u00e9 normal. Faz parte do processo de melhorar.&#8221; Confira nossa entrevista com Luiz Fernando Prado, aprovado em 1\u00b0 lugar&nbsp;no concurso TRT 2&nbsp;para o cargo de&nbsp;Analista Judici\u00e1rio &#8211; \u00c1rea Apoio Especializado &#8211; Especialidade Tecnologia da Informa\u00e7\u00e3o: Estrat\u00e9gia Concursos: Conte-nos um pouco sobre voc\u00ea, [&hellip;]<\/p>\n","protected":false},"featured_media":0,"template":"","class_list":["post-1668301","depoimento","type-depoimento","status-publish","hentry"],"acf":[],"yoast_head":"<!-- This site is optimized with the Yoast SEO Premium plugin v27.2 (Yoast SEO v27.2) - https:\/\/yoast.com\/product\/yoast-seo-premium-wordpress\/ -->\n<title>Aprovado em 1\u00ba lugar no TRT 2: Luiz Fernando Prado<\/title>\n<meta name=\"description\" content=\"Confira nossa entrevista com Luiz Fernando Prado, 1\u00b0 lugar\u00a0no concurso TRT 2\u00a0para Analista Judici\u00e1rio - Tecnologia da Informa\u00e7\u00e3o\" \/>\n<meta name=\"robots\" content=\"index, follow, max-snippet:-1, max-image-preview:large, max-video-preview:-1\" \/>\n<link rel=\"canonical\" href=\"https:\/\/www.estrategiaconcursos.com.br\/blog\/depoimento\/aprovado-em-1o-lugar-no-trt-2-luiz-fernando-prado\/\" \/>\n<meta property=\"og:locale\" content=\"pt_BR\" \/>\n<meta property=\"og:type\" content=\"article\" \/>\n<meta property=\"og:title\" content=\"Aprovado em 1\u00ba lugar no TRT 2: Luiz Fernando Prado\" \/>\n<meta property=\"og:description\" content=\"Confira nossa entrevista com Luiz Fernando Prado, 1\u00b0 lugar\u00a0no concurso TRT 2\u00a0para Analista Judici\u00e1rio - Tecnologia da Informa\u00e7\u00e3o\" \/>\n<meta property=\"og:url\" content=\"https:\/\/www.estrategiaconcursos.com.br\/blog\/depoimento\/aprovado-em-1o-lugar-no-trt-2-luiz-fernando-prado\/\" \/>\n<meta property=\"og:site_name\" content=\"Estrat\u00e9gia Concursos\" \/>\n<meta property=\"article:modified_time\" content=\"2026-04-27T11:14:09+00:00\" \/>\n<meta name=\"twitter:card\" content=\"summary_large_image\" \/>\n<meta name=\"twitter:site\" content=\"@EstratConcursos\" \/>\n<meta name=\"twitter:label1\" content=\"Est. tempo de leitura\" \/>\n\t<meta name=\"twitter:data1\" content=\"7 minutos\" \/>\n<script type=\"application\/ld+json\" class=\"yoast-schema-graph\">{\"@context\":\"https:\/\/schema.org\",\"@graph\":[{\"@type\":\"WebPage\",\"@id\":\"https:\/\/www.estrategiaconcursos.com.br\/blog\/depoimento\/aprovado-em-1o-lugar-no-trt-2-luiz-fernando-prado\/\",\"url\":\"https:\/\/www.estrategiaconcursos.com.br\/blog\/depoimento\/aprovado-em-1o-lugar-no-trt-2-luiz-fernando-prado\/\",\"name\":\"Aprovado em 1\u00ba lugar no TRT 2: Luiz Fernando Prado\",\"isPartOf\":{\"@id\":\"https:\/\/www.estrategiaconcursos.com.br\/blog\/#website\"},\"datePublished\":\"2026-04-27T11:14:08+00:00\",\"dateModified\":\"2026-04-27T11:14:09+00:00\",\"description\":\"Confira nossa entrevista com Luiz Fernando Prado, 1\u00b0 lugar\u00a0no concurso TRT 2\u00a0para Analista Judici\u00e1rio - Tecnologia da Informa\u00e7\u00e3o\",\"breadcrumb\":{\"@id\":\"https:\/\/www.estrategiaconcursos.com.br\/blog\/depoimento\/aprovado-em-1o-lugar-no-trt-2-luiz-fernando-prado\/#breadcrumb\"},\"inLanguage\":\"pt-BR\",\"potentialAction\":[{\"@type\":\"ReadAction\",\"target\":[\"https:\/\/www.estrategiaconcursos.com.br\/blog\/depoimento\/aprovado-em-1o-lugar-no-trt-2-luiz-fernando-prado\/\"]}]},{\"@type\":\"BreadcrumbList\",\"@id\":\"https:\/\/www.estrategiaconcursos.com.br\/blog\/depoimento\/aprovado-em-1o-lugar-no-trt-2-luiz-fernando-prado\/#breadcrumb\",\"itemListElement\":[{\"@type\":\"ListItem\",\"position\":1,\"name\":\"In\u00edcio\",\"item\":\"https:\/\/www.estrategiaconcursos.com.br\/blog\/\"},{\"@type\":\"ListItem\",\"position\":2,\"name\":\"Aprovado em 1\u00ba lugar no TRT 2: Luiz Fernando Prado\"}]},{\"@type\":\"WebSite\",\"@id\":\"https:\/\/www.estrategiaconcursos.com.br\/blog\/#website\",\"url\":\"https:\/\/www.estrategiaconcursos.com.br\/blog\/\",\"name\":\"Estrat\u00e9gia Concursos\",\"description\":\"O blog da Estrat\u00e9gia Concursos traz not\u00edcias sobre concursos e artigos de professores oferecendo cursos para concursos (pdf + videaulas) no site.\",\"publisher\":{\"@id\":\"https:\/\/www.estrategiaconcursos.com.br\/blog\/#organization\"},\"potentialAction\":[{\"@type\":\"SearchAction\",\"target\":{\"@type\":\"EntryPoint\",\"urlTemplate\":\"https:\/\/www.estrategiaconcursos.com.br\/blog\/?s={search_term_string}\"},\"query-input\":{\"@type\":\"PropertyValueSpecification\",\"valueRequired\":true,\"valueName\":\"search_term_string\"}}],\"inLanguage\":\"pt-BR\"},{\"@type\":\"Organization\",\"@id\":\"https:\/\/www.estrategiaconcursos.com.br\/blog\/#organization\",\"name\":\"Estrat\u00e9gia Concursos\",\"url\":\"https:\/\/www.estrategiaconcursos.com.br\/blog\/\",\"logo\":{\"@type\":\"ImageObject\",\"inLanguage\":\"pt-BR\",\"@id\":\"https:\/\/www.estrategiaconcursos.com.br\/blog\/#\/schema\/logo\/image\/\",\"url\":\"https:\/\/dhg1h5j42swfq.cloudfront.net\/2025\/06\/03203428\/logo_concursos-1.jpg\",\"contentUrl\":\"https:\/\/dhg1h5j42swfq.cloudfront.net\/2025\/06\/03203428\/logo_concursos-1.jpg\",\"width\":230,\"height\":60,\"caption\":\"Estrat\u00e9gia Concursos\"},\"image\":{\"@id\":\"https:\/\/www.estrategiaconcursos.com.br\/blog\/#\/schema\/logo\/image\/\"},\"sameAs\":[\"https:\/\/x.com\/EstratConcursos\"]}]}<\/script>\n<!-- \/ Yoast SEO Premium plugin. -->","yoast_head_json":{"title":"Aprovado em 1\u00ba lugar no TRT 2: Luiz Fernando Prado","description":"Confira nossa entrevista com Luiz Fernando Prado, 1\u00b0 lugar\u00a0no concurso TRT 2\u00a0para Analista Judici\u00e1rio - Tecnologia da Informa\u00e7\u00e3o","robots":{"index":"index","follow":"follow","max-snippet":"max-snippet:-1","max-image-preview":"max-image-preview:large","max-video-preview":"max-video-preview:-1"},"canonical":"https:\/\/www.estrategiaconcursos.com.br\/blog\/depoimento\/aprovado-em-1o-lugar-no-trt-2-luiz-fernando-prado\/","og_locale":"pt_BR","og_type":"article","og_title":"Aprovado em 1\u00ba lugar no TRT 2: Luiz Fernando Prado","og_description":"Confira nossa entrevista com Luiz Fernando Prado, 1\u00b0 lugar\u00a0no concurso TRT 2\u00a0para Analista Judici\u00e1rio - Tecnologia da Informa\u00e7\u00e3o","og_url":"https:\/\/www.estrategiaconcursos.com.br\/blog\/depoimento\/aprovado-em-1o-lugar-no-trt-2-luiz-fernando-prado\/","og_site_name":"Estrat\u00e9gia Concursos","article_modified_time":"2026-04-27T11:14:09+00:00","twitter_card":"summary_large_image","twitter_site":"@EstratConcursos","twitter_misc":{"Est. tempo de leitura":"7 minutos"},"schema":{"@context":"https:\/\/schema.org","@graph":[{"@type":"WebPage","@id":"https:\/\/www.estrategiaconcursos.com.br\/blog\/depoimento\/aprovado-em-1o-lugar-no-trt-2-luiz-fernando-prado\/","url":"https:\/\/www.estrategiaconcursos.com.br\/blog\/depoimento\/aprovado-em-1o-lugar-no-trt-2-luiz-fernando-prado\/","name":"Aprovado em 1\u00ba lugar no TRT 2: Luiz Fernando Prado","isPartOf":{"@id":"https:\/\/www.estrategiaconcursos.com.br\/blog\/#website"},"datePublished":"2026-04-27T11:14:08+00:00","dateModified":"2026-04-27T11:14:09+00:00","description":"Confira nossa entrevista com Luiz Fernando Prado, 1\u00b0 lugar\u00a0no concurso TRT 2\u00a0para Analista Judici\u00e1rio - Tecnologia da Informa\u00e7\u00e3o","breadcrumb":{"@id":"https:\/\/www.estrategiaconcursos.com.br\/blog\/depoimento\/aprovado-em-1o-lugar-no-trt-2-luiz-fernando-prado\/#breadcrumb"},"inLanguage":"pt-BR","potentialAction":[{"@type":"ReadAction","target":["https:\/\/www.estrategiaconcursos.com.br\/blog\/depoimento\/aprovado-em-1o-lugar-no-trt-2-luiz-fernando-prado\/"]}]},{"@type":"BreadcrumbList","@id":"https:\/\/www.estrategiaconcursos.com.br\/blog\/depoimento\/aprovado-em-1o-lugar-no-trt-2-luiz-fernando-prado\/#breadcrumb","itemListElement":[{"@type":"ListItem","position":1,"name":"In\u00edcio","item":"https:\/\/www.estrategiaconcursos.com.br\/blog\/"},{"@type":"ListItem","position":2,"name":"Aprovado em 1\u00ba lugar no TRT 2: Luiz Fernando Prado"}]},{"@type":"WebSite","@id":"https:\/\/www.estrategiaconcursos.com.br\/blog\/#website","url":"https:\/\/www.estrategiaconcursos.com.br\/blog\/","name":"Estrat\u00e9gia Concursos","description":"O blog da Estrat\u00e9gia Concursos traz not\u00edcias sobre concursos e artigos de professores oferecendo cursos para concursos (pdf + videaulas) no site.","publisher":{"@id":"https:\/\/www.estrategiaconcursos.com.br\/blog\/#organization"},"potentialAction":[{"@type":"SearchAction","target":{"@type":"EntryPoint","urlTemplate":"https:\/\/www.estrategiaconcursos.com.br\/blog\/?s={search_term_string}"},"query-input":{"@type":"PropertyValueSpecification","valueRequired":true,"valueName":"search_term_string"}}],"inLanguage":"pt-BR"},{"@type":"Organization","@id":"https:\/\/www.estrategiaconcursos.com.br\/blog\/#organization","name":"Estrat\u00e9gia Concursos","url":"https:\/\/www.estrategiaconcursos.com.br\/blog\/","logo":{"@type":"ImageObject","inLanguage":"pt-BR","@id":"https:\/\/www.estrategiaconcursos.com.br\/blog\/#\/schema\/logo\/image\/","url":"https:\/\/dhg1h5j42swfq.cloudfront.net\/2025\/06\/03203428\/logo_concursos-1.jpg","contentUrl":"https:\/\/dhg1h5j42swfq.cloudfront.net\/2025\/06\/03203428\/logo_concursos-1.jpg","width":230,"height":60,"caption":"Estrat\u00e9gia Concursos"},"image":{"@id":"https:\/\/www.estrategiaconcursos.com.br\/blog\/#\/schema\/logo\/image\/"},"sameAs":["https:\/\/x.com\/EstratConcursos"]}]}},"_links":{"self":[{"href":"https:\/\/www.estrategiaconcursos.com.br\/blog\/wp-json\/wp\/v2\/depoimento\/1668301","targetHints":{"allow":["GET"]}}],"collection":[{"href":"https:\/\/www.estrategiaconcursos.com.br\/blog\/wp-json\/wp\/v2\/depoimento"}],"about":[{"href":"https:\/\/www.estrategiaconcursos.com.br\/blog\/wp-json\/wp\/v2\/types\/depoimento"}],"version-history":[{"count":10,"href":"https:\/\/www.estrategiaconcursos.com.br\/blog\/wp-json\/wp\/v2\/depoimento\/1668301\/revisions"}],"predecessor-version":[{"id":1757641,"href":"https:\/\/www.estrategiaconcursos.com.br\/blog\/wp-json\/wp\/v2\/depoimento\/1668301\/revisions\/1757641"}],"wp:attachment":[{"href":"https:\/\/www.estrategiaconcursos.com.br\/blog\/wp-json\/wp\/v2\/media?parent=1668301"}],"curies":[{"name":"wp","href":"https:\/\/api.w.org\/{rel}","templated":true}]}}