{"id":16518,"date":"2014-07-03T12:21:04","date_gmt":"2014-07-03T15:21:04","guid":{"rendered":"https:\/\/www.estrategiaconcursos.com.br\/blog\/?post_type=depoimento&#038;p=16518"},"modified":"2022-12-05T14:40:08","modified_gmt":"2022-12-05T17:40:08","slug":"concurso-receita-federal-aprovada-anelise-kletemberg","status":"publish","type":"depoimento","link":"https:\/\/www.estrategiaconcursos.com.br\/blog\/depoimento\/concurso-receita-federal-aprovada-anelise-kletemberg\/","title":{"rendered":"ENTREVISTA: Anelise Kletemberg &#8211; Aprovada no Concurso Receita Federal"},"content":{"rendered":"<p style=\"text-align: center;\"><strong><span style=\"color: #000000;\">&#8220;Quando comecei a estudar, n\u00e3o sabia absolutamente nada. Fui dando pequenos passos, um dia de cada vez. Costumava falar para meus amigos: \u201ceu n\u00e3o penso, s\u00f3 sigo em frente. Porque se eu parar para pensar, veria que isso \u00e9 loucura!&#8221; A montanha-russa, durante a prepara\u00e7\u00e3o, \u00e9 normal. Um dia, voc\u00ea se sente confiante. No outro, acha que n\u00e3o sabe nada. (&#8230;) Toda essa jornada envolve muito o psicol\u00f3gico da pessoa. A incerteza do futuro \u00e9 algo que mexe muito com voc\u00ea&#8221;<\/span><\/strong><\/p>\n<p style=\"text-align: justify;\"><span style=\"color: #000000;\">Como adjetivar um concurseiro? Como j\u00e1 dizia o te\u00f3logo brasileiro\u00a0Leonardo Boff\u00a0&#8220;todo ponto de vista, \u00e9 a vista de um ponto&#8221;. Ou seja, para quem est\u00e1 de fora, o concurseiro pode parecer um louco. Algu\u00e9m que deseja alcan\u00e7ar algo imposs\u00edvel. J\u00e1 para quem est\u00e1 mais de perto, \u00e9 poss\u00edvel ver o mesmo concurseiro como algu\u00e9m determinado, que luta pelo seus sonhos e objetivos. Mas, o mais interessante, \u00e9 como o pr\u00f3prio concurseiro se v\u00ea! Interessante porque n\u00e3o h\u00e1 t\u00e3o somente uma defini\u00e7\u00e3o. Mas, uma gama enorme de adjetivos que variam de acordo com o momento que est\u00e1 vivendo.<\/span><\/p>\n<p style=\"text-align: justify;\"><span style=\"color: #000000;\">Anelise\u00a0Kletemberg foi aprovada no concurso para Auditor Fiscal da Receita Federal (AFRF). Ela\u00a0 \u00e9 um exemplo de que ser concurseiro \u00e9 estar sujeito a viver uma montanha-russa de sentimentos. No entanto, o mais importante \u00e9 saber lidar com cada um deles. Principalmente, aqueles que desmotivam e prejudicam a caminhada rumo \u00e0 aprova\u00e7\u00e3o.<\/span><\/p>\n<p style=\"text-align: justify;\"><span style=\"color: #000000;\">Confira o depoimento de Anelise. E veja que autocontrole, disciplina e estrat\u00e9gia s\u00e3o ingredientes que n\u00e3o podem faltar na vida de \u00a0quem deseja se tornar um servidor p\u00fablico!<\/span><\/p>\n<p style=\"text-align: justify;\"><strong><span style=\"color: #000000;\">Estrat\u00e9gia Concursos: Conte-nos um pouco sobre voc\u00ea. Dessa maneira, nosso leitor conhecer\u00e1 voc\u00ea melhor. Voc\u00ea \u00e9 formada em que \u00e1rea? Trabalhava e estudava? Ou se dedicava, inteiramente, aos estudos? Quantos e quais concursos j\u00e1 foi aprovada? Qual o \u00faltimo?<\/span><\/strong><\/p>\n<p style=\"text-align: justify;\"><span style=\"color: #000000;\">Anelise Faucz Kletemberg: Ol\u00e1, amigos do Estrat\u00e9gia Concursos! Primeiramente, gostaria de agradecer a oportunidade de compartilhar com os colegas concurseiros a minha experi\u00eancia nessa longa jornada rumo \u00e0 aprova\u00e7\u00e3o!<\/span><\/p>\n<p style=\"text-align: justify;\"><span style=\"color: #000000;\">Meu nome \u00e9 Anelise Faucz Kletemberg. E sou formada em Comunica\u00e7\u00e3o Social \u2013 Publicidade e Propaganda. Cheguei a trabalhar em uma pequena ag\u00eancia de publicidade aqui em Curitiba. Mas, logo percebi que meu caminho seria outro. Larguei o emprego e me lancei de cabe\u00e7a nos estudos! Ainda me lembro quando fui me aconselhar com meus tios concurseiros. E quase ca\u00ed para tr\u00e1s quando vi a pilha de material que eles utilizavam. No final, acho que a minha estava maior ainda! (risos).<\/span><\/p>\n<p style=\"text-align: justify;\"><span style=\"color: #000000;\">O primeiro concurso que prestei foi o de AFRFB em 2012. No entanto, foi s\u00f3 para ver como era. Pois fazia apenas dois meses que estava estudando. Claro que a minha nota foi absurdamente baixa. Depois, prestei para o Tribunal Regional do Trabalho (TRT), Auditor Fiscal do Trabalho (AFT) e Analista-T\u00e9cnico Administrativo do Plano Especial de Cargos do Minist\u00e9rio da Fazenda\u00a0 (PECFAZ). Consegui a aprova\u00e7\u00e3o nesse \u00faltimo, sendo o cargo que exer\u00e7o atualmente (e adoro!). E, agora, fui aprovada\/classificada no concurso para\u00a0AFRFB,<\/span><\/p>\n<p style=\"text-align: justify;\"><strong><span style=\"color: #000000;\">Estrat\u00e9gia: Qual foi sua sensa\u00e7\u00e3o ao ver seu nome na lista dos aprovados\/classificados?<\/span><\/strong><\/p>\n<p style=\"text-align: justify;\"><span style=\"color: #000000;\">Anelise: Ao ver meu nome na lista, a sensa\u00e7\u00e3o que tive, foi de al\u00edvio: \u201cufa, acabou!\u201d. \u00c9 que por mais que voc\u00ea j\u00e1 tenha uma boa ideia de como foi, por meio ranking que o pessoal faz nos f\u00f3runs, nunca \u00e9 certeza, n\u00e3o \u00e9?! Ainda mais para mim, que fiz o favor de n\u00e3o passar as \u00faltimas 10 quest\u00f5es da primeira prova para o espelho. Fiquei quase um m\u00eas pensando \u201ce se eu n\u00e3o passei para o gabarito oficial tamb\u00e9m?\u201d.<\/span><\/p>\n<p style=\"text-align: justify;\"><span style=\"color: #000000;\">Aconselho a todos a prestarem extrema aten\u00e7\u00e3o a tudo! Para n\u00e3o perderem a cabe\u00e7a como eu! (risos)<\/span><\/p>\n<p style=\"text-align: justify;\"><strong><span style=\"color: #000000;\">Estrat\u00e9gia: Como era sua vida social durante a prepara\u00e7\u00e3o para concursos? Voc\u00ea sa\u00eda com amigos, fam\u00edlia, etc? Ou adotou uma postura radical, abdicando do conv\u00edvio social para passar no concurso o mais r\u00e1pido poss\u00edvel?<\/span><\/strong><\/p>\n<p style=\"text-align: justify;\"><span style=\"color: #000000;\">Anelise: Como tive a oportunidade de s\u00f3 estudar, n\u00e3o precisei abdicar tanto das sa\u00eddas e encontros com os amigos. Mas mesmo assim, por ficar s\u00f3 em casa, a sua vida social acaba minguando. \u00c0s vezes, ficava chateada com isso. Na realidade, os verdadeiros amigos nunca somem. Por\u00e9m, tive um efeito colateral (que, segundo alguns, \u00e9 inevit\u00e1vel para um concurseiro!): ins\u00f4nia. S\u00f3 quem j\u00e1 teve essa infeliz experi\u00eancia sabe a falta que algumas horas de sono faz! Principalmente, quando se tem que estudar no dia seguinte. A boa not\u00edcia: isso passa. Desde que saiu o resultado, eu durmo como um beb\u00ea! (risos).<\/span><\/p>\n<p style=\"text-align: justify;\"><strong><span style=\"color: #000000;\">Estrat\u00e9gia: Ao longo de sua jornada, voc\u00ea tentou outros concursos, para treinar e se manter com uma alta motiva\u00e7\u00e3o? Ou decidiu manter o foco apenas naquele concurso que era o seu sonho? Voc\u00ea acha que vale a pena fazer outros concursos, com foco diferente daquele concurso que \u00e9 realmente seu objetivo maior?<\/span><\/strong><\/p>\n<p style=\"text-align: justify;\"><span style=\"color: #000000;\">Anelise: Acredito que a primeira coisa a fazer quando se inicia os estudos, \u00e9 colocar aquele super concurso que voc\u00ea sonha, desde sempre, como meta. Eu seguia o programa de Auditor Fiscal da Receita Federal do Brasil (AFRFB). E ficava de olho nos outros concursos. Se aparecia um com mat\u00e9rias afins, eu me inscrevia.<\/span><\/p>\n<p style=\"text-align: justify;\"><span style=\"color: #000000;\">N\u00e3o vale a pena ficar mudando totalmente sua programa\u00e7\u00e3o, cada vez que sai um edital diferente. O melhor \u00e9 focar em uma \u00e1rea e ir tentando. Afinal, tamb\u00e9m n\u00e3o \u00e9 bom depender de um \u00fanico concurso (que pode demorar 2, 3 ou 5 anos e voc\u00ea l\u00e1, com a sua vida parada).<\/span><\/p>\n<p style=\"text-align: justify;\"><strong><span style=\"color: #000000;\">Estrat\u00e9gia: Voc\u00ea estudou por quanto tempo, contando toda a sua prepara\u00e7\u00e3o? Durante esse tempo de estudo, como voc\u00ea fazia para manter a disciplina nos estudos? Mesmo naqueles per\u00edodos em que n\u00e3o havia edital na m\u00e3o?<\/span><\/strong><\/p>\n<p style=\"text-align: justify;\"><span style=\"color: #000000;\">Anelise: Comecei a estudar em julho de 2012. Ent\u00e3o, o total foi 1 ano e 10 meses de estudo at\u00e9 a prova. Entretanto, sempre achei essa hist\u00f3ria de tempo de estudo muito relativo. Porque concurso n\u00e3o \u00e9 vestibular. N\u00e3o tem todo ano para voc\u00ea ter uma base de compara\u00e7\u00e3o. Depende tamb\u00e9m da dedica\u00e7\u00e3o de cada um, do per\u00edodo de vida que a pessoa est\u00e1 passando, etc. Na verdade, admiro muito aquelas pessoas que trabalham, cuidam da fam\u00edlia e ainda arranjam tempo para se dedicar aos estudos. Esses s\u00e3o os verdadeiros her\u00f3is!<\/span><\/p>\n<p style=\"text-align: justify;\"><span style=\"color: #000000;\">No meu ponto de vista, manter a motiva\u00e7\u00e3o n\u00e3o \u00e9 f\u00e1cil. E se torna ainda mais dif\u00edcil, quando n\u00e3o h\u00e1 nenhuma previs\u00e3o de edital. Voc\u00ea fica sem perspectiva, meio sem rumo, parece que as pessoas \u00e0 sua volta est\u00e3o vivendo e voc\u00ea n\u00e3o. Mas tamb\u00e9m, cada vez que pensava no Monte Everest diante de mim, eu me tocava que ainda havia muita escalada pela frente! \u00c9 s\u00f3 voc\u00ea pensar: se a prova fosse hoje, eu passaria? Isso mant\u00e9m voc\u00ea na linha.<\/span><\/p>\n<p style=\"text-align: justify;\"><strong><span style=\"color: #000000;\">Estrat\u00e9gia: Que materiais voc\u00ea usou em sua prepara\u00e7\u00e3o para o concurso? Aulas presenciais, telepresenciais, livros, cursos em PDF, videoaulas? Quais foram as principais vantagens e desvantagens de cada um?<\/span><\/strong><\/p>\n<p style=\"text-align: justify;\"><span style=\"color: #000000;\">Anelise: Comecei fazendo cursinho telepresencial, para pegar o ritmo e ter uma base das mat\u00e9rias (fora portugu\u00eas e ingl\u00eas, eu n\u00e3o sabia absolutamente nada!). Para as mat\u00e9rias pesadas de direito, utilizei livros de autores mais conceituados. Por\u00e9m, todos voltados para concurso, para n\u00e3o perder o foco. O resto foi tudo pelos cursos em PDF (quase todos do Estrat\u00e9gia) e videoaulas. Sou muito a favor dos PDFs. Pois, al\u00e9m de serem mais objetivos e espec\u00edficos para cada concurso, os professores atualizam o conte\u00fado quando sai o edital. Eu ficava tranquila. Porque sabia que n\u00e3o iriam me deixar na m\u00e3o.<\/span><\/p>\n<p style=\"text-align: justify;\"><strong><span style=\"color: #000000;\">Estrat\u00e9gia: Uma das principais dificuldades de todo o concursando \u00e9 a quantidade de assuntos que deve ser memorizada. Como voc\u00ea fez para estudar todo o conte\u00fado do concurso? Falando de modo mais espec\u00edfico: voc\u00ea estudava v\u00e1rias mat\u00e9rias ao mesmo tempo? Quantas? Costumava fazer resumos? Focava mais em exerc\u00edcios? Ou na leitura e releitura da teoria?<\/span><\/strong><\/p>\n<p style=\"text-align: justify;\"><span style=\"color: #000000;\">Anelise: Na internet, voc\u00ea encontra dezenas de m\u00e9todos de estudo diferentes. Eu li todos e n\u00e3o apliquei quase nenhum! (risos). \u00c9 uma coisa muito pessoal. Todavia, eu achava alguns um pouco exagerados. Gente que cronometra o tempo que vai ao banheiro&#8230; Para mim, n\u00e3o dava!<\/span><\/p>\n<p style=\"text-align: justify;\"><span style=\"color: #000000;\">O que fiz foi seguir o m\u00e9todo dos ciclos. Montei uma grade hor\u00e1ria de acordo com os pesos das mat\u00e9rias e com o meu grau de dificuldade. Por exemplo, as que tinham peso 1, eu calculava 1 hora de estudo; as de peso 2, 1 hora e meia. J\u00e1 racioc\u00ednio-l\u00f3gico, eu determinava 2 horas; porque era meu ponto fraco. O total acho que fechava um ciclo de 32 horas. Desse modo, voc\u00ea fica tranquilo pois n\u00e3o est\u00e1 negligenciando nenhuma mat\u00e9ria. E est\u00e1 dedicando o tempo certo para cada uma.<\/span><\/p>\n<p style=\"text-align: justify;\"><span style=\"color: #000000;\">Essa altern\u00e2ncia de mat\u00e9rias tamb\u00e9m ajuda na fixa\u00e7\u00e3o. Pois voc\u00ea est\u00e1, constantemente, vendo cada uma, sem deixar cair no esquecimento. Com rela\u00e7\u00e3o a cada mat\u00e9ria, eu seguia as aulas e os livros at\u00e9 acabarem. E recome\u00e7ava tudo; quantas vezes fossem necess\u00e1rias at\u00e9 o edital.<\/span><\/p>\n<p style=\"text-align: justify;\"><span style=\"color: #000000;\">N\u00e3o tinha paci\u00eancia para fazer resumos. Fiz s\u00f3 alguns de Constitucional para aquelas coisas bem decorebas (compet\u00eancias, quem julga quem, etc.). No geral, grifava de marca texto as passagens importantes. E, depois, quando quisesse revisar, olhava s\u00f3 elas. Os exerc\u00edcios comentados s\u00e3o primordiais; principalmente, na reta final. Comprei v\u00e1rios materiais s\u00f3 com eles. E posso dizer, com firmeza, que eles foram decisivos para a minha aprova\u00e7\u00e3o. Contudo, sempre comentados. Porque por mais que voc\u00ea acerte a quest\u00e3o, sempre tem algo a mais para se aprender com aquele assunto.<\/span><\/p>\n<p style=\"text-align: justify;\"><span style=\"color: #000000;\">Uma coisa que eu fazia (pouco convencional) era estudar escutando m\u00fasica cl\u00e1ssica. Vi isso em algum lugar e resolvi tentar. Pois me distra\u00eda muito com qualquer barulho. Deu super certo e a partir da\u00ed, s\u00f3 estudava com o canal de m\u00fasica da NET ligado (risos). Ela isola os barulhos externos. E como ela \u00e9 calma, ajuda a se concentrar; tirando tamb\u00e9m outras m\u00fasicas que estejam na sua cabe\u00e7a. At\u00e9 na hora da prova, eu me imaginei, em casa, escutando um Mozart (risos).<\/span><\/p>\n<p style=\"text-align: justify;\"><strong><span style=\"color: #000000;\">Estrat\u00e9gia: Voc\u00ea tinha mais dificuldades em alguma(s) disciplina(s)? Quais? Como voc\u00ea fez para superar essas dificuldades?<\/span><\/strong><\/p>\n<p style=\"text-align: justify;\"><span style=\"color: #000000;\">Anelise: Para mim, a disciplina carrasca sempre foi racioc\u00ednio-l\u00f3gico. Desde que comecei a estudar, sempre soube que esse seria meu tend\u00e3o de Aquiles. Por\u00e9m, eu n\u00e3o iria desistir de um concurso por causa de uma mat\u00e9ria, n\u00e3o \u00e9? E l\u00e1 fui eu, todo santo dia vendo 2 horas de videoaula para aprender a bendita matem\u00e1tica. E tive meus altos e baixos com ela. Quantas vezes eu sa\u00ed do meu quarto chutando tudo, chorando que nunca iria aprender aquilo! (risos). Ou pulando de felicidade por ter conseguido resolver aquele exerc\u00edcio dif\u00edcil! No fim, minha dedica\u00e7\u00e3o valeu a pena: gabaritei a mat\u00e9ria no concurso do PECFAZ e fiz 8 de 10 no de AFRFB. Outra tamb\u00e9m muito dif\u00edcil foi Contabilidade. Quando chegou na parte avan\u00e7ada, fiquei mega perdida. Todavia, com o tempo, dedica\u00e7\u00e3o e bons professores, superei e consegui fazer uma boa pontua\u00e7\u00e3o.<\/span><\/p>\n<p style=\"text-align: justify;\"><strong><span style=\"color: #000000;\">Estrat\u00e9gia: A reta final \u00e9 sempre um per\u00edodo estressante. Como voc\u00ea levou seus estudos nesse per\u00edodo? Voc\u00ea se concentrava nas mat\u00e9rias de maior peso? Ou distribu\u00eda seus estudos de maneira mais homog\u00eanea? Focava mais na releitura, em resumos, em exerc\u00edcios, etc ?<\/span><\/strong><\/p>\n<p style=\"text-align: justify;\"><span style=\"color: #000000;\">Anelise: Nesse concurso, tivemos muita sorte. Pois, al\u00e9m de n\u00e3o entrarem mat\u00e9rias novas, sa\u00edram algumas. Foi realmente um presente para quem n\u00e3o desistiu desde 2012. Quando saiu o edital, aumentei minha carga hor\u00e1ria. E como n\u00e3o tinham mat\u00e9rias novas, o foco foi em revisar tudo e fazer muitas, mas muitas quest\u00f5es comentadas. \u00c9 a hora do tudo ou nada: dedica\u00e7\u00e3o total.<\/span><\/p>\n<p style=\"text-align: justify;\"><strong><span style=\"color: #000000;\">Estrat\u00e9gia: Na semana da prova, por um lado, n\u00f3s sempre observamos v\u00e1rios candidatos assumindo uma verdadeira maratona de estudos (estudando, intensamente, dia e noite). Por outro, tamb\u00e9m vemos concurseiros que preferem desalecerar um pouco, para chegar no dia da prova com a mente mais descansada. O que voc\u00ea aconselha?<\/span><\/strong><\/p>\n<p style=\"text-align: justify;\"><span style=\"color: #000000;\">Anelise: \u00c9, realmente, muito pessoal a escolha do que fazer quando se est\u00e1 em cima da prova. Eu tentei acelerar ainda mais o ritmo. Contudo, n\u00e3o deu certo (risos). S\u00e9rio, lembro que era ter\u00e7a-feira e minha cabe\u00e7a pesava, minha vista embaralhava e n\u00e3o conseguia lembrar direito das coisas. Fiquei meio assustada. Entretanto, pedi conselhos para minha m\u00e3e (ela \u00e9 sempre \u00f3tima nessas horas) e ela disse para eu desacelerar. Foi o certo. Dois dias antes da prova, parei de estudar (na verdade, dei uma olhada em alguma coisa aqui e ali&#8230;.). Porque, sinceramente, o que voc\u00ea vai aprender em dois dias que n\u00e3o aprendeu em dois anos? Melhor descansar a mente e ir de cabe\u00e7a fria para a prova. Mas como disse, isso \u00e9 muito pessoal. Alguns dizem que esse procedimento ajuda a se concentrar. S\u00f3 escute sua mente e respeite seu corpo.<\/span><\/p>\n<p style=\"text-align: justify;\"><strong><span style=\"color: #000000;\">Estrat\u00e9gia: No seu concurso, tivemos, al\u00e9m das provas objetivas, as discursivas. Como foi seu estudo para esta importante parte do certame? O que voc\u00ea aconselha?<\/span><\/strong><\/p>\n<p style=\"text-align: justify;\"><span style=\"color: #000000;\">Anelise: N\u00e3o fiz muita coisa diferente da prepara\u00e7\u00e3o para as objetivas. No entanto, umas duas semanas antes da prova, procurei aprofundar-me em alguns conte\u00fados mais extensos. Pois, a probabilidade de um desses temas ca\u00edrem (a meu ver) era maior; por ter mais coisas para falar em uma discursiva. Procurei tamb\u00e9m ficar ligada nas novidades: novos decretos, novos programas, todos os assuntos novos! Porque sabia que, se ca\u00edsse algo assim, ou voc\u00ea teve a sorte de ter visto ou nada feito!<\/span><\/p>\n<p style=\"text-align: justify;\"><span style=\"color: #000000;\">Aconselho tamb\u00e9m \u00e0queles que sentirem mais dificuldade com a reda\u00e7\u00e3o, a fazerem os cursos de discursiva, mesmo sem edital na pra\u00e7a. Assim, voc\u00ea vai se preparando. E quando chegar a hora da prova, deve concentrar-se no conte\u00fado (que \u00e9 o item com maior peso). Siga o famoso \u201cmodelo padr\u00e3o\u201d de resposta e tudo dar\u00e1 certo!<\/span><\/p>\n<p style=\"text-align: justify;\"><strong><span style=\"color: #000000;\">Estrat\u00e9gia: Se voc\u00ea tivesse que apontar ERROS, em sua prepara\u00e7\u00e3o (se \u00e9 que houve), quais seriam? Diga-nos tamb\u00e9m quais foram os maiores ACERTOS?<\/span><\/strong><\/p>\n<p style=\"text-align: justify;\"><span style=\"color: #000000;\">Anelise: Meu maior erro foi, com certeza, estar sempre muito ansiosa e nervosa, com tudo! A ins\u00f4nia, realmente, fez com que eu tirasse alguns dias \u00fateis de estudo e de paz interior (risos). D\u00e1 vontade de viajar no tempo e falar para mim mesma: \u201cn\u00e3o se preocupe, tudo vai dar certo!\u201d. O importante \u00e9 manter a calma na hora da prova (ou tentar) e dar o seu m\u00e1ximo, sempre.<\/span><\/p>\n<p style=\"text-align: justify;\"><span style=\"color: #000000;\">Meu maior acerto acho que foi sempre me cobrar bastante. E nunca deixar um assunto que n\u00e3o tenha entendido para tr\u00e1s. Sempre volte naquele conte\u00fado que voc\u00ea sabe que n\u00e3o sabe (risos). N\u00e3o se engane. Pois, s\u00e3o esses os \u201cdiabinhos\u201d que minam a nossa confian\u00e7a e deixam aquela sensa\u00e7\u00e3o de que n\u00e3o sabemos nada. Revise quantas vezes for preciso. At\u00e9 se sentir seguro para ir adiante.<\/span><\/p>\n<p style=\"text-align: justify;\"><strong><span style=\"color: #000000;\">Estrat\u00e9gia: O que foi mais dif\u00edcil nessa caminhada rumo \u00e0 aprova\u00e7\u00e3o?<\/span><\/strong><\/p>\n<p style=\"text-align: justify;\"><span style=\"color: #000000;\">Anelise: Nossa, muitas coisas foram dif\u00edceis durante a minha prepara\u00e7\u00e3o. Diria que a principal \u00e9 aprender o conte\u00fado mesmo. Pois, \u00e9 realmente uma montanha de coisas para se estudar. Quando comecei a estudar, n\u00e3o sabia absolutamente nada. Fui dando pequenos passos, um dia de cada vez. Costumava falar para meus amigos: \u201ceu n\u00e3o penso, s\u00f3 sigo em frente. Porque se eu parar para pensar, veria que isso \u00e9 loucura!\u201d (risos).<\/span><\/p>\n<p style=\"text-align: justify;\"><span style=\"color: #000000;\">A montanha-russa, durante a prepara\u00e7\u00e3o, \u00e9 normal. Um dia, voc\u00ea se sente confiante. No outro, acha que n\u00e3o sabe nada. Mas tenho muito a agradecer tamb\u00e9m. Sempre tive todo o apoio da minha fam\u00edlia, moralmente e financeiramente (risos). Acho que n\u00e3o teria conseguido sem a ajuda deles. Pois, toda essa jornada envolve muito o psicol\u00f3gico da pessoa. A incerteza do futuro \u00e9 algo que mexe muito com voc\u00ea. S\u00e3o nessas horas, que aquela palavra de incentivo de quem voc\u00ea ama vale mais do que ouro.<\/span><\/p>\n<p style=\"text-align: justify;\"><strong><span style=\"color: #000000;\">Estrat\u00e9gia: Por fim, o que voc\u00ea aconselharia a algu\u00e9m que est\u00e1 iniciando seus estudos para concurso. Deixe-nos sua mensagem para todos aqueles que, um dia, almejam chegar aonde voc\u00ea chegou!<\/span><\/strong><\/p>\n<p style=\"text-align: justify;\"><span style=\"color: #000000;\">Anelise: \u00c9 uma honra, para mim, dar palavras de incentivo para os novos concurseiros! Pois, at\u00e9 ontem, eu era um deles! Gente, sei que \u00e9 clich\u00ea, mas de verdade, acredite em voc\u00ea. Corra atr\u00e1s de bons materiais, estabele\u00e7a uma rotina de estudo, um m\u00e9todo que funcione para voc\u00ea e se arrisque! Mantenha a disciplina, n\u00e3o se engane e n\u00e3o fique reclamando. A competi\u00e7\u00e3o \u00e9 forte. Ent\u00e3o, voc\u00ea deve se armar at\u00e9 os dentes! Quando cheguei para fazer a minha prova, vi aquele mar de gente e pensei: \u201cn\u00e3o faz mal, eu estou no p\u00e1reo e uma vaga \u00e9 minha!\u201d.<\/span><\/p>\n<p style=\"text-align: justify;\"><span style=\"color: #000000;\">O Prof. Ricardo Vale abria todas as aulas com uma frase, que eu grifava sempre com marca texto: \u201cO segredo do sucesso \u00e9 a const\u00e2ncia no objetivo\u201d. Pense, se eu consegui, voc\u00ea tamb\u00e9m consegue!<\/span><\/p>\n<p style=\"text-align: justify;\"><span style=\"color: #000000;\">Um abra\u00e7o e sorte a todos!<\/span><\/p>\n<p style=\"color: #58585b;\"><span style=\"color: #000000;\">Assessoria de Comunica\u00e7\u00e3o<\/span><\/p>\n<p style=\"color: #58585b;\"><span style=\"color: #000000;\">comunicacao@estrategiaconcursos.com.br<\/span><\/p>\n","protected":false},"excerpt":{"rendered":"<p>&#8220;Quando comecei, n\u00e3o sabia nada de nada. Fui dando pequenos passos, um dia de cada vez. Costumava falar para meus amigos: \u201ceu n\u00e3o penso, s\u00f3 sigo em frente. Porque se eu parar para pensar, veria que isso \u00e9 loucura.\u201d&#8221;<\/p>\n","protected":false},"featured_media":16519,"template":"","class_list":["post-16518","depoimento","type-depoimento","status-publish","has-post-thumbnail","hentry"],"acf":[],"yoast_head":"<!-- This site is optimized with the Yoast SEO Premium plugin v27.2 (Yoast SEO v27.2) - https:\/\/yoast.com\/product\/yoast-seo-premium-wordpress\/ -->\n<title>Aprovada no Concurso Receita Federal: Entrevista Anelise K.<\/title>\n<meta name=\"description\" content=\"Confira a entrevista completa de Anelise Kletemberg, aprovada no concurso Receita Federal para o cargo de Auditor Fiscal.\" \/>\n<meta name=\"robots\" content=\"index, follow, max-snippet:-1, max-image-preview:large, max-video-preview:-1\" \/>\n<link rel=\"canonical\" href=\"https:\/\/www.estrategiaconcursos.com.br\/blog\/depoimento\/concurso-receita-federal-aprovada-anelise-kletemberg\/\" \/>\n<meta property=\"og:locale\" content=\"pt_BR\" \/>\n<meta property=\"og:type\" content=\"article\" \/>\n<meta property=\"og:title\" content=\"ENTREVISTA: Anelise Kletemberg - Aprovada no Concurso Receita Federal\" \/>\n<meta property=\"og:description\" content=\"Confira a entrevista completa de Anelise Kletemberg, aprovada no concurso Receita Federal para o cargo de Auditor Fiscal.\" \/>\n<meta property=\"og:url\" content=\"https:\/\/www.estrategiaconcursos.com.br\/blog\/depoimento\/concurso-receita-federal-aprovada-anelise-kletemberg\/\" \/>\n<meta property=\"og:site_name\" content=\"Estrat\u00e9gia Concursos\" \/>\n<meta property=\"article:modified_time\" content=\"2022-12-05T17:40:08+00:00\" \/>\n<meta property=\"og:image\" content=\"https:\/\/dhg1h5j42swfq.cloudfront.net\/2014\/07\/Anelise.jpg\" \/>\n\t<meta property=\"og:image:width\" content=\"180\" \/>\n\t<meta property=\"og:image:height\" content=\"265\" \/>\n\t<meta property=\"og:image:type\" content=\"image\/jpeg\" \/>\n<meta name=\"twitter:card\" content=\"summary_large_image\" \/>\n<meta name=\"twitter:site\" content=\"@EstratConcursos\" \/>\n<meta name=\"twitter:label1\" content=\"Est. tempo de leitura\" \/>\n\t<meta name=\"twitter:data1\" content=\"15 minutos\" \/>\n<script type=\"application\/ld+json\" class=\"yoast-schema-graph\">{\"@context\":\"https:\/\/schema.org\",\"@graph\":[{\"@type\":\"WebPage\",\"@id\":\"https:\/\/www.estrategiaconcursos.com.br\/blog\/depoimento\/concurso-receita-federal-aprovada-anelise-kletemberg\/\",\"url\":\"https:\/\/www.estrategiaconcursos.com.br\/blog\/depoimento\/concurso-receita-federal-aprovada-anelise-kletemberg\/\",\"name\":\"Aprovada no Concurso Receita Federal: Entrevista Anelise K.\",\"isPartOf\":{\"@id\":\"https:\/\/www.estrategiaconcursos.com.br\/blog\/#website\"},\"primaryImageOfPage\":{\"@id\":\"https:\/\/www.estrategiaconcursos.com.br\/blog\/depoimento\/concurso-receita-federal-aprovada-anelise-kletemberg\/#primaryimage\"},\"image\":{\"@id\":\"https:\/\/www.estrategiaconcursos.com.br\/blog\/depoimento\/concurso-receita-federal-aprovada-anelise-kletemberg\/#primaryimage\"},\"thumbnailUrl\":\"https:\/\/dhg1h5j42swfq.cloudfront.net\/2014\/07\/Anelise.jpg\",\"datePublished\":\"2014-07-03T15:21:04+00:00\",\"dateModified\":\"2022-12-05T17:40:08+00:00\",\"description\":\"Confira a entrevista completa de Anelise Kletemberg, aprovada no concurso Receita Federal para o cargo de Auditor Fiscal.\",\"breadcrumb\":{\"@id\":\"https:\/\/www.estrategiaconcursos.com.br\/blog\/depoimento\/concurso-receita-federal-aprovada-anelise-kletemberg\/#breadcrumb\"},\"inLanguage\":\"pt-BR\",\"potentialAction\":[{\"@type\":\"ReadAction\",\"target\":[\"https:\/\/www.estrategiaconcursos.com.br\/blog\/depoimento\/concurso-receita-federal-aprovada-anelise-kletemberg\/\"]}]},{\"@type\":\"ImageObject\",\"inLanguage\":\"pt-BR\",\"@id\":\"https:\/\/www.estrategiaconcursos.com.br\/blog\/depoimento\/concurso-receita-federal-aprovada-anelise-kletemberg\/#primaryimage\",\"url\":\"https:\/\/dhg1h5j42swfq.cloudfront.net\/2014\/07\/Anelise.jpg\",\"contentUrl\":\"https:\/\/dhg1h5j42swfq.cloudfront.net\/2014\/07\/Anelise.jpg\",\"width\":180,\"height\":265},{\"@type\":\"BreadcrumbList\",\"@id\":\"https:\/\/www.estrategiaconcursos.com.br\/blog\/depoimento\/concurso-receita-federal-aprovada-anelise-kletemberg\/#breadcrumb\",\"itemListElement\":[{\"@type\":\"ListItem\",\"position\":1,\"name\":\"In\u00edcio\",\"item\":\"https:\/\/www.estrategiaconcursos.com.br\/blog\/\"},{\"@type\":\"ListItem\",\"position\":2,\"name\":\"ENTREVISTA: Anelise Kletemberg &#8211; Aprovada no Concurso Receita Federal\"}]},{\"@type\":\"WebSite\",\"@id\":\"https:\/\/www.estrategiaconcursos.com.br\/blog\/#website\",\"url\":\"https:\/\/www.estrategiaconcursos.com.br\/blog\/\",\"name\":\"Estrat\u00e9gia Concursos\",\"description\":\"O blog da Estrat\u00e9gia Concursos traz not\u00edcias sobre concursos e artigos de professores oferecendo cursos para concursos (pdf + videaulas) no site.\",\"publisher\":{\"@id\":\"https:\/\/www.estrategiaconcursos.com.br\/blog\/#organization\"},\"potentialAction\":[{\"@type\":\"SearchAction\",\"target\":{\"@type\":\"EntryPoint\",\"urlTemplate\":\"https:\/\/www.estrategiaconcursos.com.br\/blog\/?s={search_term_string}\"},\"query-input\":{\"@type\":\"PropertyValueSpecification\",\"valueRequired\":true,\"valueName\":\"search_term_string\"}}],\"inLanguage\":\"pt-BR\"},{\"@type\":\"Organization\",\"@id\":\"https:\/\/www.estrategiaconcursos.com.br\/blog\/#organization\",\"name\":\"Estrat\u00e9gia Concursos\",\"url\":\"https:\/\/www.estrategiaconcursos.com.br\/blog\/\",\"logo\":{\"@type\":\"ImageObject\",\"inLanguage\":\"pt-BR\",\"@id\":\"https:\/\/www.estrategiaconcursos.com.br\/blog\/#\/schema\/logo\/image\/\",\"url\":\"https:\/\/dhg1h5j42swfq.cloudfront.net\/2025\/06\/03203428\/logo_concursos-1.jpg\",\"contentUrl\":\"https:\/\/dhg1h5j42swfq.cloudfront.net\/2025\/06\/03203428\/logo_concursos-1.jpg\",\"width\":230,\"height\":60,\"caption\":\"Estrat\u00e9gia Concursos\"},\"image\":{\"@id\":\"https:\/\/www.estrategiaconcursos.com.br\/blog\/#\/schema\/logo\/image\/\"},\"sameAs\":[\"https:\/\/x.com\/EstratConcursos\"]}]}<\/script>\n<!-- \/ Yoast SEO Premium plugin. -->","yoast_head_json":{"title":"Aprovada no Concurso Receita Federal: Entrevista Anelise K.","description":"Confira a entrevista completa de Anelise Kletemberg, aprovada no concurso Receita Federal para o cargo de Auditor Fiscal.","robots":{"index":"index","follow":"follow","max-snippet":"max-snippet:-1","max-image-preview":"max-image-preview:large","max-video-preview":"max-video-preview:-1"},"canonical":"https:\/\/www.estrategiaconcursos.com.br\/blog\/depoimento\/concurso-receita-federal-aprovada-anelise-kletemberg\/","og_locale":"pt_BR","og_type":"article","og_title":"ENTREVISTA: Anelise Kletemberg - Aprovada no Concurso Receita Federal","og_description":"Confira a entrevista completa de Anelise Kletemberg, aprovada no concurso Receita Federal para o cargo de Auditor Fiscal.","og_url":"https:\/\/www.estrategiaconcursos.com.br\/blog\/depoimento\/concurso-receita-federal-aprovada-anelise-kletemberg\/","og_site_name":"Estrat\u00e9gia Concursos","article_modified_time":"2022-12-05T17:40:08+00:00","og_image":[{"width":180,"height":265,"url":"https:\/\/dhg1h5j42swfq.cloudfront.net\/2014\/07\/Anelise.jpg","type":"image\/jpeg"}],"twitter_card":"summary_large_image","twitter_site":"@EstratConcursos","twitter_misc":{"Est. tempo de leitura":"15 minutos"},"schema":{"@context":"https:\/\/schema.org","@graph":[{"@type":"WebPage","@id":"https:\/\/www.estrategiaconcursos.com.br\/blog\/depoimento\/concurso-receita-federal-aprovada-anelise-kletemberg\/","url":"https:\/\/www.estrategiaconcursos.com.br\/blog\/depoimento\/concurso-receita-federal-aprovada-anelise-kletemberg\/","name":"Aprovada no Concurso Receita Federal: Entrevista Anelise K.","isPartOf":{"@id":"https:\/\/www.estrategiaconcursos.com.br\/blog\/#website"},"primaryImageOfPage":{"@id":"https:\/\/www.estrategiaconcursos.com.br\/blog\/depoimento\/concurso-receita-federal-aprovada-anelise-kletemberg\/#primaryimage"},"image":{"@id":"https:\/\/www.estrategiaconcursos.com.br\/blog\/depoimento\/concurso-receita-federal-aprovada-anelise-kletemberg\/#primaryimage"},"thumbnailUrl":"https:\/\/dhg1h5j42swfq.cloudfront.net\/2014\/07\/Anelise.jpg","datePublished":"2014-07-03T15:21:04+00:00","dateModified":"2022-12-05T17:40:08+00:00","description":"Confira a entrevista completa de Anelise Kletemberg, aprovada no concurso Receita Federal para o cargo de Auditor Fiscal.","breadcrumb":{"@id":"https:\/\/www.estrategiaconcursos.com.br\/blog\/depoimento\/concurso-receita-federal-aprovada-anelise-kletemberg\/#breadcrumb"},"inLanguage":"pt-BR","potentialAction":[{"@type":"ReadAction","target":["https:\/\/www.estrategiaconcursos.com.br\/blog\/depoimento\/concurso-receita-federal-aprovada-anelise-kletemberg\/"]}]},{"@type":"ImageObject","inLanguage":"pt-BR","@id":"https:\/\/www.estrategiaconcursos.com.br\/blog\/depoimento\/concurso-receita-federal-aprovada-anelise-kletemberg\/#primaryimage","url":"https:\/\/dhg1h5j42swfq.cloudfront.net\/2014\/07\/Anelise.jpg","contentUrl":"https:\/\/dhg1h5j42swfq.cloudfront.net\/2014\/07\/Anelise.jpg","width":180,"height":265},{"@type":"BreadcrumbList","@id":"https:\/\/www.estrategiaconcursos.com.br\/blog\/depoimento\/concurso-receita-federal-aprovada-anelise-kletemberg\/#breadcrumb","itemListElement":[{"@type":"ListItem","position":1,"name":"In\u00edcio","item":"https:\/\/www.estrategiaconcursos.com.br\/blog\/"},{"@type":"ListItem","position":2,"name":"ENTREVISTA: Anelise Kletemberg &#8211; Aprovada no Concurso Receita Federal"}]},{"@type":"WebSite","@id":"https:\/\/www.estrategiaconcursos.com.br\/blog\/#website","url":"https:\/\/www.estrategiaconcursos.com.br\/blog\/","name":"Estrat\u00e9gia Concursos","description":"O blog da Estrat\u00e9gia Concursos traz not\u00edcias sobre concursos e artigos de professores oferecendo cursos para concursos (pdf + videaulas) no site.","publisher":{"@id":"https:\/\/www.estrategiaconcursos.com.br\/blog\/#organization"},"potentialAction":[{"@type":"SearchAction","target":{"@type":"EntryPoint","urlTemplate":"https:\/\/www.estrategiaconcursos.com.br\/blog\/?s={search_term_string}"},"query-input":{"@type":"PropertyValueSpecification","valueRequired":true,"valueName":"search_term_string"}}],"inLanguage":"pt-BR"},{"@type":"Organization","@id":"https:\/\/www.estrategiaconcursos.com.br\/blog\/#organization","name":"Estrat\u00e9gia Concursos","url":"https:\/\/www.estrategiaconcursos.com.br\/blog\/","logo":{"@type":"ImageObject","inLanguage":"pt-BR","@id":"https:\/\/www.estrategiaconcursos.com.br\/blog\/#\/schema\/logo\/image\/","url":"https:\/\/dhg1h5j42swfq.cloudfront.net\/2025\/06\/03203428\/logo_concursos-1.jpg","contentUrl":"https:\/\/dhg1h5j42swfq.cloudfront.net\/2025\/06\/03203428\/logo_concursos-1.jpg","width":230,"height":60,"caption":"Estrat\u00e9gia Concursos"},"image":{"@id":"https:\/\/www.estrategiaconcursos.com.br\/blog\/#\/schema\/logo\/image\/"},"sameAs":["https:\/\/x.com\/EstratConcursos"]}]}},"_links":{"self":[{"href":"https:\/\/www.estrategiaconcursos.com.br\/blog\/wp-json\/wp\/v2\/depoimento\/16518","targetHints":{"allow":["GET"]}}],"collection":[{"href":"https:\/\/www.estrategiaconcursos.com.br\/blog\/wp-json\/wp\/v2\/depoimento"}],"about":[{"href":"https:\/\/www.estrategiaconcursos.com.br\/blog\/wp-json\/wp\/v2\/types\/depoimento"}],"version-history":[{"count":2,"href":"https:\/\/www.estrategiaconcursos.com.br\/blog\/wp-json\/wp\/v2\/depoimento\/16518\/revisions"}],"predecessor-version":[{"id":1134602,"href":"https:\/\/www.estrategiaconcursos.com.br\/blog\/wp-json\/wp\/v2\/depoimento\/16518\/revisions\/1134602"}],"wp:featuredmedia":[{"embeddable":true,"href":"https:\/\/www.estrategiaconcursos.com.br\/blog\/wp-json\/wp\/v2\/media\/16519"}],"wp:attachment":[{"href":"https:\/\/www.estrategiaconcursos.com.br\/blog\/wp-json\/wp\/v2\/media?parent=16518"}],"curies":[{"name":"wp","href":"https:\/\/api.w.org\/{rel}","templated":true}]}}