{"id":16423,"date":"2014-06-30T09:17:06","date_gmt":"2014-06-30T12:17:06","guid":{"rendered":"https:\/\/www.estrategiaconcursos.com.br\/blog\/?post_type=depoimento&#038;p=16423"},"modified":"2022-12-06T09:53:05","modified_gmt":"2022-12-06T12:53:05","slug":"concurso-receita-federal-aprovado-marcelo-torto","status":"publish","type":"depoimento","link":"https:\/\/www.estrategiaconcursos.com.br\/blog\/depoimento\/concurso-receita-federal-aprovado-marcelo-torto\/","title":{"rendered":"ENTREVISTA: Marcelo Torto &#8211; Aprovado no Concurso Receita Federal"},"content":{"rendered":"<p style=\"text-align: center;\"><span style=\"color: #000000;\"><strong>&#8220;Acredito que por eu ter estudado pouco tempo, o fator sorte teve um peso MUITO grande na minha aprova\u00e7\u00e3o. Mas, sempre confiem que a sorte acompanha os mais preparados. N\u00e3o desistam dos seus objetivos. Porque mesmo indo muito mal, em alguns concursos, um dia, voc\u00ea encontrar\u00e1 aquela prova que foi feita para voc\u00ea passar. Acredito que esse tenha sido o meu caso e agrade\u00e7o, todos os dias, a Deus, por essa b\u00ean\u00e7\u00e3o maravilhosa!&#8221;<\/strong><\/span><\/p>\n<p style=\"text-align: justify;\"><span style=\"color: #000000;\">N\u00e3o s\u00e3o poucas as pessoas que garantem que vida de concurseiro n\u00e3o \u00e9 f\u00e1cil. Ent\u00e3o, n\u00e3o seria nada mal, poder passar dessa fase e o mais r\u00e1pido poss\u00edvel! Image s\u00f3: ser aprovado em seu primeiro concurso, sendo esse o concurso dos seus &#8220;sonhos&#8221; e com apenas tr\u00eas meses de prepara\u00e7\u00e3o! Realmente um sonho, n\u00e3o \u00e9?! Mas, no caso do\u00a0\u00a0Economista Marcelo Torto, isso foi realidade.<\/span><\/p>\n<p style=\"text-align: justify;\"><span style=\"color: #000000;\">Em janeiro deste ano, Marcelo abriu m\u00e3o de seu emprego, no mercado financeiro, como analista de a\u00e7\u00f5es, para se dedicar, exclusivamente, a concursos. Marcelo fez uma economia para se dedicar, somente, aos estudos por um per\u00edodo de at\u00e9 dois anos. Mas, o resultado veio muito antes do esperado: depois de apenas alguns\u00a0meses, Marcelo foi aprovado\/classificado no concurso da Receita Federal para o cargo de Auditor Fiscal. <\/span><\/p>\n<p style=\"text-align: justify;\"><span style=\"color: #000000;\">Sorte? Pode at\u00e9 ser. Mas, neste caso, os ingredientes principais tamb\u00e9m foram confian\u00e7a, estrat\u00e9gia e dedica\u00e7\u00e3o.\u00a0Confira o depoimento de Marcelo Torto!<\/span><\/p>\n<p style=\"text-align: justify;\"><span style=\"color: #000000;\"><strong>Estrat\u00e9gia Concursos: Conte-nos um pouco sobre voc\u00ea. Assim, nosso leitor poder\u00e1 conhecer voc\u00ea melhor. Voc\u00ea \u00e9 formado em que \u00e1rea? Trabalhava e estudava? Ou se dedicava, inteiramente, aos estudos? Quantos e quais concursos j\u00e1 foi aprovado? Qual o \u00faltimo?<\/strong><\/span><\/p>\n<p style=\"text-align: justify;\"><span style=\"color: #000000;\"><b>Marcelo Torto:<\/b> Tenho 26 anos e sou formado em Ci\u00eancias Econ\u00f4micas. Esse foi o meu primeiro concurso e acredito que ter\u00e1 sido o \u00faltimo. Fiz, praticamente, toda minha carreira profissional no mercado financeiro. Sou analista de a\u00e7\u00f5es, que \u00e9 de fato minha grande paix\u00e3o. Mas, desde o final de 2013, comecei a pensar em outras alternativas. Queria encontrar uma carreira que me desse satisfa\u00e7\u00e3o profissional e financeira. E, ainda, que fosse poss\u00edvel conciliar uma qualidade de vida melhor. Tamb\u00e9m com redu\u00e7\u00e3o na carga hor\u00e1ria de trabalho e podendo aproveitar os finais de semana, sem muitas preocupa\u00e7\u00f5es.<\/span><\/p>\n<p style=\"text-align: justify;\"><span style=\"color: #000000;\">Como no come\u00e7o da faculdade, eu tinha estagiado 1 ano no Banco Central, comecei a pensar nessa ideia de prestar concurso para o BACEN. Foi, naquela ocasi\u00e3o, que eu passei a pesquisar sobre concursos p\u00fablicos. E acabei conhecendo a carreira de Auditoria da RFB. Foi, praticamente, &#8220;amor \u00e0 primeira vista&#8221;, rsrs. Digo isso, porque \u00e9 um cargo que, dentre os diversos servi\u00e7os poss\u00edveis, seria poss\u00edvel eu trabalhar tamb\u00e9m com an\u00e1lises financeiras de empresas. Al\u00e9m disso, teria um retorno financeiro elevado em pouco tempo.\u00a0<\/span><\/p>\n<p style=\"text-align: justify;\"><span style=\"color: #000000;\">No final de janeiro de 2014, j\u00e1 havia feito uma poupan\u00e7a boa. Dessa maneira, eu me sustentaria com o m\u00ednimo poss\u00edvel por uns 2 anos. Por isso, eu decidi largar meu emprego. E passei, ent\u00e3o, a me dedicar 100% do tempo a fim de alcan\u00e7ar essa aprova\u00e7\u00e3o.<\/span><\/p>\n<p style=\"text-align: justify;\"><span style=\"color: #000000;\"><strong>Estrat\u00e9gia:\u00a0Como era sua vida social durante a prepara\u00e7\u00e3o para concursos? Voc\u00ea sa\u00eda com amigos, fam\u00edlia, etc? Ou adotou uma postura radical, abdicando do conv\u00edvio social para passar no concurso o mais r\u00e1pido poss\u00edvel?<\/strong><\/span><\/p>\n<p style=\"text-align: justify;\"><span style=\"color: #000000;\">Marcelo: Como a expectativa inicial era pelo concurso, apenas no segundo semestre, decidi que estudaria 9h\/dia. Dessa forma, conciliava as atividades f\u00edsicas e a vida social. Sa\u00eda, nos finais de semana, com os amigos e a namorada. Por\u00e9m, quando saiu o edital, tive que abdicar do resto e me dedicar 100% aos estudos, com uma m\u00e9dia de 13h l\u00edquidas por dia. Literalmente, almo\u00e7ava e jantava com a cara enfiada no computador.<\/span><\/p>\n<p style=\"text-align: justify;\"><span style=\"color: #000000;\"><strong>Estrat\u00e9gia: Ao longo de sua jornada, voc\u00ea tentou outros concursos, para treinar e se manter com uma alta motiva\u00e7\u00e3o? Ou decidiu manter o foco apenas naquele concurso que era o seu sonho? Voc\u00ea acha que vale a pena fazer outros concursos, com foco diferente daquele concurso que \u00e9, realmente, seu objetivo maior?\u00a0<\/strong><\/span><\/p>\n<p style=\"text-align: justify;\"><span style=\"color: #000000;\">Marcelo: Como j\u00e1 disse, esse foi o meu primeiro e \u00fanico concurso. Mas, certamente, a minha ideia inicial era de prestar todos os concursos da \u00e1rea fiscal que fossem surgindo. No entanto, sempre tendo, como meta maior, o cargo de Auditor Fiscal da Receita Federal.<\/span><\/p>\n<p style=\"text-align: justify;\"><span style=\"color: #000000;\">Mesmo tendo pouca experi\u00eancia no mundo dos concursos, posso afirmar, com algum grau de certeza, que n\u00e3o \u00e9 aconselh\u00e1vel atirar para todos os lados. O n\u00edvel de exig\u00eancia, nos concursos, est\u00e1 cada vez mais elevado. Ent\u00e3o, acho fundamental escolher, dentre os diversos tipos de cargos, aquele que melhor se ad\u00e9qua ao seu perfil. E dever\u00e1 manter-se focado apenas nas \u00e1reas de atua\u00e7\u00e3o pertinentes ao cargo escolhido.<\/span><\/p>\n<p style=\"text-align: justify;\"><span style=\"color: #000000;\"><strong>Estrat\u00e9gia:\u00a0Voc\u00ea estudou por quanto tempo, contando toda a sua prepara\u00e7\u00e3o? Durante esse tempo de estudo, como voc\u00ea fazia para manter a disciplina nos estudos, mesmo naqueles per\u00edodos em que n\u00e3o havia edital na m\u00e3o?<\/strong><\/span><\/p>\n<p style=\"text-align: justify;\"><span style=\"color: #000000;\">Marcelo: Meu tempo de prepara\u00e7\u00e3o foram de exatos 3 meses e 14 dias. Obviamente eu j\u00e1 tinha uma base muito boa em algumas mat\u00e9rias importantes do concurso. E isso foi fruto da vida acad\u00eamica e profissional.<\/span><\/p>\n<p style=\"text-align: justify;\"><span style=\"color: #000000;\">Fiquei estudando apenas 1 m\u00eas sem edital na m\u00e3o. No entanto, a autoriza\u00e7\u00e3o para o concurso j\u00e1 estava tramitando. E a expectativa era grande por um novo concurso em breve. Minha principal fonte de motiva\u00e7\u00e3o, durante esses 3 meses, foram os depoimentos de aprovados. Al\u00e9m de estudar pelos textos e v\u00eddeos sobre a carreira de AFRFB.<\/span><\/p>\n<p style=\"text-align: justify;\"><span style=\"color: #000000;\"><strong>Estrat\u00e9gia:\u00a0Que materiais voc\u00ea usou em sua prepara\u00e7\u00e3o para o concurso? Aulas presenciais, telepresenciais, livros, cursos em PDF, videoaulas? Quais foram as principais vantagens e desvantagens de cada um?<\/strong><\/span><\/p>\n<p style=\"text-align: justify;\"><span style=\"color: #000000;\">Marcelo: Minha ideia inicial era conciliar alguns livros com materiais em PDF. Todavia, como o edital saiu antes do esperado, achei melhor focar apenas nos materiais em PDF e em algumas videoaulas. Pois, eles tinham um direcionamento maior para o concurso. J\u00e1 que o estudo te\u00f3rico \u00e9 conjugado com exerc\u00edcios comentados (acredito que seja uma das melhores maneiras de internalizar os conceitos estudados), o que possibilitou um melhor aproveitamento do meu tempo.\u00a0<\/span><\/p>\n<p style=\"text-align: justify;\"><span style=\"color: #000000;\">As videoaulas s\u00e3o aconselhadas para aqueles assuntos mais complicados. Uma vez que elas nos facilitam o entendimento. Por\u00e9m, tomam um pouco mais de tempo. Em rela\u00e7\u00e3o \u00e0s aulas presenciais, eu n\u00e3o fiz nenhuma. E acho que s\u00f3 seriam proveitosas, se fossem muito perto de casa. Caso contr\u00e1rio, eu perderia muito tempo no deslocamento. <\/span><\/p>\n<p style=\"text-align: justify;\"><span style=\"color: #000000;\">Os cursos em PDFs do Estrat\u00e9gia e do Ponto e as videoaulas do Ol\u00e1 Amigos foram suficientes para me propiciar uma boa prepara\u00e7\u00e3o para esse concurso. Vale, ainda, destacar outras fontes importantes, como os sites do STF e STJ, al\u00e9m do s\u00edtio da pr\u00f3pria RFB.<\/span><\/p>\n<p style=\"text-align: justify;\"><span style=\"color: #000000;\"><strong>Estrat\u00e9gia: Uma das principais dificuldades de todo o concursando \u00e9 a quantidade de assuntos que deve ser memorizada. Como voc\u00ea fez para estudar todo o conte\u00fado do concurso? Falando de modo mais espec\u00edfico: voc\u00ea estudava v\u00e1rias mat\u00e9rias ao mesmo tempo? Quantas? Costumava fazer resumos? Focava mais em exerc\u00edcios, ou na leitura e releitura da teoria?<\/strong><\/span><\/p>\n<p style=\"text-align: justify;\"><span style=\"color: #000000;\">Marcelo: Como o tempo de prepara\u00e7\u00e3o seria escasso, foquei nas mat\u00e9rias de maior peso. E, principalmente, naquelas que seriam cobradas na Discursiva, deixando de lado as que eu j\u00e1 tinha uma boa no\u00e7\u00e3o. Ent\u00e3o, decidi que n\u00e3o estudaria portugu\u00eas e ingl\u00eas. E, apenas, daria uma passada leve em matem\u00e1tica e administra\u00e7\u00e3o. Apesar de j\u00e1 ter uma boa bagagem em contabilidade (trabalhava com isso), decidi me dedicar bastante a essa disciplina por causa do seu peso elevado. <\/span><\/p>\n<p style=\"text-align: justify;\"><span style=\"color: #000000;\">Comecei meus estudos fazendo resumo de todos os materiais que eu lia. E revisando os temas periodicamente (revisava no dia seguinte, ap\u00f3s 1 semana e ap\u00f3s 1 m\u00eas). De fato, esse m\u00e9todo estava sendo muito \u00fatil. Pois, tinha bastante \u00eaxito quando fazia os exerc\u00edcios de provas antigas. No entanto, ap\u00f3s a divulga\u00e7\u00e3o do edital, isso n\u00e3o foi mais poss\u00edvel. E passei a ler os materiais, sem resumi-los e revisar apenas as principais mat\u00e9rias.<strong>\u00a0<\/strong><\/span><\/p>\n<p style=\"text-align: justify;\"><span style=\"color: #000000;\">Acho important\u00edssimo ter um controle sobre tudo o que \u00e9 estudado. E o tempo de estudo \u00e9 essencial para possibilitar essa revis\u00e3o peri\u00f3dica. Fiz esse controle com planilhas do Excel e um quadro fixado na parede. Com ele, eu tamb\u00e9m colocava alguns mnem\u00f4nicos importantes.<\/span><\/p>\n<p style=\"text-align: justify;\"><span style=\"color: #000000;\">Estudava no m\u00e1ximo 3 mat\u00e9rias por dia, fazendo turnos (manh\u00e3\/tarde\/noite). E sempre colocava contabilidade ou matem\u00e1tica no turno da tarde, porque acho que corta um pouco da rotina de leitura. Al\u00e9m disso, faz o c\u00e9rebro voltar a raciocinar melhor depois do estudo do turno da manh\u00e3.<\/span><\/p>\n<p style=\"text-align: justify;\"><span style=\"color: #000000;\"><strong>Estrat\u00e9gia: Voc\u00ea tinha mais dificuldades em alguma(s) disciplina(s)? Quais? Como voc\u00ea fez para superar essas dificuldades?<\/strong><\/span><\/p>\n<p style=\"text-align: justify;\"><span style=\"color: #000000;\">Marcelo: Meu contato com mat\u00e9rias de Direito foi muito pequeno (tive apenas 1 grade de Direito na Faculdade). Por isso, essas foram mais complicadas para aprender. E, ainda mais, considerando a cobran\u00e7a da banca sobre diferentes Doutrinadores e Jurisprud\u00eancias. No entanto, isso foi facilitado pelo direcionamento dos materiais em PDF. E o que facultou tamb\u00e9m, foi ter o foco em exerc\u00edcios de provas antigas. Al\u00e9m disso, toda semana, eu passava um pente fino nas decis\u00f5es mais recentes do STF e STJ sobre os assuntos do edital.<\/span><\/p>\n<p style=\"text-align: justify;\"><span style=\"color: #000000;\"><strong>Estrat\u00e9gia:\u00a0A reta final \u00e9 sempre um per\u00edodo estressante. Como voc\u00ea levou seus estudos nesse per\u00edodo? Voc\u00ea se concentrava nas mat\u00e9rias de maior peso? Ou distribu\u00eda seus estudos de maneira mais homog\u00eanea? Focava mais na releitura, em resumos, em exerc\u00edcios, etc ?<\/strong><\/span><\/p>\n<p style=\"text-align: justify;\"><span style=\"color: #000000;\">Marcelo: Coloca estressante nisso! No meu caso, o n\u00edvel de concentra\u00e7\u00e3o caiu bastante e ficou complicado tentar incorporar novos conte\u00fados. Acho que o ideal seria focar apenas nos resumos. E, em especial, nas mat\u00e9rias que temos maiores dificuldades. Por\u00e9m, eu ainda estava longe de completar o estudo sobre todo o edital. Por isso, tive que continuar estudando assuntos novos. Apenas faltando 3 dias para a primeira prova, eu desisti de tentar estudar novidades. E passei a focar 100% nas mat\u00e9rias que seriam cobradas na prova discursiva.<\/span><\/p>\n<p style=\"text-align: justify;\"><span style=\"color: #000000;\"><strong>Estrat\u00e9gia: Na semana da prova, por um lado, n\u00f3s sempre observamos v\u00e1rios candidatos assumindo uma verdadeira maratona de estudos (estudando, intensamente, dia e noite). Por outro, tamb\u00e9m vemos concurseiros que preferem desalecerar um pouco, para chegar, no dia da prova, com a mente mais descansada. O que voc\u00ea aconselha?<\/strong><\/span><\/p>\n<p style=\"text-align: justify;\"><span style=\"color: #000000;\"><b>Marcelo:\u00a0<\/b>Acho que cada corpo e mente comportam-se de uma maneira. E deve fazer o que for melhor para si mesmo. H\u00e1 aqueles que conseguem estudar at\u00e9 segundos antes da prova. Outros passam, os \u00faltimos dias, praticamente, sem tocar em nenhum material. No meu caso, eu desacelerei, apenas, nos \u00faltimos 2 dias que antecederam a prova. Continuei estudando; entretanto, com uma carga hor\u00e1ria reduzida pela metade. E passei a ver filmes antes de dormir (coisa que eu n\u00e3o fazia desde que saiu o edital). Os dois dias de prova s\u00e3o, extremamente, cansativos (f\u00edsica e psicologicamente). Ent\u00e3o, preferi chegar com a mente e corpo um pouco mais descansado. E entre uma prova e outra, tamb\u00e9m, n\u00e3o toquei em material de estudo.<\/span><\/p>\n<p style=\"text-align: justify;\"><span style=\"color: #000000;\"><strong>Estrat\u00e9gia:\u00a0No seu concurso, tivemos, al\u00e9m das provas objetivas, as discursivas. Como foi seu estudo para essa importante parte do certame? O que voc\u00ea aconselha?<\/strong><\/span><\/p>\n<p style=\"text-align: justify;\"><span style=\"color: #000000;\">Marcelo: Sempre dei prefer\u00eancia, durante toda a minha prepara\u00e7\u00e3o, \u00e0s mat\u00e9rias que seriam cobradas na prova discursiva. No entanto, como meu tempo de prepara\u00e7\u00e3o foi muito curto, tive que tomar uma decis\u00e3o bastante arriscada. Abdiquei do estudo de Direito Previdenci\u00e1rio e Com\u00e9rcio Internacional (na verdade, estudei muito pouco essas duas mat\u00e9rias). Achei que seria mais prov\u00e1vel que a ESAF cobrasse Direito Tribut\u00e1rio e Legisla\u00e7\u00e3o Aduaneira na Discursiva. Uma vez que essas disciplinas s\u00e3o mais pertinentes com as principais fun\u00e7\u00f5es do cargo. E isso tudo foi um fator fundamental para a minha aprova\u00e7\u00e3o. Porque se fosse cobrado algum tema dessas outras duas mat\u00e9rias, dificilmente, eu estaria aqui relatando minha aprova\u00e7\u00e3o.<\/span><\/p>\n<p style=\"text-align: justify;\"><span style=\"color: #000000;\">E a cereja do bolo foram os cursos de discursiva com corre\u00e7\u00e3o do Estrat\u00e9gia e o sem corre\u00e7\u00e3o do Ponto. Eles foram fundamentais para alcan\u00e7ar uma boa pontua\u00e7\u00e3o na prova.<\/span><\/p>\n<p><span style=\"color: #000000;\"> Nesses cursos, al\u00e9m das t\u00e9cnicas de reda\u00e7\u00e3o e exemplos, recebi\u00a0 dicas. E uma delas foi: &#8220;sempre coloque as palavras que est\u00e3o no enunciado&#8221;. Isso facilita muito a vida do examinador.\u00a0<\/span><\/p>\n<p><span style=\"color: #000000;\"> Como sempre trabalhei escrevendo relat\u00f3rios de an\u00e1lises de a\u00e7\u00f5es, tenho facilidade para escrever. Ent\u00e3o, n\u00e3o pratiquei discursiva durante a minha prepara\u00e7\u00e3o (com exce\u00e7\u00e3o da \u00faltima semana, antes da prova, com esse curso). Contudo, indico que, pelo menos 1x por semana, seja feita uma reda\u00e7\u00e3o sobre algum tema pertinente.<strong>\u00a0<\/strong><\/span><\/p>\n<p style=\"text-align: justify;\"><span style=\"color: #000000;\"><strong>Estrat\u00e9gia: Se voc\u00ea tivesse que apontar ERROS em sua prepara\u00e7\u00e3o (se \u00e9 que houve), quais seriam? Diga-nos, tamb\u00e9m, quais foram os maiores ACERTOS?<\/strong><\/span><\/p>\n<p style=\"text-align: justify;\"><span style=\"color: #000000;\">Marcelo: Sinceramente<strong>, <\/strong>acho que seria injusto da minha parte apontar algum erro, considerando o pouco tempo de estudo. Por\u00e9m, posso considerar que tive um breve come\u00e7o equivocado. Como tinha pouco tempo at\u00e9 a prov\u00e1vel prova, sa\u00ed comprando tudo o que era pacote de livros. Esses eram para o concurso pela internet. Al\u00e9m disso, eu nem conhecia o hist\u00f3rico desses autores.<\/span><\/p>\n<p style=\"text-align: justify;\"><span style=\"color: #000000;\">Mas, meu maior acerto foi, sem d\u00favida nenhuma, correr atr\u00e1s das dicas do Professor S\u00e9rgio Carvalho! E de depoimentos de outros aprovados. Eles me indicaram os principais materiais para alcan\u00e7ar essa t\u00e3o sonhada aprova\u00e7\u00e3o.<\/span><\/p>\n<p style=\"text-align: justify;\"><span style=\"color: #000000;\">A \u00fanica mudan\u00e7a que faria, na minha prepara\u00e7\u00e3o, seria em rela\u00e7\u00e3o \u00e0 pr\u00e1tica de atividade f\u00edsica. Como eu disse, achei melhor abdicar de tudo em prol do estudo. Todavia, acredito que poderia e seria melhor ter conciliado com pelo menos 1h de atividade f\u00edsica por dia. Assim, acredito que teria ajudado na concentra\u00e7\u00e3o e no racioc\u00ednio.<\/span><\/p>\n<p><span style=\"color: #000000;\"> No entanto, com rela\u00e7\u00e3o \u00e0 vida social, considerando esse per\u00edodo, acho que n\u00e3o tem como pensar em sair de casa. E faria tudo de novo. N\u00e3o tive final de semana ou feriado.<\/span><\/p>\n<p style=\"text-align: justify;\"><span style=\"color: #000000;\"><strong>Estrat\u00e9gia: Pela sua experi\u00eancia e contato com outros concurseiros, diga-nos quais s\u00e3o os maiores erros que as pessoas cometem quando decidem preparar-se para concursos?<\/strong><\/span><\/p>\n<p style=\"text-align: justify;\"><span style=\"color: #000000;\">Marcelo: Meu contato com outros concurseiros resume-se aos F\u00f3runs especializados. E o que mais tenho notado de erro, na prepara\u00e7\u00e3o, \u00e9 a escolha do concurso baseado, unicamente, na quest\u00e3o financeira. A dificuldade e o tempo m\u00e9dio de prepara\u00e7\u00e3o para passar em concursos de n\u00edvel superior, \u00e9 grande. Por isso, acho muito importante haver uma afinidade do concurseiro com as mat\u00e9rias cobradas no certame. Claro que muitos, que nunca se interessaram por nenhuma das mat\u00e9rias pertinentes ao cargo, conseguem a aprova\u00e7\u00e3o. Contudo, acredito que, de maneira mais custosa, entretanto, correm o risco de se decepcionar com a fun\u00e7\u00e3o que venham exerc\u00ea-la.<\/span><\/p>\n<p style=\"text-align: justify;\"><span style=\"color: #000000;\"><strong>Estrat\u00e9gia:\u00a0O que foi mais dif\u00edcil nessa caminhada rumo \u00e0 aprova\u00e7\u00e3o?<\/strong><\/span><\/p>\n<p style=\"text-align: justify;\"><span style=\"color: #000000;\">Marcelo: O mais complicado foi a incerteza sobre a aprova\u00e7\u00e3o. Visto que estava deixando, de lado, toda uma carreira que poderia me trazer um bom retorno financeiro por algo bastante incerto.<\/span><\/p>\n<p style=\"text-align: justify;\"><span style=\"color: #000000;\">Gra\u00e7as a Deus, tive todo o apoio da minha fam\u00edlia, que sempre confiou no meu potencial e forneceu o alicerce, para que eu alcan\u00e7asse esse \u00eaxito.\u00a0<\/span><\/p>\n<p style=\"text-align: justify;\"><span style=\"color: #000000;\">Como sou solteiro, sem filhos e morando com meus pais, n\u00e3o sofri a press\u00e3o por uma aprova\u00e7\u00e3o r\u00e1pida. Por\u00e9m, sabia, internamente, que eu n\u00e3o iria suportar as decep\u00e7\u00f5es inevit\u00e1veis da reprova\u00e7\u00e3o. E, portanto, teria que fazer todo o esfor\u00e7o poss\u00edvel, para que a aprova\u00e7\u00e3o viesse rapidamente. Eu acabaria desistindo, no meio do caminho, caso n\u00e3o fosse aprovado dentre 2 anos; j\u00e1 que nunca tive muita autoconfian\u00e7a (agora, estou com ela em excesso).<\/span><\/p>\n<p style=\"text-align: justify;\"><span style=\"color: #000000;\"><strong>Estrat\u00e9gia: Por fim, o que voc\u00ea aconselharia a algu\u00e9m que est\u00e1 iniciando seus estudos para concurso. Deixe-nos sua mensagem para todos aqueles que um dia almejam chegar aonde voc\u00ea chegou!<\/strong><\/span><\/p>\n<p style=\"text-align: justify;\"><span style=\"color: #000000;\">Marcelo: Para finalizar, vou citar duas frases motivacionais que eu escrevi no quadro da minha mesa de estudos. S\u00e3o bastante conhecidas mas que resumem bem uma parte da minha trajet\u00f3ria e acredito que a da maioria dos concurseiros: H. Ford: &#8220;Se voc\u00ea pensa que pode, ou se pensa que n\u00e3o pode, de qualquer modo est\u00e1 certo&#8221;; M. Gandhi: \u201c<a href=\"http:\/\/kdfrases.com\/frase\/106545\"><span style=\"color: #000000;\">Voc\u00ea nunca sabe que resultados vir\u00e3o da sua a\u00e7\u00e3o, mas se voc\u00ea n\u00e3o fizer nada, n\u00e3o existir\u00e3o resultados.<\/span><\/a>\u201d<\/span><\/p>\n<p style=\"text-align: justify;\"><span style=\"color: #000000;\">Acredito que por eu ter estudado pouco tempo, o fator sorte teve um peso MUITO grande na minha aprova\u00e7\u00e3o. Mas, sempre confiem que a sorte acompanha os mais preparados. N\u00e3o desistam dos seus objetivos. Porque mesmo indo muito mal, em alguns concursos, um dia, voc\u00ea encontrar\u00e1 aquela prova que foi feita para voc\u00ea passar. Acredito que esse tenha sido o meu caso e agrade\u00e7o, todos os dias, a Deus, por essa b\u00ean\u00e7\u00e3o maravilhosa!<\/span><\/p>\n<p style=\"text-align: justify;\"><span style=\"color: #000000;\">Assessoria de Comunica\u00e7\u00e3o<\/span><\/p>\n<p style=\"text-align: justify;\"><span style=\"color: #000000;\">comunicacao@estrategiaconcursos.com.br<\/span><\/p>\n<p style=\"text-align: justify;\"><span style=\"color: #000000;\">\u00a0<\/span><\/p>\n","protected":false},"excerpt":{"rendered":"<p>&#8220;Acredito que por eu ter estudado pouco tempo, o fator sorte teve um peso MUITO grande na minha aprova\u00e7\u00e3o, mas sempre confiem que a sorte acompanha os mais preparados&#8221;<\/p>\n","protected":false},"featured_media":16424,"template":"","class_list":["post-16423","depoimento","type-depoimento","status-publish","has-post-thumbnail","hentry"],"acf":[],"yoast_head":"<!-- This site is optimized with the Yoast SEO Premium plugin v27.2 (Yoast SEO v27.2) - https:\/\/yoast.com\/product\/yoast-seo-premium-wordpress\/ -->\n<title>Aprovado no Concurso Receita Federal: Entrevista Marcelo Torto<\/title>\n<meta name=\"description\" content=\"Confira o depoimento de Marcelo Torto, aprovado no concurso da Receita Federal com apenas tr\u00eas meses de prepara\u00e7\u00e3o.\" \/>\n<meta name=\"robots\" content=\"index, follow, max-snippet:-1, max-image-preview:large, max-video-preview:-1\" \/>\n<link rel=\"canonical\" href=\"https:\/\/www.estrategiaconcursos.com.br\/blog\/depoimento\/concurso-receita-federal-aprovado-marcelo-torto\/\" \/>\n<meta property=\"og:locale\" content=\"pt_BR\" \/>\n<meta property=\"og:type\" content=\"article\" \/>\n<meta property=\"og:title\" content=\"ENTREVISTA: Marcelo Torto - Aprovado no Concurso Receita Federal\" \/>\n<meta property=\"og:description\" content=\"Confira o depoimento de Marcelo Torto, aprovado no concurso da Receita Federal com apenas tr\u00eas meses de prepara\u00e7\u00e3o.\" \/>\n<meta property=\"og:url\" content=\"https:\/\/www.estrategiaconcursos.com.br\/blog\/depoimento\/concurso-receita-federal-aprovado-marcelo-torto\/\" \/>\n<meta property=\"og:site_name\" content=\"Estrat\u00e9gia Concursos\" \/>\n<meta property=\"article:modified_time\" content=\"2022-12-06T12:53:05+00:00\" \/>\n<meta property=\"og:image\" content=\"https:\/\/dhg1h5j42swfq.cloudfront.net\/2014\/06\/Foto-1-mod-2-1.jpg\" \/>\n\t<meta property=\"og:image:width\" content=\"445\" \/>\n\t<meta property=\"og:image:height\" content=\"339\" \/>\n\t<meta property=\"og:image:type\" content=\"image\/jpeg\" \/>\n<meta name=\"twitter:card\" content=\"summary_large_image\" \/>\n<meta name=\"twitter:site\" content=\"@EstratConcursos\" \/>\n<meta name=\"twitter:label1\" content=\"Est. tempo de leitura\" \/>\n\t<meta name=\"twitter:data1\" content=\"15 minutos\" \/>\n<script type=\"application\/ld+json\" class=\"yoast-schema-graph\">{\"@context\":\"https:\/\/schema.org\",\"@graph\":[{\"@type\":\"WebPage\",\"@id\":\"https:\/\/www.estrategiaconcursos.com.br\/blog\/depoimento\/concurso-receita-federal-aprovado-marcelo-torto\/\",\"url\":\"https:\/\/www.estrategiaconcursos.com.br\/blog\/depoimento\/concurso-receita-federal-aprovado-marcelo-torto\/\",\"name\":\"Aprovado no Concurso Receita Federal: Entrevista Marcelo Torto\",\"isPartOf\":{\"@id\":\"https:\/\/www.estrategiaconcursos.com.br\/blog\/#website\"},\"primaryImageOfPage\":{\"@id\":\"https:\/\/www.estrategiaconcursos.com.br\/blog\/depoimento\/concurso-receita-federal-aprovado-marcelo-torto\/#primaryimage\"},\"image\":{\"@id\":\"https:\/\/www.estrategiaconcursos.com.br\/blog\/depoimento\/concurso-receita-federal-aprovado-marcelo-torto\/#primaryimage\"},\"thumbnailUrl\":\"https:\/\/dhg1h5j42swfq.cloudfront.net\/2014\/06\/Foto-1-mod-2-1.jpg\",\"datePublished\":\"2014-06-30T12:17:06+00:00\",\"dateModified\":\"2022-12-06T12:53:05+00:00\",\"description\":\"Confira o depoimento de Marcelo Torto, aprovado no concurso da Receita Federal com apenas tr\u00eas meses de prepara\u00e7\u00e3o.\",\"breadcrumb\":{\"@id\":\"https:\/\/www.estrategiaconcursos.com.br\/blog\/depoimento\/concurso-receita-federal-aprovado-marcelo-torto\/#breadcrumb\"},\"inLanguage\":\"pt-BR\",\"potentialAction\":[{\"@type\":\"ReadAction\",\"target\":[\"https:\/\/www.estrategiaconcursos.com.br\/blog\/depoimento\/concurso-receita-federal-aprovado-marcelo-torto\/\"]}]},{\"@type\":\"ImageObject\",\"inLanguage\":\"pt-BR\",\"@id\":\"https:\/\/www.estrategiaconcursos.com.br\/blog\/depoimento\/concurso-receita-federal-aprovado-marcelo-torto\/#primaryimage\",\"url\":\"https:\/\/dhg1h5j42swfq.cloudfront.net\/2014\/06\/Foto-1-mod-2-1.jpg\",\"contentUrl\":\"https:\/\/dhg1h5j42swfq.cloudfront.net\/2014\/06\/Foto-1-mod-2-1.jpg\",\"width\":445,\"height\":339},{\"@type\":\"BreadcrumbList\",\"@id\":\"https:\/\/www.estrategiaconcursos.com.br\/blog\/depoimento\/concurso-receita-federal-aprovado-marcelo-torto\/#breadcrumb\",\"itemListElement\":[{\"@type\":\"ListItem\",\"position\":1,\"name\":\"In\u00edcio\",\"item\":\"https:\/\/www.estrategiaconcursos.com.br\/blog\/\"},{\"@type\":\"ListItem\",\"position\":2,\"name\":\"ENTREVISTA: Marcelo Torto &#8211; Aprovado no Concurso Receita Federal\"}]},{\"@type\":\"WebSite\",\"@id\":\"https:\/\/www.estrategiaconcursos.com.br\/blog\/#website\",\"url\":\"https:\/\/www.estrategiaconcursos.com.br\/blog\/\",\"name\":\"Estrat\u00e9gia Concursos\",\"description\":\"O blog da Estrat\u00e9gia Concursos traz not\u00edcias sobre concursos e artigos de professores oferecendo cursos para concursos (pdf + videaulas) no site.\",\"publisher\":{\"@id\":\"https:\/\/www.estrategiaconcursos.com.br\/blog\/#organization\"},\"potentialAction\":[{\"@type\":\"SearchAction\",\"target\":{\"@type\":\"EntryPoint\",\"urlTemplate\":\"https:\/\/www.estrategiaconcursos.com.br\/blog\/?s={search_term_string}\"},\"query-input\":{\"@type\":\"PropertyValueSpecification\",\"valueRequired\":true,\"valueName\":\"search_term_string\"}}],\"inLanguage\":\"pt-BR\"},{\"@type\":\"Organization\",\"@id\":\"https:\/\/www.estrategiaconcursos.com.br\/blog\/#organization\",\"name\":\"Estrat\u00e9gia Concursos\",\"url\":\"https:\/\/www.estrategiaconcursos.com.br\/blog\/\",\"logo\":{\"@type\":\"ImageObject\",\"inLanguage\":\"pt-BR\",\"@id\":\"https:\/\/www.estrategiaconcursos.com.br\/blog\/#\/schema\/logo\/image\/\",\"url\":\"https:\/\/dhg1h5j42swfq.cloudfront.net\/2025\/06\/03203428\/logo_concursos-1.jpg\",\"contentUrl\":\"https:\/\/dhg1h5j42swfq.cloudfront.net\/2025\/06\/03203428\/logo_concursos-1.jpg\",\"width\":230,\"height\":60,\"caption\":\"Estrat\u00e9gia Concursos\"},\"image\":{\"@id\":\"https:\/\/www.estrategiaconcursos.com.br\/blog\/#\/schema\/logo\/image\/\"},\"sameAs\":[\"https:\/\/x.com\/EstratConcursos\"]}]}<\/script>\n<!-- \/ Yoast SEO Premium plugin. -->","yoast_head_json":{"title":"Aprovado no Concurso Receita Federal: Entrevista Marcelo Torto","description":"Confira o depoimento de Marcelo Torto, aprovado no concurso da Receita Federal com apenas tr\u00eas meses de prepara\u00e7\u00e3o.","robots":{"index":"index","follow":"follow","max-snippet":"max-snippet:-1","max-image-preview":"max-image-preview:large","max-video-preview":"max-video-preview:-1"},"canonical":"https:\/\/www.estrategiaconcursos.com.br\/blog\/depoimento\/concurso-receita-federal-aprovado-marcelo-torto\/","og_locale":"pt_BR","og_type":"article","og_title":"ENTREVISTA: Marcelo Torto - Aprovado no Concurso Receita Federal","og_description":"Confira o depoimento de Marcelo Torto, aprovado no concurso da Receita Federal com apenas tr\u00eas meses de prepara\u00e7\u00e3o.","og_url":"https:\/\/www.estrategiaconcursos.com.br\/blog\/depoimento\/concurso-receita-federal-aprovado-marcelo-torto\/","og_site_name":"Estrat\u00e9gia Concursos","article_modified_time":"2022-12-06T12:53:05+00:00","og_image":[{"width":445,"height":339,"url":"https:\/\/dhg1h5j42swfq.cloudfront.net\/2014\/06\/Foto-1-mod-2-1.jpg","type":"image\/jpeg"}],"twitter_card":"summary_large_image","twitter_site":"@EstratConcursos","twitter_misc":{"Est. tempo de leitura":"15 minutos"},"schema":{"@context":"https:\/\/schema.org","@graph":[{"@type":"WebPage","@id":"https:\/\/www.estrategiaconcursos.com.br\/blog\/depoimento\/concurso-receita-federal-aprovado-marcelo-torto\/","url":"https:\/\/www.estrategiaconcursos.com.br\/blog\/depoimento\/concurso-receita-federal-aprovado-marcelo-torto\/","name":"Aprovado no Concurso Receita Federal: Entrevista Marcelo Torto","isPartOf":{"@id":"https:\/\/www.estrategiaconcursos.com.br\/blog\/#website"},"primaryImageOfPage":{"@id":"https:\/\/www.estrategiaconcursos.com.br\/blog\/depoimento\/concurso-receita-federal-aprovado-marcelo-torto\/#primaryimage"},"image":{"@id":"https:\/\/www.estrategiaconcursos.com.br\/blog\/depoimento\/concurso-receita-federal-aprovado-marcelo-torto\/#primaryimage"},"thumbnailUrl":"https:\/\/dhg1h5j42swfq.cloudfront.net\/2014\/06\/Foto-1-mod-2-1.jpg","datePublished":"2014-06-30T12:17:06+00:00","dateModified":"2022-12-06T12:53:05+00:00","description":"Confira o depoimento de Marcelo Torto, aprovado no concurso da Receita Federal com apenas tr\u00eas meses de prepara\u00e7\u00e3o.","breadcrumb":{"@id":"https:\/\/www.estrategiaconcursos.com.br\/blog\/depoimento\/concurso-receita-federal-aprovado-marcelo-torto\/#breadcrumb"},"inLanguage":"pt-BR","potentialAction":[{"@type":"ReadAction","target":["https:\/\/www.estrategiaconcursos.com.br\/blog\/depoimento\/concurso-receita-federal-aprovado-marcelo-torto\/"]}]},{"@type":"ImageObject","inLanguage":"pt-BR","@id":"https:\/\/www.estrategiaconcursos.com.br\/blog\/depoimento\/concurso-receita-federal-aprovado-marcelo-torto\/#primaryimage","url":"https:\/\/dhg1h5j42swfq.cloudfront.net\/2014\/06\/Foto-1-mod-2-1.jpg","contentUrl":"https:\/\/dhg1h5j42swfq.cloudfront.net\/2014\/06\/Foto-1-mod-2-1.jpg","width":445,"height":339},{"@type":"BreadcrumbList","@id":"https:\/\/www.estrategiaconcursos.com.br\/blog\/depoimento\/concurso-receita-federal-aprovado-marcelo-torto\/#breadcrumb","itemListElement":[{"@type":"ListItem","position":1,"name":"In\u00edcio","item":"https:\/\/www.estrategiaconcursos.com.br\/blog\/"},{"@type":"ListItem","position":2,"name":"ENTREVISTA: Marcelo Torto &#8211; Aprovado no Concurso Receita Federal"}]},{"@type":"WebSite","@id":"https:\/\/www.estrategiaconcursos.com.br\/blog\/#website","url":"https:\/\/www.estrategiaconcursos.com.br\/blog\/","name":"Estrat\u00e9gia Concursos","description":"O blog da Estrat\u00e9gia Concursos traz not\u00edcias sobre concursos e artigos de professores oferecendo cursos para concursos (pdf + videaulas) no site.","publisher":{"@id":"https:\/\/www.estrategiaconcursos.com.br\/blog\/#organization"},"potentialAction":[{"@type":"SearchAction","target":{"@type":"EntryPoint","urlTemplate":"https:\/\/www.estrategiaconcursos.com.br\/blog\/?s={search_term_string}"},"query-input":{"@type":"PropertyValueSpecification","valueRequired":true,"valueName":"search_term_string"}}],"inLanguage":"pt-BR"},{"@type":"Organization","@id":"https:\/\/www.estrategiaconcursos.com.br\/blog\/#organization","name":"Estrat\u00e9gia Concursos","url":"https:\/\/www.estrategiaconcursos.com.br\/blog\/","logo":{"@type":"ImageObject","inLanguage":"pt-BR","@id":"https:\/\/www.estrategiaconcursos.com.br\/blog\/#\/schema\/logo\/image\/","url":"https:\/\/dhg1h5j42swfq.cloudfront.net\/2025\/06\/03203428\/logo_concursos-1.jpg","contentUrl":"https:\/\/dhg1h5j42swfq.cloudfront.net\/2025\/06\/03203428\/logo_concursos-1.jpg","width":230,"height":60,"caption":"Estrat\u00e9gia Concursos"},"image":{"@id":"https:\/\/www.estrategiaconcursos.com.br\/blog\/#\/schema\/logo\/image\/"},"sameAs":["https:\/\/x.com\/EstratConcursos"]}]}},"_links":{"self":[{"href":"https:\/\/www.estrategiaconcursos.com.br\/blog\/wp-json\/wp\/v2\/depoimento\/16423","targetHints":{"allow":["GET"]}}],"collection":[{"href":"https:\/\/www.estrategiaconcursos.com.br\/blog\/wp-json\/wp\/v2\/depoimento"}],"about":[{"href":"https:\/\/www.estrategiaconcursos.com.br\/blog\/wp-json\/wp\/v2\/types\/depoimento"}],"version-history":[{"count":2,"href":"https:\/\/www.estrategiaconcursos.com.br\/blog\/wp-json\/wp\/v2\/depoimento\/16423\/revisions"}],"predecessor-version":[{"id":1134965,"href":"https:\/\/www.estrategiaconcursos.com.br\/blog\/wp-json\/wp\/v2\/depoimento\/16423\/revisions\/1134965"}],"wp:featuredmedia":[{"embeddable":true,"href":"https:\/\/www.estrategiaconcursos.com.br\/blog\/wp-json\/wp\/v2\/media\/16424"}],"wp:attachment":[{"href":"https:\/\/www.estrategiaconcursos.com.br\/blog\/wp-json\/wp\/v2\/media?parent=16423"}],"curies":[{"name":"wp","href":"https:\/\/api.w.org\/{rel}","templated":true}]}}