{"id":1634738,"date":"2026-04-30T23:16:27","date_gmt":"2026-05-01T02:16:27","guid":{"rendered":"https:\/\/www.estrategiaconcursos.com.br\/blog\/?post_type=depoimento&#038;p=1634738"},"modified":"2026-04-30T23:16:29","modified_gmt":"2026-05-01T02:16:29","slug":"aprovados-oab-43-eloi-cordeiro","status":"publish","type":"depoimento","link":"https:\/\/www.estrategiaconcursos.com.br\/blog\/depoimento\/aprovados-oab-43-eloi-cordeiro\/","title":{"rendered":"Aprovados OAB 43: Elo\u00ed Cordeiro"},"content":{"rendered":"\n<figure class=\"wp-block-image aligncenter size-medium\"><img loading=\"lazy\" decoding=\"async\" width=\"135\" height=\"300\" src=\"https:\/\/dhg1h5j42swfq.cloudfront.net\/2025\/09\/05180926\/aprovada-oab-43-eloi-cordeiro-135x300.jpg\" alt=\"\" class=\"wp-image-1634774\" srcset=\"https:\/\/dhg1h5j42swfq.cloudfront.net\/2025\/09\/05180926\/aprovada-oab-43-eloi-cordeiro-135x300.jpg 135w, https:\/\/dhg1h5j42swfq.cloudfront.net\/2025\/09\/05180926\/aprovada-oab-43-eloi-cordeiro-461x1024.jpg 461w, https:\/\/dhg1h5j42swfq.cloudfront.net\/2025\/09\/05180926\/aprovada-oab-43-eloi-cordeiro-150x333.jpg 150w, https:\/\/dhg1h5j42swfq.cloudfront.net\/2025\/09\/05180926\/aprovada-oab-43-eloi-cordeiro.jpg 576w\" sizes=\"auto, (max-width: 135px) 100vw, 135px\" \/><figcaption class=\"wp-element-caption\">Elo\u00ed Cordeiro<\/figcaption><\/figure>\n\n\n\n<p class=\"has-text-align-center\"><strong>&#8220;[&#8230;] Minha principal motiva\u00e7\u00e3o foi realizar meu sonho. Al\u00e9m disso, a mentoria vale cada centavo.&#8221;<\/strong><\/p>\n\n\n\n<p>Confira nossa entrevista com Elo\u00ed Cordeiro, aprovada no&nbsp;43\u00ba&nbsp;Exame de Ordem Unificado:<\/p>\n\n\n\n<p><strong>Estrat\u00e9gia OAB: Conte-nos um pouco sobre voc\u00ea, para que as pessoas que nos assistem possam te conhecer melhor.<\/strong><\/p>\n\n\n\n<p><strong>Elo\u00ed Cordeiro: <\/strong>Sou Elo\u00ed Cordeiro, 52 anos e nasci no munic\u00edpio de Pinhal da Serra &#8211; Vacaria.&nbsp;<\/p>\n\n\n\n<p><strong>Estrat\u00e9gia: J\u00e1 concluiu sua gradua\u00e7\u00e3o? Durante seus estudos para o Exame de Ordem, voc\u00ea trabalhava, fazia faculdade e estudava para o Exame (como conciliava?), ou se dedicava inteiramente aos estudos?&nbsp;<\/strong><\/p>\n\n\n\n<p><strong>Elo\u00ed: <\/strong>Sim, conclu\u00ed a gradua\u00e7\u00e3o em 2017. Trabalhava durante o dia e estudava \u00e0 noite &#8211; e conciliava a maternidade. Tenho dois filhos: um com 35 anos e outro de 22.<\/p>\n\n\n\n<p><strong>Estrat\u00e9gia: Foi a primeira vez que prestou o Exame de Ordem?<\/strong><\/p>\n\n\n\n<p><strong>Elo\u00ed: <\/strong>N\u00e3o, perdi a conta de quantos exames eu fiz.<\/p>\n\n\n\n<p><strong>Estrat\u00e9gia: Qual foi a sensa\u00e7\u00e3o ao ver que havia sido aprovada?<\/strong><\/p>\n\n\n\n<p><strong>Elo\u00ed: <\/strong>Inicialmente, fiquei em choque. Meu primeiro pensamento foi&#8230;acabou.<\/p>\n\n\n\n<p><strong>Estrat\u00e9gia: Os seus colegas de faculadade e amigos que tamb\u00e9m estavam estudando tamb\u00e9m conseguiram aprova\u00e7\u00e3o?<\/strong><\/p>\n\n\n\n<p><strong>Elo\u00ed: <\/strong>No momento n\u00e3o tive contato com outros colegas, pois muitos desanimaram.\u00a0Desistiram\u2026.cansaram.<\/p>\n\n\n\n<p><strong>Estrat\u00e9gia: Qual voc\u00ea acha que foi seu diferencial para alcan\u00e7ar a aprova\u00e7\u00e3o?<\/strong><\/p>\n\n\n\n<p><strong>Elo\u00ed: <\/strong>Al\u00e9m do material que \u00e9 incr\u00edvel e completo, a mentoria. Este foi com certeza um divisor na evolu\u00e7\u00e3o do meu desempenho.A metodologia do Professor Paulo e o acompanhamento da Rafa fizeram toda a diferen\u00e7a. Eles s\u00e3o demais.<\/p>\n\n\n\n<p><strong>Estrat\u00e9gia: Como era sua vida social durante a sua prepara\u00e7\u00e3o? Voc\u00ea sa\u00eda com amigos, familia, etc? Adotou uma postura radical, abdicando do conv\u00edvio social?<\/strong><\/p>\n\n\n\n<p><strong>Elo\u00ed: <\/strong>Quando comecei a estudar era radical, depois fiz algumas flexibiliza\u00e7\u00f5es. Com o passar dos dias n\u00e3o consegui manter o ritmo.\u00a0 Sa\u00ed muito pouco, tive muitas reclama\u00e7\u00f5es. Principalmente do meu filho mais velho, n\u00e3o conseguia ver meus netos, fazer programa\u00e7\u00f5es com eles. Meu esposo acordava comigo \u00e0s 04h, todos os dias. Ficava do meu lado, sem falar nada. Fazia chimarr\u00e3o, caf\u00e9.. trazia lanche. Meu marido \u00e9 ciclista, aprendi a andar de bike na pandemia. Quando iniciei com o Estrat\u00e9gia, entendi que precisava dar um tempo para a bike, mantive somente a academia com Personal. N\u00e3o abri m\u00e3o de ver meus pais. Muitas coisas foram acontecendo neste per\u00edodo, meu pai adoeceu&#8230;infartou.. para onde eu ia, levava meus materiais.<\/p>\n\n\n\n<p><strong>Estrat\u00e9gia: Que materiais voc\u00ea usou em sua prepara\u00e7\u00e3o para o Exame?&nbsp;<\/strong><\/p>\n\n\n\n<p><strong>Elo\u00ed: <\/strong>Aulas, telepresenciais, livros, cursos em PDF, videoaulas e mentoria.<\/p>\n\n\n\n<p><strong>Estrat\u00e9gia: Como conheceu o Estrat\u00e9gia Concursos?&nbsp;<\/strong><\/p>\n\n\n\n<p><strong>Elo\u00ed: <\/strong>No Youtube, em uma aula conduzida pelo professor Paulo. Foi em uma das revis\u00f5es de segunda fase no ano de 2022. Me encantei com a forma como ele ensinava a redigir as pe\u00e7as. Este foi o meu maior desafio. Ele fazia TUDO manuscrito. N\u00e3o passei naquele exame, comprei a assinatura at\u00e9 a aprova\u00e7\u00e3o (20.11.2022).<\/p>\n\n\n\n<p>Passava na primeira fase, mas n\u00e3o conseguia vencer a segunda. Ent\u00e3o entendi que precisaria investir e comprei a mentoria de primeira e segunda fase. Tirei minha melhor nota (50) na primeira fase. No exame 42 fiquei por 0,25. O apoio da profa Rafa foi fundamental. Refor\u00e7ou meus pontos fortes e atuou com muita paci\u00eancia nas lacunas. Tinha muita vergonha, n\u00e3o conhecia os termos jur\u00eddicos, queria escrever bonito, mas n\u00e3o conseguia fazer as conex\u00f5es.<\/p>\n\n\n\n<p><strong>Estrat\u00e9gia: Uma das principais dificuldades de todo candidato \u00e9 a quantidade de assuntos que devem ser memorizados. Como voc\u00ea fez para estudar todo o conte\u00fado? Costumava fazer resumos? Focava mais em exerc\u00edcios, ou na leitura e releitura da teoria? Como montou seu plano de estudos?<\/strong><\/p>\n\n\n\n<p><strong>Elo\u00ed: <\/strong>Inicialmente segui as Trilhas Estrat\u00e9gicas, mas o meu tempo era muito curto, n\u00e3o vencia. O plano de estudos individual fez a diferen\u00e7a. A minha evolu\u00e7\u00e3o aconteceu quando parei de pular as etapas e cumprir rigorosamente com o plano de estudos. Fazia as revis\u00f5es pelos mapas mentais. Primeiro teoria, depois a pr\u00e1tica, depois a revis\u00e3o.<\/p>\n\n\n\n<p><strong>Estrat\u00e9gia: Voc\u00ea tinha mais dificuldades em alguma(s) disciplina(s)?Como voc\u00ea fez para superar estas dificuldades?<\/strong><\/p>\n\n\n\n<p><strong>Elo\u00ed: <\/strong>Sim, muitas. Primeira fase, Constitucional, Administrativo, odiava o Empresarial, pensava que nunca aprenderia. Superei com o apoio dos professores, direcionando e atuando nas minhas d\u00favidas.<\/p>\n\n\n\n<p><strong>Estrat\u00e9gia: A reta final \u00e9 sempre um per\u00edodo estressante. Como voc\u00ea levou seus estudos neste per\u00edodo? Focava mais na releitura, em resumos, exerc\u00edcios, etc?<\/strong><\/p>\n\n\n\n<p><strong>Elo\u00ed: <\/strong>Exerc\u00edcios, mapas mentais e quando tinha dificuldade com algum tema espec\u00edfico, revisava com as videoaulas.<\/p>\n\n\n\n<p><strong>Estrat\u00e9gia: Na semana da prova, n\u00f3s sempre observamos v\u00e1rios candidatos assumindo uma verdadeira maratona de estudos (estudando intensamente dia e noite). Por outro lado, tamb\u00e9m vemos aqueles preferem desacelerar um pouco, para chegar no dia da prova com a mente mais descansada. O que voc\u00ea aconselha?&nbsp;<\/strong><\/p>\n\n\n\n<p><strong>Elo\u00ed: <\/strong>Manter o ritmo, por\u00e9m neste momento \u00e9 importante ter vencido o conte\u00fado.<\/p>\n\n\n\n<p>Muitos exerc\u00edcios e revisar os temas mais cobrados (1a fase), na segunda fase, alternar pe\u00e7as com quest\u00f5es.<\/p>\n\n\n\n<p><strong>Estrat\u00e9gia: Para a segunda fase, optou por criar uma pe\u00e7a de qual \u00e1rea do direito?&nbsp; Qual foi sua estrat\u00e9gia na hora de tomar sua decis\u00e3o?<\/strong><\/p>\n\n\n\n<p><strong>Elo\u00ed: <\/strong>CIVIL &#8211; SEMPRE. Me identifico com a \u00e1rea, trabalho na sa\u00fade suplementar.<\/p>\n\n\n\n<p><strong>Estrat\u00e9gia: Se voc\u00ea tivesse que apontar ERROS em sua prepara\u00e7\u00e3o (se \u00e9 que houve), quais seriam? Diga-nos tamb\u00e9m quais foram os maiores ACERTOS?&nbsp;<\/strong><\/p>\n\n\n\n<p><strong>Elo\u00ed: <\/strong>No in\u00edcio queria fazer muitas coisas ao mesmo tempo, estudar e cuidar da casa. Neste caso, \u00e9 melhor ter menos tempo com qualidade do que muito tempo sem foco. Parece utopia, mas para dar certo precisamos seguir as orienta\u00e7\u00f5es dos professores. Dicas de aumentar o foco, desligar celular, organizar local de estudos e material\u2026<\/p>\n\n\n\n<p><strong>Estrat\u00e9gia: O que foi mais dif\u00edcil nessa caminhada rumo \u00e0 aprova\u00e7\u00e3o? E qual foi a principal motiva\u00e7\u00e3o?<\/strong><\/p>\n\n\n\n<p><strong>Elo\u00ed: <\/strong>Ficar longe da minha fam\u00edlia, ver meus netos crescendo e nada da aprova\u00e7\u00e3o. Minha principal motiva\u00e7\u00e3o foi realizar meu sonho.<\/p>\n\n\n\n<p><strong>Estrat\u00e9gia: Por fim, o que voc\u00ea aconselharia a algu\u00e9m que est\u00e1 iniciando seus estudos para o Exame da OAB? Deixe-nos suas mensagem para todos aqueles que um dia almejam chegar aonde voc\u00ea chegou!<\/strong><\/p>\n\n\n\n<p><strong>Elo\u00ed: <\/strong>Inicialmente, comprar a Assinatura At\u00e9 a Aprova\u00e7\u00e3o, porque s\u00f3 n\u00e3o consegue quem desiste. Al\u00e9m disso, a mentoria vale cada centavo. Acelera o aprendizado. Os professores s\u00e3o espetaculares.<\/p>\n","protected":false},"excerpt":{"rendered":"<p>&#8220;[&#8230;] Minha principal motiva\u00e7\u00e3o foi realizar meu sonho. Al\u00e9m disso, a mentoria vale cada centavo.&#8221; Confira nossa entrevista com Elo\u00ed Cordeiro, aprovada no&nbsp;43\u00ba&nbsp;Exame de Ordem Unificado: Estrat\u00e9gia OAB: Conte-nos um pouco sobre voc\u00ea, para que as pessoas que nos assistem possam te conhecer melhor. Elo\u00ed Cordeiro: Sou Elo\u00ed Cordeiro, 52 anos e nasci no munic\u00edpio [&hellip;]<\/p>\n","protected":false},"featured_media":0,"template":"","class_list":["post-1634738","depoimento","type-depoimento","status-publish","hentry"],"acf":[],"yoast_head":"<!-- This site is optimized with the Yoast SEO Premium plugin v27.2 (Yoast SEO v27.2) - https:\/\/yoast.com\/product\/yoast-seo-premium-wordpress\/ -->\n<title>Aprovados OAB 43: Elo\u00ed Cordeiro<\/title>\n<meta name=\"robots\" content=\"index, follow, max-snippet:-1, max-image-preview:large, max-video-preview:-1\" \/>\n<link rel=\"canonical\" href=\"https:\/\/www.estrategiaconcursos.com.br\/blog\/depoimento\/aprovados-oab-43-eloi-cordeiro\/\" \/>\n<meta property=\"og:locale\" content=\"pt_BR\" \/>\n<meta property=\"og:type\" content=\"article\" \/>\n<meta property=\"og:title\" content=\"Aprovados OAB 43: Elo\u00ed Cordeiro\" \/>\n<meta property=\"og:description\" content=\"&#8220;[&#8230;] Minha principal motiva\u00e7\u00e3o foi realizar meu sonho. Al\u00e9m disso, a mentoria vale cada centavo.&#8221; Confira nossa entrevista com Elo\u00ed Cordeiro, aprovada no&nbsp;43\u00ba&nbsp;Exame de Ordem Unificado: Estrat\u00e9gia OAB: Conte-nos um pouco sobre voc\u00ea, para que as pessoas que nos assistem possam te conhecer melhor. Elo\u00ed Cordeiro: Sou Elo\u00ed Cordeiro, 52 anos e nasci no munic\u00edpio [&hellip;]\" \/>\n<meta property=\"og:url\" content=\"https:\/\/www.estrategiaconcursos.com.br\/blog\/depoimento\/aprovados-oab-43-eloi-cordeiro\/\" \/>\n<meta property=\"og:site_name\" content=\"Estrat\u00e9gia Concursos\" \/>\n<meta property=\"article:modified_time\" content=\"2026-05-01T02:16:29+00:00\" \/>\n<meta property=\"og:image\" content=\"https:\/\/www.estrategiaconcursos.com.br\/blog\/wp-content\/uploads\/2025\/09\/aprovada-oab-43-eloi-cordeiro-135x300.jpg\" \/>\n<meta name=\"twitter:card\" content=\"summary_large_image\" \/>\n<meta name=\"twitter:site\" content=\"@EstratConcursos\" \/>\n<meta name=\"twitter:label1\" content=\"Est. tempo de leitura\" \/>\n\t<meta name=\"twitter:data1\" content=\"6 minutos\" \/>\n<script type=\"application\/ld+json\" class=\"yoast-schema-graph\">{\"@context\":\"https:\/\/schema.org\",\"@graph\":[{\"@type\":\"WebPage\",\"@id\":\"https:\/\/www.estrategiaconcursos.com.br\/blog\/depoimento\/aprovados-oab-43-eloi-cordeiro\/\",\"url\":\"https:\/\/www.estrategiaconcursos.com.br\/blog\/depoimento\/aprovados-oab-43-eloi-cordeiro\/\",\"name\":\"Aprovados OAB 43: Elo\u00ed Cordeiro\",\"isPartOf\":{\"@id\":\"https:\/\/www.estrategiaconcursos.com.br\/blog\/#website\"},\"primaryImageOfPage\":{\"@id\":\"https:\/\/www.estrategiaconcursos.com.br\/blog\/depoimento\/aprovados-oab-43-eloi-cordeiro\/#primaryimage\"},\"image\":{\"@id\":\"https:\/\/www.estrategiaconcursos.com.br\/blog\/depoimento\/aprovados-oab-43-eloi-cordeiro\/#primaryimage\"},\"thumbnailUrl\":\"https:\/\/www.estrategiaconcursos.com.br\/blog\/wp-content\/uploads\/2025\/09\/aprovada-oab-43-eloi-cordeiro-135x300.jpg\",\"datePublished\":\"2026-05-01T02:16:27+00:00\",\"dateModified\":\"2026-05-01T02:16:29+00:00\",\"breadcrumb\":{\"@id\":\"https:\/\/www.estrategiaconcursos.com.br\/blog\/depoimento\/aprovados-oab-43-eloi-cordeiro\/#breadcrumb\"},\"inLanguage\":\"pt-BR\",\"potentialAction\":[{\"@type\":\"ReadAction\",\"target\":[\"https:\/\/www.estrategiaconcursos.com.br\/blog\/depoimento\/aprovados-oab-43-eloi-cordeiro\/\"]}]},{\"@type\":\"ImageObject\",\"inLanguage\":\"pt-BR\",\"@id\":\"https:\/\/www.estrategiaconcursos.com.br\/blog\/depoimento\/aprovados-oab-43-eloi-cordeiro\/#primaryimage\",\"url\":\"https:\/\/dhg1h5j42swfq.cloudfront.net\/2025\/09\/05180926\/aprovada-oab-43-eloi-cordeiro.jpg\",\"contentUrl\":\"https:\/\/dhg1h5j42swfq.cloudfront.net\/2025\/09\/05180926\/aprovada-oab-43-eloi-cordeiro.jpg\",\"width\":576,\"height\":1280},{\"@type\":\"BreadcrumbList\",\"@id\":\"https:\/\/www.estrategiaconcursos.com.br\/blog\/depoimento\/aprovados-oab-43-eloi-cordeiro\/#breadcrumb\",\"itemListElement\":[{\"@type\":\"ListItem\",\"position\":1,\"name\":\"In\u00edcio\",\"item\":\"https:\/\/www.estrategiaconcursos.com.br\/blog\/\"},{\"@type\":\"ListItem\",\"position\":2,\"name\":\"Aprovados OAB 43: Elo\u00ed Cordeiro\"}]},{\"@type\":\"WebSite\",\"@id\":\"https:\/\/www.estrategiaconcursos.com.br\/blog\/#website\",\"url\":\"https:\/\/www.estrategiaconcursos.com.br\/blog\/\",\"name\":\"Estrat\u00e9gia Concursos\",\"description\":\"O blog da Estrat\u00e9gia Concursos traz not\u00edcias sobre concursos e artigos de professores oferecendo cursos para concursos (pdf + videaulas) no site.\",\"publisher\":{\"@id\":\"https:\/\/www.estrategiaconcursos.com.br\/blog\/#organization\"},\"potentialAction\":[{\"@type\":\"SearchAction\",\"target\":{\"@type\":\"EntryPoint\",\"urlTemplate\":\"https:\/\/www.estrategiaconcursos.com.br\/blog\/?s={search_term_string}\"},\"query-input\":{\"@type\":\"PropertyValueSpecification\",\"valueRequired\":true,\"valueName\":\"search_term_string\"}}],\"inLanguage\":\"pt-BR\"},{\"@type\":\"Organization\",\"@id\":\"https:\/\/www.estrategiaconcursos.com.br\/blog\/#organization\",\"name\":\"Estrat\u00e9gia Concursos\",\"url\":\"https:\/\/www.estrategiaconcursos.com.br\/blog\/\",\"logo\":{\"@type\":\"ImageObject\",\"inLanguage\":\"pt-BR\",\"@id\":\"https:\/\/www.estrategiaconcursos.com.br\/blog\/#\/schema\/logo\/image\/\",\"url\":\"https:\/\/dhg1h5j42swfq.cloudfront.net\/2025\/06\/03203428\/logo_concursos-1.jpg\",\"contentUrl\":\"https:\/\/dhg1h5j42swfq.cloudfront.net\/2025\/06\/03203428\/logo_concursos-1.jpg\",\"width\":230,\"height\":60,\"caption\":\"Estrat\u00e9gia Concursos\"},\"image\":{\"@id\":\"https:\/\/www.estrategiaconcursos.com.br\/blog\/#\/schema\/logo\/image\/\"},\"sameAs\":[\"https:\/\/x.com\/EstratConcursos\"]}]}<\/script>\n<!-- \/ Yoast SEO Premium plugin. -->","yoast_head_json":{"title":"Aprovados OAB 43: Elo\u00ed Cordeiro","robots":{"index":"index","follow":"follow","max-snippet":"max-snippet:-1","max-image-preview":"max-image-preview:large","max-video-preview":"max-video-preview:-1"},"canonical":"https:\/\/www.estrategiaconcursos.com.br\/blog\/depoimento\/aprovados-oab-43-eloi-cordeiro\/","og_locale":"pt_BR","og_type":"article","og_title":"Aprovados OAB 43: Elo\u00ed Cordeiro","og_description":"&#8220;[&#8230;] Minha principal motiva\u00e7\u00e3o foi realizar meu sonho. Al\u00e9m disso, a mentoria vale cada centavo.&#8221; Confira nossa entrevista com Elo\u00ed Cordeiro, aprovada no&nbsp;43\u00ba&nbsp;Exame de Ordem Unificado: Estrat\u00e9gia OAB: Conte-nos um pouco sobre voc\u00ea, para que as pessoas que nos assistem possam te conhecer melhor. Elo\u00ed Cordeiro: Sou Elo\u00ed Cordeiro, 52 anos e nasci no munic\u00edpio [&hellip;]","og_url":"https:\/\/www.estrategiaconcursos.com.br\/blog\/depoimento\/aprovados-oab-43-eloi-cordeiro\/","og_site_name":"Estrat\u00e9gia Concursos","article_modified_time":"2026-05-01T02:16:29+00:00","og_image":[{"url":"https:\/\/www.estrategiaconcursos.com.br\/blog\/wp-content\/uploads\/2025\/09\/aprovada-oab-43-eloi-cordeiro-135x300.jpg","type":"","width":"","height":""}],"twitter_card":"summary_large_image","twitter_site":"@EstratConcursos","twitter_misc":{"Est. tempo de leitura":"6 minutos"},"schema":{"@context":"https:\/\/schema.org","@graph":[{"@type":"WebPage","@id":"https:\/\/www.estrategiaconcursos.com.br\/blog\/depoimento\/aprovados-oab-43-eloi-cordeiro\/","url":"https:\/\/www.estrategiaconcursos.com.br\/blog\/depoimento\/aprovados-oab-43-eloi-cordeiro\/","name":"Aprovados OAB 43: Elo\u00ed Cordeiro","isPartOf":{"@id":"https:\/\/www.estrategiaconcursos.com.br\/blog\/#website"},"primaryImageOfPage":{"@id":"https:\/\/www.estrategiaconcursos.com.br\/blog\/depoimento\/aprovados-oab-43-eloi-cordeiro\/#primaryimage"},"image":{"@id":"https:\/\/www.estrategiaconcursos.com.br\/blog\/depoimento\/aprovados-oab-43-eloi-cordeiro\/#primaryimage"},"thumbnailUrl":"https:\/\/www.estrategiaconcursos.com.br\/blog\/wp-content\/uploads\/2025\/09\/aprovada-oab-43-eloi-cordeiro-135x300.jpg","datePublished":"2026-05-01T02:16:27+00:00","dateModified":"2026-05-01T02:16:29+00:00","breadcrumb":{"@id":"https:\/\/www.estrategiaconcursos.com.br\/blog\/depoimento\/aprovados-oab-43-eloi-cordeiro\/#breadcrumb"},"inLanguage":"pt-BR","potentialAction":[{"@type":"ReadAction","target":["https:\/\/www.estrategiaconcursos.com.br\/blog\/depoimento\/aprovados-oab-43-eloi-cordeiro\/"]}]},{"@type":"ImageObject","inLanguage":"pt-BR","@id":"https:\/\/www.estrategiaconcursos.com.br\/blog\/depoimento\/aprovados-oab-43-eloi-cordeiro\/#primaryimage","url":"https:\/\/dhg1h5j42swfq.cloudfront.net\/2025\/09\/05180926\/aprovada-oab-43-eloi-cordeiro.jpg","contentUrl":"https:\/\/dhg1h5j42swfq.cloudfront.net\/2025\/09\/05180926\/aprovada-oab-43-eloi-cordeiro.jpg","width":576,"height":1280},{"@type":"BreadcrumbList","@id":"https:\/\/www.estrategiaconcursos.com.br\/blog\/depoimento\/aprovados-oab-43-eloi-cordeiro\/#breadcrumb","itemListElement":[{"@type":"ListItem","position":1,"name":"In\u00edcio","item":"https:\/\/www.estrategiaconcursos.com.br\/blog\/"},{"@type":"ListItem","position":2,"name":"Aprovados OAB 43: Elo\u00ed Cordeiro"}]},{"@type":"WebSite","@id":"https:\/\/www.estrategiaconcursos.com.br\/blog\/#website","url":"https:\/\/www.estrategiaconcursos.com.br\/blog\/","name":"Estrat\u00e9gia Concursos","description":"O blog da Estrat\u00e9gia Concursos traz not\u00edcias sobre concursos e artigos de professores oferecendo cursos para concursos (pdf + videaulas) no site.","publisher":{"@id":"https:\/\/www.estrategiaconcursos.com.br\/blog\/#organization"},"potentialAction":[{"@type":"SearchAction","target":{"@type":"EntryPoint","urlTemplate":"https:\/\/www.estrategiaconcursos.com.br\/blog\/?s={search_term_string}"},"query-input":{"@type":"PropertyValueSpecification","valueRequired":true,"valueName":"search_term_string"}}],"inLanguage":"pt-BR"},{"@type":"Organization","@id":"https:\/\/www.estrategiaconcursos.com.br\/blog\/#organization","name":"Estrat\u00e9gia Concursos","url":"https:\/\/www.estrategiaconcursos.com.br\/blog\/","logo":{"@type":"ImageObject","inLanguage":"pt-BR","@id":"https:\/\/www.estrategiaconcursos.com.br\/blog\/#\/schema\/logo\/image\/","url":"https:\/\/dhg1h5j42swfq.cloudfront.net\/2025\/06\/03203428\/logo_concursos-1.jpg","contentUrl":"https:\/\/dhg1h5j42swfq.cloudfront.net\/2025\/06\/03203428\/logo_concursos-1.jpg","width":230,"height":60,"caption":"Estrat\u00e9gia Concursos"},"image":{"@id":"https:\/\/www.estrategiaconcursos.com.br\/blog\/#\/schema\/logo\/image\/"},"sameAs":["https:\/\/x.com\/EstratConcursos"]}]}},"_links":{"self":[{"href":"https:\/\/www.estrategiaconcursos.com.br\/blog\/wp-json\/wp\/v2\/depoimento\/1634738","targetHints":{"allow":["GET"]}}],"collection":[{"href":"https:\/\/www.estrategiaconcursos.com.br\/blog\/wp-json\/wp\/v2\/depoimento"}],"about":[{"href":"https:\/\/www.estrategiaconcursos.com.br\/blog\/wp-json\/wp\/v2\/types\/depoimento"}],"version-history":[{"count":3,"href":"https:\/\/www.estrategiaconcursos.com.br\/blog\/wp-json\/wp\/v2\/depoimento\/1634738\/revisions"}],"predecessor-version":[{"id":1759269,"href":"https:\/\/www.estrategiaconcursos.com.br\/blog\/wp-json\/wp\/v2\/depoimento\/1634738\/revisions\/1759269"}],"wp:attachment":[{"href":"https:\/\/www.estrategiaconcursos.com.br\/blog\/wp-json\/wp\/v2\/media?parent=1634738"}],"curies":[{"name":"wp","href":"https:\/\/api.w.org\/{rel}","templated":true}]}}