{"id":1604694,"date":"2025-07-11T15:29:21","date_gmt":"2025-07-11T18:29:21","guid":{"rendered":"https:\/\/www.estrategiaconcursos.com.br\/blog\/?post_type=depoimento&#038;p=1604694"},"modified":"2025-07-11T15:29:23","modified_gmt":"2025-07-11T18:29:23","slug":"aprovada-no-concurso-imbel-camilla-assumpcao","status":"publish","type":"depoimento","link":"https:\/\/www.estrategiaconcursos.com.br\/blog\/depoimento\/aprovada-no-concurso-imbel-camilla-assumpcao\/","title":{"rendered":"Aprovada no concurso IMBEL: Camilla Assump\u00e7\u00e3o"},"content":{"rendered":"\n<figure class=\"wp-block-image aligncenter size-medium\"><img loading=\"lazy\" decoding=\"async\" width=\"300\" height=\"300\" src=\"https:\/\/dhg1h5j42swfq.cloudfront.net\/2025\/07\/09165151\/cams-300x300.jpg\" alt=\"\" class=\"wp-image-1604702\" srcset=\"https:\/\/dhg1h5j42swfq.cloudfront.net\/2025\/07\/09165151\/cams-300x300.jpg 300w, https:\/\/dhg1h5j42swfq.cloudfront.net\/2025\/07\/09165151\/cams-150x150.jpg 150w, https:\/\/dhg1h5j42swfq.cloudfront.net\/2025\/07\/09165151\/cams-768x768.jpg 768w, https:\/\/dhg1h5j42swfq.cloudfront.net\/2025\/07\/09165151\/cams-96x96.jpg 96w, https:\/\/dhg1h5j42swfq.cloudfront.net\/2025\/07\/09165151\/cams.jpg 960w\" sizes=\"auto, (max-width: 300px) 100vw, 300px\" \/><figcaption class=\"wp-element-caption\">Camilla de Siqueira Assump\u00e7\u00e3o<\/figcaption><\/figure>\n\n\n\n<p class=\"has-text-align-center\"><em><strong>&#8220;[&#8230;] o segredo \u00e9 persist\u00eancia, direcionar o foco para saber onde quer chegar e n\u00e3o parar por nada<\/strong> <strong>[&#8230;]&#8221;<\/strong><\/em><\/p>\n\n\n\n<p>Confira nossa entrevista com Camilla de Siqueira Assump\u00e7\u00e3o, aprovada em 1\u00b0 lugar no concurso IMBEL para o cargo de Engenheiro &#8211; Engenheiro de Seguran\u00e7a do Trabalho &#8211; Mag\u00e9\/RJ &#8211; F\u00e1brica da Estrela:<\/p>\n\n\n\n<p><strong>Estrat\u00e9gia Concursos: Conte-nos um pouco sobre voc\u00ea, para que nossos leitores possam conhec\u00ea-la. Qual a sua forma\u00e7\u00e3o, idade e cidade natal?<\/strong><\/p>\n\n\n\n<p><strong>Camilla de Siqueira Assump\u00e7\u00e3o: <\/strong>Boa tarde, me chamo Camilla e sou graduada em Engenharia de Produ\u00e7\u00e3o e p\u00f3s-graduada em Engenharia de Seguran\u00e7a do Trabalho. Tenho 32 anos e nasci no Rio de Janeiro. Passei em 1\u00ba lugar para o concurso para Engenheiro de Seguran\u00e7a do Trabalho da IMBEL para Cadastro de Reserva e ainda estou no aguardo da convoca\u00e7\u00e3o.<\/p>\n\n\n\n<p><strong>Estrat\u00e9gia: O que te levou a tomar a decis\u00e3o de come\u00e7ar a estudar para concursos?<\/strong><\/p>\n\n\n\n<p><strong>Camilla: <\/strong>Meus pais s\u00e3o concursados e desde pequena me incentivaram a estudar para concurso devido a uma maior estabilidade que no mercado privado.<\/p>\n\n\n\n<p><strong>Estrat\u00e9gia: Voc\u00ea trabalhava e estudava? Se sim, como conciliava?<\/strong><\/p>\n\n\n\n<p><strong>Camilla: <\/strong>Sim, eu trabalhava por per\u00edodo integral e estudava \u00e0 noite e aos finais de semana. Demanda bastante disciplina e ren\u00fancia, mas com certeza vale a pena.<\/p>\n\n\n\n<p><strong>Estrat\u00e9gia: Em quais concursos j\u00e1 foi aprovada? Em qual cargo e em que coloca\u00e7\u00e3o? Pretende continuar estudando?<\/strong><\/p>\n\n\n\n<p><strong>Camilla: <\/strong>Fui aprovada em 3\u00ba lugar para uma autarquia de constru\u00e7\u00e3o civil de um munic\u00edpio do Rio de Janeiro; e em 2\u00ba lugar para a Petrobr\u00e1s, por\u00e9m fiz como PCD e estou aguardando. <\/p>\n\n\n\n<p>Eu fiz o plano vital\u00edcio do Estrat\u00e9gia, ent\u00e3o continuo estudando e pretendo nunca parar. Conhecimento \u00e9 poder tamb\u00e9m.<\/p>\n\n\n\n<p><strong>Estrat\u00e9gia: Como era sua vida social durante a prepara\u00e7\u00e3o para concursos? Voc\u00ea sa\u00eda com amigos e fam\u00edlia?<\/strong><\/p>\n\n\n\n<p><strong>Camilla: <\/strong>Como havia dito, requer ren\u00fancias. Deixava de sair com amigos e com minha fam\u00edlia, por\u00e9m tamb\u00e9m me permitia em alguns momentos ter esse lazer, pois \u00e9 muito importante ter o descanso tamb\u00e9m<\/p>\n\n\n\n<p><strong>Estrat\u00e9gia: Sua fam\u00edlia e amigos entenderam e apoiaram sua caminhada como concurseira? De que forma?<\/strong><\/p>\n\n\n\n<p><strong>Camilla: <\/strong>Apoiaram, na minha vida meus pais s\u00e3o meus maiores incentivadores e apoiadores me dando espa\u00e7o para estudar, preparando comida e me dando suporte financeiro. Tamb\u00e9m \u00e9 primordial ter um acompanhamento psicol\u00f3gico.<\/p>\n\n\n\n<p><strong>Estrat\u00e9gia: Voc\u00ea estudou por quanto tempo direcionado ao \u00faltimo concurso? O que fez para manter a disciplina?<\/strong><\/p>\n\n\n\n<p><strong>Camilla: <\/strong>O tempo exato n\u00e3o sei dizer, mas h\u00e1 uns 8 anos eu estudo para concursos, ent\u00e3o o segredo \u00e9 persist\u00eancia, direcionar o foco para saber onde quer chegar e n\u00e3o parar por nada, mesmo que n\u00e3o renda tanto num dia, mas sempre dar o m\u00e1ximo poss\u00edvel. <\/p>\n\n\n\n<p>O que me fez manter a disciplina foi o desejo em almejar a realidade que eu queria<\/p>\n\n\n\n<p><strong>Estrat\u00e9gia: Quais materiais e ferramentas voc\u00ea usou em sua prepara\u00e7\u00e3o?&nbsp;<\/strong><\/p>\n\n\n\n<p><strong>Camilla: <\/strong>Utilizei bastante videoaulas e materiais em pdf. Acho que v\u00eddeo \u00e9 bem din\u00e2mico, voc\u00ea consegue ter mais informa\u00e7\u00f5es detalhadas; j\u00e1 o pdf \u00e9 sucinto e enxuto, o que facilita no entendimento. <\/p>\n\n\n\n<p>Para mim, essas duas ferramentas foram essenciais. Aulas presenciais s\u00e3o maravilhosas para tirar d\u00favidas na hora, pois em videoaula voc\u00ea precisa esperar que o professor veja a pergunta e responda, o que causa um delay na informa\u00e7\u00e3o.<\/p>\n\n\n\n<p><strong>Estrat\u00e9gia: Como conheceu o Estrat\u00e9gia Concursos?<\/strong><\/p>\n\n\n\n<p><strong>Camilla: <\/strong>Eu estava procurando cursos para concursos. Inclusive fiz alguns outros, por\u00e9m vi que o Estrat\u00e9gia estava no topo entre os cursos e decidi dar uma chance.<\/p>\n\n\n\n<p><strong>Estrat\u00e9gia: Antes de conhecer o Estrat\u00e9gia, voc\u00ea chegou a usar materiais de outros cursos? Se sim, o que mais incomodava quando voc\u00ea estudava por esse concorrente?&nbsp;<\/strong><\/p>\n\n\n\n<p><strong>Camilla: <\/strong>Cheguei sim, eu achava muito bom, por\u00e9m percebi que a din\u00e2mica do Estrat\u00e9gia no preparo dos materiais, como pdfs simplificados e mapas mentais, contribui muito para a fixa\u00e7\u00e3o do conte\u00fado; al\u00e9m de que achei os professores muito capacitados\u00a0<\/p>\n\n\n\n<p><strong>Estrat\u00e9gia: Voc\u00ea chegou a fazer algum concurso enquanto ainda se preparava com esse outro material? Foi aprovada?&nbsp;<\/strong><\/p>\n\n\n\n<p><strong>Camilla: <\/strong>Sim, por\u00e9m na \u00e9poca n\u00e3o tive nenhuma aprova\u00e7\u00e3o e ficava bem l\u00e1 embaixo nas classifica\u00e7\u00f5es, isso quando era classificada.<\/p>\n\n\n\n<p><strong>Estrat\u00e9gia: Depois que voc\u00ea se tornou aluno do Estrat\u00e9gia, voc\u00ea sentiu uma diferen\u00e7a relevante na sua prepara\u00e7\u00e3o? Que diferencial encontrou nos materiais do Estrat\u00e9gia?&nbsp;<\/strong><\/p>\n\n\n\n<p><strong>Camilla: <\/strong>No preparo dos pdfs simplificados e dos mapas mentais, na qualidade e capacita\u00e7\u00e3o dos professores, transmiss\u00e3o de conhecimento por parte deles tamb\u00e9m. Com o Estrat\u00e9gia passei a ficar classificada entre at\u00e9 os 20 primeiros, dependendo do porte do concurso, e mais recentemente entre os 3.<\/p>\n\n\n\n<p><strong>Estrat\u00e9gia: Como montou seu plano de estudos?&nbsp;<\/strong><\/p>\n\n\n\n<p><strong>Camilla: <\/strong>A princ\u00edpio eu estudava uma mat\u00e9ria por dia at\u00e9 finaliz\u00e1-la. Por\u00e9m, conversando com meu psic\u00f3logo, tentei trocar e a cada dois dias modificava a mat\u00e9ria para dar mais tempo para meu c\u00e9rebro assimilar o que tinha estudado. <\/p>\n\n\n\n<p>Quanto \u00e0s horas, dependia muito dos meus compromissos, entre 3 e 4 horas por dia durante a semana e aos finais de semana 8 horas.<\/p>\n\n\n\n<p><strong>Estrat\u00e9gia: Como fazia suas revis\u00f5es?<\/strong><\/p>\n\n\n\n<p><strong>Camilla: <\/strong>Costumava fazer resumos para revisar a mat\u00e9ria quando a prova estivesse pr\u00f3xima, em m\u00e9dia umas 2 semanas antes da prova; e fazia simulados quando finalizava a mat\u00e9ria para absorver mais e j\u00e1 tirar as d\u00favidas.<\/p>\n\n\n\n<p><strong>Estrat\u00e9gia: Qual a import\u00e2ncia da resolu\u00e7\u00e3o de exerc\u00edcios? Lembra quantas quest\u00f5es fez na sua trajet\u00f3ria?<\/strong><\/p>\n\n\n\n<p><strong>Camilla: <\/strong>\u00c9 super importante, pois atrav\u00e9s dessa pr\u00e1tica conseguimos ter uma no\u00e7\u00e3o de como estamos evoluindo. Afinal de contas precisamos saber o perfil da banca e como ela costuma cobrar os t\u00f3picos elencados no edital para nos habituarmos para a prova. Foram muitas quest\u00f5es mesmo.<\/p>\n\n\n\n<p><strong>Estrat\u00e9gia: Quais as disciplinas voc\u00ea tinha mais dificuldade? Como fez para superar?<\/strong><\/p>\n\n\n\n<p><strong>Camilla: <\/strong>Possu\u00eda mais dificuldade em matem\u00e1tica, racioc\u00ednio l\u00f3gico e legisla\u00e7\u00f5es espec\u00edficas. Quando voc\u00ea identifica suas dificuldades voc\u00ea direciona mais esfor\u00e7o para ela, portanto eu focava mais nessas disciplinas para entender ao inv\u00e9s de simplesmente decorar.<\/p>\n\n\n\n<p><strong>Estrat\u00e9gia: Como foi sua rotina de estudos na semana que antecedeu a prova e no dia pr\u00e9-prova?<\/strong><\/p>\n\n\n\n<p><strong>Camilla: <\/strong>Repleta de revis\u00f5es e mais ainda de simulados, sendo que no dia anterior \u00e0 prova eu gosto de descansar.<\/p>\n\n\n\n<p><strong>Estrat\u00e9gia: No seu concurso, al\u00e9m da prova objetiva, teve a discursiva. Como foi sua prepara\u00e7\u00e3o para esta importante parte do certame? O que voc\u00ea aconselha?<\/strong><\/p>\n\n\n\n<p><strong>Camilla: <\/strong>Houve discursiva, era uma reda\u00e7\u00e3o com o tema \u201cA relev\u00e2ncia dos museus para a nossa cont\u00ednua constru\u00e7\u00e3o social\u201d. Aconselho a estar inteirado das not\u00edcias atuais para construir um texto que seja consistente, mostrando conhecimento, clareza e percep\u00e7\u00e3o cr\u00edtica.<\/p>\n\n\n\n<p><strong>Estrat\u00e9gia: Quais foram seus principais ERROS e ACERTOS nesta trajet\u00f3ria?<\/strong><\/p>\n\n\n\n<p><strong>Camilla: <\/strong>Como eu disse, foram muitos anos de estudo para concursos, por\u00e9m no in\u00edcio eu n\u00e3o estava disposta a abrir m\u00e3o do meu lazer, ent\u00e3o ficou bem dif\u00edcil conciliar tudo. Acho que a maior dificuldade \u00e9 pensar que voc\u00ea est\u00e1 abrindo m\u00e3o das pessoas que est\u00e3o ao seu redor no momento, por\u00e9m n\u00e3o \u00e9 vi\u00e1vel tamb\u00e9m abrir m\u00e3o da realidade que voc\u00ea deseja. Por isso \u00e9 necess\u00e1rio ter um acompanhamento psicol\u00f3gico e perceber que d\u00e1 para conciliar, mas sempre tem um lado que vai demandar mais esfor\u00e7o e foco, que no caso \u00e9 o dos estudos. <\/p>\n\n\n\n<p>Acertei buscando ajuda psicol\u00f3gica e focando em quest\u00f5es, porque assim conseguimos identificar os pontos que precisamos dar mais aten\u00e7\u00e3o e revisar.<\/p>\n\n\n\n<p><strong>Estrat\u00e9gia: Chegou a pensar, por algum momento, em desistir? Se sim, qual foi sua principal motiva\u00e7\u00e3o para seguir?<\/strong><\/p>\n\n\n\n<p><strong>Camilla: <\/strong>Sim, \u00e9 um estilo de vida, n\u00e9?! Ainda mais quando voc\u00ea decide n\u00e3o parar de estudar, ent\u00e3o vai ser um ritmo que vai te acompanhar at\u00e9 voc\u00ea se encontrar. <\/p>\n\n\n\n<p>A minha maior motiva\u00e7\u00e3o foi trabalhar com o que gosto recebendo um bom sal\u00e1rio, integrando o servi\u00e7o p\u00fablico e contribuindo para a sa\u00fade e o bem estar dos trabalhadores.<\/p>\n\n\n\n<p><strong>Estrat\u00e9gia: Por fim, o que voc\u00ea aconselharia a algu\u00e9m que est\u00e1 iniciando seus estudos para concurso? Deixe sua mensagem para todos aqueles que um dia almejam chegar aonde voc\u00ea chegou!&nbsp;<\/strong><\/p>\n\n\n\n<p><strong>Camilla: <\/strong>Aconselho a ter foco e n\u00e3o se desviar do alvo, n\u00e3o ficar desmotivado com as n\u00e3o classifica\u00e7\u00f5es e aprova\u00e7\u00f5es, pois fazem parte da vida; a estudarem bastante por quest\u00f5es e simulados; a fazer resumos para futuras revis\u00f5es; a conciliar com o lazer e o descanso; a pensar que \u00e9 algo a m\u00e9dio e longo prazo.<\/p>\n","protected":false},"excerpt":{"rendered":"<p>&#8220;[&#8230;] o segredo \u00e9 persist\u00eancia, direcionar o foco para saber onde quer chegar e n\u00e3o parar por nada [&#8230;]&#8221; Confira nossa entrevista com Camilla de Siqueira Assump\u00e7\u00e3o, aprovada em 1\u00b0 lugar no concurso IMBEL para o cargo de Engenheiro &#8211; Engenheiro de Seguran\u00e7a do Trabalho &#8211; Mag\u00e9\/RJ &#8211; F\u00e1brica da Estrela: Estrat\u00e9gia Concursos: Conte-nos um [&hellip;]<\/p>\n","protected":false},"featured_media":0,"template":"","class_list":["post-1604694","depoimento","type-depoimento","status-publish","hentry"],"acf":[],"yoast_head":"<!-- This site is optimized with the Yoast SEO Premium plugin v27.2 (Yoast SEO v27.2) - https:\/\/yoast.com\/product\/yoast-seo-premium-wordpress\/ -->\n<title>Aprovada no concurso IMBEL: Camilla Assump\u00e7\u00e3o<\/title>\n<meta name=\"description\" content=\"Confira nossa entrevista com Camilla Assump\u00e7\u00e3o, aprovada em 1\u00b0 lugar (CR) no concurso IMBEL para Engenheiro\" \/>\n<meta name=\"robots\" content=\"index, follow, max-snippet:-1, max-image-preview:large, max-video-preview:-1\" \/>\n<link rel=\"canonical\" href=\"https:\/\/www.estrategiaconcursos.com.br\/blog\/depoimento\/aprovada-no-concurso-imbel-camilla-assumpcao\/\" \/>\n<meta property=\"og:locale\" content=\"pt_BR\" \/>\n<meta property=\"og:type\" content=\"article\" \/>\n<meta property=\"og:title\" content=\"Aprovada no concurso IMBEL: Camilla Assump\u00e7\u00e3o\" \/>\n<meta property=\"og:description\" content=\"Confira nossa entrevista com Camilla Assump\u00e7\u00e3o, aprovada em 1\u00b0 lugar (CR) no concurso IMBEL para Engenheiro\" \/>\n<meta property=\"og:url\" content=\"https:\/\/www.estrategiaconcursos.com.br\/blog\/depoimento\/aprovada-no-concurso-imbel-camilla-assumpcao\/\" \/>\n<meta property=\"og:site_name\" content=\"Estrat\u00e9gia Concursos\" \/>\n<meta property=\"article:modified_time\" content=\"2025-07-11T18:29:23+00:00\" \/>\n<meta property=\"og:image\" content=\"https:\/\/www.estrategiaconcursos.com.br\/blog\/wp-content\/uploads\/2025\/07\/cams-300x300.jpg\" \/>\n<meta name=\"twitter:card\" content=\"summary_large_image\" \/>\n<meta name=\"twitter:site\" content=\"@EstratConcursos\" \/>\n<meta name=\"twitter:label1\" content=\"Est. tempo de leitura\" \/>\n\t<meta name=\"twitter:data1\" content=\"8 minutos\" \/>\n<script type=\"application\/ld+json\" class=\"yoast-schema-graph\">{\"@context\":\"https:\/\/schema.org\",\"@graph\":[{\"@type\":\"WebPage\",\"@id\":\"https:\/\/www.estrategiaconcursos.com.br\/blog\/depoimento\/aprovada-no-concurso-imbel-camilla-assumpcao\/\",\"url\":\"https:\/\/www.estrategiaconcursos.com.br\/blog\/depoimento\/aprovada-no-concurso-imbel-camilla-assumpcao\/\",\"name\":\"Aprovada no concurso IMBEL: Camilla Assump\u00e7\u00e3o\",\"isPartOf\":{\"@id\":\"https:\/\/www.estrategiaconcursos.com.br\/blog\/#website\"},\"primaryImageOfPage\":{\"@id\":\"https:\/\/www.estrategiaconcursos.com.br\/blog\/depoimento\/aprovada-no-concurso-imbel-camilla-assumpcao\/#primaryimage\"},\"image\":{\"@id\":\"https:\/\/www.estrategiaconcursos.com.br\/blog\/depoimento\/aprovada-no-concurso-imbel-camilla-assumpcao\/#primaryimage\"},\"thumbnailUrl\":\"https:\/\/www.estrategiaconcursos.com.br\/blog\/wp-content\/uploads\/2025\/07\/cams-300x300.jpg\",\"datePublished\":\"2025-07-11T18:29:21+00:00\",\"dateModified\":\"2025-07-11T18:29:23+00:00\",\"description\":\"Confira nossa entrevista com Camilla Assump\u00e7\u00e3o, aprovada em 1\u00b0 lugar (CR) no concurso IMBEL para Engenheiro\",\"breadcrumb\":{\"@id\":\"https:\/\/www.estrategiaconcursos.com.br\/blog\/depoimento\/aprovada-no-concurso-imbel-camilla-assumpcao\/#breadcrumb\"},\"inLanguage\":\"pt-BR\",\"potentialAction\":[{\"@type\":\"ReadAction\",\"target\":[\"https:\/\/www.estrategiaconcursos.com.br\/blog\/depoimento\/aprovada-no-concurso-imbel-camilla-assumpcao\/\"]}]},{\"@type\":\"ImageObject\",\"inLanguage\":\"pt-BR\",\"@id\":\"https:\/\/www.estrategiaconcursos.com.br\/blog\/depoimento\/aprovada-no-concurso-imbel-camilla-assumpcao\/#primaryimage\",\"url\":\"https:\/\/dhg1h5j42swfq.cloudfront.net\/2025\/07\/09165151\/cams.jpg\",\"contentUrl\":\"https:\/\/dhg1h5j42swfq.cloudfront.net\/2025\/07\/09165151\/cams.jpg\",\"width\":960,\"height\":960},{\"@type\":\"BreadcrumbList\",\"@id\":\"https:\/\/www.estrategiaconcursos.com.br\/blog\/depoimento\/aprovada-no-concurso-imbel-camilla-assumpcao\/#breadcrumb\",\"itemListElement\":[{\"@type\":\"ListItem\",\"position\":1,\"name\":\"In\u00edcio\",\"item\":\"https:\/\/www.estrategiaconcursos.com.br\/blog\/\"},{\"@type\":\"ListItem\",\"position\":2,\"name\":\"Aprovada no concurso IMBEL: Camilla Assump\u00e7\u00e3o\"}]},{\"@type\":\"WebSite\",\"@id\":\"https:\/\/www.estrategiaconcursos.com.br\/blog\/#website\",\"url\":\"https:\/\/www.estrategiaconcursos.com.br\/blog\/\",\"name\":\"Estrat\u00e9gia Concursos\",\"description\":\"O blog da Estrat\u00e9gia Concursos traz not\u00edcias sobre concursos e artigos de professores oferecendo cursos para concursos (pdf + videaulas) no site.\",\"publisher\":{\"@id\":\"https:\/\/www.estrategiaconcursos.com.br\/blog\/#organization\"},\"potentialAction\":[{\"@type\":\"SearchAction\",\"target\":{\"@type\":\"EntryPoint\",\"urlTemplate\":\"https:\/\/www.estrategiaconcursos.com.br\/blog\/?s={search_term_string}\"},\"query-input\":{\"@type\":\"PropertyValueSpecification\",\"valueRequired\":true,\"valueName\":\"search_term_string\"}}],\"inLanguage\":\"pt-BR\"},{\"@type\":\"Organization\",\"@id\":\"https:\/\/www.estrategiaconcursos.com.br\/blog\/#organization\",\"name\":\"Estrat\u00e9gia Concursos\",\"url\":\"https:\/\/www.estrategiaconcursos.com.br\/blog\/\",\"logo\":{\"@type\":\"ImageObject\",\"inLanguage\":\"pt-BR\",\"@id\":\"https:\/\/www.estrategiaconcursos.com.br\/blog\/#\/schema\/logo\/image\/\",\"url\":\"https:\/\/dhg1h5j42swfq.cloudfront.net\/2025\/06\/03203428\/logo_concursos-1.jpg\",\"contentUrl\":\"https:\/\/dhg1h5j42swfq.cloudfront.net\/2025\/06\/03203428\/logo_concursos-1.jpg\",\"width\":230,\"height\":60,\"caption\":\"Estrat\u00e9gia Concursos\"},\"image\":{\"@id\":\"https:\/\/www.estrategiaconcursos.com.br\/blog\/#\/schema\/logo\/image\/\"},\"sameAs\":[\"https:\/\/x.com\/EstratConcursos\"]}]}<\/script>\n<!-- \/ Yoast SEO Premium plugin. -->","yoast_head_json":{"title":"Aprovada no concurso IMBEL: Camilla Assump\u00e7\u00e3o","description":"Confira nossa entrevista com Camilla Assump\u00e7\u00e3o, aprovada em 1\u00b0 lugar (CR) no concurso IMBEL para Engenheiro","robots":{"index":"index","follow":"follow","max-snippet":"max-snippet:-1","max-image-preview":"max-image-preview:large","max-video-preview":"max-video-preview:-1"},"canonical":"https:\/\/www.estrategiaconcursos.com.br\/blog\/depoimento\/aprovada-no-concurso-imbel-camilla-assumpcao\/","og_locale":"pt_BR","og_type":"article","og_title":"Aprovada no concurso IMBEL: Camilla Assump\u00e7\u00e3o","og_description":"Confira nossa entrevista com Camilla Assump\u00e7\u00e3o, aprovada em 1\u00b0 lugar (CR) no concurso IMBEL para Engenheiro","og_url":"https:\/\/www.estrategiaconcursos.com.br\/blog\/depoimento\/aprovada-no-concurso-imbel-camilla-assumpcao\/","og_site_name":"Estrat\u00e9gia Concursos","article_modified_time":"2025-07-11T18:29:23+00:00","og_image":[{"url":"https:\/\/www.estrategiaconcursos.com.br\/blog\/wp-content\/uploads\/2025\/07\/cams-300x300.jpg","type":"","width":"","height":""}],"twitter_card":"summary_large_image","twitter_site":"@EstratConcursos","twitter_misc":{"Est. tempo de leitura":"8 minutos"},"schema":{"@context":"https:\/\/schema.org","@graph":[{"@type":"WebPage","@id":"https:\/\/www.estrategiaconcursos.com.br\/blog\/depoimento\/aprovada-no-concurso-imbel-camilla-assumpcao\/","url":"https:\/\/www.estrategiaconcursos.com.br\/blog\/depoimento\/aprovada-no-concurso-imbel-camilla-assumpcao\/","name":"Aprovada no concurso IMBEL: Camilla Assump\u00e7\u00e3o","isPartOf":{"@id":"https:\/\/www.estrategiaconcursos.com.br\/blog\/#website"},"primaryImageOfPage":{"@id":"https:\/\/www.estrategiaconcursos.com.br\/blog\/depoimento\/aprovada-no-concurso-imbel-camilla-assumpcao\/#primaryimage"},"image":{"@id":"https:\/\/www.estrategiaconcursos.com.br\/blog\/depoimento\/aprovada-no-concurso-imbel-camilla-assumpcao\/#primaryimage"},"thumbnailUrl":"https:\/\/www.estrategiaconcursos.com.br\/blog\/wp-content\/uploads\/2025\/07\/cams-300x300.jpg","datePublished":"2025-07-11T18:29:21+00:00","dateModified":"2025-07-11T18:29:23+00:00","description":"Confira nossa entrevista com Camilla Assump\u00e7\u00e3o, aprovada em 1\u00b0 lugar (CR) no concurso IMBEL para Engenheiro","breadcrumb":{"@id":"https:\/\/www.estrategiaconcursos.com.br\/blog\/depoimento\/aprovada-no-concurso-imbel-camilla-assumpcao\/#breadcrumb"},"inLanguage":"pt-BR","potentialAction":[{"@type":"ReadAction","target":["https:\/\/www.estrategiaconcursos.com.br\/blog\/depoimento\/aprovada-no-concurso-imbel-camilla-assumpcao\/"]}]},{"@type":"ImageObject","inLanguage":"pt-BR","@id":"https:\/\/www.estrategiaconcursos.com.br\/blog\/depoimento\/aprovada-no-concurso-imbel-camilla-assumpcao\/#primaryimage","url":"https:\/\/dhg1h5j42swfq.cloudfront.net\/2025\/07\/09165151\/cams.jpg","contentUrl":"https:\/\/dhg1h5j42swfq.cloudfront.net\/2025\/07\/09165151\/cams.jpg","width":960,"height":960},{"@type":"BreadcrumbList","@id":"https:\/\/www.estrategiaconcursos.com.br\/blog\/depoimento\/aprovada-no-concurso-imbel-camilla-assumpcao\/#breadcrumb","itemListElement":[{"@type":"ListItem","position":1,"name":"In\u00edcio","item":"https:\/\/www.estrategiaconcursos.com.br\/blog\/"},{"@type":"ListItem","position":2,"name":"Aprovada no concurso IMBEL: Camilla Assump\u00e7\u00e3o"}]},{"@type":"WebSite","@id":"https:\/\/www.estrategiaconcursos.com.br\/blog\/#website","url":"https:\/\/www.estrategiaconcursos.com.br\/blog\/","name":"Estrat\u00e9gia Concursos","description":"O blog da Estrat\u00e9gia Concursos traz not\u00edcias sobre concursos e artigos de professores oferecendo cursos para concursos (pdf + videaulas) no site.","publisher":{"@id":"https:\/\/www.estrategiaconcursos.com.br\/blog\/#organization"},"potentialAction":[{"@type":"SearchAction","target":{"@type":"EntryPoint","urlTemplate":"https:\/\/www.estrategiaconcursos.com.br\/blog\/?s={search_term_string}"},"query-input":{"@type":"PropertyValueSpecification","valueRequired":true,"valueName":"search_term_string"}}],"inLanguage":"pt-BR"},{"@type":"Organization","@id":"https:\/\/www.estrategiaconcursos.com.br\/blog\/#organization","name":"Estrat\u00e9gia Concursos","url":"https:\/\/www.estrategiaconcursos.com.br\/blog\/","logo":{"@type":"ImageObject","inLanguage":"pt-BR","@id":"https:\/\/www.estrategiaconcursos.com.br\/blog\/#\/schema\/logo\/image\/","url":"https:\/\/dhg1h5j42swfq.cloudfront.net\/2025\/06\/03203428\/logo_concursos-1.jpg","contentUrl":"https:\/\/dhg1h5j42swfq.cloudfront.net\/2025\/06\/03203428\/logo_concursos-1.jpg","width":230,"height":60,"caption":"Estrat\u00e9gia Concursos"},"image":{"@id":"https:\/\/www.estrategiaconcursos.com.br\/blog\/#\/schema\/logo\/image\/"},"sameAs":["https:\/\/x.com\/EstratConcursos"]}]}},"_links":{"self":[{"href":"https:\/\/www.estrategiaconcursos.com.br\/blog\/wp-json\/wp\/v2\/depoimento\/1604694","targetHints":{"allow":["GET"]}}],"collection":[{"href":"https:\/\/www.estrategiaconcursos.com.br\/blog\/wp-json\/wp\/v2\/depoimento"}],"about":[{"href":"https:\/\/www.estrategiaconcursos.com.br\/blog\/wp-json\/wp\/v2\/types\/depoimento"}],"version-history":[{"count":9,"href":"https:\/\/www.estrategiaconcursos.com.br\/blog\/wp-json\/wp\/v2\/depoimento\/1604694\/revisions"}],"predecessor-version":[{"id":1605860,"href":"https:\/\/www.estrategiaconcursos.com.br\/blog\/wp-json\/wp\/v2\/depoimento\/1604694\/revisions\/1605860"}],"wp:attachment":[{"href":"https:\/\/www.estrategiaconcursos.com.br\/blog\/wp-json\/wp\/v2\/media?parent=1604694"}],"curies":[{"name":"wp","href":"https:\/\/api.w.org\/{rel}","templated":true}]}}