{"id":1493373,"date":"2024-12-03T16:58:01","date_gmt":"2024-12-03T19:58:01","guid":{"rendered":"https:\/\/www.estrategiaconcursos.com.br\/blog\/?post_type=depoimento&#038;p=1493373"},"modified":"2024-12-03T16:58:02","modified_gmt":"2024-12-03T19:58:02","slug":"entrevista-edson-ferreira-lima-junior-aprovado-em-13-lugar-no-concurso-trf3-para-o-cargo-de-tecnico-judiciario-area-administrativa","status":"publish","type":"depoimento","link":"https:\/\/www.estrategiaconcursos.com.br\/blog\/depoimento\/entrevista-edson-ferreira-lima-junior-aprovado-em-13-lugar-no-concurso-trf3-para-o-cargo-de-tecnico-judiciario-area-administrativa\/","title":{"rendered":"ENTREVISTA: Edson Ferreira Lima Junior &#8211; Aprovado em 13\u00b0 lugar\u00a0no concurso\u00a0TRF3\u00a0para o cargo de\u00a0T\u00e9cnico Judici\u00e1rio &#8211; \u00c1rea Administrativa\u00a0"},"content":{"rendered":"\n<figure class=\"wp-block-image aligncenter size-medium\"><img loading=\"lazy\" decoding=\"async\" width=\"240\" height=\"300\" src=\"https:\/\/dhg1h5j42swfq.cloudfront.net\/2024\/11\/21164905\/edsonfoto-240x300.jpg\" alt=\"\" class=\"wp-image-1493377\" srcset=\"https:\/\/dhg1h5j42swfq.cloudfront.net\/2024\/11\/21164905\/edsonfoto-240x300.jpg 240w, https:\/\/dhg1h5j42swfq.cloudfront.net\/2024\/11\/21164905\/edsonfoto-819x1024.jpg 819w, https:\/\/dhg1h5j42swfq.cloudfront.net\/2024\/11\/21164905\/edsonfoto-768x960.jpg 768w, https:\/\/dhg1h5j42swfq.cloudfront.net\/2024\/11\/21164905\/edsonfoto-150x188.jpg 150w, https:\/\/dhg1h5j42swfq.cloudfront.net\/2024\/11\/21164905\/edsonfoto.jpg 1080w\" sizes=\"auto, (max-width: 240px) 100vw, 240px\" \/><figcaption class=\"wp-element-caption\">Edson Ferreira Lima Junior<\/figcaption><\/figure>\n\n\n\n<p class=\"has-text-align-center\"><strong>&#8220;Invista em um bom material, estabele\u00e7a uma rotina que seja sustent\u00e1vel dentro da sua realidade e continue at\u00e9 o fim em busca dos objetivos que definiu para sua vida. Voc\u00ea n\u00e3o se arrepender\u00e1 de ter estudado quando o dia da posse chegar [&#8230;]&#8221;<\/strong><\/p>\n\n\n\n<p>Confira nossa entrevista com Edson Ferreira Lima Junior, aprovado em 13\u00b0 lugar\u00a0no concurso\u00a0TRF3\u00a0para o cargo de\u00a0T\u00e9cnico Judici\u00e1rio &#8211; \u00c1rea Administrativa:<\/p>\n\n\n\n<p><strong>Estrat\u00e9gia Concursos: Conte-nos um pouco sobre voc\u00ea, para que nossos leitores possam conhec\u00ea-lo. Qual a sua forma\u00e7\u00e3o, idade e cidade natal?<\/strong><\/p>\n\n\n\n<p><strong>Edson Ferreira Lima Junior: <\/strong>Tenho 27 anos, nasci em uma cidade do interior de S\u00e3o Paulo e atualmente moro em Campo Grande-MS. Sou formado em Psicologia, mas decidi focar em concursos da \u00e1rea administrativa.<\/p>\n\n\n\n<p><strong>Estrat\u00e9gia: O que te levou a tomar a decis\u00e3o de come\u00e7ar a estudar para concursos?<\/strong><\/p>\n\n\n\n<p><strong>Edson: <\/strong>A insatisfa\u00e7\u00e3o com a instabilidade do trabalho como profissional liberal. Apesar das vantagens de poder gerenciar com mais autonomia \u00e0s din\u00e2micas do pr\u00f3prio trabalho e dispor de maior flexibilidade de agenda, a indefini\u00e7\u00e3o quanto aos rendimentos m\u00eas a m\u00eas e a depend\u00eancia de muitos fatores externos vari\u00e1veis que comp\u00f5em a remunera\u00e7\u00e3o sempre me incomodou. Dentre as alternativas que consegui vislumbrar, trabalhar no servi\u00e7o p\u00fablico foi a que mais me atraiu pela perspectiva de estabilidade, melhores condi\u00e7\u00f5es de trabalho e sal\u00e1rios atrativos.<\/p>\n\n\n\n<p><strong>Estrat\u00e9gia: Voc\u00ea trabalhava e estudava? Se sim, como conciliava?&nbsp;<\/strong><\/p>\n\n\n\n<p><strong>Edson: <\/strong>Trabalhei e estudei ao longo de todo o processo. Houve per\u00edodos de mais ou menos trabalho e mais ou menos flexibilidade de hor\u00e1rios ao longo da prepara\u00e7\u00e3o. Tentava encaixar os estudos em quase todo tempo livre que dispunha, seja antes ou depois do trabalho e nos intervalos entre os atendimentos. Com o intuito de passar em algum o mais r\u00e1pido poss\u00edvel, cheguei tamb\u00e9m a trancar uma p\u00f3s-gradua\u00e7\u00e3o que fazia na minha \u00e1rea de forma\u00e7\u00e3o e a abdicar de algumas atividades.<\/p>\n\n\n\n<p><strong>Estrat\u00e9gia: Em quais concursos j\u00e1 foi aprovado? Em qual cargo e em que coloca\u00e7\u00e3o? Pretende continuar estudando?<\/strong><\/p>\n\n\n\n<p><strong>Edson: <\/strong>Fui aprovado em tr\u00eas concursos: 15\u00ba lugar para Analista Judici\u00e1rio no TRF3 em 2023; 30\u00ba colocado no TJMS em 2024 e por \u00faltimo obtive a 12\u00aa coloca\u00e7\u00e3o para T\u00e9cnico Judici\u00e1rio, novamente para o TRF3 em 2024. Nos tr\u00eas casos para a \u00e1rea administrativa. Pretendo continuar estudando pelo menos at\u00e9 tomar posse.<\/p>\n\n\n\n<p><strong>Estrat\u00e9gia: Como era sua vida social durante a prepara\u00e7\u00e3o para concursos? Voc\u00ea sa\u00eda com amigos e fam\u00edlia?<\/strong><\/p>\n\n\n\n<p><strong>Edson: <\/strong>Eu sou uma pessoa consideravelmente caseira, ent\u00e3o n\u00e3o houve uma mudan\u00e7a muito brusca em rela\u00e7\u00e3o \u00e0 vida social. Ainda assim, precisei abdicar de determinadas atividades sociais e de lazer nos per\u00edodos de maior foco nas aprova\u00e7\u00f5es. Sa\u00eda com menos frequ\u00eancia e deixei de fazer algumas coisas que fazia para tentar ser aprovado em curto ou m\u00e9dio prazo.<\/p>\n\n\n\n<p><strong>Estrat\u00e9gia: Sua fam\u00edlia e amigos entenderam e apoiaram sua caminhada como concurseiro? De que forma?&nbsp;<\/strong><\/p>\n\n\n\n<p><strong>Edson: <\/strong>Sim. Meus pais observavam as minhas insatisfa\u00e7\u00f5es com a vida atual e com a perspectiva de futuro que eu vinha tendo, ent\u00e3o me estimularam a me engajar nesse projeto assim que comecei de fato a estudar. Tamb\u00e9m tive a sorte de ter dois amigos concurseiros, que estudavam h\u00e1 mais tempo do que eu, de modo que pude ter o incentivo deles para come\u00e7ar e seguir estudando.&nbsp;<\/p>\n\n\n\n<p><strong>Estrat\u00e9gia: Voc\u00ea estudou por quanto tempo direcionado ao \u00faltimo concurso? O que fez para manter a disciplina?<\/strong><\/p>\n\n\n\n<p><strong>Edson: <\/strong>H\u00e1 cerca de 2 meses, mas j\u00e1 vinha estudando para concursos de tribunais h\u00e1 um ano. Para esse concurso estudei um pouco menos do que gostaria e com uma organiza\u00e7\u00e3o menos definida, mas o empenho acumulado ao longo do ano anterior contribuiu para conquistar uma boa coloca\u00e7\u00e3o. Tentei estudar pelo menos um pouco todos os dias, com foco nas disciplinas que ainda n\u00e3o tinha estudado e revisando bastante na reta final.<\/p>\n\n\n\n<p><strong>Estrat\u00e9gia: Quais materiais e ferramentas voc\u00ea usou em sua prepara\u00e7\u00e3o?<\/strong><\/p>\n\n\n\n<p><strong>Edson: <\/strong>Utilizei os PDFs simplificados do Estrat\u00e9gia, aliado \u00e0 leitura da lei seca, resolu\u00e7\u00e3o de quest\u00f5es e flaschards que eu pr\u00f3prio constru\u00ed. V\u00eddeoaulas eu normalmente s\u00f3 uso para as disciplinas de portugu\u00eas e matem\u00e1tica e para tirar d\u00favidas pontuais sobre algum assunto que tive dificuldade de entender.\u00a0<\/p>\n\n\n\n<p><strong>Estrat\u00e9gia: Como conheceu o Estrat\u00e9gia Concursos?&nbsp;<\/strong><\/p>\n\n\n\n<p><strong>Edson: <\/strong>Por recomenda\u00e7\u00e3o de um amigo que j\u00e1 estava no servi\u00e7o p\u00fablico e que continuava estudando.&nbsp;<\/p>\n\n\n\n<p><strong>Estrat\u00e9gia: Depois que voc\u00ea se tornou aluno do Estrat\u00e9gia, voc\u00ea sentiu uma diferen\u00e7a relevante na sua prepara\u00e7\u00e3o? Que diferencial encontrou nos materiais do Estrat\u00e9gia?&nbsp;<\/strong><\/p>\n\n\n\n<p><strong>Edson: <\/strong>Senti mais confian\u00e7a nos estudos. Os materiais do Estrat\u00e9gia, em especial os PDFs, foram de muita utilidade na minha trajet\u00f3ria. Re\u00fanem muitas informa\u00e7\u00f5es comumente cobradas em prova, dispostas em uma linguagem clara que facilita a compreens\u00e3o. Al\u00e9m disso, me atraiu ter \u00e0 disposi\u00e7\u00e3o um PDF completo e uma vers\u00e3o simplificada. Na maior parte da minha prepara\u00e7\u00e3o utilizei a vers\u00e3o simplificada, que n\u00e3o deixa a desejar em qualidade e objetividade. A depender do momento em que estamos, em pr\u00e9 ou p\u00f3s-edital, e do foco que queremos dar em uma disciplina e da familiaridade que temos com um assunto, ter essas duas op\u00e7\u00f5es \u00e9 um diferencial. No mais, os professores s\u00e3o muito bons e revelam bastante dom\u00ednio nas mat\u00e9rias que ensinam.<\/p>\n\n\n\n<p><strong>Estrat\u00e9gia: Como montou seu plano de estudos?&nbsp;<\/strong><\/p>\n\n\n\n<p><strong>Edson: <\/strong>Na maior parte da prepara\u00e7\u00e3o tive um cronograma flex\u00edvel, organizando as disciplinas em formato de ciclo semanal. No come\u00e7o estudava uma disciplina por dia, depois passei a tentar estudar pelo menos duas. A quantidade de tempo destinado diariamente variou bastante, mas tentava manter uma m\u00e9dia de pelo menos 4h por dia. No \u00faltimo concurso estudei um pouco menos, mas tentava ao menos n\u00e3o deixar de ter algum contato di\u00e1rio com as mat\u00e9rias do edital.<\/p>\n\n\n\n<p><strong>Estrat\u00e9gia: Como fazia suas revis\u00f5es?&nbsp;<\/strong><\/p>\n\n\n\n<p><strong>Edson: <\/strong>N\u00e3o utilizo resumos e dificilmente releio os materiais escritos em fase de p\u00f3s-edital. Reviso majoritariamente por quest\u00f5es e flashcards. Fiz poucos simulados, talvez 4 ou 5 ao longo desse ano e meio de estudos. Julgava mais \u00fatil quando eu ainda n\u00e3o tinha prestado nenhum concurso e necessitava simular condi\u00e7\u00f5es semelhantes \u00e0s de prova, como o tempo limitado e o estresse de resolver muitas quest\u00f5es seguidas sem poder fazer muitas pausas. De todo modo, como resolvo muitas quest\u00f5es, acabo resolvendo v\u00e1rias de uma mesma prova tamb\u00e9m \u2013 o que me ajuda a ter uma no\u00e7\u00e3o global da organiza\u00e7\u00e3o que as bancas fazem de determinadas provas.<\/p>\n\n\n\n<p><strong>Estrat\u00e9gia: Qual a import\u00e2ncia da resolu\u00e7\u00e3o de exerc\u00edcios? Lembra quantas quest\u00f5es fez na sua trajet\u00f3ria?<\/strong><\/p>\n\n\n\n<p><strong>Edson: <\/strong>N\u00e3o sei precisamente quantas quest\u00f5es resolvi, mas foram milhares. Considero fundamental. Ao meu ver, \u00e9 o modo mais ativo e eficiente de aprendizagem. Solidifica a mem\u00f3ria e ajuda na consolida\u00e7\u00e3o de tudo que foi estudado anteriormente. A teoria \u00e9 importante, mas, no final das contas, estudamos para responder \u00e0s quest\u00f5es da prova. Fazer muitas quest\u00f5es, diariamente, facilita a identificar os assuntos mais e menos cobrados, o modo como as bancas os cobram e as muitas varia\u00e7\u00f5es de cobran\u00e7a de determinados temas. A chance de se surpreender muito na hora da prova, n\u00e3o tendo ao menos visto algo sobre o assunto, \u00e9 muito menor se voc\u00ea tem o costume de fazer quest\u00f5es com frequ\u00eancia.<\/p>\n\n\n\n<p><strong>Estrat\u00e9gia: Quais as disciplinas voc\u00ea tinha mais dificuldade? Como fez para superar?<\/strong><\/p>\n\n\n\n<p><strong>Edson: <\/strong>Para esse concurso, especificamente, tive uma certa dificuldade com Direito Processual Civil, por ser meu primeiro contato direto com a mat\u00e9ria. Julgo que a linguagem do C\u00f3digo de Processo Civil \u00e9 mais peculiar do que aquela presente na legisla\u00e7\u00e3o de outros ramos do Direito. Como eu optei por estudar o CPC majoritariamente pela lei seca, foi um processo um tanto truncado com a pouca base que tinha na disciplina. Tive tamb\u00e9m alguma dificuldade com Direito Tribut\u00e1rio, mas felizmente a extens\u00e3o do conte\u00fado foi menor. Para tentar superar essas dificuldades, fiz o m\u00e1ximo de quest\u00f5es que pude nessas mat\u00e9rias e assisti algumas videoaulas curtas sobre pontos espec\u00edficos que ainda n\u00e3o havia entendido muito bem. N\u00e3o h\u00e1 escapat\u00f3ria: mesmo tendo dificuldades, precisamos tentar aprender para ir bem na prova.<\/p>\n\n\n\n<p><strong>Estrat\u00e9gia: Como foi sua rotina de estudos na semana que antecedeu a prova e no dia pr\u00e9-prova?<\/strong><\/p>\n\n\n\n<p><strong>Edson: <\/strong>Na semana que antecedeu a prova foquei em revisar principalmente as mat\u00e9rias que tinha estudado pela primeira vez. Para as que j\u00e1 havia estudado, dispensei menos tempo, fazendo revis\u00f5es mais curtas. Na v\u00e9spera da prova, alternei entre acompanhar parte da aula de Revis\u00e3o de V\u00e9spera do Estrat\u00e9gia e resolver algumas quest\u00f5es e flashcards.<\/p>\n\n\n\n<p><strong>Estrat\u00e9gia: No seu concurso, al\u00e9m da prova objetiva, teve a discursiva. Como foi sua prepara\u00e7\u00e3o para esta importante parte do certame? O que voc\u00ea aconselha?<\/strong><\/p>\n\n\n\n<p><strong>Edson: <\/strong>Para esse concurso n\u00e3o me preparei especificamente para a discursiva. Era uma reda\u00e7\u00e3o. Como tive pouco tempo e precisava estudar algumas mat\u00e9rias novas, e por j\u00e1 ter algum h\u00e1bito de escrever, confiei no meu repert\u00f3rio pr\u00e9vio e torci para que o tema escolhido pela banca n\u00e3o estivesse distante do meu conhecimento geral. Foi o que aconteceu, felizmente. Consegui desenvolver as ideias sobre o assunto e obtive uma boa pontua\u00e7\u00e3o. De todo modo, n\u00e3o recomendo fazer o que eu fiz. Aconselho a dedicarem algum tempo para essa parte das provas porque a nota na discursiva costuma ser decisiva. Quando se tratar de uma reda\u00e7\u00e3o, conhe\u00e7am a estrutura b\u00e1sica do tipo de texto pedido para as provas que far\u00e3o e fiquem a par do m\u00e1ximo de problemas sociais contempor\u00e2neos que conseguirem.&nbsp;&nbsp;<\/p>\n\n\n\n<p><strong>Estrat\u00e9gia: Quais foram seus principais ERROS e ACERTOS nesta trajet\u00f3ria?<\/strong><\/p>\n\n\n\n<p><strong>Edson: <\/strong>Quanto aos erros, acho que resistir por algum tempo \u00e0 leitura da legisla\u00e7\u00e3o direta e a perder muito tempo tentando entender min\u00facias de muitos assuntos que historicamente s\u00e3o pouco cobrados em prova para os cargos de t\u00e9cnico e analista. Quanto aos acertos, destaco a resolu\u00e7\u00e3o de muitas quest\u00f5es diariamente, a constru\u00e7\u00e3o de cadernos por tema para facilitar revis\u00f5es e o uso mais frequente de revis\u00f5es por flashcards.&nbsp;<\/p>\n\n\n\n<p><strong>Estrat\u00e9gia: Chegou a pensar, por algum momento, em desistir? Se sim, qual foi sua principal motiva\u00e7\u00e3o para seguir?<\/strong><\/p>\n\n\n\n<p><strong>Edson: <\/strong>N\u00e3o cheguei a pensar em desistir. O que ocorreu, e acho que ocorre para todo mundo, foi sentir des\u00e2nimo em v\u00e1rios momentos. \u00c9 uma jornada estressante, pensada para o m\u00e9dio e longo prazo, e todo projeto como esse produz sentimentos dif\u00edceis enquanto n\u00e3o alcan\u00e7amos nossos objetivos. O que eu fazia era aceitar esse sentimento como parte do processo. A motiva\u00e7\u00e3o para seguir foi sempre relembrar do que me fez come\u00e7ar: ter um trabalho mais satisfat\u00f3rio, receber melhor e ter mais qualidade de vida no futuro.<\/p>\n\n\n\n<p><strong>Estrat\u00e9gia: Por fim, o que voc\u00ea aconselharia a algu\u00e9m que est\u00e1 iniciando seus estudos para concurso? Deixe sua mensagem para todos aqueles que um dia almejam chegar aonde voc\u00ea chegou!<\/strong><\/p>\n\n\n\n<p><strong>Edson: <\/strong>Invista em um bom material, estabele\u00e7a uma rotina que seja sustent\u00e1vel dentro da sua realidade e continue at\u00e9 o fim em busca dos objetivos que definiu para sua vida. Voc\u00ea n\u00e3o se arrepender\u00e1 de ter estudado quando o dia da posse chegar. Seu empenho e esfor\u00e7o valer\u00e1 a pena.<\/p>\n","protected":false},"excerpt":{"rendered":"<p>&#8220;Invista em um bom material, estabele\u00e7a uma rotina que seja sustent\u00e1vel dentro da sua realidade e continue at\u00e9 o fim em busca dos objetivos que definiu para sua vida. Voc\u00ea n\u00e3o se arrepender\u00e1 de ter estudado quando o dia da posse chegar [&#8230;]&#8221; Confira nossa entrevista com Edson Ferreira Lima Junior, aprovado em 13\u00b0 lugar\u00a0no [&hellip;]<\/p>\n","protected":false},"featured_media":0,"template":"","class_list":["post-1493373","depoimento","type-depoimento","status-publish","hentry"],"acf":[],"yoast_head":"<!-- This site is optimized with the Yoast SEO Premium plugin v27.2 (Yoast SEO v27.2) - https:\/\/yoast.com\/product\/yoast-seo-premium-wordpress\/ -->\n<title>ENTREVISTA: Edson Ferreira Lima Junior - Aprovado em 13\u00b0 lugar\u00a0no concurso\u00a0TRF3\u00a0para o cargo de\u00a0T\u00e9cnico Judici\u00e1rio - \u00c1rea Administrativa\u00a0<\/title>\n<meta name=\"description\" content=\"Confira nossa entrevista com Edson Ferreira Lima Junior, aprovado em 13\u00b0 lugar\u00a0no concurso\u00a0TRF3\u00a0para o cargo de\u00a0T\u00e9cnico Judici\u00e1rio - \u00c1rea Administrativa\u00a0\" \/>\n<meta name=\"robots\" content=\"index, follow, max-snippet:-1, max-image-preview:large, max-video-preview:-1\" \/>\n<link rel=\"canonical\" href=\"https:\/\/www.estrategiaconcursos.com.br\/blog\/depoimento\/entrevista-edson-ferreira-lima-junior-aprovado-em-13-lugar-no-concurso-trf3-para-o-cargo-de-tecnico-judiciario-area-administrativa\/\" \/>\n<meta property=\"og:locale\" content=\"pt_BR\" \/>\n<meta property=\"og:type\" content=\"article\" \/>\n<meta property=\"og:title\" content=\"ENTREVISTA: Edson Ferreira Lima Junior - Aprovado em 13\u00b0 lugar\u00a0no concurso\u00a0TRF3\u00a0para o cargo de\u00a0T\u00e9cnico Judici\u00e1rio - \u00c1rea Administrativa\u00a0\" \/>\n<meta property=\"og:description\" content=\"Confira nossa entrevista com Edson Ferreira Lima Junior, aprovado em 13\u00b0 lugar\u00a0no concurso\u00a0TRF3\u00a0para o cargo de\u00a0T\u00e9cnico Judici\u00e1rio - \u00c1rea Administrativa\u00a0\" \/>\n<meta property=\"og:url\" content=\"https:\/\/www.estrategiaconcursos.com.br\/blog\/depoimento\/entrevista-edson-ferreira-lima-junior-aprovado-em-13-lugar-no-concurso-trf3-para-o-cargo-de-tecnico-judiciario-area-administrativa\/\" \/>\n<meta property=\"og:site_name\" content=\"Estrat\u00e9gia Concursos\" \/>\n<meta property=\"article:modified_time\" content=\"2024-12-03T19:58:02+00:00\" \/>\n<meta property=\"og:image\" content=\"https:\/\/www.estrategiaconcursos.com.br\/blog\/wp-content\/uploads\/2024\/11\/edsonfoto-240x300.jpg\" \/>\n<meta name=\"twitter:card\" content=\"summary_large_image\" \/>\n<meta name=\"twitter:site\" content=\"@EstratConcursos\" \/>\n<meta name=\"twitter:label1\" content=\"Est. tempo de leitura\" \/>\n\t<meta name=\"twitter:data1\" content=\"10 minutos\" \/>\n<script type=\"application\/ld+json\" class=\"yoast-schema-graph\">{\"@context\":\"https:\/\/schema.org\",\"@graph\":[{\"@type\":\"WebPage\",\"@id\":\"https:\/\/www.estrategiaconcursos.com.br\/blog\/depoimento\/entrevista-edson-ferreira-lima-junior-aprovado-em-13-lugar-no-concurso-trf3-para-o-cargo-de-tecnico-judiciario-area-administrativa\/\",\"url\":\"https:\/\/www.estrategiaconcursos.com.br\/blog\/depoimento\/entrevista-edson-ferreira-lima-junior-aprovado-em-13-lugar-no-concurso-trf3-para-o-cargo-de-tecnico-judiciario-area-administrativa\/\",\"name\":\"ENTREVISTA: Edson Ferreira Lima Junior - Aprovado em 13\u00b0 lugar\u00a0no concurso\u00a0TRF3\u00a0para o cargo de\u00a0T\u00e9cnico Judici\u00e1rio - \u00c1rea Administrativa\u00a0\",\"isPartOf\":{\"@id\":\"https:\/\/www.estrategiaconcursos.com.br\/blog\/#website\"},\"primaryImageOfPage\":{\"@id\":\"https:\/\/www.estrategiaconcursos.com.br\/blog\/depoimento\/entrevista-edson-ferreira-lima-junior-aprovado-em-13-lugar-no-concurso-trf3-para-o-cargo-de-tecnico-judiciario-area-administrativa\/#primaryimage\"},\"image\":{\"@id\":\"https:\/\/www.estrategiaconcursos.com.br\/blog\/depoimento\/entrevista-edson-ferreira-lima-junior-aprovado-em-13-lugar-no-concurso-trf3-para-o-cargo-de-tecnico-judiciario-area-administrativa\/#primaryimage\"},\"thumbnailUrl\":\"https:\/\/www.estrategiaconcursos.com.br\/blog\/wp-content\/uploads\/2024\/11\/edsonfoto-240x300.jpg\",\"datePublished\":\"2024-12-03T19:58:01+00:00\",\"dateModified\":\"2024-12-03T19:58:02+00:00\",\"description\":\"Confira nossa entrevista com Edson Ferreira Lima Junior, aprovado em 13\u00b0 lugar\u00a0no concurso\u00a0TRF3\u00a0para o cargo de\u00a0T\u00e9cnico Judici\u00e1rio - \u00c1rea Administrativa\u00a0\",\"breadcrumb\":{\"@id\":\"https:\/\/www.estrategiaconcursos.com.br\/blog\/depoimento\/entrevista-edson-ferreira-lima-junior-aprovado-em-13-lugar-no-concurso-trf3-para-o-cargo-de-tecnico-judiciario-area-administrativa\/#breadcrumb\"},\"inLanguage\":\"pt-BR\",\"potentialAction\":[{\"@type\":\"ReadAction\",\"target\":[\"https:\/\/www.estrategiaconcursos.com.br\/blog\/depoimento\/entrevista-edson-ferreira-lima-junior-aprovado-em-13-lugar-no-concurso-trf3-para-o-cargo-de-tecnico-judiciario-area-administrativa\/\"]}]},{\"@type\":\"ImageObject\",\"inLanguage\":\"pt-BR\",\"@id\":\"https:\/\/www.estrategiaconcursos.com.br\/blog\/depoimento\/entrevista-edson-ferreira-lima-junior-aprovado-em-13-lugar-no-concurso-trf3-para-o-cargo-de-tecnico-judiciario-area-administrativa\/#primaryimage\",\"url\":\"https:\/\/dhg1h5j42swfq.cloudfront.net\/2024\/11\/21164905\/edsonfoto.jpg\",\"contentUrl\":\"https:\/\/dhg1h5j42swfq.cloudfront.net\/2024\/11\/21164905\/edsonfoto.jpg\",\"width\":1080,\"height\":1350},{\"@type\":\"BreadcrumbList\",\"@id\":\"https:\/\/www.estrategiaconcursos.com.br\/blog\/depoimento\/entrevista-edson-ferreira-lima-junior-aprovado-em-13-lugar-no-concurso-trf3-para-o-cargo-de-tecnico-judiciario-area-administrativa\/#breadcrumb\",\"itemListElement\":[{\"@type\":\"ListItem\",\"position\":1,\"name\":\"In\u00edcio\",\"item\":\"https:\/\/www.estrategiaconcursos.com.br\/blog\/\"},{\"@type\":\"ListItem\",\"position\":2,\"name\":\"ENTREVISTA: Edson Ferreira Lima Junior &#8211; Aprovado em 13\u00b0 lugar\u00a0no concurso\u00a0TRF3\u00a0para o cargo de\u00a0T\u00e9cnico Judici\u00e1rio &#8211; \u00c1rea Administrativa\u00a0\"}]},{\"@type\":\"WebSite\",\"@id\":\"https:\/\/www.estrategiaconcursos.com.br\/blog\/#website\",\"url\":\"https:\/\/www.estrategiaconcursos.com.br\/blog\/\",\"name\":\"Estrat\u00e9gia Concursos\",\"description\":\"O blog da Estrat\u00e9gia Concursos traz not\u00edcias sobre concursos e artigos de professores oferecendo cursos para concursos (pdf + videaulas) no site.\",\"publisher\":{\"@id\":\"https:\/\/www.estrategiaconcursos.com.br\/blog\/#organization\"},\"potentialAction\":[{\"@type\":\"SearchAction\",\"target\":{\"@type\":\"EntryPoint\",\"urlTemplate\":\"https:\/\/www.estrategiaconcursos.com.br\/blog\/?s={search_term_string}\"},\"query-input\":{\"@type\":\"PropertyValueSpecification\",\"valueRequired\":true,\"valueName\":\"search_term_string\"}}],\"inLanguage\":\"pt-BR\"},{\"@type\":\"Organization\",\"@id\":\"https:\/\/www.estrategiaconcursos.com.br\/blog\/#organization\",\"name\":\"Estrat\u00e9gia Concursos\",\"url\":\"https:\/\/www.estrategiaconcursos.com.br\/blog\/\",\"logo\":{\"@type\":\"ImageObject\",\"inLanguage\":\"pt-BR\",\"@id\":\"https:\/\/www.estrategiaconcursos.com.br\/blog\/#\/schema\/logo\/image\/\",\"url\":\"https:\/\/dhg1h5j42swfq.cloudfront.net\/2025\/06\/03203428\/logo_concursos-1.jpg\",\"contentUrl\":\"https:\/\/dhg1h5j42swfq.cloudfront.net\/2025\/06\/03203428\/logo_concursos-1.jpg\",\"width\":230,\"height\":60,\"caption\":\"Estrat\u00e9gia Concursos\"},\"image\":{\"@id\":\"https:\/\/www.estrategiaconcursos.com.br\/blog\/#\/schema\/logo\/image\/\"},\"sameAs\":[\"https:\/\/x.com\/EstratConcursos\"]}]}<\/script>\n<!-- \/ Yoast SEO Premium plugin. -->","yoast_head_json":{"title":"ENTREVISTA: Edson Ferreira Lima Junior - Aprovado em 13\u00b0 lugar\u00a0no concurso\u00a0TRF3\u00a0para o cargo de\u00a0T\u00e9cnico Judici\u00e1rio - \u00c1rea Administrativa\u00a0","description":"Confira nossa entrevista com Edson Ferreira Lima Junior, aprovado em 13\u00b0 lugar\u00a0no concurso\u00a0TRF3\u00a0para o cargo de\u00a0T\u00e9cnico Judici\u00e1rio - \u00c1rea Administrativa\u00a0","robots":{"index":"index","follow":"follow","max-snippet":"max-snippet:-1","max-image-preview":"max-image-preview:large","max-video-preview":"max-video-preview:-1"},"canonical":"https:\/\/www.estrategiaconcursos.com.br\/blog\/depoimento\/entrevista-edson-ferreira-lima-junior-aprovado-em-13-lugar-no-concurso-trf3-para-o-cargo-de-tecnico-judiciario-area-administrativa\/","og_locale":"pt_BR","og_type":"article","og_title":"ENTREVISTA: Edson Ferreira Lima Junior - Aprovado em 13\u00b0 lugar\u00a0no concurso\u00a0TRF3\u00a0para o cargo de\u00a0T\u00e9cnico Judici\u00e1rio - \u00c1rea Administrativa\u00a0","og_description":"Confira nossa entrevista com Edson Ferreira Lima Junior, aprovado em 13\u00b0 lugar\u00a0no concurso\u00a0TRF3\u00a0para o cargo de\u00a0T\u00e9cnico Judici\u00e1rio - \u00c1rea Administrativa\u00a0","og_url":"https:\/\/www.estrategiaconcursos.com.br\/blog\/depoimento\/entrevista-edson-ferreira-lima-junior-aprovado-em-13-lugar-no-concurso-trf3-para-o-cargo-de-tecnico-judiciario-area-administrativa\/","og_site_name":"Estrat\u00e9gia Concursos","article_modified_time":"2024-12-03T19:58:02+00:00","og_image":[{"url":"https:\/\/www.estrategiaconcursos.com.br\/blog\/wp-content\/uploads\/2024\/11\/edsonfoto-240x300.jpg","type":"","width":"","height":""}],"twitter_card":"summary_large_image","twitter_site":"@EstratConcursos","twitter_misc":{"Est. tempo de leitura":"10 minutos"},"schema":{"@context":"https:\/\/schema.org","@graph":[{"@type":"WebPage","@id":"https:\/\/www.estrategiaconcursos.com.br\/blog\/depoimento\/entrevista-edson-ferreira-lima-junior-aprovado-em-13-lugar-no-concurso-trf3-para-o-cargo-de-tecnico-judiciario-area-administrativa\/","url":"https:\/\/www.estrategiaconcursos.com.br\/blog\/depoimento\/entrevista-edson-ferreira-lima-junior-aprovado-em-13-lugar-no-concurso-trf3-para-o-cargo-de-tecnico-judiciario-area-administrativa\/","name":"ENTREVISTA: Edson Ferreira Lima Junior - Aprovado em 13\u00b0 lugar\u00a0no concurso\u00a0TRF3\u00a0para o cargo de\u00a0T\u00e9cnico Judici\u00e1rio - \u00c1rea Administrativa\u00a0","isPartOf":{"@id":"https:\/\/www.estrategiaconcursos.com.br\/blog\/#website"},"primaryImageOfPage":{"@id":"https:\/\/www.estrategiaconcursos.com.br\/blog\/depoimento\/entrevista-edson-ferreira-lima-junior-aprovado-em-13-lugar-no-concurso-trf3-para-o-cargo-de-tecnico-judiciario-area-administrativa\/#primaryimage"},"image":{"@id":"https:\/\/www.estrategiaconcursos.com.br\/blog\/depoimento\/entrevista-edson-ferreira-lima-junior-aprovado-em-13-lugar-no-concurso-trf3-para-o-cargo-de-tecnico-judiciario-area-administrativa\/#primaryimage"},"thumbnailUrl":"https:\/\/www.estrategiaconcursos.com.br\/blog\/wp-content\/uploads\/2024\/11\/edsonfoto-240x300.jpg","datePublished":"2024-12-03T19:58:01+00:00","dateModified":"2024-12-03T19:58:02+00:00","description":"Confira nossa entrevista com Edson Ferreira Lima Junior, aprovado em 13\u00b0 lugar\u00a0no concurso\u00a0TRF3\u00a0para o cargo de\u00a0T\u00e9cnico Judici\u00e1rio - \u00c1rea Administrativa\u00a0","breadcrumb":{"@id":"https:\/\/www.estrategiaconcursos.com.br\/blog\/depoimento\/entrevista-edson-ferreira-lima-junior-aprovado-em-13-lugar-no-concurso-trf3-para-o-cargo-de-tecnico-judiciario-area-administrativa\/#breadcrumb"},"inLanguage":"pt-BR","potentialAction":[{"@type":"ReadAction","target":["https:\/\/www.estrategiaconcursos.com.br\/blog\/depoimento\/entrevista-edson-ferreira-lima-junior-aprovado-em-13-lugar-no-concurso-trf3-para-o-cargo-de-tecnico-judiciario-area-administrativa\/"]}]},{"@type":"ImageObject","inLanguage":"pt-BR","@id":"https:\/\/www.estrategiaconcursos.com.br\/blog\/depoimento\/entrevista-edson-ferreira-lima-junior-aprovado-em-13-lugar-no-concurso-trf3-para-o-cargo-de-tecnico-judiciario-area-administrativa\/#primaryimage","url":"https:\/\/dhg1h5j42swfq.cloudfront.net\/2024\/11\/21164905\/edsonfoto.jpg","contentUrl":"https:\/\/dhg1h5j42swfq.cloudfront.net\/2024\/11\/21164905\/edsonfoto.jpg","width":1080,"height":1350},{"@type":"BreadcrumbList","@id":"https:\/\/www.estrategiaconcursos.com.br\/blog\/depoimento\/entrevista-edson-ferreira-lima-junior-aprovado-em-13-lugar-no-concurso-trf3-para-o-cargo-de-tecnico-judiciario-area-administrativa\/#breadcrumb","itemListElement":[{"@type":"ListItem","position":1,"name":"In\u00edcio","item":"https:\/\/www.estrategiaconcursos.com.br\/blog\/"},{"@type":"ListItem","position":2,"name":"ENTREVISTA: Edson Ferreira Lima Junior &#8211; Aprovado em 13\u00b0 lugar\u00a0no concurso\u00a0TRF3\u00a0para o cargo de\u00a0T\u00e9cnico Judici\u00e1rio &#8211; \u00c1rea Administrativa\u00a0"}]},{"@type":"WebSite","@id":"https:\/\/www.estrategiaconcursos.com.br\/blog\/#website","url":"https:\/\/www.estrategiaconcursos.com.br\/blog\/","name":"Estrat\u00e9gia Concursos","description":"O blog da Estrat\u00e9gia Concursos traz not\u00edcias sobre concursos e artigos de professores oferecendo cursos para concursos (pdf + videaulas) no site.","publisher":{"@id":"https:\/\/www.estrategiaconcursos.com.br\/blog\/#organization"},"potentialAction":[{"@type":"SearchAction","target":{"@type":"EntryPoint","urlTemplate":"https:\/\/www.estrategiaconcursos.com.br\/blog\/?s={search_term_string}"},"query-input":{"@type":"PropertyValueSpecification","valueRequired":true,"valueName":"search_term_string"}}],"inLanguage":"pt-BR"},{"@type":"Organization","@id":"https:\/\/www.estrategiaconcursos.com.br\/blog\/#organization","name":"Estrat\u00e9gia Concursos","url":"https:\/\/www.estrategiaconcursos.com.br\/blog\/","logo":{"@type":"ImageObject","inLanguage":"pt-BR","@id":"https:\/\/www.estrategiaconcursos.com.br\/blog\/#\/schema\/logo\/image\/","url":"https:\/\/dhg1h5j42swfq.cloudfront.net\/2025\/06\/03203428\/logo_concursos-1.jpg","contentUrl":"https:\/\/dhg1h5j42swfq.cloudfront.net\/2025\/06\/03203428\/logo_concursos-1.jpg","width":230,"height":60,"caption":"Estrat\u00e9gia Concursos"},"image":{"@id":"https:\/\/www.estrategiaconcursos.com.br\/blog\/#\/schema\/logo\/image\/"},"sameAs":["https:\/\/x.com\/EstratConcursos"]}]}},"_links":{"self":[{"href":"https:\/\/www.estrategiaconcursos.com.br\/blog\/wp-json\/wp\/v2\/depoimento\/1493373","targetHints":{"allow":["GET"]}}],"collection":[{"href":"https:\/\/www.estrategiaconcursos.com.br\/blog\/wp-json\/wp\/v2\/depoimento"}],"about":[{"href":"https:\/\/www.estrategiaconcursos.com.br\/blog\/wp-json\/wp\/v2\/types\/depoimento"}],"version-history":[{"count":4,"href":"https:\/\/www.estrategiaconcursos.com.br\/blog\/wp-json\/wp\/v2\/depoimento\/1493373\/revisions"}],"predecessor-version":[{"id":1499363,"href":"https:\/\/www.estrategiaconcursos.com.br\/blog\/wp-json\/wp\/v2\/depoimento\/1493373\/revisions\/1499363"}],"wp:attachment":[{"href":"https:\/\/www.estrategiaconcursos.com.br\/blog\/wp-json\/wp\/v2\/media?parent=1493373"}],"curies":[{"name":"wp","href":"https:\/\/api.w.org\/{rel}","templated":true}]}}