{"id":1474252,"date":"2024-10-31T08:08:07","date_gmt":"2024-10-31T11:08:07","guid":{"rendered":"https:\/\/www.estrategiaconcursos.com.br\/blog\/?post_type=depoimento&#038;p=1474252"},"modified":"2024-10-31T08:09:30","modified_gmt":"2024-10-31T11:09:30","slug":"concurso-mp-to-analista-aprovado-ivan-vieira","status":"publish","type":"depoimento","link":"https:\/\/www.estrategiaconcursos.com.br\/blog\/depoimento\/concurso-mp-to-analista-aprovado-ivan-vieira\/","title":{"rendered":"ENTREVISTA: Ivan Vieira &#8211; Aprovado em 1\u00b0 lugar no concurso MP-TO para o cargo de Analista Ministerial Especializado &#8211; Administra\u00e7\u00e3o de Infraestrutura de Tecnologia da Informa\u00e7\u00e3o"},"content":{"rendered":"\n<figure class=\"wp-block-image aligncenter size-medium\"><img loading=\"lazy\" decoding=\"async\" width=\"300\" height=\"225\" src=\"https:\/\/dhg1h5j42swfq.cloudfront.net\/2024\/10\/11185026\/ft-xiv-300x225.jpg\" alt=\"\" class=\"wp-image-1474923\" srcset=\"https:\/\/dhg1h5j42swfq.cloudfront.net\/2024\/10\/11185026\/ft-xiv-300x225.jpg 300w, https:\/\/dhg1h5j42swfq.cloudfront.net\/2024\/10\/11185026\/ft-xiv-1024x768.jpg 1024w, https:\/\/dhg1h5j42swfq.cloudfront.net\/2024\/10\/11185026\/ft-xiv-768x576.jpg 768w, https:\/\/dhg1h5j42swfq.cloudfront.net\/2024\/10\/11185026\/ft-xiv-1536x1152.jpg 1536w, https:\/\/dhg1h5j42swfq.cloudfront.net\/2024\/10\/11185026\/ft-xiv-150x113.jpg 150w, https:\/\/dhg1h5j42swfq.cloudfront.net\/2024\/10\/11185026\/ft-xiv.jpg 1600w\" sizes=\"auto, (max-width: 300px) 100vw, 300px\" \/><figcaption class=\"wp-element-caption\">Ivan Vieira<\/figcaption><\/figure>\n\n\n\n<p class=\"has-text-align-center\"><strong>&#8220;A mensagem que deixo para quem almeja se tornar servidor p\u00fablico ou conquistar um cargo de relev\u00e2ncia no estado \u00e9: seja resiliente, acredite no seu potencial e n\u00e3o espere nada de ningu\u00e9m [&#8230;]&#8221;<\/strong><\/p>\n\n\n\n<p>Confira nossa entrevista com Ivan Vieira, aprovado em 1\u00b0 lugar no concurso MP-TO para o cargo de Analista Ministerial Especializado &#8211; \u00c1rea de Atua\u00e7\u00e3o: Administra\u00e7\u00e3o de Infraestrutura de Tecnologia da Informa\u00e7\u00e3o:<\/p>\n\n\n\n<p><strong>Estrat\u00e9gia Concursos: Conte-nos um pouco sobre voc\u00ea, para que nossos leitores possam conhec\u00ea-lo. Qual a sua idade, forma\u00e7\u00e3o e cidade natal?<\/strong><\/p>\n\n\n\n<p><strong>Ivan Vieira: <\/strong>Ol\u00e1, meu nome \u00e9 Ivan Vieira, sou natural da Rep\u00fablica da Guin\u00e9-Bissau, situada na costa ocidental da \u00c1frica, e tenho 38 anos. Cheguei ao Brasil em 2008 por meio de um programa do Governo Federal chamado Estudante Conv\u00eanio, com o objetivo de cursar Ci\u00eancia da Computa\u00e7\u00e3o na Universidade Federal do Tocantins.<\/p>\n\n\n\n<p><strong>Estrat\u00e9gia: Como voc\u00ea conheceu o Estrat\u00e9gia Concursos e porque tomou a decis\u00e3o de se tornar nosso aluno?<\/strong><\/p>\n\n\n\n<p><strong>Ivan: <\/strong>Em 2010, minha esposa come\u00e7ou a estudar para concursos p\u00fablicos e me convidou a fazer o mesmo. Na \u00e9poca, eu dizia que concurso era para brasileiros e n\u00e3o para mim \u2014 essa foi a desculpa que usei, claro. Por\u00e9m, ela continuou me chamando ano ap\u00f3s ano. Em dezembro de 2013, viajamos para Bissau para visitar minha fam\u00edlia, j\u00e1 que desde que cheguei ao Brasil, n\u00e3o havia retornado. Era tamb\u00e9m uma oportunidade para que minha esposa conhecesse minha fam\u00edlia pessoalmente. Assim que chegamos, perguntei logo sobre minha m\u00e3e e tive a pior surpresa da minha vida: vi minha m\u00e3e em uma cadeira de rodas, empurrada pelo meu irm\u00e3o mais novo, Waldino. Naquele momento, desabei. N\u00e3o sabia que ela havia ficado doente a ponto de ter uma das pernas amputadas. Essa foi a raz\u00e3o pela qual decidi entrar no mundo dos concursos, pois, para n\u00f3s, africanos, fazer algo pela m\u00e3e tem um significado profundo. No meu caso, era ainda mais importante, j\u00e1 que sou o ca\u00e7ula, e minhas irm\u00e3s j\u00e1 haviam feito algo por ela, mas eu ainda n\u00e3o tinha tido essa oportunidade.<\/p>\n\n\n\n<p>No dia 24 de dezembro do mesmo ano, durante a ceia, minha m\u00e3e disse algo que me marcou profundamente: &#8220;Lutei muito para viver e poder te ver mais uma vez&#8221;. Isso me motivou a voltar ao Brasil determinado a fazer algo por ela antes que fosse tarde. Para isso, precisei aceitar a proposta que minha esposa me fez desde o in\u00edcio: estudar para concursos p\u00fablicos. Eu poderia fazer algo na iniciativa privada, mas sabia que o servi\u00e7o p\u00fablico me ofereceria a estabilidade necess\u00e1ria. N\u00e3o queria come\u00e7ar algo por minha m\u00e3e e depois ter que parar por perder o emprego.<\/p>\n\n\n\n<p>Conheci o Estrat\u00e9gia Concursos em 2014, na \u00e9poca em que minha esposa estudava no cursinho EVP \u2014 Eu Vou Passar. Eles tinham uma parceria com o Estrat\u00e9gia, e ela comprou o material com desconto. No ano passado, decidi assinar o Estrat\u00e9gia para ter acesso ao excelente material que o cursinho oferece. At\u00e9 hoje, minha esposa diz que foi a melhor decis\u00e3o que tomei, depois de termos nosso filho Isaac, claro.<\/p>\n\n\n\n<p><strong>Estrat\u00e9gia: Voc\u00ea trabalhava e estudava?&nbsp;<\/strong><\/p>\n\n\n\n<p><strong>Ivan: <\/strong>Minha rotina mudou muito depois que Isaac nasceu. Hoje, acordo \u00e0s 4h para estudar at\u00e9 \u00e0s 7h, depois ajeito as coisas para lev\u00e1-lo \u00e0 creche e vou pra trabalho. \u00c0s 12h, come\u00e7o a estudar novamente no meu hor\u00e1rio de almo\u00e7o at\u00e9 \u00e0s 13h40, e \u00e0 noite volto a estudar das 20h30 \u00e0s 22h30.<\/p>\n\n\n\n<p><strong>Estrat\u00e9gia: Voc\u00ea estudou por quanto tempo direcionado ao \u00faltimo concurso?&nbsp;<\/strong><\/p>\n\n\n\n<p><strong>Ivan: <\/strong>Na minha prepara\u00e7\u00e3o, utilizo PDFs e v\u00eddeos. Nas mat\u00e9rias em que tenho mais seguran\u00e7a, foco nos resumos dos PDFs e alguns v\u00eddeos. Nas outras, leio os PDFs com mais aten\u00e7\u00e3o. N\u00e3o sigo trilhas de estudo. Para o \u00faltimo concurso, comecei a estudar ap\u00f3s a publica\u00e7\u00e3o do edital, mas j\u00e1 tinha acumulado uma boa base de conhecimento, pois vinha me preparando para o cargo de auditor fiscal do trabalho, raz\u00e3o pela qual assinei o Estrat\u00e9gia.<\/p>\n\n\n\n<p><strong>Estrat\u00e9gia: No seu concurso, al\u00e9m da prova objetiva, teve a discursiva. Como foi a sua rotina de estudos para esta importante fase do certame?<\/strong><\/p>\n\n\n\n<p><strong>Ivan: <\/strong>Portugu\u00eas foi a disciplina em que mais tive dificuldades, apesar de vir de um pa\u00eds onde a l\u00edngua oficial tamb\u00e9m \u00e9 o portugu\u00eas. Assistir a v\u00eddeos de resolu\u00e7\u00e3o de quest\u00f5es e fazer muitos exerc\u00edcios ajudou bastante a superar esse obst\u00e1culo. Na reta final, costumo focar em quest\u00f5es, pois isso me ajuda a controlar o nervosismo. Para as discursivas, pesquiso bastante sobre poss\u00edveis temas, levando em conta o hist\u00f3rico da banca organizadora.<\/p>\n\n\n\n<p><strong>Estrat\u00e9gia: De que forma sua fam\u00edlia e amigos entenderam e apoiaram sua caminhada?<\/strong><\/p>\n\n\n\n<p><strong>Ivan: <\/strong>Sou casado com Adriany e temos um filho, Isaac, que completou 2 anos recentemente &#8211; dia 09 de outubro de 2024.<\/p>\n\n\n\n<p><strong>Estrat\u00e9gia: Quais foram seus principais ERROS e ACERTOS nesta trajet\u00f3ria?<\/strong><\/p>\n\n\n\n<p><strong>Ivan:<\/strong> Sempre quis passar em primeiro lugar em um concurso e dizia isso aos meus colegas, n\u00e3o por vaidade, mas para consagrar toda a minha dedica\u00e7\u00e3o. Sou teimoso, como dizem em Guin\u00e9, e meu maior erro \u00e9 n\u00e3o corrigir minhas provas \u2014 essa hist\u00f3ria conto para voc\u00eas depois! Mas meu principal acerto foi aceitar o desafio de estudar para concursos e fazer muitas quest\u00f5es.<\/p>\n\n\n\n<p><strong>Estrat\u00e9gia: Chegou a pensar, por algum momento, em desistir? O que voc\u00ea diria para a sua vers\u00e3o de 5 anos atr\u00e1s?<\/strong><\/p>\n\n\n\n<p><strong>Ivan: <\/strong>Antes de passar no meu primeiro concurso, estava levando minha esposa para o trabalho (hoje somos servidores efetivos do mesmo \u00f3rg\u00e3o) e ela me perguntou: &#8220;Voc\u00ea j\u00e1 pensou na possibilidade de n\u00e3o passar?&#8221; Minha resposta foi que eu n\u00e3o tinha um plano B. Quando aceitei o desafio, j\u00e1 n\u00e3o se tratava apenas de realizar um sonho de ser servidor p\u00fablico, mas de honrar a mem\u00f3ria da minha m\u00e3e, que j\u00e1 havia falecido.<\/p>\n\n\n\n<p><strong>Estrat\u00e9gia: Durante sua prepara\u00e7\u00e3o, ouviu falar sobre o Baile dos Primeiros? Imaginou que um dia estaria nesta confraterniza\u00e7\u00e3o?<\/strong><\/p>\n\n\n\n<p><strong>Ivan: <\/strong>Sinto-me honrado em ser convidado para o &#8220;Baile dos Primeiros&#8221;, que consagra toda a minha trajet\u00f3ria no mundo dos concursos. Tenho certeza de que minha m\u00e3e, tia Ana, estar\u00e1 me olhando do c\u00e9u, vibrando de alegria ao ver seu filho vencendo como sempre sonhou, mesmo em terras distantes.<\/p>\n\n\n\n<p><strong>Estrat\u00e9gia: Por fim, deixe sua mensagem para todos aqueles que est\u00e3o come\u00e7ando e almejam chegar aonde voc\u00ea chegou!<\/strong><\/p>\n\n\n\n<p><strong>Ivan: <\/strong>A mensagem que deixo para quem almeja se tornar servidor p\u00fablico ou conquistar um cargo de relev\u00e2ncia no estado \u00e9: seja resiliente, acredite no seu potencial e n\u00e3o espere nada de ningu\u00e9m. Desafios e dificuldades sempre existir\u00e3o, mas foco e determina\u00e7\u00e3o s\u00e3o essenciais para super\u00e1-los. Vim ao Brasil com o objetivo de conquistar meu diploma de bacharel em Ci\u00eancia da Computa\u00e7\u00e3o e, hoje, sou analista de TI, ainda almejando voos mais altos na administra\u00e7\u00e3o p\u00fablica brasileira, sempre acreditando no meu potencial e na minha vontade de vencer.<\/p>\n\n\n\n<p>Obrigado, Estrat\u00e9gia Concursos, por proporcionar algo que levarei para toda a vida e por me ajudar a mostrar ao meu povo que somos capazes, \u00e0s vezes s\u00f3 precisamos de uma oportunidade.<\/p>\n","protected":false},"excerpt":{"rendered":"<p>&#8220;A mensagem que deixo para quem almeja se tornar servidor p\u00fablico ou conquistar um cargo de relev\u00e2ncia no estado \u00e9: seja resiliente, acredite no seu potencial e n\u00e3o espere nada de ningu\u00e9m [&#8230;]&#8221; Confira nossa entrevista com Ivan Vieira, aprovado em 1\u00b0 lugar no concurso MP-TO para o cargo de Analista Ministerial Especializado &#8211; \u00c1rea [&hellip;]<\/p>\n","protected":false},"featured_media":0,"template":"","class_list":["post-1474252","depoimento","type-depoimento","status-publish","hentry"],"acf":[],"yoast_head":"<!-- This site is optimized with the Yoast SEO Premium plugin v27.2 (Yoast SEO v27.2) - https:\/\/yoast.com\/product\/yoast-seo-premium-wordpress\/ -->\n<title>ENTREVISTA: Ivan Vieira - Aprovado em 1\u00b0 lugar no concurso MP-TO para o cargo de Analista Ministerial Especializado - Administra\u00e7\u00e3o de Infraestrutura de Tecnologia da Informa\u00e7\u00e3o<\/title>\n<meta name=\"description\" content=\"Confira nossa entrevista com Ivan Vieira, aprovado em 1\u00b0 lugar no concurso MP-TO para o cargo de Analista Ministerial Especializado - Administra\u00e7\u00e3o de Infraestrutura de Tecnologia da Informa\u00e7\u00e3o\" \/>\n<meta name=\"robots\" content=\"index, follow, max-snippet:-1, max-image-preview:large, max-video-preview:-1\" \/>\n<link rel=\"canonical\" href=\"https:\/\/www.estrategiaconcursos.com.br\/blog\/depoimento\/concurso-mp-to-analista-aprovado-ivan-vieira\/\" \/>\n<meta property=\"og:locale\" content=\"pt_BR\" \/>\n<meta property=\"og:type\" content=\"article\" \/>\n<meta property=\"og:title\" content=\"ENTREVISTA: Ivan Vieira - Aprovado em 1\u00b0 lugar no concurso MP-TO para o cargo de Analista Ministerial Especializado - Administra\u00e7\u00e3o de Infraestrutura de Tecnologia da Informa\u00e7\u00e3o\" \/>\n<meta property=\"og:description\" content=\"Confira nossa entrevista com Ivan Vieira, aprovado em 1\u00b0 lugar no concurso MP-TO para o cargo de Analista Ministerial Especializado - Administra\u00e7\u00e3o de Infraestrutura de Tecnologia da Informa\u00e7\u00e3o\" \/>\n<meta property=\"og:url\" content=\"https:\/\/www.estrategiaconcursos.com.br\/blog\/depoimento\/concurso-mp-to-analista-aprovado-ivan-vieira\/\" \/>\n<meta property=\"og:site_name\" content=\"Estrat\u00e9gia Concursos\" \/>\n<meta property=\"article:modified_time\" content=\"2024-10-31T11:09:30+00:00\" \/>\n<meta property=\"og:image\" content=\"https:\/\/www.estrategiaconcursos.com.br\/blog\/wp-content\/uploads\/2024\/10\/ft-xiv-300x225.jpg\" \/>\n<meta name=\"twitter:card\" content=\"summary_large_image\" \/>\n<meta name=\"twitter:site\" content=\"@EstratConcursos\" \/>\n<meta name=\"twitter:label1\" content=\"Est. tempo de leitura\" \/>\n\t<meta name=\"twitter:data1\" content=\"6 minutos\" \/>\n<script type=\"application\/ld+json\" class=\"yoast-schema-graph\">{\"@context\":\"https:\/\/schema.org\",\"@graph\":[{\"@type\":\"WebPage\",\"@id\":\"https:\/\/www.estrategiaconcursos.com.br\/blog\/depoimento\/concurso-mp-to-analista-aprovado-ivan-vieira\/\",\"url\":\"https:\/\/www.estrategiaconcursos.com.br\/blog\/depoimento\/concurso-mp-to-analista-aprovado-ivan-vieira\/\",\"name\":\"ENTREVISTA: Ivan Vieira - Aprovado em 1\u00b0 lugar no concurso MP-TO para o cargo de Analista Ministerial Especializado - Administra\u00e7\u00e3o de Infraestrutura de Tecnologia da Informa\u00e7\u00e3o\",\"isPartOf\":{\"@id\":\"https:\/\/www.estrategiaconcursos.com.br\/blog\/#website\"},\"primaryImageOfPage\":{\"@id\":\"https:\/\/www.estrategiaconcursos.com.br\/blog\/depoimento\/concurso-mp-to-analista-aprovado-ivan-vieira\/#primaryimage\"},\"image\":{\"@id\":\"https:\/\/www.estrategiaconcursos.com.br\/blog\/depoimento\/concurso-mp-to-analista-aprovado-ivan-vieira\/#primaryimage\"},\"thumbnailUrl\":\"https:\/\/www.estrategiaconcursos.com.br\/blog\/wp-content\/uploads\/2024\/10\/ft-xiv-300x225.jpg\",\"datePublished\":\"2024-10-31T11:08:07+00:00\",\"dateModified\":\"2024-10-31T11:09:30+00:00\",\"description\":\"Confira nossa entrevista com Ivan Vieira, aprovado em 1\u00b0 lugar no concurso MP-TO para o cargo de Analista Ministerial Especializado - Administra\u00e7\u00e3o de Infraestrutura de Tecnologia da Informa\u00e7\u00e3o\",\"breadcrumb\":{\"@id\":\"https:\/\/www.estrategiaconcursos.com.br\/blog\/depoimento\/concurso-mp-to-analista-aprovado-ivan-vieira\/#breadcrumb\"},\"inLanguage\":\"pt-BR\",\"potentialAction\":[{\"@type\":\"ReadAction\",\"target\":[\"https:\/\/www.estrategiaconcursos.com.br\/blog\/depoimento\/concurso-mp-to-analista-aprovado-ivan-vieira\/\"]}]},{\"@type\":\"ImageObject\",\"inLanguage\":\"pt-BR\",\"@id\":\"https:\/\/www.estrategiaconcursos.com.br\/blog\/depoimento\/concurso-mp-to-analista-aprovado-ivan-vieira\/#primaryimage\",\"url\":\"https:\/\/dhg1h5j42swfq.cloudfront.net\/2024\/10\/11185026\/ft-xiv.jpg\",\"contentUrl\":\"https:\/\/dhg1h5j42swfq.cloudfront.net\/2024\/10\/11185026\/ft-xiv.jpg\",\"width\":1600,\"height\":1200},{\"@type\":\"BreadcrumbList\",\"@id\":\"https:\/\/www.estrategiaconcursos.com.br\/blog\/depoimento\/concurso-mp-to-analista-aprovado-ivan-vieira\/#breadcrumb\",\"itemListElement\":[{\"@type\":\"ListItem\",\"position\":1,\"name\":\"In\u00edcio\",\"item\":\"https:\/\/www.estrategiaconcursos.com.br\/blog\/\"},{\"@type\":\"ListItem\",\"position\":2,\"name\":\"ENTREVISTA: Ivan Vieira &#8211; Aprovado em 1\u00b0 lugar no concurso MP-TO para o cargo de Analista Ministerial Especializado &#8211; Administra\u00e7\u00e3o de Infraestrutura de Tecnologia da Informa\u00e7\u00e3o\"}]},{\"@type\":\"WebSite\",\"@id\":\"https:\/\/www.estrategiaconcursos.com.br\/blog\/#website\",\"url\":\"https:\/\/www.estrategiaconcursos.com.br\/blog\/\",\"name\":\"Estrat\u00e9gia Concursos\",\"description\":\"O blog da Estrat\u00e9gia Concursos traz not\u00edcias sobre concursos e artigos de professores oferecendo cursos para concursos (pdf + videaulas) no site.\",\"publisher\":{\"@id\":\"https:\/\/www.estrategiaconcursos.com.br\/blog\/#organization\"},\"potentialAction\":[{\"@type\":\"SearchAction\",\"target\":{\"@type\":\"EntryPoint\",\"urlTemplate\":\"https:\/\/www.estrategiaconcursos.com.br\/blog\/?s={search_term_string}\"},\"query-input\":{\"@type\":\"PropertyValueSpecification\",\"valueRequired\":true,\"valueName\":\"search_term_string\"}}],\"inLanguage\":\"pt-BR\"},{\"@type\":\"Organization\",\"@id\":\"https:\/\/www.estrategiaconcursos.com.br\/blog\/#organization\",\"name\":\"Estrat\u00e9gia Concursos\",\"url\":\"https:\/\/www.estrategiaconcursos.com.br\/blog\/\",\"logo\":{\"@type\":\"ImageObject\",\"inLanguage\":\"pt-BR\",\"@id\":\"https:\/\/www.estrategiaconcursos.com.br\/blog\/#\/schema\/logo\/image\/\",\"url\":\"https:\/\/dhg1h5j42swfq.cloudfront.net\/2025\/06\/03203428\/logo_concursos-1.jpg\",\"contentUrl\":\"https:\/\/dhg1h5j42swfq.cloudfront.net\/2025\/06\/03203428\/logo_concursos-1.jpg\",\"width\":230,\"height\":60,\"caption\":\"Estrat\u00e9gia Concursos\"},\"image\":{\"@id\":\"https:\/\/www.estrategiaconcursos.com.br\/blog\/#\/schema\/logo\/image\/\"},\"sameAs\":[\"https:\/\/x.com\/EstratConcursos\"]}]}<\/script>\n<!-- \/ Yoast SEO Premium plugin. -->","yoast_head_json":{"title":"ENTREVISTA: Ivan Vieira - Aprovado em 1\u00b0 lugar no concurso MP-TO para o cargo de Analista Ministerial Especializado - Administra\u00e7\u00e3o de Infraestrutura de Tecnologia da Informa\u00e7\u00e3o","description":"Confira nossa entrevista com Ivan Vieira, aprovado em 1\u00b0 lugar no concurso MP-TO para o cargo de Analista Ministerial Especializado - Administra\u00e7\u00e3o de Infraestrutura de Tecnologia da Informa\u00e7\u00e3o","robots":{"index":"index","follow":"follow","max-snippet":"max-snippet:-1","max-image-preview":"max-image-preview:large","max-video-preview":"max-video-preview:-1"},"canonical":"https:\/\/www.estrategiaconcursos.com.br\/blog\/depoimento\/concurso-mp-to-analista-aprovado-ivan-vieira\/","og_locale":"pt_BR","og_type":"article","og_title":"ENTREVISTA: Ivan Vieira - Aprovado em 1\u00b0 lugar no concurso MP-TO para o cargo de Analista Ministerial Especializado - Administra\u00e7\u00e3o de Infraestrutura de Tecnologia da Informa\u00e7\u00e3o","og_description":"Confira nossa entrevista com Ivan Vieira, aprovado em 1\u00b0 lugar no concurso MP-TO para o cargo de Analista Ministerial Especializado - Administra\u00e7\u00e3o de Infraestrutura de Tecnologia da Informa\u00e7\u00e3o","og_url":"https:\/\/www.estrategiaconcursos.com.br\/blog\/depoimento\/concurso-mp-to-analista-aprovado-ivan-vieira\/","og_site_name":"Estrat\u00e9gia Concursos","article_modified_time":"2024-10-31T11:09:30+00:00","og_image":[{"url":"https:\/\/www.estrategiaconcursos.com.br\/blog\/wp-content\/uploads\/2024\/10\/ft-xiv-300x225.jpg","type":"","width":"","height":""}],"twitter_card":"summary_large_image","twitter_site":"@EstratConcursos","twitter_misc":{"Est. tempo de leitura":"6 minutos"},"schema":{"@context":"https:\/\/schema.org","@graph":[{"@type":"WebPage","@id":"https:\/\/www.estrategiaconcursos.com.br\/blog\/depoimento\/concurso-mp-to-analista-aprovado-ivan-vieira\/","url":"https:\/\/www.estrategiaconcursos.com.br\/blog\/depoimento\/concurso-mp-to-analista-aprovado-ivan-vieira\/","name":"ENTREVISTA: Ivan Vieira - Aprovado em 1\u00b0 lugar no concurso MP-TO para o cargo de Analista Ministerial Especializado - Administra\u00e7\u00e3o de Infraestrutura de Tecnologia da Informa\u00e7\u00e3o","isPartOf":{"@id":"https:\/\/www.estrategiaconcursos.com.br\/blog\/#website"},"primaryImageOfPage":{"@id":"https:\/\/www.estrategiaconcursos.com.br\/blog\/depoimento\/concurso-mp-to-analista-aprovado-ivan-vieira\/#primaryimage"},"image":{"@id":"https:\/\/www.estrategiaconcursos.com.br\/blog\/depoimento\/concurso-mp-to-analista-aprovado-ivan-vieira\/#primaryimage"},"thumbnailUrl":"https:\/\/www.estrategiaconcursos.com.br\/blog\/wp-content\/uploads\/2024\/10\/ft-xiv-300x225.jpg","datePublished":"2024-10-31T11:08:07+00:00","dateModified":"2024-10-31T11:09:30+00:00","description":"Confira nossa entrevista com Ivan Vieira, aprovado em 1\u00b0 lugar no concurso MP-TO para o cargo de Analista Ministerial Especializado - Administra\u00e7\u00e3o de Infraestrutura de Tecnologia da Informa\u00e7\u00e3o","breadcrumb":{"@id":"https:\/\/www.estrategiaconcursos.com.br\/blog\/depoimento\/concurso-mp-to-analista-aprovado-ivan-vieira\/#breadcrumb"},"inLanguage":"pt-BR","potentialAction":[{"@type":"ReadAction","target":["https:\/\/www.estrategiaconcursos.com.br\/blog\/depoimento\/concurso-mp-to-analista-aprovado-ivan-vieira\/"]}]},{"@type":"ImageObject","inLanguage":"pt-BR","@id":"https:\/\/www.estrategiaconcursos.com.br\/blog\/depoimento\/concurso-mp-to-analista-aprovado-ivan-vieira\/#primaryimage","url":"https:\/\/dhg1h5j42swfq.cloudfront.net\/2024\/10\/11185026\/ft-xiv.jpg","contentUrl":"https:\/\/dhg1h5j42swfq.cloudfront.net\/2024\/10\/11185026\/ft-xiv.jpg","width":1600,"height":1200},{"@type":"BreadcrumbList","@id":"https:\/\/www.estrategiaconcursos.com.br\/blog\/depoimento\/concurso-mp-to-analista-aprovado-ivan-vieira\/#breadcrumb","itemListElement":[{"@type":"ListItem","position":1,"name":"In\u00edcio","item":"https:\/\/www.estrategiaconcursos.com.br\/blog\/"},{"@type":"ListItem","position":2,"name":"ENTREVISTA: Ivan Vieira &#8211; Aprovado em 1\u00b0 lugar no concurso MP-TO para o cargo de Analista Ministerial Especializado &#8211; Administra\u00e7\u00e3o de Infraestrutura de Tecnologia da Informa\u00e7\u00e3o"}]},{"@type":"WebSite","@id":"https:\/\/www.estrategiaconcursos.com.br\/blog\/#website","url":"https:\/\/www.estrategiaconcursos.com.br\/blog\/","name":"Estrat\u00e9gia Concursos","description":"O blog da Estrat\u00e9gia Concursos traz not\u00edcias sobre concursos e artigos de professores oferecendo cursos para concursos (pdf + videaulas) no site.","publisher":{"@id":"https:\/\/www.estrategiaconcursos.com.br\/blog\/#organization"},"potentialAction":[{"@type":"SearchAction","target":{"@type":"EntryPoint","urlTemplate":"https:\/\/www.estrategiaconcursos.com.br\/blog\/?s={search_term_string}"},"query-input":{"@type":"PropertyValueSpecification","valueRequired":true,"valueName":"search_term_string"}}],"inLanguage":"pt-BR"},{"@type":"Organization","@id":"https:\/\/www.estrategiaconcursos.com.br\/blog\/#organization","name":"Estrat\u00e9gia Concursos","url":"https:\/\/www.estrategiaconcursos.com.br\/blog\/","logo":{"@type":"ImageObject","inLanguage":"pt-BR","@id":"https:\/\/www.estrategiaconcursos.com.br\/blog\/#\/schema\/logo\/image\/","url":"https:\/\/dhg1h5j42swfq.cloudfront.net\/2025\/06\/03203428\/logo_concursos-1.jpg","contentUrl":"https:\/\/dhg1h5j42swfq.cloudfront.net\/2025\/06\/03203428\/logo_concursos-1.jpg","width":230,"height":60,"caption":"Estrat\u00e9gia Concursos"},"image":{"@id":"https:\/\/www.estrategiaconcursos.com.br\/blog\/#\/schema\/logo\/image\/"},"sameAs":["https:\/\/x.com\/EstratConcursos"]}]}},"_links":{"self":[{"href":"https:\/\/www.estrategiaconcursos.com.br\/blog\/wp-json\/wp\/v2\/depoimento\/1474252","targetHints":{"allow":["GET"]}}],"collection":[{"href":"https:\/\/www.estrategiaconcursos.com.br\/blog\/wp-json\/wp\/v2\/depoimento"}],"about":[{"href":"https:\/\/www.estrategiaconcursos.com.br\/blog\/wp-json\/wp\/v2\/types\/depoimento"}],"version-history":[{"count":11,"href":"https:\/\/www.estrategiaconcursos.com.br\/blog\/wp-json\/wp\/v2\/depoimento\/1474252\/revisions"}],"predecessor-version":[{"id":1484383,"href":"https:\/\/www.estrategiaconcursos.com.br\/blog\/wp-json\/wp\/v2\/depoimento\/1474252\/revisions\/1484383"}],"wp:attachment":[{"href":"https:\/\/www.estrategiaconcursos.com.br\/blog\/wp-json\/wp\/v2\/media?parent=1474252"}],"curies":[{"name":"wp","href":"https:\/\/api.w.org\/{rel}","templated":true}]}}