{"id":1474205,"date":"2024-11-13T11:13:00","date_gmt":"2024-11-13T14:13:00","guid":{"rendered":"https:\/\/www.estrategiaconcursos.com.br\/blog\/?post_type=depoimento&#038;p=1474205"},"modified":"2024-11-13T11:13:01","modified_gmt":"2024-11-13T14:13:01","slug":"entrevista-glauberson-de-almada-vanderley-aprovado-em-2-lugar-no-concurso-sefaz-ac-para-o-cargo-de-auditor-da-receita-estadual","status":"publish","type":"depoimento","link":"https:\/\/www.estrategiaconcursos.com.br\/blog\/depoimento\/entrevista-glauberson-de-almada-vanderley-aprovado-em-2-lugar-no-concurso-sefaz-ac-para-o-cargo-de-auditor-da-receita-estadual\/","title":{"rendered":"ENTREVISTA: Glauberson de Almada Vanderley &#8211; Aprovado em 2\u00b0 lugar no concurso Sefaz AC para o cargo de Auditor da Receita Estadual"},"content":{"rendered":"\n<p class=\"has-text-align-center\"><strong>&#8220;N\u00e3o desanimem, sejam propositivos, prop\u00f3sitos fortes e nobres os manter\u00e3o firmes na caminhada.&#8221;<\/strong><\/p>\n\n\n\n<p>Confira nossa entrevista com Glauberson de Almada Vanderley, aprovado em 2\u00b0 lugar no concurso Sefaz AC para o cargo de Auditor da Receita Estadual:<\/p>\n\n\n\n<p><strong>Estrat\u00e9gia Concursos: Conte-nos um pouco sobre voc\u00ea, para que nossos leitores possam conhec\u00ea-la. Qual a sua idade, forma\u00e7\u00e3o e cidade natal?&nbsp;<\/strong><\/p>\n\n\n\n<p><strong>Glauberson de Almada Vanderley: <\/strong>Meu nome \u00e9 Glauberson de Almada, tenho 32 anos, sou formado em Ci\u00eancias Navais e Administra\u00e7\u00e3o pela Escola Naval e natural do Rio de Janeiro&nbsp;<\/p>\n\n\n\n<p><strong>Estrat\u00e9gia: Conte o in\u00edcio da sua trajet\u00f3ria, o que te levou a iniciar os estudos para concursos?<\/strong><\/p>\n\n\n\n<p><strong>Glauberson: <\/strong>O que me levou a iniciar os estudos para concursos foi a necessidade de proporcionar melhores condi\u00e7\u00f5es para minha fam\u00edlia, mais qualidade de vida e mais tempo dispon\u00edvel para aproveit\u00e1-los<\/p>\n\n\n\n<p><strong>Estrat\u00e9gia: Como voc\u00ea conheceu o Estrat\u00e9gia Concursos e porque tomou a decis\u00e3o de se tornar nosso aluno?<\/strong><\/p>\n\n\n\n<p><strong>Glauberson: <\/strong>Conheci o Estrat\u00e9gia pela internet e decidi me tornar aluno do curso por conta do vasto hist\u00f3rico de aprova\u00e7\u00f5es.<\/p>\n\n\n\n<p><strong>Estrat\u00e9gia: Como era sua rotina e plano de estudos?&nbsp;<\/strong><\/p>\n\n\n\n<p><strong>Glauberson: <\/strong>Minha rotina de estudo era bem apertada, pois tinha que conciliar trabalho, estudo e fam\u00edlia. Acordava de madrugada, \u00e0s 4h e estudava 2h l\u00edquidas at\u00e9 o in\u00edcio de minha jornada de trabalho. Ao chegar em casa, por volta das 18h, estudava mais 2h l\u00edquidas. Meu plano de estudo foi organizado por consultorias especialidades.<\/p>\n\n\n\n<p><strong>Estrat\u00e9gia: Voc\u00ea trabalhava e estudava?<\/strong><\/p>\n\n\n\n<p><strong>Glauberson: <\/strong>Sim, acordava mais cedo e estudava 2h antes do trabalho, ao chegar em casa, ap\u00f3s o expediente, estudava mais 2h, contabilizando 4h di\u00e1rias.<\/p>\n\n\n\n<p><strong>Estrat\u00e9gia: Quais ferramentas do Estrat\u00e9gia voc\u00ea mais utilizou em sua prepara\u00e7\u00e3o e quais eram os diferenciais de cada?&nbsp;<\/strong><\/p>\n\n\n\n<p><strong>Glauberson: <\/strong>Estudei muito mais por PDF para conseguir avan\u00e7ar com mais rapidez nas mat\u00e9rias. Pontualmente, fiz uso de videoaula, notadamente para a disciplina de contabilidade.<\/p>\n\n\n\n<p><strong>Estrat\u00e9gia: Voc\u00ea estudou por quanto tempo direcionado ao \u00faltimo concurso?<\/strong><\/p>\n\n\n\n<p><strong>Glauberson: <\/strong>Estudei ao todo 2 anos. Meu combust\u00edvel sempre foi a vontade de proporcionar melhores condi\u00e7\u00f5es para minha fam\u00edlia.<\/p>\n\n\n\n<p><strong>Estrat\u00e9gia: Quais as disciplinas voc\u00ea tinha mais dificuldade? Como fez para superar?<\/strong><\/p>\n\n\n\n<p><strong>Glauberson: <\/strong>Tecnologia da Informa\u00e7\u00e3o, Direito Empresarial e Contabilidade. Superei realizando muitos exerc\u00edcios<\/p>\n\n\n\n<p><strong>Estrat\u00e9gia: Qual sua estrat\u00e9gia de reta final?&nbsp;<\/strong><\/p>\n\n\n\n<p><strong>Glauberson: <\/strong>Na reta final, minha estrat\u00e9gia era resolver muitas quest\u00f5es, priorizando as erradas.<\/p>\n\n\n\n<p><strong>Estrat\u00e9gia: No seu concurso, al\u00e9m da prova objetiva, teve a discursiva. Como foi a sua rotina de estudos para esta importante fase do certame?&nbsp;<\/strong><\/p>\n\n\n\n<p><strong>Glauberson: <\/strong>Sim, foi discursiva. Me preparei fazendo quest\u00f5es in\u00e9ditas de cursos avulsos e do material do estrat\u00e9gia.<\/p>\n\n\n\n<p><strong>Estrat\u00e9gia: De que forma sua fam\u00edlia e amigos entenderam e apoiaram sua caminhada?<\/strong><\/p>\n\n\n\n<p><strong>Glauberson: <\/strong>Sim, sou casado e tenho uma filha, minha princesa Vit\u00f3ria. Durante a jornada sempre tive o apoio da minha esposa, ela sabia que os momentos de aus\u00eancia eram por um bem maior para todos n\u00f3s.<\/p>\n\n\n\n<p><strong>Estrat\u00e9gia: Qual a sensa\u00e7\u00e3o de ter sido convidado para o Baile dos Primeiros do Estrat\u00e9gia Concursos?&nbsp;<\/strong><\/p>\n\n\n\n<p><strong>Glauberson:<\/strong> Sinto-me honrado, \u00e9 a materializa\u00e7\u00e3o do dever cumprido<\/p>\n\n\n\n<p><strong>Estrat\u00e9gia: Durante sua prepara\u00e7\u00e3o, ouviu falar sobre o Baile dos Primeiros? Imaginou que um dia estaria nesta confraterniza\u00e7\u00e3o?<\/strong><\/p>\n\n\n\n<p><strong>Glauberson: <\/strong>Sim ouvi, na realidade nunca me imaginei, meu objetivo era apenas a aprova\u00e7\u00e3o, o que viesse al\u00e9m seria lucro.<\/p>\n\n\n\n<p><strong>Estrat\u00e9gia: Quais foram seus principais ERROS e ACERTOS nesta trajet\u00f3ria?<\/strong><\/p>\n\n\n\n<p><strong>Glauberson: <\/strong>Meus erros foram v\u00e1rios, dentre os principais, destaco a aus\u00eancia de atividade f\u00edsica e priva\u00e7\u00e3o de sono. Meu principal acerto foi realizar uma prepara\u00e7\u00e3o assertiva, acredito que o acompanhamento personalizado encurtou o caminho da minha aprova\u00e7\u00e3o.<\/p>\n\n\n\n<p><strong>Estrat\u00e9gia: Chegou a pensar, por algum momento, em desistir? O que voc\u00ea diria para a sua vers\u00e3o de 5 anos atr\u00e1s?<\/strong><\/p>\n\n\n\n<p><strong>Glauberson: <\/strong>Em nenhum momento pensei em desistir, sabia que a aprova\u00e7\u00e3o era quest\u00e3o de tempo e que qualquer hiato s\u00f3 iria posterg\u00e1-la. Se pudesse voltar ao tempo diria para o meu \u201ceu\u201d de 5 anos atr\u00e1s para come\u00e7ar a estudar o quanto antes e que todo esfor\u00e7o seria recompensado.<\/p>\n\n\n\n<p><strong>Estrat\u00e9gia: Por fim, deixe sua mensagem para todos aqueles que est\u00e3o come\u00e7ando e almejam chegar aonde voc\u00ea chegou!<\/strong><\/p>\n\n\n\n<p><strong>Glauberson: <\/strong>N\u00e3o desanimem, sejam propositivos, prop\u00f3sitos fortes e nobres os manter\u00e3o firmes na caminhada.<\/p>\n","protected":false},"excerpt":{"rendered":"<p>&#8220;N\u00e3o desanimem, sejam propositivos, prop\u00f3sitos fortes e nobres os manter\u00e3o firmes na caminhada.&#8221; Confira nossa entrevista com Glauberson de Almada Vanderley, aprovado em 2\u00b0 lugar no concurso Sefaz AC para o cargo de Auditor da Receita Estadual: Estrat\u00e9gia Concursos: Conte-nos um pouco sobre voc\u00ea, para que nossos leitores possam conhec\u00ea-la. Qual a sua idade, forma\u00e7\u00e3o [&hellip;]<\/p>\n","protected":false},"featured_media":0,"template":"","class_list":["post-1474205","depoimento","type-depoimento","status-publish","hentry"],"acf":[],"yoast_head":"<!-- This site is optimized with the Yoast SEO Premium plugin v27.2 (Yoast SEO v27.2) - https:\/\/yoast.com\/product\/yoast-seo-premium-wordpress\/ -->\n<title>ENTREVISTA: Glauberson de Almada Vanderley - Aprovado em 2\u00b0 lugar no concurso Sefaz AC para o cargo de Auditor da Receita Estadual<\/title>\n<meta name=\"description\" content=\"Confira nossa entrevista com Glauberson de Almada Vanderley, aprovado em 2\u00b0 lugar no concurso Sefaz AC para o cargo de Auditor da Receita Estadual\" \/>\n<meta name=\"robots\" content=\"index, follow, max-snippet:-1, max-image-preview:large, max-video-preview:-1\" \/>\n<link rel=\"canonical\" href=\"https:\/\/www.estrategiaconcursos.com.br\/blog\/depoimento\/entrevista-glauberson-de-almada-vanderley-aprovado-em-2-lugar-no-concurso-sefaz-ac-para-o-cargo-de-auditor-da-receita-estadual\/\" \/>\n<meta property=\"og:locale\" content=\"pt_BR\" \/>\n<meta property=\"og:type\" content=\"article\" \/>\n<meta property=\"og:title\" content=\"ENTREVISTA: Glauberson de Almada Vanderley - Aprovado em 2\u00b0 lugar no concurso Sefaz AC para o cargo de Auditor da Receita Estadual\" \/>\n<meta property=\"og:description\" content=\"Confira nossa entrevista com Glauberson de Almada Vanderley, aprovado em 2\u00b0 lugar no concurso Sefaz AC para o cargo de Auditor da Receita Estadual\" \/>\n<meta property=\"og:url\" content=\"https:\/\/www.estrategiaconcursos.com.br\/blog\/depoimento\/entrevista-glauberson-de-almada-vanderley-aprovado-em-2-lugar-no-concurso-sefaz-ac-para-o-cargo-de-auditor-da-receita-estadual\/\" \/>\n<meta property=\"og:site_name\" content=\"Estrat\u00e9gia Concursos\" \/>\n<meta property=\"article:modified_time\" content=\"2024-11-13T14:13:01+00:00\" \/>\n<meta name=\"twitter:card\" content=\"summary_large_image\" \/>\n<meta name=\"twitter:site\" content=\"@EstratConcursos\" \/>\n<meta name=\"twitter:label1\" content=\"Est. tempo de leitura\" \/>\n\t<meta name=\"twitter:data1\" content=\"4 minutos\" \/>\n<script type=\"application\/ld+json\" class=\"yoast-schema-graph\">{\"@context\":\"https:\/\/schema.org\",\"@graph\":[{\"@type\":\"WebPage\",\"@id\":\"https:\/\/www.estrategiaconcursos.com.br\/blog\/depoimento\/entrevista-glauberson-de-almada-vanderley-aprovado-em-2-lugar-no-concurso-sefaz-ac-para-o-cargo-de-auditor-da-receita-estadual\/\",\"url\":\"https:\/\/www.estrategiaconcursos.com.br\/blog\/depoimento\/entrevista-glauberson-de-almada-vanderley-aprovado-em-2-lugar-no-concurso-sefaz-ac-para-o-cargo-de-auditor-da-receita-estadual\/\",\"name\":\"ENTREVISTA: Glauberson de Almada Vanderley - Aprovado em 2\u00b0 lugar no concurso Sefaz AC para o cargo de Auditor da Receita Estadual\",\"isPartOf\":{\"@id\":\"https:\/\/www.estrategiaconcursos.com.br\/blog\/#website\"},\"datePublished\":\"2024-11-13T14:13:00+00:00\",\"dateModified\":\"2024-11-13T14:13:01+00:00\",\"description\":\"Confira nossa entrevista com Glauberson de Almada Vanderley, aprovado em 2\u00b0 lugar no concurso Sefaz AC para o cargo de Auditor da Receita Estadual\",\"breadcrumb\":{\"@id\":\"https:\/\/www.estrategiaconcursos.com.br\/blog\/depoimento\/entrevista-glauberson-de-almada-vanderley-aprovado-em-2-lugar-no-concurso-sefaz-ac-para-o-cargo-de-auditor-da-receita-estadual\/#breadcrumb\"},\"inLanguage\":\"pt-BR\",\"potentialAction\":[{\"@type\":\"ReadAction\",\"target\":[\"https:\/\/www.estrategiaconcursos.com.br\/blog\/depoimento\/entrevista-glauberson-de-almada-vanderley-aprovado-em-2-lugar-no-concurso-sefaz-ac-para-o-cargo-de-auditor-da-receita-estadual\/\"]}]},{\"@type\":\"BreadcrumbList\",\"@id\":\"https:\/\/www.estrategiaconcursos.com.br\/blog\/depoimento\/entrevista-glauberson-de-almada-vanderley-aprovado-em-2-lugar-no-concurso-sefaz-ac-para-o-cargo-de-auditor-da-receita-estadual\/#breadcrumb\",\"itemListElement\":[{\"@type\":\"ListItem\",\"position\":1,\"name\":\"In\u00edcio\",\"item\":\"https:\/\/www.estrategiaconcursos.com.br\/blog\/\"},{\"@type\":\"ListItem\",\"position\":2,\"name\":\"ENTREVISTA: Glauberson de Almada Vanderley &#8211; Aprovado em 2\u00b0 lugar no concurso Sefaz AC para o cargo de Auditor da Receita Estadual\"}]},{\"@type\":\"WebSite\",\"@id\":\"https:\/\/www.estrategiaconcursos.com.br\/blog\/#website\",\"url\":\"https:\/\/www.estrategiaconcursos.com.br\/blog\/\",\"name\":\"Estrat\u00e9gia Concursos\",\"description\":\"O blog da Estrat\u00e9gia Concursos traz not\u00edcias sobre concursos e artigos de professores oferecendo cursos para concursos (pdf + videaulas) no site.\",\"publisher\":{\"@id\":\"https:\/\/www.estrategiaconcursos.com.br\/blog\/#organization\"},\"potentialAction\":[{\"@type\":\"SearchAction\",\"target\":{\"@type\":\"EntryPoint\",\"urlTemplate\":\"https:\/\/www.estrategiaconcursos.com.br\/blog\/?s={search_term_string}\"},\"query-input\":{\"@type\":\"PropertyValueSpecification\",\"valueRequired\":true,\"valueName\":\"search_term_string\"}}],\"inLanguage\":\"pt-BR\"},{\"@type\":\"Organization\",\"@id\":\"https:\/\/www.estrategiaconcursos.com.br\/blog\/#organization\",\"name\":\"Estrat\u00e9gia Concursos\",\"url\":\"https:\/\/www.estrategiaconcursos.com.br\/blog\/\",\"logo\":{\"@type\":\"ImageObject\",\"inLanguage\":\"pt-BR\",\"@id\":\"https:\/\/www.estrategiaconcursos.com.br\/blog\/#\/schema\/logo\/image\/\",\"url\":\"https:\/\/dhg1h5j42swfq.cloudfront.net\/2025\/06\/03203428\/logo_concursos-1.jpg\",\"contentUrl\":\"https:\/\/dhg1h5j42swfq.cloudfront.net\/2025\/06\/03203428\/logo_concursos-1.jpg\",\"width\":230,\"height\":60,\"caption\":\"Estrat\u00e9gia Concursos\"},\"image\":{\"@id\":\"https:\/\/www.estrategiaconcursos.com.br\/blog\/#\/schema\/logo\/image\/\"},\"sameAs\":[\"https:\/\/x.com\/EstratConcursos\"]}]}<\/script>\n<!-- \/ Yoast SEO Premium plugin. -->","yoast_head_json":{"title":"ENTREVISTA: Glauberson de Almada Vanderley - Aprovado em 2\u00b0 lugar no concurso Sefaz AC para o cargo de Auditor da Receita Estadual","description":"Confira nossa entrevista com Glauberson de Almada Vanderley, aprovado em 2\u00b0 lugar no concurso Sefaz AC para o cargo de Auditor da Receita Estadual","robots":{"index":"index","follow":"follow","max-snippet":"max-snippet:-1","max-image-preview":"max-image-preview:large","max-video-preview":"max-video-preview:-1"},"canonical":"https:\/\/www.estrategiaconcursos.com.br\/blog\/depoimento\/entrevista-glauberson-de-almada-vanderley-aprovado-em-2-lugar-no-concurso-sefaz-ac-para-o-cargo-de-auditor-da-receita-estadual\/","og_locale":"pt_BR","og_type":"article","og_title":"ENTREVISTA: Glauberson de Almada Vanderley - Aprovado em 2\u00b0 lugar no concurso Sefaz AC para o cargo de Auditor da Receita Estadual","og_description":"Confira nossa entrevista com Glauberson de Almada Vanderley, aprovado em 2\u00b0 lugar no concurso Sefaz AC para o cargo de Auditor da Receita Estadual","og_url":"https:\/\/www.estrategiaconcursos.com.br\/blog\/depoimento\/entrevista-glauberson-de-almada-vanderley-aprovado-em-2-lugar-no-concurso-sefaz-ac-para-o-cargo-de-auditor-da-receita-estadual\/","og_site_name":"Estrat\u00e9gia Concursos","article_modified_time":"2024-11-13T14:13:01+00:00","twitter_card":"summary_large_image","twitter_site":"@EstratConcursos","twitter_misc":{"Est. tempo de leitura":"4 minutos"},"schema":{"@context":"https:\/\/schema.org","@graph":[{"@type":"WebPage","@id":"https:\/\/www.estrategiaconcursos.com.br\/blog\/depoimento\/entrevista-glauberson-de-almada-vanderley-aprovado-em-2-lugar-no-concurso-sefaz-ac-para-o-cargo-de-auditor-da-receita-estadual\/","url":"https:\/\/www.estrategiaconcursos.com.br\/blog\/depoimento\/entrevista-glauberson-de-almada-vanderley-aprovado-em-2-lugar-no-concurso-sefaz-ac-para-o-cargo-de-auditor-da-receita-estadual\/","name":"ENTREVISTA: Glauberson de Almada Vanderley - Aprovado em 2\u00b0 lugar no concurso Sefaz AC para o cargo de Auditor da Receita Estadual","isPartOf":{"@id":"https:\/\/www.estrategiaconcursos.com.br\/blog\/#website"},"datePublished":"2024-11-13T14:13:00+00:00","dateModified":"2024-11-13T14:13:01+00:00","description":"Confira nossa entrevista com Glauberson de Almada Vanderley, aprovado em 2\u00b0 lugar no concurso Sefaz AC para o cargo de Auditor da Receita Estadual","breadcrumb":{"@id":"https:\/\/www.estrategiaconcursos.com.br\/blog\/depoimento\/entrevista-glauberson-de-almada-vanderley-aprovado-em-2-lugar-no-concurso-sefaz-ac-para-o-cargo-de-auditor-da-receita-estadual\/#breadcrumb"},"inLanguage":"pt-BR","potentialAction":[{"@type":"ReadAction","target":["https:\/\/www.estrategiaconcursos.com.br\/blog\/depoimento\/entrevista-glauberson-de-almada-vanderley-aprovado-em-2-lugar-no-concurso-sefaz-ac-para-o-cargo-de-auditor-da-receita-estadual\/"]}]},{"@type":"BreadcrumbList","@id":"https:\/\/www.estrategiaconcursos.com.br\/blog\/depoimento\/entrevista-glauberson-de-almada-vanderley-aprovado-em-2-lugar-no-concurso-sefaz-ac-para-o-cargo-de-auditor-da-receita-estadual\/#breadcrumb","itemListElement":[{"@type":"ListItem","position":1,"name":"In\u00edcio","item":"https:\/\/www.estrategiaconcursos.com.br\/blog\/"},{"@type":"ListItem","position":2,"name":"ENTREVISTA: Glauberson de Almada Vanderley &#8211; Aprovado em 2\u00b0 lugar no concurso Sefaz AC para o cargo de Auditor da Receita Estadual"}]},{"@type":"WebSite","@id":"https:\/\/www.estrategiaconcursos.com.br\/blog\/#website","url":"https:\/\/www.estrategiaconcursos.com.br\/blog\/","name":"Estrat\u00e9gia Concursos","description":"O blog da Estrat\u00e9gia Concursos traz not\u00edcias sobre concursos e artigos de professores oferecendo cursos para concursos (pdf + videaulas) no site.","publisher":{"@id":"https:\/\/www.estrategiaconcursos.com.br\/blog\/#organization"},"potentialAction":[{"@type":"SearchAction","target":{"@type":"EntryPoint","urlTemplate":"https:\/\/www.estrategiaconcursos.com.br\/blog\/?s={search_term_string}"},"query-input":{"@type":"PropertyValueSpecification","valueRequired":true,"valueName":"search_term_string"}}],"inLanguage":"pt-BR"},{"@type":"Organization","@id":"https:\/\/www.estrategiaconcursos.com.br\/blog\/#organization","name":"Estrat\u00e9gia Concursos","url":"https:\/\/www.estrategiaconcursos.com.br\/blog\/","logo":{"@type":"ImageObject","inLanguage":"pt-BR","@id":"https:\/\/www.estrategiaconcursos.com.br\/blog\/#\/schema\/logo\/image\/","url":"https:\/\/dhg1h5j42swfq.cloudfront.net\/2025\/06\/03203428\/logo_concursos-1.jpg","contentUrl":"https:\/\/dhg1h5j42swfq.cloudfront.net\/2025\/06\/03203428\/logo_concursos-1.jpg","width":230,"height":60,"caption":"Estrat\u00e9gia Concursos"},"image":{"@id":"https:\/\/www.estrategiaconcursos.com.br\/blog\/#\/schema\/logo\/image\/"},"sameAs":["https:\/\/x.com\/EstratConcursos"]}]}},"_links":{"self":[{"href":"https:\/\/www.estrategiaconcursos.com.br\/blog\/wp-json\/wp\/v2\/depoimento\/1474205","targetHints":{"allow":["GET"]}}],"collection":[{"href":"https:\/\/www.estrategiaconcursos.com.br\/blog\/wp-json\/wp\/v2\/depoimento"}],"about":[{"href":"https:\/\/www.estrategiaconcursos.com.br\/blog\/wp-json\/wp\/v2\/types\/depoimento"}],"version-history":[{"count":4,"href":"https:\/\/www.estrategiaconcursos.com.br\/blog\/wp-json\/wp\/v2\/depoimento\/1474205\/revisions"}],"predecessor-version":[{"id":1489645,"href":"https:\/\/www.estrategiaconcursos.com.br\/blog\/wp-json\/wp\/v2\/depoimento\/1474205\/revisions\/1489645"}],"wp:attachment":[{"href":"https:\/\/www.estrategiaconcursos.com.br\/blog\/wp-json\/wp\/v2\/media?parent=1474205"}],"curies":[{"name":"wp","href":"https:\/\/api.w.org\/{rel}","templated":true}]}}