{"id":1474049,"date":"2024-10-14T16:10:54","date_gmt":"2024-10-14T19:10:54","guid":{"rendered":"https:\/\/www.estrategiaconcursos.com.br\/blog\/?post_type=depoimento&#038;p=1474049"},"modified":"2024-10-14T16:10:55","modified_gmt":"2024-10-14T19:10:55","slug":"entrevista-fernanda-cavalcanti-simoes-aprovada-em-3-lugar-no-concurso-policia-cientifica-pr-para-o-cargo-de-perito-oficial-criminal-area-5-estado-do-parana","status":"publish","type":"depoimento","link":"https:\/\/www.estrategiaconcursos.com.br\/blog\/depoimento\/entrevista-fernanda-cavalcanti-simoes-aprovada-em-3-lugar-no-concurso-policia-cientifica-pr-para-o-cargo-de-perito-oficial-criminal-area-5-estado-do-parana\/","title":{"rendered":"ENTREVISTA: Fernanda Cavalcanti Sim\u00f5es &#8211; Aprovada em 3\u00b0 lugar no concurso Pol\u00edcia Cient\u00edfica PR para o cargo de Perito Oficial Criminal &#8211; \u00c1rea 5 &#8211; Estado do Paran\u00e1"},"content":{"rendered":"\n<figure class=\"wp-block-image aligncenter size-medium\"><img loading=\"lazy\" decoding=\"async\" width=\"225\" height=\"300\" src=\"https:\/\/dhg1h5j42swfq.cloudfront.net\/2024\/10\/10123812\/image-152-225x300.png\" alt=\"\" class=\"wp-image-1474051\" srcset=\"https:\/\/dhg1h5j42swfq.cloudfront.net\/2024\/10\/10123812\/image-152-225x300.png 225w, https:\/\/dhg1h5j42swfq.cloudfront.net\/2024\/10\/10123812\/image-152-640x853.png 640w, https:\/\/dhg1h5j42swfq.cloudfront.net\/2024\/10\/10123812\/image-152-150x200.png 150w, https:\/\/dhg1h5j42swfq.cloudfront.net\/2024\/10\/10123812\/image-152.png 693w\" sizes=\"auto, (max-width: 225px) 100vw, 225px\" \/><figcaption class=\"wp-element-caption\">Fernanda Cavalcanti Sim\u00f5es<\/figcaption><\/figure>\n\n\n\n<p class=\"has-text-align-center\"><strong>&#8220;Perseveran\u00e7a. Acredito que n\u00e3o desistir \u00e9 quase uma garantia de conseguir uma aprova\u00e7\u00e3o. \u00c0s vezes, pode ser que d\u00ea errado em algum concurso, mas \u00e9 porque tem algo melhor reservado para voc\u00ea [&#8230;]&#8221;<\/strong><\/p>\n\n\n\n<p>Confira a nossa entrevista com Fernanda Cavalcanti Sim\u00f5es, aprovada em 3\u00b0 lugar no concurso Pol\u00edcia Cient\u00edfica PR para o cargo de Perito Oficial Criminal &#8211; \u00c1rea 5 &#8211; Estado do Paran\u00e1:<\/p>\n\n\n\n<p><strong>Estrat\u00e9gia Concursos: Conte-nos um pouco sobre voc\u00ea, para que nossos leitores possam conhec\u00ea-la. Qual a sua idade, forma\u00e7\u00e3o e cidade natal?&nbsp;<\/strong><\/p>\n\n\n\n<p><strong>Fernanda Cavalcanti Sim\u00f5es: <\/strong>Me chamo Fernanda Cavalcanti, tenho 31 anos, formada em Farm\u00e1cia pela UFPR, natural de Curitiba\/PR e sou Agente de Pol\u00edcia Federal.<\/p>\n\n\n\n<p><strong>Estrat\u00e9gia: Conte o in\u00edcio da sua trajet\u00f3ria, o que te levou a iniciar os estudos para concursos?<\/strong><\/p>\n\n\n\n<p><strong>Fernanda: <\/strong>Estabilidade e condi\u00e7\u00f5es iguais para conseguir uma vaga. Quando terminei a faculdade, j\u00e1 tinha ideia de que n\u00e3o queria seguir aquela profiss\u00e3o e minha m\u00e3e me incentivou a focar apenas nos estudos. Com um pouco mais de um ano de estudo, fui aprovada para PCSC, PCRS, PCPR e Pol\u00edcia Federal.<\/p>\n\n\n\n<p><strong>Estrat\u00e9gia: Como voc\u00ea conheceu o Estrat\u00e9gia Concursos e porque tomou a decis\u00e3o de se tornar nosso aluno?<\/strong><\/p>\n\n\n\n<p><strong>Fernanda: <\/strong>O meu marido j\u00e1 tinha se preparado com o Estrat\u00e9gia h\u00e1 alguns anos e resolvi fazer a Assinatura Premium, podendo assim, decidir depois qual \u00e1rea da per\u00edcia fazer.<\/p>\n\n\n\n<p><strong>Estrat\u00e9gia: Como era sua rotina e plano de estudos?&nbsp;<\/strong><\/p>\n\n\n\n<p><strong>Fernanda: <\/strong>Durante a semana, estudava em torno de 4h l\u00edquidas e finais de semana ou feriados conseguia umas 8h a 10h.\u00a0<\/p>\n\n\n\n<p>No in\u00edcio, antes do edital, como n\u00e3o sabia qual \u00e1rea faria, estudava mat\u00e9rias que costumam cair em todas as provas (Portugu\u00eas, Medicina Legal, Racioc\u00ednio L\u00f3gico, etc.). Quando saiu o edital e vi que teria que rever muita coisa que tinha estudado na faculdade h\u00e1 mais de sete anos, foi quase 80% do meu tempo para essas mat\u00e9rias, resolu\u00e7\u00e3o de quest\u00f5es da banca sobre as outras mat\u00e9rias e leitura das leis.<\/p>\n\n\n\n<p><strong>Estrat\u00e9gia: Voc\u00ea trabalhava e estudava?&nbsp;<\/strong><\/p>\n\n\n\n<p><strong>Fernanda: <\/strong>Trabalhava e estudava. Acordava 1h mais cedo para estudar. Depois do trabalho, quando chegava em casa, conseguia estudar mais umas 3h. Durante esse per\u00edodo, o foco era no final de semana, que conseguia estudar por mais tempo. Al\u00e9m disso, antes da prova, consegui um per\u00edodo de f\u00e9rias que ajudou demais.<\/p>\n\n\n\n<p><strong>Estrat\u00e9gia: Quais ferramentas do Estrat\u00e9gia voc\u00ea mais utilizou em sua prepara\u00e7\u00e3o e quais eram os diferenciais de cada?&nbsp;<\/strong><\/p>\n\n\n\n<p><strong>Fernanda: <\/strong>Usei bastante videoaula (aumentando a velocidade para otimizar). Sou \u00e0 moda antiga e gosto de fazer caderno e resumos. Depois de ver as aulas, fazia o meu caderno adicionando itens dos PDFs.<\/p>\n\n\n\n<p><strong>Estrat\u00e9gia: Voc\u00ea estudou por quanto tempo direcionado ao \u00faltimo concurso?&nbsp;<\/strong><\/p>\n\n\n\n<p><strong>Fernanda: <\/strong>Aproximadamente 7 meses, por\u00e9m, j\u00e1 tinha mais de um ano de bagagem de estudos de quando estudei para meu cargo atual. Eu s\u00f3 tinha que relembrar.<\/p>\n\n\n\n<p><strong>Estrat\u00e9gia: Quais as disciplinas voc\u00ea tinha mais dificuldade? Como fez para superar?<\/strong><\/p>\n\n\n\n<p><strong>Fernanda: <\/strong>Qu\u00edmica, sendo que era praticamente 50% da minha prova. A parte da Qu\u00edmica B\u00e1sica, eu at\u00e9 entendia bem, muitos conceitos ainda lembrava da faculdade. Mas a parte mais espec\u00edfica e que tinha mais peso, era mais complicado. As videoaulas do Diego foram essenciais para esse aprendizado.<\/p>\n\n\n\n<p><strong>Estrat\u00e9gia: Qual sua estrat\u00e9gia de reta final?&nbsp;<\/strong><\/p>\n\n\n\n<p><strong>Fernanda: <\/strong>Primeiro, pedi alguns dias de f\u00e9rias no trabalho para conseguir focar o m\u00e1ximo poss\u00edvel. Foquei bastante no caderno que fiz para as mat\u00e9rias espec\u00edficas e quest\u00f5es da banca.<\/p>\n\n\n\n<p><strong>Estrat\u00e9gia: No seu concurso, al\u00e9m da prova objetiva, teve a discursiva. Como foi a sua rotina de estudos para esta importante fase do certame?&nbsp;<\/strong><\/p>\n\n\n\n<p><strong>Fernanda: <\/strong>Eu adquiri as aulas de reda\u00e7\u00e3o do Estrat\u00e9gia e pratiquei os temas propostos. Fiz isso mais perto da reta final. As minhas notas eram boas nas corre\u00e7\u00f5es.<\/p>\n\n\n\n<p><strong>Estrat\u00e9gia: De que forma sua fam\u00edlia e amigos entenderam e apoiaram sua caminhada?<\/strong><\/p>\n\n\n\n<p><strong>Fernanda: <\/strong>Sou casada e meu marido me incentivou, inclusive, fez o concurso tamb\u00e9m para a \u00e1rea de forma\u00e7\u00e3o dele e foi aprovado em primeiro lugar. Como est\u00e1vamos em uma cidade nova, n\u00e3o t\u00ednhamos e nem investimos na vida social, ficamos mais focados nos estudos mesmo.<\/p>\n\n\n\n<p><strong>Estrat\u00e9gia: Qual a sensa\u00e7\u00e3o de ter sido convidado para o Baile dos Primeiros do Estrat\u00e9gia Concursos?&nbsp;<\/strong><\/p>\n\n\n\n<p><strong>Fernanda: <\/strong>Excelente, \u00e9 um reconhecimento do que conquistei.&nbsp;<\/p>\n\n\n\n<p><strong>Estrat\u00e9gia: Durante sua prepara\u00e7\u00e3o, ouviu falar sobre o Baile dos Primeiros? Imaginou que um dia estaria nesta confraterniza\u00e7\u00e3o?<\/strong><\/p>\n\n\n\n<p><strong>Fernanda: <\/strong>J\u00e1 tinha ouvido falar, mas parecia algo t\u00e3o distante. N\u00e3o imaginava nem que seria aprovado, muito menos nos primeiros lugares.<\/p>\n\n\n\n<p><strong>Estrat\u00e9gia: Quais foram seus principais ERROS e ACERTOS nesta trajet\u00f3ria?<\/strong><\/p>\n\n\n\n<p><strong>Fernanda: <\/strong>Acredito que poderia ter praticado mais para a prova discursiva. Estava em primeiro lugar com a nota da objetiva e cai duas posi\u00e7\u00f5es com a nota da discursiva. Talvez ter focado mais nela no dia da prova tamb\u00e9m. Acerto foi ter feito muita quest\u00e3o da banca e lido muito a lei seca da arte geral, que no fim, acabei errando s\u00f3 3 quest\u00f5es de 40.<\/p>\n\n\n\n<p><strong>Estrat\u00e9gia: Chegou a pensar, por algum momento, em desistir? O que voc\u00ea diria para a sua vers\u00e3o de 5 anos atr\u00e1s?<\/strong><\/p>\n\n\n\n<p><strong>Fernanda: <\/strong>H\u00e1 5 anos, j\u00e1 estava na trajet\u00f3ria dos concursos, estava aprovada para o cargo que ocupo atualmente, por\u00e9m, acabei me acomodando um pouco quando tomei posse e achava que era o suficiente.\u00a0<\/p>\n\n\n\n<p><strong>Estrat\u00e9gia: Por fim, deixe sua mensagem para todos aqueles que est\u00e3o come\u00e7ando e almejam chegar aonde voc\u00ea chegou!<\/strong><\/p>\n\n\n\n<p><strong>Fernanda: <\/strong>Perseveran\u00e7a. Acredito que n\u00e3o desistir \u00e9 quase uma garantia de conseguir uma aprova\u00e7\u00e3o. \u00c0s vezes, pode ser que d\u00ea errado em algum concurso, mas \u00e9 porque tem algo melhor reservado para voc\u00ea. \u00c0s vezes, reprovar em um TAF ou ficar em uma turma de excedente pode abrir um outro caminho que voc\u00ea nem imaginava.<\/p>\n","protected":false},"excerpt":{"rendered":"<p>&#8220;Perseveran\u00e7a. Acredito que n\u00e3o desistir \u00e9 quase uma garantia de conseguir uma aprova\u00e7\u00e3o. \u00c0s vezes, pode ser que d\u00ea errado em algum concurso, mas \u00e9 porque tem algo melhor reservado para voc\u00ea [&#8230;]&#8221; Confira a nossa entrevista com Fernanda Cavalcanti Sim\u00f5es, aprovada em 3\u00b0 lugar no concurso Pol\u00edcia Cient\u00edfica PR para o cargo de Perito [&hellip;]<\/p>\n","protected":false},"featured_media":0,"template":"","class_list":["post-1474049","depoimento","type-depoimento","status-publish","hentry"],"acf":[],"yoast_head":"<!-- This site is optimized with the Yoast SEO Premium plugin v27.2 (Yoast SEO v27.2) - https:\/\/yoast.com\/product\/yoast-seo-premium-wordpress\/ -->\n<title>ENTREVISTA: Fernanda Cavalcanti Sim\u00f5es - Aprovada em 3\u00b0 lugar no concurso Pol\u00edcia Cient\u00edfica PR para o cargo de Perito Oficial Criminal - \u00c1rea 5 - Estado do Paran\u00e1<\/title>\n<meta name=\"description\" content=\"Confira nossa entrevista com Fernanda Cavalcanti Sim\u00f5es, aprovada em 3\u00b0 lugar no concurso Pol\u00edcia Cient\u00edfica PR para o cargo de Perito Oficial Criminal - \u00c1rea 5 - Estado do Paran\u00e1\" \/>\n<meta name=\"robots\" content=\"index, follow, max-snippet:-1, max-image-preview:large, max-video-preview:-1\" \/>\n<link rel=\"canonical\" href=\"https:\/\/www.estrategiaconcursos.com.br\/blog\/depoimento\/entrevista-fernanda-cavalcanti-simoes-aprovada-em-3-lugar-no-concurso-policia-cientifica-pr-para-o-cargo-de-perito-oficial-criminal-area-5-estado-do-parana\/\" \/>\n<meta property=\"og:locale\" content=\"pt_BR\" \/>\n<meta property=\"og:type\" content=\"article\" \/>\n<meta property=\"og:title\" content=\"ENTREVISTA: Fernanda Cavalcanti Sim\u00f5es - Aprovada em 3\u00b0 lugar no concurso Pol\u00edcia Cient\u00edfica PR para o cargo de Perito Oficial Criminal - \u00c1rea 5 - Estado do Paran\u00e1\" \/>\n<meta property=\"og:description\" content=\"Confira nossa entrevista com Fernanda Cavalcanti Sim\u00f5es, aprovada em 3\u00b0 lugar no concurso Pol\u00edcia Cient\u00edfica PR para o cargo de Perito Oficial Criminal - \u00c1rea 5 - Estado do Paran\u00e1\" \/>\n<meta property=\"og:url\" content=\"https:\/\/www.estrategiaconcursos.com.br\/blog\/depoimento\/entrevista-fernanda-cavalcanti-simoes-aprovada-em-3-lugar-no-concurso-policia-cientifica-pr-para-o-cargo-de-perito-oficial-criminal-area-5-estado-do-parana\/\" \/>\n<meta property=\"og:site_name\" content=\"Estrat\u00e9gia Concursos\" \/>\n<meta property=\"article:modified_time\" content=\"2024-10-14T19:10:55+00:00\" \/>\n<meta property=\"og:image\" content=\"https:\/\/www.estrategiaconcursos.com.br\/blog\/wp-content\/uploads\/2024\/10\/image-152-225x300.png\" \/>\n<meta name=\"twitter:card\" content=\"summary_large_image\" \/>\n<meta name=\"twitter:site\" content=\"@EstratConcursos\" \/>\n<meta name=\"twitter:label1\" content=\"Est. tempo de leitura\" \/>\n\t<meta name=\"twitter:data1\" content=\"5 minutos\" \/>\n<script type=\"application\/ld+json\" class=\"yoast-schema-graph\">{\"@context\":\"https:\/\/schema.org\",\"@graph\":[{\"@type\":\"WebPage\",\"@id\":\"https:\/\/www.estrategiaconcursos.com.br\/blog\/depoimento\/entrevista-fernanda-cavalcanti-simoes-aprovada-em-3-lugar-no-concurso-policia-cientifica-pr-para-o-cargo-de-perito-oficial-criminal-area-5-estado-do-parana\/\",\"url\":\"https:\/\/www.estrategiaconcursos.com.br\/blog\/depoimento\/entrevista-fernanda-cavalcanti-simoes-aprovada-em-3-lugar-no-concurso-policia-cientifica-pr-para-o-cargo-de-perito-oficial-criminal-area-5-estado-do-parana\/\",\"name\":\"ENTREVISTA: Fernanda Cavalcanti Sim\u00f5es - Aprovada em 3\u00b0 lugar no concurso Pol\u00edcia Cient\u00edfica PR para o cargo de Perito Oficial Criminal - \u00c1rea 5 - Estado do Paran\u00e1\",\"isPartOf\":{\"@id\":\"https:\/\/www.estrategiaconcursos.com.br\/blog\/#website\"},\"primaryImageOfPage\":{\"@id\":\"https:\/\/www.estrategiaconcursos.com.br\/blog\/depoimento\/entrevista-fernanda-cavalcanti-simoes-aprovada-em-3-lugar-no-concurso-policia-cientifica-pr-para-o-cargo-de-perito-oficial-criminal-area-5-estado-do-parana\/#primaryimage\"},\"image\":{\"@id\":\"https:\/\/www.estrategiaconcursos.com.br\/blog\/depoimento\/entrevista-fernanda-cavalcanti-simoes-aprovada-em-3-lugar-no-concurso-policia-cientifica-pr-para-o-cargo-de-perito-oficial-criminal-area-5-estado-do-parana\/#primaryimage\"},\"thumbnailUrl\":\"https:\/\/www.estrategiaconcursos.com.br\/blog\/wp-content\/uploads\/2024\/10\/image-152-225x300.png\",\"datePublished\":\"2024-10-14T19:10:54+00:00\",\"dateModified\":\"2024-10-14T19:10:55+00:00\",\"description\":\"Confira nossa entrevista com Fernanda Cavalcanti Sim\u00f5es, aprovada em 3\u00b0 lugar no concurso Pol\u00edcia Cient\u00edfica PR para o cargo de Perito Oficial Criminal - \u00c1rea 5 - Estado do Paran\u00e1\",\"breadcrumb\":{\"@id\":\"https:\/\/www.estrategiaconcursos.com.br\/blog\/depoimento\/entrevista-fernanda-cavalcanti-simoes-aprovada-em-3-lugar-no-concurso-policia-cientifica-pr-para-o-cargo-de-perito-oficial-criminal-area-5-estado-do-parana\/#breadcrumb\"},\"inLanguage\":\"pt-BR\",\"potentialAction\":[{\"@type\":\"ReadAction\",\"target\":[\"https:\/\/www.estrategiaconcursos.com.br\/blog\/depoimento\/entrevista-fernanda-cavalcanti-simoes-aprovada-em-3-lugar-no-concurso-policia-cientifica-pr-para-o-cargo-de-perito-oficial-criminal-area-5-estado-do-parana\/\"]}]},{\"@type\":\"ImageObject\",\"inLanguage\":\"pt-BR\",\"@id\":\"https:\/\/www.estrategiaconcursos.com.br\/blog\/depoimento\/entrevista-fernanda-cavalcanti-simoes-aprovada-em-3-lugar-no-concurso-policia-cientifica-pr-para-o-cargo-de-perito-oficial-criminal-area-5-estado-do-parana\/#primaryimage\",\"url\":\"https:\/\/dhg1h5j42swfq.cloudfront.net\/2024\/10\/10123812\/image-152.png\",\"contentUrl\":\"https:\/\/dhg1h5j42swfq.cloudfront.net\/2024\/10\/10123812\/image-152.png\",\"width\":693,\"height\":923},{\"@type\":\"BreadcrumbList\",\"@id\":\"https:\/\/www.estrategiaconcursos.com.br\/blog\/depoimento\/entrevista-fernanda-cavalcanti-simoes-aprovada-em-3-lugar-no-concurso-policia-cientifica-pr-para-o-cargo-de-perito-oficial-criminal-area-5-estado-do-parana\/#breadcrumb\",\"itemListElement\":[{\"@type\":\"ListItem\",\"position\":1,\"name\":\"In\u00edcio\",\"item\":\"https:\/\/www.estrategiaconcursos.com.br\/blog\/\"},{\"@type\":\"ListItem\",\"position\":2,\"name\":\"ENTREVISTA: Fernanda Cavalcanti Sim\u00f5es &#8211; Aprovada em 3\u00b0 lugar no concurso Pol\u00edcia Cient\u00edfica PR para o cargo de Perito Oficial Criminal &#8211; \u00c1rea 5 &#8211; Estado do Paran\u00e1\"}]},{\"@type\":\"WebSite\",\"@id\":\"https:\/\/www.estrategiaconcursos.com.br\/blog\/#website\",\"url\":\"https:\/\/www.estrategiaconcursos.com.br\/blog\/\",\"name\":\"Estrat\u00e9gia Concursos\",\"description\":\"O blog da Estrat\u00e9gia Concursos traz not\u00edcias sobre concursos e artigos de professores oferecendo cursos para concursos (pdf + videaulas) no site.\",\"publisher\":{\"@id\":\"https:\/\/www.estrategiaconcursos.com.br\/blog\/#organization\"},\"potentialAction\":[{\"@type\":\"SearchAction\",\"target\":{\"@type\":\"EntryPoint\",\"urlTemplate\":\"https:\/\/www.estrategiaconcursos.com.br\/blog\/?s={search_term_string}\"},\"query-input\":{\"@type\":\"PropertyValueSpecification\",\"valueRequired\":true,\"valueName\":\"search_term_string\"}}],\"inLanguage\":\"pt-BR\"},{\"@type\":\"Organization\",\"@id\":\"https:\/\/www.estrategiaconcursos.com.br\/blog\/#organization\",\"name\":\"Estrat\u00e9gia Concursos\",\"url\":\"https:\/\/www.estrategiaconcursos.com.br\/blog\/\",\"logo\":{\"@type\":\"ImageObject\",\"inLanguage\":\"pt-BR\",\"@id\":\"https:\/\/www.estrategiaconcursos.com.br\/blog\/#\/schema\/logo\/image\/\",\"url\":\"https:\/\/dhg1h5j42swfq.cloudfront.net\/2025\/06\/03203428\/logo_concursos-1.jpg\",\"contentUrl\":\"https:\/\/dhg1h5j42swfq.cloudfront.net\/2025\/06\/03203428\/logo_concursos-1.jpg\",\"width\":230,\"height\":60,\"caption\":\"Estrat\u00e9gia Concursos\"},\"image\":{\"@id\":\"https:\/\/www.estrategiaconcursos.com.br\/blog\/#\/schema\/logo\/image\/\"},\"sameAs\":[\"https:\/\/x.com\/EstratConcursos\"]}]}<\/script>\n<!-- \/ Yoast SEO Premium plugin. -->","yoast_head_json":{"title":"ENTREVISTA: Fernanda Cavalcanti Sim\u00f5es - Aprovada em 3\u00b0 lugar no concurso Pol\u00edcia Cient\u00edfica PR para o cargo de Perito Oficial Criminal - \u00c1rea 5 - Estado do Paran\u00e1","description":"Confira nossa entrevista com Fernanda Cavalcanti Sim\u00f5es, aprovada em 3\u00b0 lugar no concurso Pol\u00edcia Cient\u00edfica PR para o cargo de Perito Oficial Criminal - \u00c1rea 5 - Estado do Paran\u00e1","robots":{"index":"index","follow":"follow","max-snippet":"max-snippet:-1","max-image-preview":"max-image-preview:large","max-video-preview":"max-video-preview:-1"},"canonical":"https:\/\/www.estrategiaconcursos.com.br\/blog\/depoimento\/entrevista-fernanda-cavalcanti-simoes-aprovada-em-3-lugar-no-concurso-policia-cientifica-pr-para-o-cargo-de-perito-oficial-criminal-area-5-estado-do-parana\/","og_locale":"pt_BR","og_type":"article","og_title":"ENTREVISTA: Fernanda Cavalcanti Sim\u00f5es - Aprovada em 3\u00b0 lugar no concurso Pol\u00edcia Cient\u00edfica PR para o cargo de Perito Oficial Criminal - \u00c1rea 5 - Estado do Paran\u00e1","og_description":"Confira nossa entrevista com Fernanda Cavalcanti Sim\u00f5es, aprovada em 3\u00b0 lugar no concurso Pol\u00edcia Cient\u00edfica PR para o cargo de Perito Oficial Criminal - \u00c1rea 5 - Estado do Paran\u00e1","og_url":"https:\/\/www.estrategiaconcursos.com.br\/blog\/depoimento\/entrevista-fernanda-cavalcanti-simoes-aprovada-em-3-lugar-no-concurso-policia-cientifica-pr-para-o-cargo-de-perito-oficial-criminal-area-5-estado-do-parana\/","og_site_name":"Estrat\u00e9gia Concursos","article_modified_time":"2024-10-14T19:10:55+00:00","og_image":[{"url":"https:\/\/www.estrategiaconcursos.com.br\/blog\/wp-content\/uploads\/2024\/10\/image-152-225x300.png","type":"","width":"","height":""}],"twitter_card":"summary_large_image","twitter_site":"@EstratConcursos","twitter_misc":{"Est. tempo de leitura":"5 minutos"},"schema":{"@context":"https:\/\/schema.org","@graph":[{"@type":"WebPage","@id":"https:\/\/www.estrategiaconcursos.com.br\/blog\/depoimento\/entrevista-fernanda-cavalcanti-simoes-aprovada-em-3-lugar-no-concurso-policia-cientifica-pr-para-o-cargo-de-perito-oficial-criminal-area-5-estado-do-parana\/","url":"https:\/\/www.estrategiaconcursos.com.br\/blog\/depoimento\/entrevista-fernanda-cavalcanti-simoes-aprovada-em-3-lugar-no-concurso-policia-cientifica-pr-para-o-cargo-de-perito-oficial-criminal-area-5-estado-do-parana\/","name":"ENTREVISTA: Fernanda Cavalcanti Sim\u00f5es - Aprovada em 3\u00b0 lugar no concurso Pol\u00edcia Cient\u00edfica PR para o cargo de Perito Oficial Criminal - \u00c1rea 5 - Estado do Paran\u00e1","isPartOf":{"@id":"https:\/\/www.estrategiaconcursos.com.br\/blog\/#website"},"primaryImageOfPage":{"@id":"https:\/\/www.estrategiaconcursos.com.br\/blog\/depoimento\/entrevista-fernanda-cavalcanti-simoes-aprovada-em-3-lugar-no-concurso-policia-cientifica-pr-para-o-cargo-de-perito-oficial-criminal-area-5-estado-do-parana\/#primaryimage"},"image":{"@id":"https:\/\/www.estrategiaconcursos.com.br\/blog\/depoimento\/entrevista-fernanda-cavalcanti-simoes-aprovada-em-3-lugar-no-concurso-policia-cientifica-pr-para-o-cargo-de-perito-oficial-criminal-area-5-estado-do-parana\/#primaryimage"},"thumbnailUrl":"https:\/\/www.estrategiaconcursos.com.br\/blog\/wp-content\/uploads\/2024\/10\/image-152-225x300.png","datePublished":"2024-10-14T19:10:54+00:00","dateModified":"2024-10-14T19:10:55+00:00","description":"Confira nossa entrevista com Fernanda Cavalcanti Sim\u00f5es, aprovada em 3\u00b0 lugar no concurso Pol\u00edcia Cient\u00edfica PR para o cargo de Perito Oficial Criminal - \u00c1rea 5 - Estado do Paran\u00e1","breadcrumb":{"@id":"https:\/\/www.estrategiaconcursos.com.br\/blog\/depoimento\/entrevista-fernanda-cavalcanti-simoes-aprovada-em-3-lugar-no-concurso-policia-cientifica-pr-para-o-cargo-de-perito-oficial-criminal-area-5-estado-do-parana\/#breadcrumb"},"inLanguage":"pt-BR","potentialAction":[{"@type":"ReadAction","target":["https:\/\/www.estrategiaconcursos.com.br\/blog\/depoimento\/entrevista-fernanda-cavalcanti-simoes-aprovada-em-3-lugar-no-concurso-policia-cientifica-pr-para-o-cargo-de-perito-oficial-criminal-area-5-estado-do-parana\/"]}]},{"@type":"ImageObject","inLanguage":"pt-BR","@id":"https:\/\/www.estrategiaconcursos.com.br\/blog\/depoimento\/entrevista-fernanda-cavalcanti-simoes-aprovada-em-3-lugar-no-concurso-policia-cientifica-pr-para-o-cargo-de-perito-oficial-criminal-area-5-estado-do-parana\/#primaryimage","url":"https:\/\/dhg1h5j42swfq.cloudfront.net\/2024\/10\/10123812\/image-152.png","contentUrl":"https:\/\/dhg1h5j42swfq.cloudfront.net\/2024\/10\/10123812\/image-152.png","width":693,"height":923},{"@type":"BreadcrumbList","@id":"https:\/\/www.estrategiaconcursos.com.br\/blog\/depoimento\/entrevista-fernanda-cavalcanti-simoes-aprovada-em-3-lugar-no-concurso-policia-cientifica-pr-para-o-cargo-de-perito-oficial-criminal-area-5-estado-do-parana\/#breadcrumb","itemListElement":[{"@type":"ListItem","position":1,"name":"In\u00edcio","item":"https:\/\/www.estrategiaconcursos.com.br\/blog\/"},{"@type":"ListItem","position":2,"name":"ENTREVISTA: Fernanda Cavalcanti Sim\u00f5es &#8211; Aprovada em 3\u00b0 lugar no concurso Pol\u00edcia Cient\u00edfica PR para o cargo de Perito Oficial Criminal &#8211; \u00c1rea 5 &#8211; Estado do Paran\u00e1"}]},{"@type":"WebSite","@id":"https:\/\/www.estrategiaconcursos.com.br\/blog\/#website","url":"https:\/\/www.estrategiaconcursos.com.br\/blog\/","name":"Estrat\u00e9gia Concursos","description":"O blog da Estrat\u00e9gia Concursos traz not\u00edcias sobre concursos e artigos de professores oferecendo cursos para concursos (pdf + videaulas) no site.","publisher":{"@id":"https:\/\/www.estrategiaconcursos.com.br\/blog\/#organization"},"potentialAction":[{"@type":"SearchAction","target":{"@type":"EntryPoint","urlTemplate":"https:\/\/www.estrategiaconcursos.com.br\/blog\/?s={search_term_string}"},"query-input":{"@type":"PropertyValueSpecification","valueRequired":true,"valueName":"search_term_string"}}],"inLanguage":"pt-BR"},{"@type":"Organization","@id":"https:\/\/www.estrategiaconcursos.com.br\/blog\/#organization","name":"Estrat\u00e9gia Concursos","url":"https:\/\/www.estrategiaconcursos.com.br\/blog\/","logo":{"@type":"ImageObject","inLanguage":"pt-BR","@id":"https:\/\/www.estrategiaconcursos.com.br\/blog\/#\/schema\/logo\/image\/","url":"https:\/\/dhg1h5j42swfq.cloudfront.net\/2025\/06\/03203428\/logo_concursos-1.jpg","contentUrl":"https:\/\/dhg1h5j42swfq.cloudfront.net\/2025\/06\/03203428\/logo_concursos-1.jpg","width":230,"height":60,"caption":"Estrat\u00e9gia Concursos"},"image":{"@id":"https:\/\/www.estrategiaconcursos.com.br\/blog\/#\/schema\/logo\/image\/"},"sameAs":["https:\/\/x.com\/EstratConcursos"]}]}},"_links":{"self":[{"href":"https:\/\/www.estrategiaconcursos.com.br\/blog\/wp-json\/wp\/v2\/depoimento\/1474049","targetHints":{"allow":["GET"]}}],"collection":[{"href":"https:\/\/www.estrategiaconcursos.com.br\/blog\/wp-json\/wp\/v2\/depoimento"}],"about":[{"href":"https:\/\/www.estrategiaconcursos.com.br\/blog\/wp-json\/wp\/v2\/types\/depoimento"}],"version-history":[{"count":4,"href":"https:\/\/www.estrategiaconcursos.com.br\/blog\/wp-json\/wp\/v2\/depoimento\/1474049\/revisions"}],"predecessor-version":[{"id":1476004,"href":"https:\/\/www.estrategiaconcursos.com.br\/blog\/wp-json\/wp\/v2\/depoimento\/1474049\/revisions\/1476004"}],"wp:attachment":[{"href":"https:\/\/www.estrategiaconcursos.com.br\/blog\/wp-json\/wp\/v2\/media?parent=1474049"}],"curies":[{"name":"wp","href":"https:\/\/api.w.org\/{rel}","templated":true}]}}