{"id":1423004,"date":"2024-07-03T13:07:44","date_gmt":"2024-07-03T16:07:44","guid":{"rendered":"https:\/\/www.estrategiaconcursos.com.br\/blog\/?post_type=depoimento&#038;p=1423004"},"modified":"2025-11-28T16:57:27","modified_gmt":"2025-11-28T19:57:27","slug":"entrevista-yan-alves-almeida-aprovado-em-19-lugar-no-concurso-sefaz-ac-para-o-cargo-de-auditor-da-receita-estadual","status":"publish","type":"depoimento","link":"https:\/\/www.estrategiaconcursos.com.br\/blog\/depoimento\/entrevista-yan-alves-almeida-aprovado-em-19-lugar-no-concurso-sefaz-ac-para-o-cargo-de-auditor-da-receita-estadual\/","title":{"rendered":"ENTREVISTA: Yan Alves Almeida &#8211; Aprovado em 19\u00b0 lugar\u00a0no concurso\u00a0SEFAZ-AC\u00a0para Auditor da Receita Estadual"},"content":{"rendered":"\n<figure class=\"wp-block-image aligncenter size-medium\"><img loading=\"lazy\" decoding=\"async\" width=\"225\" height=\"300\" src=\"https:\/\/dhg1h5j42swfq.cloudfront.net\/2024\/07\/01160117\/image-25-225x300.png\" alt=\"\" class=\"wp-image-1423006\" srcset=\"https:\/\/dhg1h5j42swfq.cloudfront.net\/2024\/07\/01160117\/image-25-225x300.png 225w, https:\/\/dhg1h5j42swfq.cloudfront.net\/2024\/07\/01160117\/image-25-610x812.png 610w, https:\/\/dhg1h5j42swfq.cloudfront.net\/2024\/07\/01160117\/image-25-640x853.png 640w, https:\/\/dhg1h5j42swfq.cloudfront.net\/2024\/07\/01160117\/image-25-150x200.png 150w, https:\/\/dhg1h5j42swfq.cloudfront.net\/2024\/07\/01160117\/image-25.png 693w\" sizes=\"auto, (max-width: 225px) 100vw, 225px\" \/><figcaption class=\"wp-element-caption\">Yan Alves Almeida<\/figcaption><\/figure>\n\n\n\n<p class=\"has-text-align-center\"><strong>&#8220;Seja disciplinado, fa\u00e7a o que tem que ser feito, n\u00e3o negocie com voc\u00ea mesmo. Mas, ao mesmo tempo, fa\u00e7a isso de forma leve, n\u00e3o coloque um fardo desnecess\u00e1rio sobre voc\u00ea, aproveite sua fam\u00edlia de uma forma equilibrada [&#8230;]&#8221;<\/strong><\/p>\n\n\n\n<p>Confira a nossa entrevista com Yan Alves Almeida, aprovado em 19\u00b0 lugar\u00a0no concurso\u00a0SEFAZ-AC\u00a0para o cargo de\u00a0Auditor da Receita Estadual:<\/p>\n\n\n\n<p><strong>Estrat\u00e9gia Concursos: Conte-nos um pouco sobre voc\u00ea, para que nossos leitores possam conhec\u00ea-lo. Qual a sua forma\u00e7\u00e3o, idade e cidade natal?<\/strong><\/p>\n\n\n\n<p><strong>Yan Alves Almeida: <\/strong>Me chamo Yan Alves Almeida, tenho 26 anos, sou formado em Engenharia Qu\u00edmica e sou de Salinas-MG, uma cidade pequena no norte de MG. Sou um cara otimista, competitivo e que acredita em mim mesmo.<\/p>\n\n\n\n<p><strong>Estrat\u00e9gia: O que te levou a tomar a decis\u00e3o de come\u00e7ar a estudar para concursos?<\/strong><\/p>\n\n\n\n<p><strong>Yan: <\/strong>Eu me formei, mas n\u00e3o me identificava com um trabalho na ind\u00fastria ou grandes empresas, gostava de dar aula, queria dar aula em uma faculdade, por\u00e9m, para isso, precisava de mestrado e doutorado para depois fazer um concurso na \u00e1rea e come\u00e7ar a trabalhar, por\u00e9m n\u00e3o queria esperar tanto tempo para trabalhar, ent\u00e3o, j\u00e1 que eu ia fazer concurso no futuro, preferi fazer agora em outra \u00e1rea e garantir um sal\u00e1rio, depois eu continuaria no mestrado e doutorado.<\/p>\n\n\n\n<p>Da\u00ed pesquisando sobre, conheci a carreira de Auditor, confesso que, inicialmente, foi pelo sal\u00e1rio, mas depois de meses estudando comecei a gostar de verdade da \u00e1rea, de forma que n\u00e3o pretendo mais fazer mestrado e nem doutorado, embora ainda goste de dar aula, agora espero que o trabalho seja t\u00e3o legal quanto eu imagino em minha mente.<\/p>\n\n\n\n<p><strong>Estrat\u00e9gia: Voc\u00ea trabalhava e estudava? Se sim, como conciliava?&nbsp;<\/strong><\/p>\n\n\n\n<p><strong>Yan: <\/strong>Durante a minha prepara\u00e7\u00e3o, eu tive o apoio da minha fam\u00edlia e consegui estudar sem trabalhar, isso gera um pouco mais de press\u00e3o, mas conseguir lidar \u00e9 ben\u00e9fico, por\u00e9m, \u00e9 algo muito individual, conhe\u00e7o v\u00e1rias pessoas que preferem estudar e trabalhar a apenas estudar.<\/p>\n\n\n\n<p><strong>Estrat\u00e9gia: Em quais concursos j\u00e1 foi aprovado? Em qual cargo e em que coloca\u00e7\u00e3o? Pretende continuar estudando?<\/strong><\/p>\n\n\n\n<p><strong>Yan: <\/strong>Esse foi o meu segundo concurso da vida e o primeiro que eu fiz preparado de verdade, o outro foi tamb\u00e9m o concurso de auditor da SEFAZ-MG, mas eu tinha acabado de come\u00e7ar nos estudos, n\u00e3o tinha como, por\u00e9m foi importante para entender o qu\u00e3o dif\u00edcil e o qu\u00e3o preparado as pessoas est\u00e3o para prestar concursos.<\/p>\n\n\n\n<p>Eu ainda vou continuar estudando, quero buscar mais umas 2 ou 3 aprova\u00e7\u00f5es antes de aposentar a caneta, inclusive j\u00e1 estou animado para o pr\u00f3ximo.<\/p>\n\n\n\n<p><strong>Estrat\u00e9gia: Como era sua vida social durante a prepara\u00e7\u00e3o para concursos? Voc\u00ea sa\u00eda com amigos e fam\u00edlia?<\/strong><\/p>\n\n\n\n<p><strong>Yan: <\/strong>Durante a minha prepara\u00e7\u00e3o, eu sa\u00eda e me divertia com os meus familiares, por\u00e9m de forma mais controlada, evitava algumas viagens demoradas ou algo que fosse prejudicar muito os meus estudos. A jornada do concurseiro \u00e9 \u00e1rdua e n\u00e3o d\u00e1 pra saber quando vai acabar, levar ela de forma mais leve ajuda muito, al\u00e9m de ser importante estar com as pessoas que te amam, pois acredito que alguns momentos especiais com eles valem mais do que qualquer coisa.<\/p>\n\n\n\n<p><strong>Estrat\u00e9gia: Sua fam\u00edlia e amigos entenderam e apoiaram sua caminhada como concurseiro? De que forma?&nbsp;<\/strong><\/p>\n\n\n\n<p><strong>Yan: <\/strong>Sim, foram bem compreens\u00edveis comigo, me permitiam estudar, compreendiam quando eu falava que n\u00e3o poderia ir para algum rol\u00ea ou viagem, entendiam que eu n\u00e3o tinha nada contra eles, s\u00f3 estava focado nos estudos. Da mesma forma, a minha fam\u00edlia acreditava em mim e n\u00e3o ficava me pressionando, al\u00e9m de me apoiar financeiramente.<\/p>\n\n\n\n<p><strong>Estrat\u00e9gia: Voc\u00ea estudou por quanto tempo direcionado ao \u00faltimo concurso? O que fez para manter a disciplina?<\/strong><\/p>\n\n\n\n<p><strong>Yan: <\/strong>Para o concurso de Auditor do Acre eu estudei 6 meses no p\u00f3s-edital, focado nas mat\u00e9rias que iam cair nele, mas o que faz a diferen\u00e7a no final \u00e9 uma base forte que foi montada previamente, antes do edital. Agora em Junho, m\u00eas da prova, acabei de completar 2 anos de estudo e acredito que o meu diferencial \u00e9 sempre estudar, tendo edital ou n\u00e3o, sempre dar o meu melhor. N\u00e3o largar os estudos durante algum tempo e nem ficar falhando, encaro os estudos como um trabalho em que s\u00f3 vou receber a remunera\u00e7\u00e3o no futuro.<\/p>\n\n\n\n<p>A minha disciplina veio desde pequeno nos jogos online, na academia, quando eu coloco uma coisa na cabe\u00e7a, eu n\u00e3o paro enquanto n\u00e3o atingir o objetivo. Eu sinto que, se eu n\u00e3o fizer o que tem que ser feito, eu estou falhando comigo mesmo e isso me incomoda muito, \u00e9 como se tivesse uma voz falando comigo pra fazer a coisa certa e ser disciplinado.<\/p>\n\n\n\n<p><strong>Estrat\u00e9gia: Quais materiais e ferramentas voc\u00ea usou em sua prepara\u00e7\u00e3o?&nbsp;<\/strong><\/p>\n\n\n\n<p><strong>Yan: <\/strong>Quando eu comecei, utilizei videoaulas em todas as mat\u00e9rias, em especial nos primeiros 6 meses, depois disso, percebi que a maioria dos aprovados falavam em estudar por PDF, foi quando mudei a metodologia. O PDF \u00e9 mais cansativo, mas \u00e9 um estudo mais ativo que sua mente absorve mais e faz criar mem\u00f3ria de longo prazo. Acredito que utilizar os PDFs foi uma das viradas de chave nos meus estudos.<\/p>\n\n\n\n<p>E n\u00e3o tenho nada contra videoaula, mas acredito que o PDF \u00e9 um melhor caminho e as videoaulas devem ser usadas como suporte em pontos espec\u00edficos de mais dificuldade.<\/p>\n\n\n\n<p>Al\u00e9m disso, prefiro os PDFs completos, se poss\u00edveis j\u00e1 grifados para ter uma ideia das partes mais importantes e, enquanto leio, vou grifando as partes que geram d\u00favida ou que me parecem ser mais relevantes.<\/p>\n\n\n\n<p><strong>Estrat\u00e9gia: Como conheceu o Estrat\u00e9gia Concursos?&nbsp;<\/strong><\/p>\n\n\n\n<p><strong>Yan: <\/strong>Quando tomei a decis\u00e3o de estudar para concursos, sabia que precisava de um \u00f3timo material, que me diferencia dos concorrentes, por isso, gastei um bom tempo pesquisando todas as alternativas do mercado, atrav\u00e9s do google, youtube e redes sociais sobre mat\u00e9rias de concurso. Cheguei \u00e0 conclus\u00e3o que o Estrat\u00e9gia era a melhor op\u00e7\u00e3o e hoje vejo com clareza que tomei a decis\u00e3o correta.<\/p>\n\n\n\n<p><strong>Estrat\u00e9gia: Depois que voc\u00ea se tornou aluno do Estrat\u00e9gia, voc\u00ea sentiu uma diferen\u00e7a relevante na sua prepara\u00e7\u00e3o? Que diferencial encontrou nos materiais do Estrat\u00e9gia?&nbsp;<\/strong><\/p>\n\n\n\n<p><strong>Yan: <\/strong>Eu sempre utilizei o material do Estrat\u00e9gia, ent\u00e3o, n\u00e3o tenho ideia de como s\u00e3o os outros, mas eu confiava que a maioria dos aprovados utilizavam esse material e ele funcionava. E isso \u00e9 importante, acreditar que o caminho que voc\u00ea est\u00e1 seguindo est\u00e1 correto, acreditar que n\u00e3o estou desperdi\u00e7ando meu tempo utilizando um material que n\u00e3o vai me auxiliar. O material do Estrat\u00e9gia passa essa confian\u00e7a no caminho correto.<\/p>\n\n\n\n<p><strong>Estrat\u00e9gia: Como montou seu plano de estudos?<\/strong><\/p>\n\n\n\n<p><strong>Yan: <\/strong>Ap\u00f3s escolher o Estrat\u00e9gia como minha fonte de materiais de estudo, precisei montar uma rotina pra estudar e, com isso, gastei mais um tempo pesquisando sobre alternativas, vi v\u00e1rias como estudar em dias definidos, m\u00e9todo pomodoro, etc. Mas, o que mais me pareceu efetivo, foi o m\u00e9todo do ciclo de estudos, em que eu escolhi 6 disciplinas mais b\u00e1sicas da \u00e1rea e estudava 3 por dia, cerca de 2 horas cada. Mas, caso surgisse algum imprevisto, sem problemas, eu continuava do local que parei no dia seguinte e tentava estudar 3, continuando a do dia passado. Ent\u00e3o, tentava estudar 6 horas l\u00edquidas por dia, come\u00e7ando pelas disciplinas em que eu tinha maior dificuldade e terminando com as de maior facilidade. Depois de um tempo, fui acrescentando outras disciplinas e estudando 3-4 mat\u00e9rias por dia, at\u00e9 conseguir ver todas as que mais caem em concursos da \u00e1rea fiscal.<\/p>\n\n\n\n<p><strong>Estrat\u00e9gia: Como fazia suas revis\u00f5es?<\/strong><\/p>\n\n\n\n<p><strong>Yan: <\/strong>No come\u00e7o errei bastante, eu assistia videoaulas e ficava pausando pra anotar no caderno, perdia muito tempo assim. Mas, atualmente, eu anoto os resumos dos principais pontos no pr\u00f3prio word, normalmente eu copio e colo do PDF e costumo ler eles na semana em que fiz, depois de algumas semanas, leio novamente e, se eu perceber que o conte\u00fado ainda n\u00e3o est\u00e1 fixado na mente, eu pego a informa\u00e7\u00e3o e crio flashcards no Anki. A\u00ed, ela com certeza vai ser fixada na mem\u00f3ria de longo prazo.<\/p>\n\n\n\n<p>E depois, quando alcan\u00e7amos um n\u00edvel avan\u00e7ado, acaba que os resumos ficam de lado e as revis\u00f5es acontecem quase que totalmente atrav\u00e9s de quest\u00f5es e coment\u00e1rios do professor.<\/p>\n\n\n\n<p><strong>Estrat\u00e9gia: Qual a import\u00e2ncia da resolu\u00e7\u00e3o de exerc\u00edcios? Lembra quantas quest\u00f5es fez na sua trajet\u00f3ria?<\/strong><\/p>\n\n\n\n<p><strong>Yan: <\/strong>\u00c9 essencial. \u00c9 atrav\u00e9s da resolu\u00e7\u00e3o de exerc\u00edcios que voc\u00ea revisa e entende o estilo de cobran\u00e7a das bancas e at\u00e9 entende coisas que tinha lido, mas n\u00e3o tinha ficado t\u00e3o claro. Eu recomendo tentar fazer quest\u00f5es o quanto antes, ir aumentando a quantidade a cada dia, de forma que quando voc\u00ea fica avan\u00e7ado, voc\u00ea estuda e revisa por quest\u00f5es e utiliza os PDFs para tirar d\u00favidas e fortalecer pontos fracos. At\u00e9 a prova do Acre, eu resolvi cerca de 40.000 quest\u00f5es. No p\u00f3s-edital, eu resolvia cerca de 100-150 quest\u00f5es por dia.<\/p>\n\n\n\n<p><strong>Estrat\u00e9gia: Quais as disciplinas voc\u00ea tinha mais dificuldade? Como fez para superar?<\/strong><\/p>\n\n\n\n<p><strong>Yan: <\/strong>No come\u00e7o, era contabilidade e direito constitucional, contabilidade, porque era algo totalmente novo e sempre \u00e9 uma mat\u00e9ria que v\u00e1rios assuntos est\u00e3o interconectados, ent\u00e3o, acredito que no come\u00e7o todo mundo sofre, mas o segredo \u00e9 persistir, continuar avan\u00e7ando e depois de estudar o conte\u00fado completo da disciplina, as coisas come\u00e7am a fazer mais sentido e voc\u00ea come\u00e7a a ver contabilidade com outros olhos, parece que tudo come\u00e7a a fazer sentido, tipo uma virada de chave na mente.<\/p>\n\n\n\n<p>J\u00e1 direito constitucional era dif\u00edcil, porque tinham muitos assuntos de dif\u00edcil memoriza\u00e7\u00e3o, melhorei ap\u00f3s revisar os pontos fracos nos PDFs e fazer bastante quest\u00f5es daquele assunto. Eu ia pro sistema de quest\u00f5es e olhava os coment\u00e1rios do professor. L\u00e1, voc\u00ea aprende e revisa ao mesmo tempo e o assunto fixa na mem\u00f3ria de uma maneira \u00fanica.<\/p>\n\n\n\n<p><strong>Estrat\u00e9gia: Como foi sua rotina de estudos na semana que antecedeu a prova e no dia pr\u00e9-prova?<\/strong><\/p>\n\n\n\n<p><strong>Yan: <\/strong>Na semana antecedente, eu estudei normal, umas 42 horas l\u00edquidas. J\u00e1 na semana da prova, comecei a diminuir, devo ter estudado umas 25 horas l\u00edquidas e, no dia anterior a prova, estudei de manh\u00e3 e depois do almo\u00e7o mais uma horinha. Depois, tirei o dia pra malhar, relaxar, ver s\u00e9rie, sabia que o trabalho j\u00e1 estava feito e precisava acalmar a mente e chegar descansado, pois no dia seguinte, eu teria que estar no meu 100%.<\/p>\n\n\n\n<p><strong>Estrat\u00e9gia: No seu concurso, al\u00e9m da prova objetiva, teve a discursiva. Como foi sua prepara\u00e7\u00e3o para esta importante parte do certame? O que voc\u00ea aconselha?<\/strong><\/p>\n\n\n\n<p><strong>Yan: <\/strong>Para uma prova discursiva, o primeiro passo \u00e9 saber como estruturar de forma correta o conte\u00fado, \u00e9 bem diferente de uma reda\u00e7\u00e3o do ENEM, por exemplo. Para isso, nos cursos do Estrat\u00e9gia existem alguns PDFs que explicam de forma bem clara a maneira correta.<\/p>\n\n\n\n<p>Depois, eu fiz v\u00e1rias discursivas que o Estrat\u00e9gia disponibiliza, relacionadas a \u00e1rea do concurso e quando elas acabaram, eu j\u00e1 tinha entendido a forma de cobran\u00e7a e buscava criar as minhas pr\u00f3prias discursivas com assuntos que a banca gostava de cobrar. Eu aprendia isso atrav\u00e9s das resolu\u00e7\u00f5es de quest\u00f5es da pr\u00f3pria banca.<\/p>\n\n\n\n<p>Aconselho fazer o m\u00e1ximo de quest\u00f5es discursivas poss\u00edveis, at\u00e9 porque, tamb\u00e9m auxilia para resolu\u00e7\u00e3o de objetivas e compreens\u00e3o do conte\u00fado. Mas, n\u00e3o precisa escrever todas, durante a prepara\u00e7\u00e3o fiz cerca de 100, mas escrevi apenas umas 25. As outras eu respondia mentalmente, ficava refletindo sobre elas para ganhar tempo.<\/p>\n\n\n\n<p><strong>Estrat\u00e9gia: Quais foram seus principais ERROS e ACERTOS nesta trajet\u00f3ria?<\/strong><\/p>\n\n\n\n<p><strong>Yan: <\/strong>Eu diria que meus principais erros foram fazer poucas revis\u00f5es no come\u00e7o, tentar avan\u00e7ar r\u00e1pido demais e fazer poucas quest\u00f5es. Quando mudei esses fatores, pude perceber uma r\u00e1pida evolu\u00e7\u00e3o.<\/p>\n\n\n\n<p>J\u00e1 quanto aos acertos, foram: const\u00e2ncia, disciplina e acreditar em mim em todos os momentos, ter paci\u00eancia e confiar que minha hora chegaria. Ter uma mente preparada \u00e9 essencial para suportar o processo.<\/p>\n\n\n\n<p><strong>Estrat\u00e9gia: Chegou a pensar, por algum momento, em desistir? Se sim, qual foi sua principal motiva\u00e7\u00e3o para seguir?<\/strong><\/p>\n\n\n\n<p><strong>Yan: <\/strong>Confesso que, \u00e0s vezes, batia um des\u00e2nimo de estudar, abdicar de v\u00e1rias coisas e via meus amigos se divertindo, isso era dif\u00edcil. Mas, pensar em desistir jamais, eu sabia que ia conseguir. Eu acreditava e acredito de verdade em mim, eu sabia que se eu desse o meu melhor e confiasse em Deus, a minha hora chegaria.<\/p>\n\n\n\n<p>V\u00e1rios fatores me motivaram: trabalhar em algo que gosto, ter um \u00f3timo sal\u00e1rio, estabilidade, ter condi\u00e7\u00f5es de viajar o mundo e come\u00e7ar a ter minha independ\u00eancia financeira, sair das asas dos pais, mas acredito que o principal era mostrar pra mim mesmo que eu era capaz, eu tenho uma frase que sempre surge na minha mente: Eu rejeito uma realidade onde eu n\u00e3o atinjo os meus sonhos.<\/p>\n\n\n\n<p>E, com isso, eu sempre seguia em frente e afastava pensamentos negativos.<\/p>\n\n\n\n<p><strong>Estrat\u00e9gia: Por fim, o que voc\u00ea aconselharia a algu\u00e9m que est\u00e1 iniciando seus estudos para concurso? Deixe sua mensagem para todos aqueles que um dia almejam chegar aonde voc\u00ea chegou!<\/strong><\/p>\n\n\n\n<p><strong>Yan: <\/strong>Seja disciplinado, fa\u00e7a o que tem que ser feito, n\u00e3o negocie com voc\u00ea mesmo. Mas, ao mesmo tempo, fa\u00e7a isso de forma leve, n\u00e3o coloque um fardo desnecess\u00e1rio sobre voc\u00ea. Aproveite sua fam\u00edlia de uma forma equilibrada.\u00a0<\/p>\n\n\n\n<p>E acima de tudo, acredite em voc\u00ea, no fundo a gente \u00e9 bem mais forte do que acredita. A gente aguenta muito mais do que conseguimos imaginar. Tenha f\u00e9, Deus n\u00e3o nos d\u00e1 um fardo maior do que conseguimos aguentar. E se eu consegui, voc\u00ea tamb\u00e9m consegue.<\/p>\n","protected":false},"excerpt":{"rendered":"<p>&#8220;Seja disciplinado, fa\u00e7a o que tem que ser feito, n\u00e3o negocie com voc\u00ea mesmo. Mas, ao mesmo tempo, fa\u00e7a isso de forma leve, n\u00e3o coloque um fardo desnecess\u00e1rio sobre voc\u00ea, aproveite sua fam\u00edlia de uma forma equilibrada [&#8230;]&#8221; Confira a nossa entrevista com Yan Alves Almeida, aprovado em 19\u00b0 lugar\u00a0no concurso\u00a0SEFAZ-AC\u00a0para o cargo de\u00a0Auditor da [&hellip;]<\/p>\n","protected":false},"featured_media":0,"template":"","class_list":["post-1423004","depoimento","type-depoimento","status-publish","hentry"],"acf":[],"yoast_head":"<!-- This site is optimized with the Yoast SEO Premium plugin v27.2 (Yoast SEO v27.2) - https:\/\/yoast.com\/product\/yoast-seo-premium-wordpress\/ -->\n<title>ENTREVISTA: Yan Alves Almeida - Aprovado em 19\u00b0 lugar\u00a0no concurso\u00a0SEFAZ-AC\u00a0para Auditor da Receita Estadual<\/title>\n<meta name=\"description\" content=\"Confira nossa entrevista com Yan Alves Almeida, aprovado em 19\u00b0 lugar\u00a0no concurso\u00a0SEFAZ-AC\u00a0para o cargo de\u00a0Auditor da Receita Estadual\" \/>\n<meta name=\"robots\" content=\"index, follow, max-snippet:-1, max-image-preview:large, max-video-preview:-1\" \/>\n<link rel=\"canonical\" href=\"https:\/\/www.estrategiaconcursos.com.br\/blog\/depoimento\/entrevista-yan-alves-almeida-aprovado-em-19-lugar-no-concurso-sefaz-ac-para-o-cargo-de-auditor-da-receita-estadual\/\" \/>\n<meta property=\"og:locale\" content=\"pt_BR\" \/>\n<meta property=\"og:type\" content=\"article\" \/>\n<meta property=\"og:title\" content=\"ENTREVISTA: Yan Alves Almeida - Aprovado em 19\u00b0 lugar\u00a0no concurso\u00a0SEFAZ-AC\u00a0para Auditor da Receita Estadual\" \/>\n<meta property=\"og:description\" content=\"Confira nossa entrevista com Yan Alves Almeida, aprovado em 19\u00b0 lugar\u00a0no concurso\u00a0SEFAZ-AC\u00a0para o cargo de\u00a0Auditor da Receita Estadual\" \/>\n<meta property=\"og:url\" content=\"https:\/\/www.estrategiaconcursos.com.br\/blog\/depoimento\/entrevista-yan-alves-almeida-aprovado-em-19-lugar-no-concurso-sefaz-ac-para-o-cargo-de-auditor-da-receita-estadual\/\" \/>\n<meta property=\"og:site_name\" content=\"Estrat\u00e9gia Concursos\" \/>\n<meta property=\"article:modified_time\" content=\"2025-11-28T19:57:27+00:00\" \/>\n<meta property=\"og:image\" content=\"https:\/\/www.estrategiaconcursos.com.br\/blog\/wp-content\/uploads\/2024\/07\/image-25-225x300.png\" \/>\n<meta name=\"twitter:card\" content=\"summary_large_image\" \/>\n<meta name=\"twitter:site\" content=\"@EstratConcursos\" \/>\n<meta name=\"twitter:label1\" content=\"Est. tempo de leitura\" \/>\n\t<meta name=\"twitter:data1\" content=\"12 minutos\" \/>\n<script type=\"application\/ld+json\" class=\"yoast-schema-graph\">{\"@context\":\"https:\/\/schema.org\",\"@graph\":[{\"@type\":\"WebPage\",\"@id\":\"https:\/\/www.estrategiaconcursos.com.br\/blog\/depoimento\/entrevista-yan-alves-almeida-aprovado-em-19-lugar-no-concurso-sefaz-ac-para-o-cargo-de-auditor-da-receita-estadual\/\",\"url\":\"https:\/\/www.estrategiaconcursos.com.br\/blog\/depoimento\/entrevista-yan-alves-almeida-aprovado-em-19-lugar-no-concurso-sefaz-ac-para-o-cargo-de-auditor-da-receita-estadual\/\",\"name\":\"ENTREVISTA: Yan Alves Almeida - Aprovado em 19\u00b0 lugar\u00a0no concurso\u00a0SEFAZ-AC\u00a0para Auditor da Receita Estadual\",\"isPartOf\":{\"@id\":\"https:\/\/www.estrategiaconcursos.com.br\/blog\/#website\"},\"primaryImageOfPage\":{\"@id\":\"https:\/\/www.estrategiaconcursos.com.br\/blog\/depoimento\/entrevista-yan-alves-almeida-aprovado-em-19-lugar-no-concurso-sefaz-ac-para-o-cargo-de-auditor-da-receita-estadual\/#primaryimage\"},\"image\":{\"@id\":\"https:\/\/www.estrategiaconcursos.com.br\/blog\/depoimento\/entrevista-yan-alves-almeida-aprovado-em-19-lugar-no-concurso-sefaz-ac-para-o-cargo-de-auditor-da-receita-estadual\/#primaryimage\"},\"thumbnailUrl\":\"https:\/\/www.estrategiaconcursos.com.br\/blog\/wp-content\/uploads\/2024\/07\/image-25-225x300.png\",\"datePublished\":\"2024-07-03T16:07:44+00:00\",\"dateModified\":\"2025-11-28T19:57:27+00:00\",\"description\":\"Confira nossa entrevista com Yan Alves Almeida, aprovado em 19\u00b0 lugar\u00a0no concurso\u00a0SEFAZ-AC\u00a0para o cargo de\u00a0Auditor da Receita Estadual\",\"breadcrumb\":{\"@id\":\"https:\/\/www.estrategiaconcursos.com.br\/blog\/depoimento\/entrevista-yan-alves-almeida-aprovado-em-19-lugar-no-concurso-sefaz-ac-para-o-cargo-de-auditor-da-receita-estadual\/#breadcrumb\"},\"inLanguage\":\"pt-BR\",\"potentialAction\":[{\"@type\":\"ReadAction\",\"target\":[\"https:\/\/www.estrategiaconcursos.com.br\/blog\/depoimento\/entrevista-yan-alves-almeida-aprovado-em-19-lugar-no-concurso-sefaz-ac-para-o-cargo-de-auditor-da-receita-estadual\/\"]}]},{\"@type\":\"ImageObject\",\"inLanguage\":\"pt-BR\",\"@id\":\"https:\/\/www.estrategiaconcursos.com.br\/blog\/depoimento\/entrevista-yan-alves-almeida-aprovado-em-19-lugar-no-concurso-sefaz-ac-para-o-cargo-de-auditor-da-receita-estadual\/#primaryimage\",\"url\":\"https:\/\/dhg1h5j42swfq.cloudfront.net\/2024\/07\/01160117\/image-25.png\",\"contentUrl\":\"https:\/\/dhg1h5j42swfq.cloudfront.net\/2024\/07\/01160117\/image-25.png\",\"width\":693,\"height\":923},{\"@type\":\"BreadcrumbList\",\"@id\":\"https:\/\/www.estrategiaconcursos.com.br\/blog\/depoimento\/entrevista-yan-alves-almeida-aprovado-em-19-lugar-no-concurso-sefaz-ac-para-o-cargo-de-auditor-da-receita-estadual\/#breadcrumb\",\"itemListElement\":[{\"@type\":\"ListItem\",\"position\":1,\"name\":\"In\u00edcio\",\"item\":\"https:\/\/www.estrategiaconcursos.com.br\/blog\/\"},{\"@type\":\"ListItem\",\"position\":2,\"name\":\"ENTREVISTA: Yan Alves Almeida &#8211; Aprovado em 19\u00b0 lugar\u00a0no concurso\u00a0SEFAZ-AC\u00a0para Auditor da Receita Estadual\"}]},{\"@type\":\"WebSite\",\"@id\":\"https:\/\/www.estrategiaconcursos.com.br\/blog\/#website\",\"url\":\"https:\/\/www.estrategiaconcursos.com.br\/blog\/\",\"name\":\"Estrat\u00e9gia Concursos\",\"description\":\"O blog da Estrat\u00e9gia Concursos traz not\u00edcias sobre concursos e artigos de professores oferecendo cursos para concursos (pdf + videaulas) no site.\",\"publisher\":{\"@id\":\"https:\/\/www.estrategiaconcursos.com.br\/blog\/#organization\"},\"potentialAction\":[{\"@type\":\"SearchAction\",\"target\":{\"@type\":\"EntryPoint\",\"urlTemplate\":\"https:\/\/www.estrategiaconcursos.com.br\/blog\/?s={search_term_string}\"},\"query-input\":{\"@type\":\"PropertyValueSpecification\",\"valueRequired\":true,\"valueName\":\"search_term_string\"}}],\"inLanguage\":\"pt-BR\"},{\"@type\":\"Organization\",\"@id\":\"https:\/\/www.estrategiaconcursos.com.br\/blog\/#organization\",\"name\":\"Estrat\u00e9gia Concursos\",\"url\":\"https:\/\/www.estrategiaconcursos.com.br\/blog\/\",\"logo\":{\"@type\":\"ImageObject\",\"inLanguage\":\"pt-BR\",\"@id\":\"https:\/\/www.estrategiaconcursos.com.br\/blog\/#\/schema\/logo\/image\/\",\"url\":\"https:\/\/dhg1h5j42swfq.cloudfront.net\/2025\/06\/03203428\/logo_concursos-1.jpg\",\"contentUrl\":\"https:\/\/dhg1h5j42swfq.cloudfront.net\/2025\/06\/03203428\/logo_concursos-1.jpg\",\"width\":230,\"height\":60,\"caption\":\"Estrat\u00e9gia Concursos\"},\"image\":{\"@id\":\"https:\/\/www.estrategiaconcursos.com.br\/blog\/#\/schema\/logo\/image\/\"},\"sameAs\":[\"https:\/\/x.com\/EstratConcursos\"]}]}<\/script>\n<!-- \/ Yoast SEO Premium plugin. -->","yoast_head_json":{"title":"ENTREVISTA: Yan Alves Almeida - Aprovado em 19\u00b0 lugar\u00a0no concurso\u00a0SEFAZ-AC\u00a0para Auditor da Receita Estadual","description":"Confira nossa entrevista com Yan Alves Almeida, aprovado em 19\u00b0 lugar\u00a0no concurso\u00a0SEFAZ-AC\u00a0para o cargo de\u00a0Auditor da Receita Estadual","robots":{"index":"index","follow":"follow","max-snippet":"max-snippet:-1","max-image-preview":"max-image-preview:large","max-video-preview":"max-video-preview:-1"},"canonical":"https:\/\/www.estrategiaconcursos.com.br\/blog\/depoimento\/entrevista-yan-alves-almeida-aprovado-em-19-lugar-no-concurso-sefaz-ac-para-o-cargo-de-auditor-da-receita-estadual\/","og_locale":"pt_BR","og_type":"article","og_title":"ENTREVISTA: Yan Alves Almeida - Aprovado em 19\u00b0 lugar\u00a0no concurso\u00a0SEFAZ-AC\u00a0para Auditor da Receita Estadual","og_description":"Confira nossa entrevista com Yan Alves Almeida, aprovado em 19\u00b0 lugar\u00a0no concurso\u00a0SEFAZ-AC\u00a0para o cargo de\u00a0Auditor da Receita Estadual","og_url":"https:\/\/www.estrategiaconcursos.com.br\/blog\/depoimento\/entrevista-yan-alves-almeida-aprovado-em-19-lugar-no-concurso-sefaz-ac-para-o-cargo-de-auditor-da-receita-estadual\/","og_site_name":"Estrat\u00e9gia Concursos","article_modified_time":"2025-11-28T19:57:27+00:00","og_image":[{"url":"https:\/\/www.estrategiaconcursos.com.br\/blog\/wp-content\/uploads\/2024\/07\/image-25-225x300.png","type":"","width":"","height":""}],"twitter_card":"summary_large_image","twitter_site":"@EstratConcursos","twitter_misc":{"Est. tempo de leitura":"12 minutos"},"schema":{"@context":"https:\/\/schema.org","@graph":[{"@type":"WebPage","@id":"https:\/\/www.estrategiaconcursos.com.br\/blog\/depoimento\/entrevista-yan-alves-almeida-aprovado-em-19-lugar-no-concurso-sefaz-ac-para-o-cargo-de-auditor-da-receita-estadual\/","url":"https:\/\/www.estrategiaconcursos.com.br\/blog\/depoimento\/entrevista-yan-alves-almeida-aprovado-em-19-lugar-no-concurso-sefaz-ac-para-o-cargo-de-auditor-da-receita-estadual\/","name":"ENTREVISTA: Yan Alves Almeida - Aprovado em 19\u00b0 lugar\u00a0no concurso\u00a0SEFAZ-AC\u00a0para Auditor da Receita Estadual","isPartOf":{"@id":"https:\/\/www.estrategiaconcursos.com.br\/blog\/#website"},"primaryImageOfPage":{"@id":"https:\/\/www.estrategiaconcursos.com.br\/blog\/depoimento\/entrevista-yan-alves-almeida-aprovado-em-19-lugar-no-concurso-sefaz-ac-para-o-cargo-de-auditor-da-receita-estadual\/#primaryimage"},"image":{"@id":"https:\/\/www.estrategiaconcursos.com.br\/blog\/depoimento\/entrevista-yan-alves-almeida-aprovado-em-19-lugar-no-concurso-sefaz-ac-para-o-cargo-de-auditor-da-receita-estadual\/#primaryimage"},"thumbnailUrl":"https:\/\/www.estrategiaconcursos.com.br\/blog\/wp-content\/uploads\/2024\/07\/image-25-225x300.png","datePublished":"2024-07-03T16:07:44+00:00","dateModified":"2025-11-28T19:57:27+00:00","description":"Confira nossa entrevista com Yan Alves Almeida, aprovado em 19\u00b0 lugar\u00a0no concurso\u00a0SEFAZ-AC\u00a0para o cargo de\u00a0Auditor da Receita Estadual","breadcrumb":{"@id":"https:\/\/www.estrategiaconcursos.com.br\/blog\/depoimento\/entrevista-yan-alves-almeida-aprovado-em-19-lugar-no-concurso-sefaz-ac-para-o-cargo-de-auditor-da-receita-estadual\/#breadcrumb"},"inLanguage":"pt-BR","potentialAction":[{"@type":"ReadAction","target":["https:\/\/www.estrategiaconcursos.com.br\/blog\/depoimento\/entrevista-yan-alves-almeida-aprovado-em-19-lugar-no-concurso-sefaz-ac-para-o-cargo-de-auditor-da-receita-estadual\/"]}]},{"@type":"ImageObject","inLanguage":"pt-BR","@id":"https:\/\/www.estrategiaconcursos.com.br\/blog\/depoimento\/entrevista-yan-alves-almeida-aprovado-em-19-lugar-no-concurso-sefaz-ac-para-o-cargo-de-auditor-da-receita-estadual\/#primaryimage","url":"https:\/\/dhg1h5j42swfq.cloudfront.net\/2024\/07\/01160117\/image-25.png","contentUrl":"https:\/\/dhg1h5j42swfq.cloudfront.net\/2024\/07\/01160117\/image-25.png","width":693,"height":923},{"@type":"BreadcrumbList","@id":"https:\/\/www.estrategiaconcursos.com.br\/blog\/depoimento\/entrevista-yan-alves-almeida-aprovado-em-19-lugar-no-concurso-sefaz-ac-para-o-cargo-de-auditor-da-receita-estadual\/#breadcrumb","itemListElement":[{"@type":"ListItem","position":1,"name":"In\u00edcio","item":"https:\/\/www.estrategiaconcursos.com.br\/blog\/"},{"@type":"ListItem","position":2,"name":"ENTREVISTA: Yan Alves Almeida &#8211; Aprovado em 19\u00b0 lugar\u00a0no concurso\u00a0SEFAZ-AC\u00a0para Auditor da Receita Estadual"}]},{"@type":"WebSite","@id":"https:\/\/www.estrategiaconcursos.com.br\/blog\/#website","url":"https:\/\/www.estrategiaconcursos.com.br\/blog\/","name":"Estrat\u00e9gia Concursos","description":"O blog da Estrat\u00e9gia Concursos traz not\u00edcias sobre concursos e artigos de professores oferecendo cursos para concursos (pdf + videaulas) no site.","publisher":{"@id":"https:\/\/www.estrategiaconcursos.com.br\/blog\/#organization"},"potentialAction":[{"@type":"SearchAction","target":{"@type":"EntryPoint","urlTemplate":"https:\/\/www.estrategiaconcursos.com.br\/blog\/?s={search_term_string}"},"query-input":{"@type":"PropertyValueSpecification","valueRequired":true,"valueName":"search_term_string"}}],"inLanguage":"pt-BR"},{"@type":"Organization","@id":"https:\/\/www.estrategiaconcursos.com.br\/blog\/#organization","name":"Estrat\u00e9gia Concursos","url":"https:\/\/www.estrategiaconcursos.com.br\/blog\/","logo":{"@type":"ImageObject","inLanguage":"pt-BR","@id":"https:\/\/www.estrategiaconcursos.com.br\/blog\/#\/schema\/logo\/image\/","url":"https:\/\/dhg1h5j42swfq.cloudfront.net\/2025\/06\/03203428\/logo_concursos-1.jpg","contentUrl":"https:\/\/dhg1h5j42swfq.cloudfront.net\/2025\/06\/03203428\/logo_concursos-1.jpg","width":230,"height":60,"caption":"Estrat\u00e9gia Concursos"},"image":{"@id":"https:\/\/www.estrategiaconcursos.com.br\/blog\/#\/schema\/logo\/image\/"},"sameAs":["https:\/\/x.com\/EstratConcursos"]}]}},"_links":{"self":[{"href":"https:\/\/www.estrategiaconcursos.com.br\/blog\/wp-json\/wp\/v2\/depoimento\/1423004","targetHints":{"allow":["GET"]}}],"collection":[{"href":"https:\/\/www.estrategiaconcursos.com.br\/blog\/wp-json\/wp\/v2\/depoimento"}],"about":[{"href":"https:\/\/www.estrategiaconcursos.com.br\/blog\/wp-json\/wp\/v2\/types\/depoimento"}],"version-history":[{"count":5,"href":"https:\/\/www.estrategiaconcursos.com.br\/blog\/wp-json\/wp\/v2\/depoimento\/1423004\/revisions"}],"predecessor-version":[{"id":1677294,"href":"https:\/\/www.estrategiaconcursos.com.br\/blog\/wp-json\/wp\/v2\/depoimento\/1423004\/revisions\/1677294"}],"wp:attachment":[{"href":"https:\/\/www.estrategiaconcursos.com.br\/blog\/wp-json\/wp\/v2\/media?parent=1423004"}],"curies":[{"name":"wp","href":"https:\/\/api.w.org\/{rel}","templated":true}]}}