{"id":138227,"date":"2018-08-28T13:30:10","date_gmt":"2018-08-28T16:30:10","guid":{"rendered":"https:\/\/www.estrategiaconcursos.com.br\/blog\/?post_type=depoimento&#038;p=138227"},"modified":"2022-11-10T13:37:44","modified_gmt":"2022-11-10T16:37:44","slug":"concurso-trf-2-aprovada-moema-machado","status":"publish","type":"depoimento","link":"https:\/\/www.estrategiaconcursos.com.br\/blog\/depoimento\/concurso-trf-2-aprovada-moema-machado\/","title":{"rendered":"ENTREVISTA EM V\u00cdDEO: Moema Machado &#8211; Aprovada no concurso do TRF-2"},"content":{"rendered":"\n<p>Moema Machado obteve aprova\u00e7\u00e3o no <a href=\"https:\/\/www.estrategiaconcursos.com.br\/blog\/concurso-trf-2\/\">concurso do Tribunal Regional Federal da 2\u00aa Regi\u00e3o<\/a> no cargo de <strong>Arquiteta<\/strong>. Confira a entrevista que fizemos com a aprovada e saiba como foi a sua trajet\u00f3ria, da prepara\u00e7\u00e3o at\u00e9 a aprova\u00e7\u00e3o.<\/p>\n","protected":false},"excerpt":{"rendered":"<p>ENTREVISTA EM V\u00cdDEO: Moema Machado &#8211; Aprovada no concurso do Tribunal Regional Federal da 2\u00aa Regi\u00e3o no cargo de Arquiteta<\/p>\n","protected":false},"featured_media":138228,"template":"","class_list":["post-138227","depoimento","type-depoimento","status-publish","has-post-thumbnail","hentry"],"acf":[],"yoast_head":"<!-- This site is optimized with the Yoast SEO Premium plugin v27.2 (Yoast SEO v27.2) - https:\/\/yoast.com\/product\/yoast-seo-premium-wordpress\/ -->\n<title>Aprovada no Concurso TRF-2: Entrevista com Moema Machado<\/title>\n<meta name=\"description\" content=\"Confira nossa entrevista com\u00a0Moema Machado, aprovada no concurso do Tribunal Regional Federal da 2\u00aa Regi\u00e3o no cargo de Arquiteta.\" \/>\n<meta name=\"robots\" content=\"index, follow, max-snippet:-1, max-image-preview:large, max-video-preview:-1\" \/>\n<link rel=\"canonical\" href=\"https:\/\/www.estrategiaconcursos.com.br\/blog\/depoimento\/concurso-trf-2-aprovada-moema-machado\/\" \/>\n<meta property=\"og:locale\" content=\"pt_BR\" \/>\n<meta property=\"og:type\" content=\"article\" \/>\n<meta property=\"og:title\" content=\"ENTREVISTA EM V\u00cdDEO: Moema Machado - Aprovada no concurso do TRF-2\" \/>\n<meta property=\"og:description\" content=\"Confira nossa entrevista com\u00a0Moema Machado, aprovada no concurso do Tribunal Regional Federal da 2\u00aa Regi\u00e3o no cargo de Arquiteta.\" \/>\n<meta property=\"og:url\" content=\"https:\/\/www.estrategiaconcursos.com.br\/blog\/depoimento\/concurso-trf-2-aprovada-moema-machado\/\" \/>\n<meta property=\"og:site_name\" content=\"Estrat\u00e9gia Concursos\" \/>\n<meta property=\"article:modified_time\" content=\"2022-11-10T16:37:44+00:00\" \/>\n<meta property=\"og:image\" content=\"https:\/\/dhg1h5j42swfq.cloudfront.net\/2018\/08\/28142203\/aprovada-TRF-2-Moema.jpg\" \/>\n\t<meta property=\"og:image:width\" content=\"854\" \/>\n\t<meta property=\"og:image:height\" content=\"483\" \/>\n\t<meta property=\"og:image:type\" content=\"image\/jpeg\" \/>\n<meta name=\"twitter:card\" content=\"summary_large_image\" \/>\n<meta name=\"twitter:site\" content=\"@EstratConcursos\" \/>\n<script type=\"application\/ld+json\" class=\"yoast-schema-graph\">{\"@context\":\"https:\/\/schema.org\",\"@graph\":[{\"@type\":\"WebPage\",\"@id\":\"https:\/\/www.estrategiaconcursos.com.br\/blog\/depoimento\/concurso-trf-2-aprovada-moema-machado\/\",\"url\":\"https:\/\/www.estrategiaconcursos.com.br\/blog\/depoimento\/concurso-trf-2-aprovada-moema-machado\/\",\"name\":\"Aprovada no Concurso TRF-2: Entrevista com Moema Machado\",\"isPartOf\":{\"@id\":\"https:\/\/www.estrategiaconcursos.com.br\/blog\/#website\"},\"primaryImageOfPage\":{\"@id\":\"https:\/\/www.estrategiaconcursos.com.br\/blog\/depoimento\/concurso-trf-2-aprovada-moema-machado\/#primaryimage\"},\"image\":{\"@id\":\"https:\/\/www.estrategiaconcursos.com.br\/blog\/depoimento\/concurso-trf-2-aprovada-moema-machado\/#primaryimage\"},\"thumbnailUrl\":\"https:\/\/dhg1h5j42swfq.cloudfront.net\/2018\/08\/28142203\/aprovada-TRF-2-Moema.jpg\",\"datePublished\":\"2018-08-28T16:30:10+00:00\",\"dateModified\":\"2022-11-10T16:37:44+00:00\",\"description\":\"Confira nossa entrevista com\u00a0Moema Machado, aprovada no concurso do Tribunal Regional Federal da 2\u00aa Regi\u00e3o no cargo de Arquiteta.\",\"breadcrumb\":{\"@id\":\"https:\/\/www.estrategiaconcursos.com.br\/blog\/depoimento\/concurso-trf-2-aprovada-moema-machado\/#breadcrumb\"},\"inLanguage\":\"pt-BR\",\"potentialAction\":[{\"@type\":\"ReadAction\",\"target\":[\"https:\/\/www.estrategiaconcursos.com.br\/blog\/depoimento\/concurso-trf-2-aprovada-moema-machado\/\"]}]},{\"@type\":\"ImageObject\",\"inLanguage\":\"pt-BR\",\"@id\":\"https:\/\/www.estrategiaconcursos.com.br\/blog\/depoimento\/concurso-trf-2-aprovada-moema-machado\/#primaryimage\",\"url\":\"https:\/\/dhg1h5j42swfq.cloudfront.net\/2018\/08\/28142203\/aprovada-TRF-2-Moema.jpg\",\"contentUrl\":\"https:\/\/dhg1h5j42swfq.cloudfront.net\/2018\/08\/28142203\/aprovada-TRF-2-Moema.jpg\",\"width\":854,\"height\":483},{\"@type\":\"BreadcrumbList\",\"@id\":\"https:\/\/www.estrategiaconcursos.com.br\/blog\/depoimento\/concurso-trf-2-aprovada-moema-machado\/#breadcrumb\",\"itemListElement\":[{\"@type\":\"ListItem\",\"position\":1,\"name\":\"In\u00edcio\",\"item\":\"https:\/\/www.estrategiaconcursos.com.br\/blog\/\"},{\"@type\":\"ListItem\",\"position\":2,\"name\":\"ENTREVISTA EM V\u00cdDEO: Moema Machado &#8211; Aprovada no concurso do TRF-2\"}]},{\"@type\":\"WebSite\",\"@id\":\"https:\/\/www.estrategiaconcursos.com.br\/blog\/#website\",\"url\":\"https:\/\/www.estrategiaconcursos.com.br\/blog\/\",\"name\":\"Estrat\u00e9gia Concursos\",\"description\":\"O blog da Estrat\u00e9gia Concursos traz not\u00edcias sobre concursos e artigos de professores oferecendo cursos para concursos (pdf + videaulas) no site.\",\"publisher\":{\"@id\":\"https:\/\/www.estrategiaconcursos.com.br\/blog\/#organization\"},\"potentialAction\":[{\"@type\":\"SearchAction\",\"target\":{\"@type\":\"EntryPoint\",\"urlTemplate\":\"https:\/\/www.estrategiaconcursos.com.br\/blog\/?s={search_term_string}\"},\"query-input\":{\"@type\":\"PropertyValueSpecification\",\"valueRequired\":true,\"valueName\":\"search_term_string\"}}],\"inLanguage\":\"pt-BR\"},{\"@type\":\"Organization\",\"@id\":\"https:\/\/www.estrategiaconcursos.com.br\/blog\/#organization\",\"name\":\"Estrat\u00e9gia Concursos\",\"url\":\"https:\/\/www.estrategiaconcursos.com.br\/blog\/\",\"logo\":{\"@type\":\"ImageObject\",\"inLanguage\":\"pt-BR\",\"@id\":\"https:\/\/www.estrategiaconcursos.com.br\/blog\/#\/schema\/logo\/image\/\",\"url\":\"https:\/\/dhg1h5j42swfq.cloudfront.net\/2025\/06\/03203428\/logo_concursos-1.jpg\",\"contentUrl\":\"https:\/\/dhg1h5j42swfq.cloudfront.net\/2025\/06\/03203428\/logo_concursos-1.jpg\",\"width\":230,\"height\":60,\"caption\":\"Estrat\u00e9gia Concursos\"},\"image\":{\"@id\":\"https:\/\/www.estrategiaconcursos.com.br\/blog\/#\/schema\/logo\/image\/\"},\"sameAs\":[\"https:\/\/x.com\/EstratConcursos\"]}]}<\/script>\n<!-- \/ Yoast SEO Premium plugin. -->","yoast_head_json":{"title":"Aprovada no Concurso TRF-2: Entrevista com Moema Machado","description":"Confira nossa entrevista com\u00a0Moema Machado, aprovada no concurso do Tribunal Regional Federal da 2\u00aa Regi\u00e3o no cargo de Arquiteta.","robots":{"index":"index","follow":"follow","max-snippet":"max-snippet:-1","max-image-preview":"max-image-preview:large","max-video-preview":"max-video-preview:-1"},"canonical":"https:\/\/www.estrategiaconcursos.com.br\/blog\/depoimento\/concurso-trf-2-aprovada-moema-machado\/","og_locale":"pt_BR","og_type":"article","og_title":"ENTREVISTA EM V\u00cdDEO: Moema Machado - Aprovada no concurso do TRF-2","og_description":"Confira nossa entrevista com\u00a0Moema Machado, aprovada no concurso do Tribunal Regional Federal da 2\u00aa Regi\u00e3o no cargo de Arquiteta.","og_url":"https:\/\/www.estrategiaconcursos.com.br\/blog\/depoimento\/concurso-trf-2-aprovada-moema-machado\/","og_site_name":"Estrat\u00e9gia Concursos","article_modified_time":"2022-11-10T16:37:44+00:00","og_image":[{"width":854,"height":483,"url":"https:\/\/dhg1h5j42swfq.cloudfront.net\/2018\/08\/28142203\/aprovada-TRF-2-Moema.jpg","type":"image\/jpeg"}],"twitter_card":"summary_large_image","twitter_site":"@EstratConcursos","schema":{"@context":"https:\/\/schema.org","@graph":[{"@type":"WebPage","@id":"https:\/\/www.estrategiaconcursos.com.br\/blog\/depoimento\/concurso-trf-2-aprovada-moema-machado\/","url":"https:\/\/www.estrategiaconcursos.com.br\/blog\/depoimento\/concurso-trf-2-aprovada-moema-machado\/","name":"Aprovada no Concurso TRF-2: Entrevista com Moema Machado","isPartOf":{"@id":"https:\/\/www.estrategiaconcursos.com.br\/blog\/#website"},"primaryImageOfPage":{"@id":"https:\/\/www.estrategiaconcursos.com.br\/blog\/depoimento\/concurso-trf-2-aprovada-moema-machado\/#primaryimage"},"image":{"@id":"https:\/\/www.estrategiaconcursos.com.br\/blog\/depoimento\/concurso-trf-2-aprovada-moema-machado\/#primaryimage"},"thumbnailUrl":"https:\/\/dhg1h5j42swfq.cloudfront.net\/2018\/08\/28142203\/aprovada-TRF-2-Moema.jpg","datePublished":"2018-08-28T16:30:10+00:00","dateModified":"2022-11-10T16:37:44+00:00","description":"Confira nossa entrevista com\u00a0Moema Machado, aprovada no concurso do Tribunal Regional Federal da 2\u00aa Regi\u00e3o no cargo de Arquiteta.","breadcrumb":{"@id":"https:\/\/www.estrategiaconcursos.com.br\/blog\/depoimento\/concurso-trf-2-aprovada-moema-machado\/#breadcrumb"},"inLanguage":"pt-BR","potentialAction":[{"@type":"ReadAction","target":["https:\/\/www.estrategiaconcursos.com.br\/blog\/depoimento\/concurso-trf-2-aprovada-moema-machado\/"]}]},{"@type":"ImageObject","inLanguage":"pt-BR","@id":"https:\/\/www.estrategiaconcursos.com.br\/blog\/depoimento\/concurso-trf-2-aprovada-moema-machado\/#primaryimage","url":"https:\/\/dhg1h5j42swfq.cloudfront.net\/2018\/08\/28142203\/aprovada-TRF-2-Moema.jpg","contentUrl":"https:\/\/dhg1h5j42swfq.cloudfront.net\/2018\/08\/28142203\/aprovada-TRF-2-Moema.jpg","width":854,"height":483},{"@type":"BreadcrumbList","@id":"https:\/\/www.estrategiaconcursos.com.br\/blog\/depoimento\/concurso-trf-2-aprovada-moema-machado\/#breadcrumb","itemListElement":[{"@type":"ListItem","position":1,"name":"In\u00edcio","item":"https:\/\/www.estrategiaconcursos.com.br\/blog\/"},{"@type":"ListItem","position":2,"name":"ENTREVISTA EM V\u00cdDEO: Moema Machado &#8211; Aprovada no concurso do TRF-2"}]},{"@type":"WebSite","@id":"https:\/\/www.estrategiaconcursos.com.br\/blog\/#website","url":"https:\/\/www.estrategiaconcursos.com.br\/blog\/","name":"Estrat\u00e9gia Concursos","description":"O blog da Estrat\u00e9gia Concursos traz not\u00edcias sobre concursos e artigos de professores oferecendo cursos para concursos (pdf + videaulas) no site.","publisher":{"@id":"https:\/\/www.estrategiaconcursos.com.br\/blog\/#organization"},"potentialAction":[{"@type":"SearchAction","target":{"@type":"EntryPoint","urlTemplate":"https:\/\/www.estrategiaconcursos.com.br\/blog\/?s={search_term_string}"},"query-input":{"@type":"PropertyValueSpecification","valueRequired":true,"valueName":"search_term_string"}}],"inLanguage":"pt-BR"},{"@type":"Organization","@id":"https:\/\/www.estrategiaconcursos.com.br\/blog\/#organization","name":"Estrat\u00e9gia Concursos","url":"https:\/\/www.estrategiaconcursos.com.br\/blog\/","logo":{"@type":"ImageObject","inLanguage":"pt-BR","@id":"https:\/\/www.estrategiaconcursos.com.br\/blog\/#\/schema\/logo\/image\/","url":"https:\/\/dhg1h5j42swfq.cloudfront.net\/2025\/06\/03203428\/logo_concursos-1.jpg","contentUrl":"https:\/\/dhg1h5j42swfq.cloudfront.net\/2025\/06\/03203428\/logo_concursos-1.jpg","width":230,"height":60,"caption":"Estrat\u00e9gia Concursos"},"image":{"@id":"https:\/\/www.estrategiaconcursos.com.br\/blog\/#\/schema\/logo\/image\/"},"sameAs":["https:\/\/x.com\/EstratConcursos"]}]}},"_links":{"self":[{"href":"https:\/\/www.estrategiaconcursos.com.br\/blog\/wp-json\/wp\/v2\/depoimento\/138227","targetHints":{"allow":["GET"]}}],"collection":[{"href":"https:\/\/www.estrategiaconcursos.com.br\/blog\/wp-json\/wp\/v2\/depoimento"}],"about":[{"href":"https:\/\/www.estrategiaconcursos.com.br\/blog\/wp-json\/wp\/v2\/types\/depoimento"}],"version-history":[{"count":3,"href":"https:\/\/www.estrategiaconcursos.com.br\/blog\/wp-json\/wp\/v2\/depoimento\/138227\/revisions"}],"predecessor-version":[{"id":1123192,"href":"https:\/\/www.estrategiaconcursos.com.br\/blog\/wp-json\/wp\/v2\/depoimento\/138227\/revisions\/1123192"}],"wp:featuredmedia":[{"embeddable":true,"href":"https:\/\/www.estrategiaconcursos.com.br\/blog\/wp-json\/wp\/v2\/media\/138228"}],"wp:attachment":[{"href":"https:\/\/www.estrategiaconcursos.com.br\/blog\/wp-json\/wp\/v2\/media?parent=138227"}],"curies":[{"name":"wp","href":"https:\/\/api.w.org\/{rel}","templated":true}]}}