{"version":"1.0","provider_name":"Estrat\u00e9gia Concursos","provider_url":"https:\/\/www.estrategiaconcursos.com.br\/blog","title":"Concurso Procon DF: com previs\u00e3o de 25 vagas comiss\u00e3o \u00e9 FORMADA!","type":"rich","width":600,"height":338,"html":"<blockquote class=\"wp-embedded-content\" data-secret=\"kI97ybFu2O\"><a href=\"https:\/\/www.estrategiaconcursos.com.br\/blog\/concurso-procon-df-comissao-formada\/\">Concurso Procon DF: com previs\u00e3o de 25 vagas comiss\u00e3o \u00e9 FORMADA!<\/a><\/blockquote><iframe sandbox=\"allow-scripts\" security=\"restricted\" src=\"https:\/\/www.estrategiaconcursos.com.br\/blog\/concurso-procon-df-comissao-formada\/embed\/#?secret=kI97ybFu2O\" width=\"600\" height=\"338\" title=\"&#8220;Concurso Procon DF: com previs\u00e3o de 25 vagas comiss\u00e3o \u00e9 FORMADA!&#8221; &#8212; Estrat\u00e9gia Concursos\" data-secret=\"kI97ybFu2O\" frameborder=\"0\" marginwidth=\"0\" marginheight=\"0\" scrolling=\"no\" class=\"wp-embedded-content\"><\/iframe><script type=\"text\/javascript\">\n\/* <![CDATA[ *\/\n\/*! This file is auto-generated *\/\n!function(d,l){\"use strict\";l.querySelector&&d.addEventListener&&\"undefined\"!=typeof URL&&(d.wp=d.wp||{},d.wp.receiveEmbedMessage||(d.wp.receiveEmbedMessage=function(e){var t=e.data;if((t||t.secret||t.message||t.value)&&!\/[^a-zA-Z0-9]\/.test(t.secret)){for(var s,r,n,a=l.querySelectorAll('iframe[data-secret=\"'+t.secret+'\"]'),o=l.querySelectorAll('blockquote[data-secret=\"'+t.secret+'\"]'),c=new RegExp(\"^https?:$\",\"i\"),i=0;i<o.length;i++)o[i].style.display=\"none\";for(i=0;i<a.length;i++)s=a[i],e.source===s.contentWindow&&(s.removeAttribute(\"style\"),\"height\"===t.message?(1e3<(r=parseInt(t.value,10))?r=1e3:~~r<200&&(r=200),s.height=r):\"link\"===t.message&&(r=new URL(s.getAttribute(\"src\")),n=new URL(t.value),c.test(n.protocol))&&n.host===r.host&&l.activeElement===s&&(d.top.location.href=t.value))}},d.addEventListener(\"message\",d.wp.receiveEmbedMessage,!1),l.addEventListener(\"DOMContentLoaded\",function(){for(var e,t,s=l.querySelectorAll(\"iframe.wp-embedded-content\"),r=0;r<s.length;r++)(t=(e=s[r]).getAttribute(\"data-secret\"))||(t=Math.random().toString(36).substring(2,12),e.src+=\"#?secret=\"+t,e.setAttribute(\"data-secret\",t)),e.contentWindow.postMessage({message:\"ready\",secret:t},\"*\")},!1)))}(window,document);\n\/\/# sourceURL=https:\/\/www.estrategiaconcursos.com.br\/blog\/wp-includes\/js\/wp-embed.min.js\n\/* ]]> *\/\n<\/script>\n","thumbnail_url":"https:\/\/dhg1h5j42swfq.cloudfront.net\/2019\/05\/30114409\/PROCON-DF-e1559227456337.jpg","thumbnail_width":400,"thumbnail_height":209,"description":"Foi constitu\u00eddo nesta sexta-feira, 6 de setembro, um Grupo de Trabalho para elaborar estudos t\u00e9cnicos para realiza\u00e7\u00e3o do pr\u00f3ximo concurso p\u00fablico para carreira de Atividades de Defesa do Consumidor do Distrito Federal do Instituto de Defesa do Consumidor PROCON\/DF. O documento divulgado al\u00e9m de falar sobre a cria\u00e7\u00e3o do grupo, anuncia os respectivos membros que [&hellip;]"}